{"id":265,"date":"2021-10-20T10:47:39","date_gmt":"2021-10-20T07:47:39","guid":{"rendered":"https:\/\/netsysacad.ro?page_id=265"},"modified":"2024-03-09T00:29:58","modified_gmt":"2024-03-08T22:29:58","slug":"rezervatia-arheologica-carei-bobald","status":"publish","type":"page","link":"https:\/\/muzeusm.ro\/hu\/rezervatia-arheologica-carei-bobald\/","title":{"rendered":"Rezerva\u021bia Arheologic\u0103, Carei-Bobald"},"content":{"rendered":"\r\n<div class=\"wp-block-group alignfull has-background\" style=\"background-color: #f2f0e9;\">\r\n<div class=\"wp-block-columns alignwide is-layout-flex wp-container-core-columns-is-layout-28f84493 wp-block-columns-is-layout-flex\">\r\n<div class=\"wp-block-column is-layout-flow wp-block-column-is-layout-flow\">\r\n<figure class=\"wp-block-image size-large\"><img loading=\"lazy\" decoding=\"async\" width=\"3546\" height=\"2439\" data-attachment-id=\"512\" data-permalink=\"https:\/\/muzeusm.ro\/hu\/img_2621\/\" data-orig-file=\"https:\/\/muzeusm.ro\/wp-content\/uploads\/2022\/03\/img_2621.jpg\" data-orig-size=\"3546,2439\" data-comments-opened=\"1\" data-image-meta=\"{&quot;aperture&quot;:&quot;1.4&quot;,&quot;credit&quot;:&quot;&quot;,&quot;camera&quot;:&quot;Canon EOS 40D&quot;,&quot;caption&quot;:&quot;&quot;,&quot;created_timestamp&quot;:&quot;1319652677&quot;,&quot;copyright&quot;:&quot;&quot;,&quot;focal_length&quot;:&quot;50&quot;,&quot;iso&quot;:&quot;100&quot;,&quot;shutter_speed&quot;:&quot;0.033333333333333&quot;,&quot;title&quot;:&quot;&quot;,&quot;orientation&quot;:&quot;1&quot;}\" data-image-title=\"img_2621\" data-image-description=\"\" data-image-caption=\"\" data-medium-file=\"https:\/\/muzeusm.ro\/wp-content\/uploads\/2022\/03\/img_2621.jpg\" data-large-file=\"https:\/\/muzeusm.ro\/wp-content\/uploads\/2022\/03\/img_2621.jpg\" class=\"wp-image-512\" src=\"https:\/\/muzeusm.ro\/wp-content\/uploads\/2022\/03\/img_2621.jpg?w=1024\" alt=\"\" \/><\/figure>\r\n<\/div>\r\n\r\n\r\n\r\n<div class=\"wp-block-column is-layout-flow wp-block-column-is-layout-flow\">\r\n<p class=\"has-text-color has-extra-small-font-size\" style=\"color: #000000;\"><\/p>\r\n<div class=\"wp-block-column is-layout-flow wp-block-column-is-layout-flow\">\r\n<p class=\"has-text-color has-extra-small-font-size\">Dealul ,,Bobald\u201d este situat intravilan, pe teritoriul administrativ al ora\u015fului Carei, jude\u0163ul Satu Mare. Tellurile epocii bronzului sunt a\u015fez\u0103ri specifice multistratificate care reprezint\u0103 centre economice, comerciale \u015fi \u201ede putere\u201d ale unor microregiuni. Ele s-au format \u00een urma locuirii intensive \u0219i \u00eendelungate \u00een acela\u0219i loc. Forma geomorfologic\u0103 proeminent\u0103 al acestor a\u0219ez\u0103ri, ridicat\u0103 de asupra zonei inundabile, este rezultatul cumulat al unor procese naturale \u0219i antropice. \u00cen apropierea tell-urilor se pot observa a\u015fez\u0103ri \u201esatelit\u201d. Aceast\u0103 situa\u0163ie este reflectat\u0103 \u015fi la Carei-Bobald, unde \u00een jurul tell-ului s-au descoperit mai multe a\u015fez\u0103ri cu situa\u0163ie stratigrafic\u0103 mai simpl\u0103.\u00a0<\/p>\r\n<\/div>\r\n<p class=\"has-text-color has-extra-small-font-size\" style=\"color: #000000;\">\r\n\r\n<\/p>\r\n<div class=\"wp-block-column is-layout-flow wp-block-column-is-layout-flow\">\r\n<p class=\"has-text-color has-extra-small-font-size\">La Carei-Bobald s-a format o civiliza\u0163ie \u00eenfloritoare, activ\u0103, cu un sistem de rela\u0163ii extinse. Cea mai important\u0103 etap\u0103 de locuire al a\u0219ez\u0103rii de la Carei apar\u021bine epocii bronzului (aprox. 2070-1500. \u00ee.Ch.). Abandonarea (depopularea) tell-urilor corespunde totodat\u0103 cu sf\u00e2r\u015fitul bronzului mijlociu. Dispari\u021bia tellurilor are la baz\u0103 probabil factori sociali, ecologici \u015fi economici. Diversitatea vestigiilor arheologice descoperite, vasele ceramice de o calitate tehnologic\u0103 superior\u0103 \u015fi de o rar\u0103 frumu\u015fe\u0163e, ornamentate cu spirale \u015fi ghirlande realizate prin diferite tehnici de decor, fusaiolele, vetrele portative, r\u00e2\u0219ni\u021bele, diferitele obiecte de uz casnic lucrate din corn sau oase de animale sunt m\u0103rturii ale activit\u0103\u021bilor cotidiene.<\/p>\r\n<\/div>\r\n<p class=\"has-text-color has-extra-small-font-size\" style=\"color: #000000;\"><\/p>\r\n<\/div>\r\n<\/div>\r\n<\/div>\r\n\r\n\r\n\r\n<div class=\"wp-block-group alignfull has-tertiary-background-color has-background has-small-font-size\"><div class=\"wp-block-group__inner-container is-layout-constrained wp-block-group-is-layout-constrained\">\r\n<div class=\"wp-block-columns is-layout-flex wp-container-core-columns-is-layout-28f84493 wp-block-columns-is-layout-flex\">\r\n<div class=\"wp-block-column is-layout-flow wp-block-column-is-layout-flow\">\r\n<h5 class=\"wp-block-heading has-secondary-color has-text-color has-normal-font-size\">Muzeul Jude\u021bean Satu Mare<\/h5>\r\n\r\n\r\n\r\n<p class=\"has-text-align-left has-black-color has-text-color\"><a style=\"color: #000000;\" href=\"https:\/\/www.facebook.com\/Muzeul-Judetean-Satu-Mare-1050838434978303\">Facebook<\/a><\/p>\r\n\r\n\r\n\r\n<p><a style=\"color: #000000;\" href=\"https:\/\/www.instagram.com\/mjsatumare\/\">Instagram<\/a><\/p>\r\n<\/div>\r\n\r\n\r\n\r\n<div class=\"wp-block-column is-layout-flow wp-block-column-is-layout-flow\">\r\n<h4 class=\"wp-block-heading has-text-align-left has-secondary-color has-text-color has-normal-font-size\">Contact<\/h4>\r\n\r\n\r\n\r\n<ul>\r\n<li>muzeusm@gmail.com<\/li>\r\n<li>+40261737526<\/li>\r\n<\/ul>\r\n<\/div>\r\n\r\n\r\n\r\n<div class=\"wp-block-column is-layout-flow wp-block-column-is-layout-flow\">\r\n<h4 class=\"wp-block-heading has-secondary-color has-text-color has-normal-font-size\">Adresa<\/h4>\r\n\r\n\r\n\r\n<p class=\"has-black-color has-text-color\">Vasile Lucaciu, 21 <br \/>Satu Mare<br \/>Romania<\/p>\r\n<\/div>\r\n<\/div>\r\n<\/div><\/div>\r\n<!-- \/wp:group --><!-- wp:post-content --><!-- wp:group {\"align\":\"full\",\"style\":{\"color\":{\"background\":\"#f2f0e9\"}}} -->\r\n<div class=\"wp-block-group alignfull has-background\" style=\"background-color: #f2f0e9;\"><!-- wp:columns {\"align\":\"wide\"} -->\r\n<div class=\"wp-block-columns alignwide\"><!-- wp:column -->\r\n<div class=\"wp-block-column\"><!-- wp:image {\"id\":512,\"sizeSlug\":\"large\",\"linkDestination\":\"none\"} -->\r\n<figure class=\"wp-block-image size-large\"><img loading=\"lazy\" decoding=\"async\" width=\"3546\" height=\"2439\" data-attachment-id=\"512\" data-permalink=\"https:\/\/muzeusm.ro\/hu\/img_2621\/\" data-orig-file=\"https:\/\/muzeusm.ro\/wp-content\/uploads\/2022\/03\/img_2621.jpg\" data-orig-size=\"3546,2439\" data-comments-opened=\"1\" data-image-meta=\"{&quot;aperture&quot;:&quot;1.4&quot;,&quot;credit&quot;:&quot;&quot;,&quot;camera&quot;:&quot;Canon EOS 40D&quot;,&quot;caption&quot;:&quot;&quot;,&quot;created_timestamp&quot;:&quot;1319652677&quot;,&quot;copyright&quot;:&quot;&quot;,&quot;focal_length&quot;:&quot;50&quot;,&quot;iso&quot;:&quot;100&quot;,&quot;shutter_speed&quot;:&quot;0.033333333333333&quot;,&quot;title&quot;:&quot;&quot;,&quot;orientation&quot;:&quot;1&quot;}\" data-image-title=\"img_2621\" data-image-description=\"\" data-image-caption=\"\" data-medium-file=\"https:\/\/muzeusm.ro\/wp-content\/uploads\/2022\/03\/img_2621.jpg\" data-large-file=\"https:\/\/muzeusm.ro\/wp-content\/uploads\/2022\/03\/img_2621.jpg\" class=\"wp-image-512\" src=\"https:\/\/muzeusm.ro\/wp-content\/uploads\/2022\/03\/img_2621.jpg?w=1024\" alt=\"\" \/><\/figure>\r\n<!-- \/wp:image --><\/div>\r\n<!-- \/wp:column -->\r\n\r\n<!-- wp:column -->\r\n<div class=\"wp-block-column\"><!-- wp:paragraph {\"style\":{\"color\":{\"text\":\"#000000\"}},\"fontSize\":\"extra-small\"} -->\r\n<p class=\"has-text-color has-extra-small-font-size\" style=\"color: #000000;\"><!-- wp:column --><\/p>\r\n<div class=\"wp-block-column\"><!-- wp:paragraph {\"style\":{\"color\":{\"text\":\"#000000\"}},\"fontSize\":\"extra-small\"} -->\r\n<p class=\"has-text-color has-extra-small-font-size\">Dealul ,,Bobald\u201d este situat intravilan, pe teritoriul administrativ al ora\u015fului Carei, jude\u0163ul Satu Mare. Tellurile epocii bronzului sunt a\u015fez\u0103ri specifice multistratificate care reprezint\u0103 centre economice, comerciale \u015fi \u201ede putere\u201d ale unor microregiuni. Ele s-au format \u00een urma locuirii intensive \u0219i \u00eendelungate \u00een acela\u0219i loc. Forma geomorfologic\u0103 proeminent\u0103 al acestor a\u0219ez\u0103ri, ridicat\u0103 de asupra zonei inundabile, este rezultatul cumulat al unor procese naturale \u0219i antropice. \u00cen apropierea tell-urilor se pot observa a\u015fez\u0103ri \u201esatelit\u201d. Aceast\u0103 situa\u0163ie este reflectat\u0103 \u015fi la Carei-Bobald, unde \u00een jurul tell-ului s-au descoperit mai multe a\u015fez\u0103ri cu situa\u0163ie stratigrafic\u0103 mai simpl\u0103.\u00a0<\/p>\r\n<!-- \/wp:paragraph --><\/div>\r\n<p class=\"has-text-color has-extra-small-font-size\" style=\"color: #000000;\"><!-- \/wp:column -->\r\n\r\n<!-- wp:column --><\/p>\r\n<div class=\"wp-block-column\"><!-- wp:paragraph {\"style\":{\"color\":{\"text\":\"#000000\"}},\"fontSize\":\"extra-small\"} -->\r\n<p class=\"has-text-color has-extra-small-font-size\">La Carei-Bobald s-a format o civiliza\u0163ie \u00eenfloritoare, activ\u0103, cu un sistem de rela\u0163ii extinse. Cea mai important\u0103 etap\u0103 de locuire al a\u0219ez\u0103rii de la Carei apar\u021bine epocii bronzului (aprox. 2070-1500. \u00ee.Ch.). Abandonarea (depopularea) tell-urilor corespunde totodat\u0103 cu sf\u00e2r\u015fitul bronzului mijlociu. Dispari\u021bia tellurilor are la baz\u0103 probabil factori sociali, ecologici \u015fi economici. Diversitatea vestigiilor arheologice descoperite, vasele ceramice de o calitate tehnologic\u0103 superior\u0103 \u015fi de o rar\u0103 frumu\u015fe\u0163e, ornamentate cu spirale \u015fi ghirlande realizate prin diferite tehnici de decor, fusaiolele, vetrele portative, r\u00e2\u0219ni\u021bele, diferitele obiecte de uz casnic lucrate din corn sau oase de animale sunt m\u0103rturii ale activit\u0103\u021bilor cotidiene.<\/p>\r\n<!-- \/wp:paragraph --><\/div>\r\n<p class=\"has-text-color has-extra-small-font-size\" style=\"color: #000000;\"><!-- \/wp:column --><\/p>\r\n<\/div>\r\n<\/div>\r\n<!-- \/wp:spacer --><\/div>\r\n<!-- \/wp:group -->\r\n\r\n<!-- wp:group {\"align\":\"full\",\"backgroundColor\":\"tertiary\",\"layout\":{\"type\":\"constrained\"},\"fontSize\":\"small\"} -->\r\n<div class=\"wp-block-group alignfull has-tertiary-background-color has-background has-small-font-size\"><!-- wp:columns -->\r\n<div class=\"wp-block-columns\"><!-- wp:column -->\r\n<div class=\"wp-block-column\"><!-- wp:heading {\"level\":5,\"textColor\":\"secondary\",\"fontSize\":\"normal\"} -->\r\n<h5 class=\"wp-block-heading has-secondary-color has-text-color has-normal-font-size\">Muzeul Jude\u021bean Satu Mare<\/h5>\r\n<!-- \/wp:heading -->\r\n\r\n<!-- wp:paragraph {\"align\":\"left\",\"textColor\":\"black\"} -->\r\n<p class=\"has-text-align-left has-black-color has-text-color\"><a style=\"color: #000000;\" href=\"https:\/\/www.facebook.com\/Muzeul-Judetean-Satu-Mare-1050838434978303\">Facebook<\/a><\/p>\r\n<!-- \/wp:paragraph -->\r\n\r\n<!-- wp:paragraph -->\r\n<p><a style=\"color: #000000;\" href=\"https:\/\/www.instagram.com\/mjsatumare\/\">Instagram<\/a><\/p>\r\n<!-- \/wp:paragraph --><\/div>\r\n<!-- \/wp:column -->\r\n\r\n<!-- wp:column -->\r\n<div class=\"wp-block-column\"><!-- wp:heading {\"textAlign\":\"left\",\"level\":4,\"textColor\":\"secondary\",\"fontSize\":\"normal\"} -->\r\n<h4 class=\"wp-block-heading has-text-align-left has-secondary-color has-text-color has-normal-font-size\">Contact<\/h4>\r\n<!-- \/wp:heading -->\r\n\r\n<!-- wp:freeform -->\r\n<ul>\r\n<li>muzeusm@gmail.com<\/li>\r\n<li>+40261737526<\/li>\r\n<\/ul>\r\n<!-- \/wp:freeform --><\/div>\r\n<!-- \/wp:column -->\r\n\r\n<!-- wp:column -->\r\n<div class=\"wp-block-column\"><!-- wp:heading {\"level\":4,\"textColor\":\"secondary\",\"fontSize\":\"normal\"} -->\r\n<h4 class=\"wp-block-heading has-secondary-color has-text-color has-normal-font-size\">Adresa<\/h4>\r\n<!-- \/wp:heading -->\r\n\r\n<!-- wp:paragraph {\"textColor\":\"black\"} -->\r\n<p class=\"has-black-color has-text-color\">Vasile Lucaciu, 21 <br \/>Satu Mare<br \/>Romania<\/p>\r\n<!-- \/wp:paragraph --><\/div>\r\n<!-- \/wp:column --><\/div>\r\n<!-- \/wp:columns --><\/div>\r\n<!-- \/wp:group --><!-- \/wp:post-content -->","protected":false},"excerpt":{"rendered":"<p>Dealul ,,Bobald\u201d este situat intravilan, pe teritoriul administrativ al ora\u015fului Carei, jude\u0163ul Satu Mare. Tellurile epocii bronzului sunt a\u015fez\u0103ri specifice multistratificate care reprezint\u0103 centre economice, comerciale \u015fi \u201ede putere\u201d ale unor microregiuni. Ele s-au format \u00een urma locuirii intensive \u0219i \u00eendelungate \u00een acela\u0219i loc. Forma geomorfologic\u0103 proeminent\u0103 al acestor a\u0219ez\u0103ri, ridicat\u0103 de asupra zonei inundabile,<a class=\"more-link\" href=\"https:\/\/muzeusm.ro\/hu\/rezervatia-arheologica-carei-bobald\/\">Continue reading <span class=\"screen-reader-text\">&#8220;Rezerva\u021bia Arheologic\u0103, Carei-Bobald&#8221;<\/span><\/a><\/p>\n","protected":false},"author":183061330,"featured_media":0,"parent":0,"menu_order":0,"comment_status":"closed","ping_status":"closed","template":"","meta":{"_coblocks_attr":"","_coblocks_dimensions":"","_coblocks_responsive_height":"","_coblocks_accordion_ie_support":"","advanced_seo_description":"","jetpack_seo_html_title":"","jetpack_seo_noindex":false,"jetpack_post_was_ever_published":false,"footnotes":""},"class_list":["post-265","page","type-page","status-publish","hentry","entry"],"translation":{"provider":"WPGlobus","version":"3.0.1","language":"hu","enabled_languages":["ro","hu","en"],"languages":{"ro":{"title":true,"content":true,"excerpt":false},"hu":{"title":false,"content":false,"excerpt":false},"en":{"title":false,"content":false,"excerpt":false}}},"jetpack_likes_enabled":true,"jetpack-related-posts":[{"id":58,"url":"https:\/\/muzeusm.ro\/hu\/reteaua-muzeala\/","url_meta":{"origin":265,"position":0},"title":"M\u00fazeumi h\u00e1l\u00f3zat","author":"andreeaionetecu","date":"19 October 2021","format":false,"excerpt":"{:ro} Muzeul Jude\u021bean Satu Mare Muzeul de Art\u0103 Satu Mare Muzeul Municipal Carei - Castelul K\u00e1rolyi Muzeul Memorial Dr. Vasile Lucaciu, Apa Complex Memorial Ady Endre Muzeul Or\u0103\u0219enesc T\u0103\u0219nad Casa Muzeu T\u0103\u0219nad Atelierul Memorial Paul I. Erd\u0151s, Satu Mare Atelierul Memorial Aurel Popp, Satu Mare Muzeul \u0218v\u0103besc, Petre\u0219ti Muzeul Maghiar\u2026","rel":"","context":"Similar post","block_context":{"text":"Similar post","link":""},"img":{"alt_text":"","src":"https:\/\/i0.wp.com\/muzeusm.ro\/wp-content\/uploads\/2021\/10\/image-2012-07-27-12889443-56-situl-arheologic-bobald.jpg?resize=350%2C200&ssl=1","width":350,"height":200,"srcset":"https:\/\/i0.wp.com\/muzeusm.ro\/wp-content\/uploads\/2021\/10\/image-2012-07-27-12889443-56-situl-arheologic-bobald.jpg?resize=350%2C200&ssl=1 1x, https:\/\/i0.wp.com\/muzeusm.ro\/wp-content\/uploads\/2021\/10\/image-2012-07-27-12889443-56-situl-arheologic-bobald.jpg?resize=525%2C300&ssl=1 1.5x"},"classes":[]},{"id":16356,"url":"https:\/\/muzeusm.ro\/hu\/drumetii-excursii-tabere-de-vacanta\/","url_meta":{"origin":265,"position":1},"title":"Drume\u021bii, excursii, tabere de vacan\u021b\u0103","author":"Kov\u00e1cs Zsolt","date":"24 February 2025","format":false,"excerpt":"20. Excursie de o zi \u201ePe urmele istoriei\u201d Excursia \u201ePe urmele istoriei\u201d cuprinde o vizit\u0103 ghidat\u0103 la Castelul K\u00e1rolyi din Carei \u0219i Situl Arheologic Bobald, activitate interactiv\u0103: tir cu arcul, s\u0103p\u0103turi arheologice, demonstra\u021bie cu detector de metale, jocuri \u00een aer liber.Durata activit\u0103\u021bii: aprox 4-6 hLocul de desf\u0103\u0219urare: Castelul K\u00e1rolyi Carei\u2026","rel":"","context":"Similar post","block_context":{"text":"Similar post","link":""},"img":{"alt_text":"","src":"https:\/\/i0.wp.com\/muzeusm.ro\/wp-content\/uploads\/2025\/02\/20-Pe-urmele-istoriei-plakat.jpg?resize=350%2C200&ssl=1","width":350,"height":200,"srcset":"https:\/\/i0.wp.com\/muzeusm.ro\/wp-content\/uploads\/2025\/02\/20-Pe-urmele-istoriei-plakat.jpg?resize=350%2C200&ssl=1 1x, https:\/\/i0.wp.com\/muzeusm.ro\/wp-content\/uploads\/2025\/02\/20-Pe-urmele-istoriei-plakat.jpg?resize=525%2C300&ssl=1 1.5x, https:\/\/i0.wp.com\/muzeusm.ro\/wp-content\/uploads\/2025\/02\/20-Pe-urmele-istoriei-plakat.jpg?resize=700%2C400&ssl=1 2x, https:\/\/i0.wp.com\/muzeusm.ro\/wp-content\/uploads\/2025\/02\/20-Pe-urmele-istoriei-plakat.jpg?resize=1050%2C600&ssl=1 3x"},"classes":[]},{"id":16376,"url":"https:\/\/muzeusm.ro\/hu\/muzeul-orasului-oasu-nou-muzeul-municipal-carei-si-muzeul-orasenesc-tasnad\/","url_meta":{"origin":265,"position":2},"title":"Muzeul ora\u0219ului Ora\u0219u Nou, \u00a0Muzeul Municipal Carei \u0219i Muzeul Or\u0103\u0219enesc T\u0103\u0219nad","author":"Kov\u00e1cs Zsolt","date":"24 February 2025","format":false,"excerpt":"\u201eVia\u021ba de zi cu zi a aristocra\u021biei.Via\u021ba cotidian\u0103 a familiei K\u00e1rolyi \u00een secolele XVIII-XIX\u201d Vizit\u0103 interactiv\u0103 \u00een expozi\u021bia permanent\u0103. Prezentare PowerPoint.Coordonator: Csat\u00e1ri Istv\u00e1n Gerg\u0151Pre\u021b bilet: 10 lei 2. \u201e 25 Octombrie-Ziua Armatei rom\u00e2ne\u201d - Castelul K\u00e1rolyi Carei. \u00a0 Prezentare interactiv\u0103. Expozi\u021bia permanent\u0103.Coordonator: Gindele SimonaPre\u021b bilet: 10 lei \u00a03. \u201eCasa Domnului\u201d\u2026","rel":"","context":"Similar post","block_context":{"text":"Similar post","link":""},"img":{"alt_text":"","src":"","width":0,"height":0},"classes":[]},{"id":17021,"url":"https:\/\/muzeusm.ro\/hu\/activitati-de-educatie-muzeala-pentru-programul-saptamana-verde\/","url_meta":{"origin":265,"position":3},"title":"Activit\u0103\u021bi de educa\u021bie muzeal\u0103 pentru programul \u201eS\u0103pt\u0103m\u00e2na verde\u201d","author":"Kov\u00e1cs Zsolt","date":"8 October 2025","format":false,"excerpt":"\u201eLutul, form\u0103 \u0219i culoare\u201dDurata activit\u0103\u021bii: 2 oreLocul desf\u0103\u0219ur\u0103rii: MJSM sau unit\u0103\u021bile de \u00eenv\u0103\u021b\u0103m\u00e2ntNivel de v\u00e2rst\u0103: \u00eenv\u0103\u021b\u0103m\u00e2ntul pre\u0219colar, primar, gimnazial \u0219i liceal.Obiective specifice:\u00a0Identificarea \u0219i descrierea obiectelor tradi\u021bionale din lut \u0219i a utiliz\u0103rii lor istorice.\u00a0\u00a0Aplicarea unor tehnici simple de modelaj pentru realizarea unui obiect ceramic propriu.\u00a0\u00a0Exprimarea creativit\u0103\u021bii prin decorarea cu forme \u0219i\u2026","rel":"","context":"Similar post","block_context":{"text":"Similar post","link":""},"img":{"alt_text":"","src":"https:\/\/i0.wp.com\/muzeusm.ro\/wp-content\/uploads\/2025\/10\/WhatsApp-Image-2025-10-08-at-10.47.38-2-724x1024.jpeg?resize=350%2C200&ssl=1","width":350,"height":200,"srcset":"https:\/\/i0.wp.com\/muzeusm.ro\/wp-content\/uploads\/2025\/10\/WhatsApp-Image-2025-10-08-at-10.47.38-2-724x1024.jpeg?resize=350%2C200&ssl=1 1x, https:\/\/i0.wp.com\/muzeusm.ro\/wp-content\/uploads\/2025\/10\/WhatsApp-Image-2025-10-08-at-10.47.38-2-724x1024.jpeg?resize=525%2C300&ssl=1 1.5x, https:\/\/i0.wp.com\/muzeusm.ro\/wp-content\/uploads\/2025\/10\/WhatsApp-Image-2025-10-08-at-10.47.38-2-724x1024.jpeg?resize=700%2C400&ssl=1 2x"},"classes":[]},{"id":261,"url":"https:\/\/muzeusm.ro\/hu\/rezervatia-arheologica-mediesu-aurit\/","url_meta":{"origin":265,"position":4},"title":"Az aranyosmeggyesi r\u00e9g\u00e9szeti park","author":"andreeaionetecu","date":"20 October 2021","format":false,"excerpt":"{:ro} Situl arheologic de la Medie\u0219u Aurit\u2013\u015euculeu se \u00eentinde pe o suprafa\u021b\u0103 de cca. 12-15 ha, fiind situat pe terasa sudic\u0103 a p\u00e2r\u00e2ului Racta. Pe parcursul secolelor I-IV d.Hr., \u00een acest loc s-a format o a\u0219ezare care a devenit un centru regional de produc\u021bie a ceramicii, specializat \u00een fabricarea vaselor\u2026","rel":"","context":"Similar post","block_context":{"text":"Similar post","link":""},"img":{"alt_text":"","src":"https:\/\/i0.wp.com\/muzeusm.ro\/wp-content\/uploads\/2022\/03\/58.cuptoarele_dacice_de_la_medie_u_aurit_1.jpg?resize=350%2C200&ssl=1","width":350,"height":200,"srcset":"https:\/\/i0.wp.com\/muzeusm.ro\/wp-content\/uploads\/2022\/03\/58.cuptoarele_dacice_de_la_medie_u_aurit_1.jpg?resize=350%2C200&ssl=1 1x, https:\/\/i0.wp.com\/muzeusm.ro\/wp-content\/uploads\/2022\/03\/58.cuptoarele_dacice_de_la_medie_u_aurit_1.jpg?resize=525%2C300&ssl=1 1.5x, https:\/\/i0.wp.com\/muzeusm.ro\/wp-content\/uploads\/2022\/03\/58.cuptoarele_dacice_de_la_medie_u_aurit_1.jpg?resize=700%2C400&ssl=1 2x, https:\/\/i0.wp.com\/muzeusm.ro\/wp-content\/uploads\/2022\/03\/58.cuptoarele_dacice_de_la_medie_u_aurit_1.jpg?resize=1050%2C600&ssl=1 3x, https:\/\/i0.wp.com\/muzeusm.ro\/wp-content\/uploads\/2022\/03\/58.cuptoarele_dacice_de_la_medie_u_aurit_1.jpg?resize=1400%2C800&ssl=1 4x"},"classes":[]},{"id":16998,"url":"https:\/\/muzeusm.ro\/hu\/activitati-de-educatie-muzeala-pentru-programul-scoala-altfel\/","url_meta":{"origin":265,"position":5},"title":"Activit\u0103\u021bi de educa\u021bie muzeal\u0103 pentru programul \u201e\u0218coala Altfel\u201d","author":"Kov\u00e1cs Zsolt","date":"8 October 2025","format":false,"excerpt":"\u00a0 1 \u201eLutul, form\u0103 \u0219i culoare\u201dDurata activit\u0103\u021bii: 2 oreLocul desf\u0103\u0219ur\u0103rii: MJSM sau unit\u0103\u021bile de \u00eenv\u0103\u021b\u0103m\u00e2ntNivel de v\u00e2rst\u0103: \u00eenv\u0103\u021b\u0103m\u00e2ntul pre\u0219colar, primar, gimnazial \u0219i liceal.Obiective specifice:\u00a0Identificarea \u0219i descrierea obiectelor tradi\u021bionale din lut \u0219i a utiliz\u0103rii lor istorice.\u00a0\u00a0Aplicarea unor tehnici simple de modelaj pentru realizarea unui obiect ceramic propriu.\u00a0\u00a0Exprimarea creativit\u0103\u021bii prin decorarea cu\u2026","rel":"","context":"Similar post","block_context":{"text":"Similar post","link":""},"img":{"alt_text":"","src":"https:\/\/i0.wp.com\/muzeusm.ro\/wp-content\/uploads\/2025\/10\/WhatsApp-Image-2025-10-08-at-10.47.38-2-724x1024.jpeg?resize=350%2C200&ssl=1","width":350,"height":200,"srcset":"https:\/\/i0.wp.com\/muzeusm.ro\/wp-content\/uploads\/2025\/10\/WhatsApp-Image-2025-10-08-at-10.47.38-2-724x1024.jpeg?resize=350%2C200&ssl=1 1x, https:\/\/i0.wp.com\/muzeusm.ro\/wp-content\/uploads\/2025\/10\/WhatsApp-Image-2025-10-08-at-10.47.38-2-724x1024.jpeg?resize=525%2C300&ssl=1 1.5x, https:\/\/i0.wp.com\/muzeusm.ro\/wp-content\/uploads\/2025\/10\/WhatsApp-Image-2025-10-08-at-10.47.38-2-724x1024.jpeg?resize=700%2C400&ssl=1 2x"},"classes":[]}],"jetpack_sharing_enabled":true,"jetpack_shortlink":"https:\/\/wp.me\/PfvnyQ-4h","_links":{"self":[{"href":"https:\/\/muzeusm.ro\/hu\/wp-json\/wp\/v2\/pages\/265","targetHints":{"allow":["GET"]}}],"collection":[{"href":"https:\/\/muzeusm.ro\/hu\/wp-json\/wp\/v2\/pages"}],"about":[{"href":"https:\/\/muzeusm.ro\/hu\/wp-json\/wp\/v2\/types\/page"}],"author":[{"embeddable":true,"href":"https:\/\/muzeusm.ro\/hu\/wp-json\/wp\/v2\/users\/183061330"}],"replies":[{"embeddable":true,"href":"https:\/\/muzeusm.ro\/hu\/wp-json\/wp\/v2\/comments?post=265"}],"version-history":[{"count":0,"href":"https:\/\/muzeusm.ro\/hu\/wp-json\/wp\/v2\/pages\/265\/revisions"}],"wp:attachment":[{"href":"https:\/\/muzeusm.ro\/hu\/wp-json\/wp\/v2\/media?parent=265"}],"curies":[{"name":"wp","href":"https:\/\/api.w.org\/{rel}","templated":true}]}}