{"id":196,"date":"2021-10-20T09:53:48","date_gmt":"2021-10-20T06:53:48","guid":{"rendered":"https:\/\/netsysacad.ro?page_id=196"},"modified":"2025-01-27T08:50:02","modified_gmt":"2025-01-27T06:50:02","slug":"casa-muzeu-tasnad","status":"publish","type":"page","link":"https:\/\/muzeusm.ro\/hu\/casa-muzeu-tasnad\/","title":{"rendered":"T\u00e1jh\u00e1z, Tasn\u00e1d"},"content":{"rendered":"\n<figure class=\"wp-block-image size-large\"><img loading=\"lazy\" decoding=\"async\" width=\"4128\" height=\"3096\" data-attachment-id=\"456\" data-permalink=\"https:\/\/muzeusm.ro\/hu\/tasnad-casa-muzeu-2\/\" data-orig-file=\"https:\/\/muzeusm.ro\/wp-content\/uploads\/2022\/03\/tasnad-casa-muzeu-2.jpg\" data-orig-size=\"4128,3096\" data-comments-opened=\"1\" data-image-meta=\"{&quot;aperture&quot;:&quot;1.7&quot;,&quot;credit&quot;:&quot;&quot;,&quot;camera&quot;:&quot;SM-J530F&quot;,&quot;caption&quot;:&quot;&quot;,&quot;created_timestamp&quot;:&quot;1536235599&quot;,&quot;copyright&quot;:&quot;&quot;,&quot;focal_length&quot;:&quot;3.71&quot;,&quot;iso&quot;:&quot;200&quot;,&quot;shutter_speed&quot;:&quot;0.04&quot;,&quot;title&quot;:&quot;&quot;,&quot;orientation&quot;:&quot;1&quot;}\" data-image-title=\"tasnad-casa-muzeu-2\" data-image-description=\"\" data-image-caption=\"\" data-medium-file=\"https:\/\/muzeusm.ro\/wp-content\/uploads\/2022\/03\/tasnad-casa-muzeu-2.jpg\" data-large-file=\"https:\/\/muzeusm.ro\/wp-content\/uploads\/2022\/03\/tasnad-casa-muzeu-2.jpg\" src=\"https:\/\/muzeusm.ro\/wp-content\/uploads\/2022\/03\/tasnad-casa-muzeu-2.jpg?w=1024\" alt=\"\" class=\"wp-image-456\"\/><\/figure>\n\n\n\n<p>Az Alf\u00f6ld \u00e9s a B\u00fckk \u00e9rintkez\u00e9s\u00e9nek vid\u00e9k\u00e9re jellemz\u0151 paraszth\u00e1z pitvarb\u00f3l, egy els\u0151 vagy tisztaszob\u00e1b\u00f3l \u00e9s egy lak\u00f3szob\u00e1b\u00f3l \u00e1ll. Ezeket a helyis\u00e9geket k\u00f6veti a kamra \u00e9s a ny\u00e1ri konyha. Az 1903-ban \u00e9p\u00edtett h\u00e1z Krasznaszentmikl\u00f3sr\u00f3l sz\u00e1rmazik, onnan k\u00f6lt\u00f6ztett\u00e9k \u00e1t Tasn\u00e1dra. Az els\u0151 helyis\u00e9gben egy hagyom\u00e1nyos szobabels\u0151 tal\u00e1lhat\u00f3, az itt megtekinthet\u0151 t\u00e1rgyak t\u00f6bbs\u00e9g\u00e9t helyi k\u00e9zm\u0171vesek k\u00e9sz\u00edtett\u00e9k.<\/p>\n\n\n\n<p>L\u00e1togat\u00e1s el\u0151zetes telefonos bejelentkez\u00e9s alapj\u00e1n keddt\u0151l p\u00e9ntekig,<br>09:00-17:00 \u00f3ra k\u00f6z\u00f6tt, valamint szombat-vas\u00e1rnap 10:00-14:00<br>k\u00f6z\u00f6tt. H\u00e9tf\u0151n z\u00e1rva.<br>Kapcsolat: Tasn\u00e1di V\u00e1rosi M\u00fazeum, +40\/746\/617490.<br>C\u00edm: Tasn\u00e1d, \u0218tefan. cel Mare u., 6 sz.<\/p>\n\n\n\n<div class=\"wp-block-coblocks-features alignfull coblocks-features-725234240747\"><div class=\"wp-block-coblocks-features__inner has-tertiary-background-color has-background has-columns has-4-columns has-responsive-columns has-padding has-large-padding has-margin has-large-margin has-center-content has-large-gutter\">\n<div class=\"wp-block-coblocks-feature has-center-content coblocks-feature-725234240794\"><div class=\"wp-block-coblocks-feature__inner has-padding has-large-padding\"><div class=\"wp-block-coblocks-icon\">\n\t\t\t\t<div class=\"wp-block-coblocks-icon__inner has-text-color has-secondary-color\" style=\"height: 60px; width: 60px;\">\n\t\t\t\t\t<svg fill=\"none\" viewBox=\"0 0 20 20\" xmlns=\"http:\/\/www.w3.org\/2000\/svg\"><path d=\"m10 0c-3.921743 0-7.11427301 3.19253001-7.11427301 7.11427301 0 4.95331259 6.18941752 11.86305029 6.45620276 12.15651399l.65807025.729213.6580703-.729213c.2667852-.2934637 6.4562027-7.2032014 6.4562027-12.15651399 0-3.921743-3.19253-7.11427301-7.114273-7.11427301zm0 17.3143619c-1.9386394-2.3210315-5.33570476-7.0520231-5.33570476-10.20008889 0-2.94353046 2.3921743-5.33570476 5.33570476-5.33570476 2.9435305 0 5.3357048 2.3921743 5.3357048 5.33570476 0 3.40595819-3.7794576 8.32369939-5.3357048 10.20008889zm-1.36060471-8.27034234-1.56514007-1.5740329-1.26278345 1.26278346 2.82792352 2.82792348 5.34459761-5.34459756-1.2538906-1.26278346z\" fill=\"currentColor\" \/><\/svg>\n\t\t\t\t<\/div>\n\t\t\t<\/div>\n\n\n<h4 class=\"wp-block-heading\">Helysz\u00edn<\/h4>\n\n\n\n<p>Tasn\u00e1d, str. Stefan cel Mare, nr. 6.<\/p>\n\n\n\n<p><\/p>\n<\/div><\/div>\n\n\n\n<div class=\"wp-block-coblocks-feature has-center-content coblocks-feature-725234240794\"><div class=\"wp-block-coblocks-feature__inner has-padding has-large-padding\"><div class=\"wp-block-coblocks-icon\">\n\t\t\t\t<div class=\"wp-block-coblocks-icon__inner has-text-color has-secondary-color\" style=\"height: 60px; width: 60px;\">\n\t\t\t\t\t<svg width=\"24\" height=\"24\" viewBox=\"0 0 24 24\" fill=\"none\" xmlns=\"http:\/\/www.w3.org\/2000\/svg\">\n<path d=\"M12 23.52C9.72154 23.52 7.49427 22.8444 5.59982 21.5785C3.70536 20.3127 2.22881 18.5135 1.35689 16.4085C0.484972 14.3035 0.256838 11.9872 0.701339 9.75257C1.14584 7.51791 2.24301 5.46524 3.85412 3.85414C5.46522 2.24304 7.51788 1.14586 9.75254 0.701362C11.9872 0.25686 14.3035 0.484995 16.4085 1.35692C18.5135 2.22884 20.3127 3.70539 21.5785 5.59984C22.8443 7.49429 23.52 9.72157 23.52 12C23.52 15.0553 22.3063 17.9855 20.1459 20.1459C17.9854 22.3063 15.0553 23.52 12 23.52ZM12 2.78401C10.1772 2.78401 8.39541 3.32452 6.87985 4.33718C5.36429 5.34985 4.18305 6.78919 3.48551 8.4732C2.78797 10.1572 2.60547 12.0102 2.96107 13.798C3.31667 15.5857 4.19441 17.2278 5.48329 18.5167C6.77217 19.8056 8.4143 20.6833 10.202 21.0389C11.9898 21.3945 13.8428 21.212 15.5268 20.5145C17.2108 19.8169 18.6501 18.6357 19.6628 17.1201C20.6755 15.6046 21.216 13.8228 21.216 12C21.216 9.55577 20.245 7.21165 18.5167 5.48331C16.7883 3.75498 14.4442 2.78401 12 2.78401V2.78401Z\" fill=\"currentColor\"\/>\n<path d=\"M12 13.536C11.6945 13.536 11.4015 13.4146 11.1854 13.1986C10.9694 12.9825 10.848 12.6895 10.848 12.384V5.856H13.152V12.384C13.152 12.6895 13.0307 12.9825 12.8146 13.1986C12.5986 13.4146 12.3056 13.536 12 13.536V13.536Z\" fill=\"currentColor\"\/>\n<path d=\"M21.9357 0.434855L18.8647 3.50585L20.4939 5.13502L23.5649 2.06403L21.9357 0.434855Z\" fill=\"currentColor\"\/>\n<\/svg>\n\n\t\t\t\t<\/div>\n\t\t\t<\/div>\n\n\n<h4 class=\"wp-block-heading\">L\u00e1togat\u00e1si program<\/h4>\n\n\n\n<p>H\u00e9tf\u0151 \u2013 Szombat:&nbsp;<strong>09:00 \u2013 17:00<\/strong><br>Vas\u00e1rnap \u2013 H\u00e9tf\u0151:<strong>&nbsp;z\u00e1rva&nbsp;<\/strong><br><\/p>\n<\/div><\/div>\n\n\n\n<div class=\"wp-block-coblocks-feature has-center-content coblocks-feature-72523424422\"><div class=\"wp-block-coblocks-feature__inner has-padding has-large-padding\"><div class=\"wp-block-coblocks-icon\">\n\t\t\t\t<div class=\"wp-block-coblocks-icon__inner has-text-color has-secondary-color\" style=\"height: 60px; width: 60px;\">\n\t\t\t\t\t<svg fill=\"none\" viewBox=\"0 0 24 24\" xmlns=\"http:\/\/www.w3.org\/2000\/svg\"><g clip-rule=\"evenodd\" fill=\"currentColor\" fill-rule=\"evenodd\"><path d=\"m16 3h-10c-.27614 0-.5.22386-.5.5v13.5c0 .2761.22386.5.5.5h10c.2761 0 .5-.2239.5-.5v-13.5c0-.27614-.2239-.5-.5-.5zm-10-1.5h10c1.1046 0 2 .89543 2 2v13.5c0 1.1046-.8954 2-2 2h-10c-1.10457 0-2-.8954-2-2v-13.5c0-1.10457.89543-2 2-2z\"\/><path d=\"m9.91233 7.87699c-.31409.21986-.41233.45167-.41233.62301s.09824.40315.41233.62301c.31177.21821.78237.37699 1.33767.37699v1.5c-.8254 0-1.60477-.233-2.19786-.6481-.59073-.41355-1.05214-1.05674-1.05214-1.8519s.46141-1.43835 1.05214-1.85186c.59309-.41517 1.37246-.64814 2.19786-.64814s1.6048.23297 2.1979.64814c.5907.41351 1.0521 1.0567 1.0521 1.85186 0 .41421-.3358.75-.75.75s-.75-.33579-.75-.75c0-.17134-.0982-.40315-.4123-.62301-.3118-.21821-.7824-.37699-1.3377-.37699s-1.0259.15878-1.33767.37699z\"\/><path d=\"m12.5877 12.623c.3141-.2199.4123-.4517.4123-.623s-.0982-.4031-.4123-.623c-.3118-.2182-.7824-.377-1.3377-.377v-1.5c.8254 0 1.6048.23297 2.1979.6481.5907.4135 1.0521 1.0567 1.0521 1.8519s-.4614 1.4384-1.0521 1.8519c-.5931.4151-1.3725.6481-2.1979.6481s-1.60477-.233-2.19786-.6481c-.59073-.4135-1.05214-1.0567-1.05214-1.8519 0-.4142.33579-.75.75-.75s.75.3358.75.75c0 .1713.09824.4031.41233.623.31177.2182.78237.377 1.33767.377s1.0259-.1588 1.3377-.377z\"\/><path d=\"m11.25 13.5c.4142 0 .75.3358.75.75v.5c0 .4142-.3358.75-.75.75s-.75-.3358-.75-.75v-.5c0-.4142.3358-.75.75-.75z\"\/><path d=\"m11.25 5c.4142 0 .75.33579.75.75v.5c0 .41421-.3358.75-.75.75s-.75-.33579-.75-.75v-.5c0-.41421.3358-.75.75-.75z\"\/><\/g><path d=\"m20.25 8.25v11c0 1.1046-.8954 2-2 2h-8\" stroke=\"currentColor\" stroke-width=\"1.5\" fill=\"none\"\/><\/svg>\n\n\t\t\t\t<\/div>\n\t\t\t<\/div>\n\n\n<h4 class=\"wp-block-heading\">Jegy\u00e1rak<\/h4>\n\n\n\n<p>Feln\u0151ttek \u2013&nbsp;<strong>20 RON<\/strong><\/p>\n\n\n\n<p>Egyetemist\u00e1k, Nyugd\u00edjasok \u2013&nbsp;<strong>10 RON<\/strong><\/p>\n\n\n\n<p>Di\u00e1kok \u2013&nbsp;<strong>5 RON<\/strong><\/p>\n<\/div><\/div>\n\n\n\n<div class=\"wp-block-coblocks-feature coblocks-feature-72523424463\"><div class=\"wp-block-coblocks-feature__inner has-padding\"><div class=\"wp-block-coblocks-icon\">\n\t\t\t\t<div class=\"wp-block-coblocks-icon__inner has-text-color has-secondary-color\" style=\"height: 60px; width: 60px;\">\n\t\t\t\t\t<svg fill=\"none\" viewBox=\"0 0 20 20\" xmlns=\"http:\/\/www.w3.org\/2000\/svg\"><path d=\"m19.99 7c0-.72-.37-1.35-.94-1.7l-9.05-5.3-9.05 5.3c-.57.35-.95.98-.95 1.7v11c0 1.1.9 2 2 2h16c1.1 0 2-.9 2-2zm-2 0v.01l-7.99 4.99-8-5 8-4.68zm-15.99 11v-8.66l8 5.02 7.99-4.99.01 8.63z\" fill=\"currentColor\" \/><\/svg>\n\t\t\t\t<\/div>\n\t\t\t<\/div>\n\n\n<h4 class=\"wp-block-heading\">El\u00e9rhet\u0151s\u00e9gek<\/h4>\n\n\n\n<p><strong>Mobil : <\/strong>+40745524783<\/p>\n\n\n\n<p><strong>Email :<\/strong> muzeusm@gmail.com<\/p>\n<\/div><\/div>\n<\/div><\/div>\n\n\n\n<div class=\"wp-block-group alignfull has-tertiary-background-color has-background has-small-font-size\"><div class=\"wp-block-group__inner-container is-layout-constrained wp-block-group-is-layout-constrained\">\n<div class=\"wp-block-columns is-layout-flex wp-container-core-columns-is-layout-28f84493 wp-block-columns-is-layout-flex\">\n<div class=\"wp-block-column is-layout-flow wp-block-column-is-layout-flow\">\n<h5 class=\"wp-block-heading has-secondary-color has-text-color has-normal-font-size\">Szatm\u00e1r Megyei M\u00fazeum<\/h5>\n\n\n\n<p class=\"has-text-align-left has-black-color has-text-color\"><a style=\"color: #000000;\" href=\"https:\/\/www.facebook.com\/Muzeul-Judetean-Satu-Mare-1050838434978303\">Facebook<\/a><\/p>\n\n\n\n<p><a style=\"color: #000000;\" href=\"https:\/\/www.instagram.com\/mjsatumare\/\">Instagram<\/a><\/p>\n<\/div>\n\n\n\n<div class=\"wp-block-column is-layout-flow wp-block-column-is-layout-flow\">\n<h4 class=\"wp-block-heading has-text-align-left has-secondary-color has-text-color has-normal-font-size\">El\u00e9rhet\u0151s\u00e9gek<\/h4>\n\n\n\n<ul>\n<li>muzeusm@gmail.com<\/li>\n<li>+40261737526<\/li>\n<\/ul>\n<\/div>\n\n\n\n<div class=\"wp-block-column is-layout-flow wp-block-column-is-layout-flow\">\n<h4 class=\"wp-block-heading has-secondary-color has-text-color has-normal-font-size\">C\u00edm<\/h4>\n\n\n\n<p class=\"has-black-color has-text-color\">Vasile Lucaciu, 21 sz\u00e1m<br>Szatm\u00e1rn\u00e9meti<br>Rom\u00e1nia<\/p>\n<\/div>\n<\/div>\n<\/div><\/div>\n","protected":false},"excerpt":{"rendered":"<p>Az Alf\u00f6ld \u00e9s a B\u00fckk \u00e9rintkez\u00e9s\u00e9nek vid\u00e9k\u00e9re jellemz\u0151 paraszth\u00e1z pitvarb\u00f3l, egy els\u0151 vagy tisztaszob\u00e1b\u00f3l \u00e9s egy lak\u00f3szob\u00e1b\u00f3l \u00e1ll. Ezeket a helyis\u00e9geket k\u00f6veti a kamra \u00e9s a ny\u00e1ri konyha. Az 1903-ban \u00e9p\u00edtett h\u00e1z Krasznaszentmikl\u00f3sr\u00f3l sz\u00e1rmazik, onnan k\u00f6lt\u00f6ztett\u00e9k \u00e1t Tasn\u00e1dra. Az els\u0151 helyis\u00e9gben egy hagyom\u00e1nyos szobabels\u0151 tal\u00e1lhat\u00f3, az itt megtekinthet\u0151 t\u00e1rgyak t\u00f6bbs\u00e9g\u00e9t helyi k\u00e9zm\u0171vesek k\u00e9sz\u00edtett\u00e9k. L\u00e1togat\u00e1s el\u0151zetes<a class=\"more-link\" href=\"https:\/\/muzeusm.ro\/hu\/casa-muzeu-tasnad\/\">Continue reading <span class=\"screen-reader-text\">&#8220;T\u00e1jh\u00e1z, Tasn\u00e1d&#8221;<\/span><\/a><\/p>\n","protected":false},"author":183061330,"featured_media":0,"parent":0,"menu_order":0,"comment_status":"closed","ping_status":"closed","template":"","meta":{"_coblocks_attr":"","_coblocks_dimensions":"","_coblocks_responsive_height":"","_coblocks_accordion_ie_support":"","advanced_seo_description":"","jetpack_seo_html_title":"","jetpack_seo_noindex":false,"jetpack_post_was_ever_published":false,"footnotes":""},"class_list":["post-196","page","type-page","status-publish","hentry","entry"],"translation":{"provider":"WPGlobus","version":"3.0.1","language":"hu","enabled_languages":["ro","hu","en"],"languages":{"ro":{"title":true,"content":true,"excerpt":false},"hu":{"title":true,"content":true,"excerpt":false},"en":{"title":false,"content":false,"excerpt":false}}},"jetpack_likes_enabled":true,"jetpack-related-posts":[{"id":7063,"url":"https:\/\/muzeusm.ro\/hu\/casa-taraneasca-andrid-2\/","url_meta":{"origin":196,"position":0},"title":"CASA \u021a\u0102R\u0102NEASC\u0102 ANDRID","author":"norbertlorincz","date":"6 October 2020","format":false,"excerpt":"Unul dintre elementele etnografice ce marcheaz\u0103 trecutul \u0163inutului din C\u00e2mpia Ierului este arhitectura popular\u0103 tradi\u0163ional\u0103. Fiind o zon\u0103 de c\u00e2mpie ml\u0103\u015ftinoas\u0103 materialele de baz\u0103 ale construc\u0163iilor unei gospod\u0103rii au fost lutul, lemnul \u015fi trestia. Casele \u0163\u0103r\u0103ne\u015fti din secolele XVIII \u2013 XIX se construiau cu pere\u0163i din p\u0103m\u00e2nt b\u0103tut cu maiul\u2026","rel":"","context":"Similar post","block_context":{"text":"Similar post","link":""},"img":{"alt_text":"","src":"https:\/\/i0.wp.com\/www.muzeusm.ro\/wp-content\/uploads\/2019\/08\/Andrid-1-300x246.jpg?resize=350%2C200","width":350,"height":200},"classes":[]},{"id":232,"url":"https:\/\/muzeusm.ro\/hu\/casa-taraneasca-chilia\/","url_meta":{"origin":196,"position":1},"title":"B\u00fckkalji t\u00e1jh\u00e1z, P\u00e1cafalu","author":"andreeaionetecu","date":"20 October 2021","format":false,"excerpt":"{:ro} Casa \u021a\u0103r\u0103neasc\u0103 din Chilia, jude\u021bul Satu Mare. Muzee de la satCasa \u021a\u0103r\u0103neasc\u0103 din Chilia, jude\u021bul Satu Mare. Muzee de la satCasa \u021a\u0103r\u0103neasc\u0103 din Chilia, jude\u021bul Satu Mare. Muzee de la satCasa \u021a\u0103r\u0103neasc\u0103 din Chilia, jude\u021bul Satu Mare. Muzee de la satCasa \u021a\u0103r\u0103neasc\u0103 din Chilia, jude\u021bul Satu Mare. Muzee de\u2026","rel":"","context":"Similar post","block_context":{"text":"Similar post","link":""},"img":{"alt_text":"","src":"https:\/\/i0.wp.com\/muzeusm.ro\/wp-content\/uploads\/2022\/03\/img_7607.jpeg?resize=350%2C200&ssl=1","width":350,"height":200,"srcset":"https:\/\/i0.wp.com\/muzeusm.ro\/wp-content\/uploads\/2022\/03\/img_7607.jpeg?resize=350%2C200&ssl=1 1x, https:\/\/i0.wp.com\/muzeusm.ro\/wp-content\/uploads\/2022\/03\/img_7607.jpeg?resize=525%2C300&ssl=1 1.5x, https:\/\/i0.wp.com\/muzeusm.ro\/wp-content\/uploads\/2022\/03\/img_7607.jpeg?resize=700%2C400&ssl=1 2x, https:\/\/i0.wp.com\/muzeusm.ro\/wp-content\/uploads\/2022\/03\/img_7607.jpeg?resize=1050%2C600&ssl=1 3x, https:\/\/i0.wp.com\/muzeusm.ro\/wp-content\/uploads\/2022\/03\/img_7607.jpeg?resize=1400%2C800&ssl=1 4x"},"classes":[]},{"id":58,"url":"https:\/\/muzeusm.ro\/hu\/reteaua-muzeala\/","url_meta":{"origin":196,"position":2},"title":"M\u00fazeumi h\u00e1l\u00f3zat","author":"andreeaionetecu","date":"19 October 2021","format":false,"excerpt":"{:ro} Muzeul Jude\u021bean Satu Mare Muzeul de Art\u0103 Satu Mare Muzeul Municipal Carei - Castelul K\u00e1rolyi Muzeul Memorial Dr. Vasile Lucaciu, Apa Complex Memorial Ady Endre Muzeul Or\u0103\u0219enesc T\u0103\u0219nad Casa Muzeu T\u0103\u0219nad Atelierul Memorial Paul I. Erd\u0151s, Satu Mare Atelierul Memorial Aurel Popp, Satu Mare Muzeul \u0218v\u0103besc, Petre\u0219ti Muzeul Maghiar\u2026","rel":"","context":"Similar post","block_context":{"text":"Similar post","link":""},"img":{"alt_text":"","src":"https:\/\/i0.wp.com\/muzeusm.ro\/wp-content\/uploads\/2021\/10\/image-2012-07-27-12889443-56-situl-arheologic-bobald.jpg?resize=350%2C200&ssl=1","width":350,"height":200,"srcset":"https:\/\/i0.wp.com\/muzeusm.ro\/wp-content\/uploads\/2021\/10\/image-2012-07-27-12889443-56-situl-arheologic-bobald.jpg?resize=350%2C200&ssl=1 1x, https:\/\/i0.wp.com\/muzeusm.ro\/wp-content\/uploads\/2021\/10\/image-2012-07-27-12889443-56-situl-arheologic-bobald.jpg?resize=525%2C300&ssl=1 1.5x"},"classes":[]},{"id":14050,"url":"https:\/\/muzeusm.ro\/hu\/sectii\/serviciul-muzee-carei-tasnad\/","url_meta":{"origin":196,"position":3},"title":"Nagyk\u00e1roly-Tasn\u00e1d M\u00fazeumok","author":"norbertlorincz","date":"7 June 2024","format":false,"excerpt":"{:ro} Atribu\u021biile \u0219i responsabilit\u0103\u021bile vizeaz\u0103 coordonarea activit\u0103\u021bii de la unit\u0103\u021bile muzeale: Muzeul Municipal Carei, Muzeul Or\u0103\u0219enesc T\u0103\u0219nad, Complexul Memorial Ady Endre, Muzeul Maghiar Sipos Laszlo Bogdand, Muzeul \u0218v\u0103besc Petre\u0219ti, Casa \u021a\u0103r\u0103neasc\u0103 de la Andrid. Angaja\u021bii serviciului:GINDELE SIMONA CARMEN MUZEOGRAF\u00a0\u00a0 IAILIES AURELIAN GESTIONAR CUSTODE IAIOJA ERICA VALENTINA CURATOR SIICSAT\u00c1RI ISTV\u00c1N GERG\u0150\u2026","rel":"","context":"Similar post","block_context":{"text":"Similar post","link":""},"img":{"alt_text":"","src":"","width":0,"height":0},"classes":[]},{"id":16376,"url":"https:\/\/muzeusm.ro\/hu\/muzeul-orasului-oasu-nou-muzeul-municipal-carei-si-muzeul-orasenesc-tasnad\/","url_meta":{"origin":196,"position":4},"title":"Muzeul ora\u0219ului Ora\u0219u Nou, \u00a0Muzeul Municipal Carei \u0219i Muzeul Or\u0103\u0219enesc T\u0103\u0219nad","author":"Kov\u00e1cs Zsolt","date":"24 February 2025","format":false,"excerpt":"\u201eVia\u021ba de zi cu zi a aristocra\u021biei.Via\u021ba cotidian\u0103 a familiei K\u00e1rolyi \u00een secolele XVIII-XIX\u201d Vizit\u0103 interactiv\u0103 \u00een expozi\u021bia permanent\u0103. Prezentare PowerPoint.Coordonator: Csat\u00e1ri Istv\u00e1n Gerg\u0151Pre\u021b bilet: 10 lei 2. \u201e 25 Octombrie-Ziua Armatei rom\u00e2ne\u201d - Castelul K\u00e1rolyi Carei. \u00a0 Prezentare interactiv\u0103. Expozi\u021bia permanent\u0103.Coordonator: Gindele SimonaPre\u021b bilet: 10 lei \u00a03. \u201eCasa Domnului\u201d\u2026","rel":"","context":"Similar post","block_context":{"text":"Similar post","link":""},"img":{"alt_text":"","src":"","width":0,"height":0},"classes":[]},{"id":184,"url":"https:\/\/muzeusm.ro\/hu\/complex-memorial-ady-endre\/","url_meta":{"origin":196,"position":5},"title":"Ady Endre Eml\u00e9km\u00fazeum, Ady Endre","author":"andreeaionetecu","date":"20 October 2021","format":false,"excerpt":"{:ro} Complexul Memorial Ady Endre din Satu Mare. Muzee de la satComplexul Memorial Ady Endre din Satu Mare. Muzee de la satComplexul Memorial Ady Endre din Satu Mare. Muzee de la satComplexul Memorial Ady Endre din Satu Mare. Muzee de la satComplexul Memorial Ady Endre din Satu Mare. Muzee de\u2026","rel":"","context":"Similar post","block_context":{"text":"Similar post","link":""},"img":{"alt_text":"","src":"https:\/\/i0.wp.com\/muzeusm.ro\/wp-content\/uploads\/2021\/12\/img_5513.jpeg?resize=350%2C200&ssl=1","width":350,"height":200,"srcset":"https:\/\/i0.wp.com\/muzeusm.ro\/wp-content\/uploads\/2021\/12\/img_5513.jpeg?resize=350%2C200&ssl=1 1x, https:\/\/i0.wp.com\/muzeusm.ro\/wp-content\/uploads\/2021\/12\/img_5513.jpeg?resize=525%2C300&ssl=1 1.5x, https:\/\/i0.wp.com\/muzeusm.ro\/wp-content\/uploads\/2021\/12\/img_5513.jpeg?resize=700%2C400&ssl=1 2x, https:\/\/i0.wp.com\/muzeusm.ro\/wp-content\/uploads\/2021\/12\/img_5513.jpeg?resize=1050%2C600&ssl=1 3x, https:\/\/i0.wp.com\/muzeusm.ro\/wp-content\/uploads\/2021\/12\/img_5513.jpeg?resize=1400%2C800&ssl=1 4x"},"classes":[]}],"jetpack_sharing_enabled":true,"jetpack_shortlink":"https:\/\/wp.me\/PfvnyQ-3a","_links":{"self":[{"href":"https:\/\/muzeusm.ro\/hu\/wp-json\/wp\/v2\/pages\/196","targetHints":{"allow":["GET"]}}],"collection":[{"href":"https:\/\/muzeusm.ro\/hu\/wp-json\/wp\/v2\/pages"}],"about":[{"href":"https:\/\/muzeusm.ro\/hu\/wp-json\/wp\/v2\/types\/page"}],"author":[{"embeddable":true,"href":"https:\/\/muzeusm.ro\/hu\/wp-json\/wp\/v2\/users\/183061330"}],"replies":[{"embeddable":true,"href":"https:\/\/muzeusm.ro\/hu\/wp-json\/wp\/v2\/comments?post=196"}],"version-history":[{"count":9,"href":"https:\/\/muzeusm.ro\/hu\/wp-json\/wp\/v2\/pages\/196\/revisions"}],"predecessor-version":[{"id":16138,"href":"https:\/\/muzeusm.ro\/hu\/wp-json\/wp\/v2\/pages\/196\/revisions\/16138"}],"wp:attachment":[{"href":"https:\/\/muzeusm.ro\/hu\/wp-json\/wp\/v2\/media?parent=196"}],"curies":[{"name":"wp","href":"https:\/\/api.w.org\/{rel}","templated":true}]}}