{"id":191,"date":"2021-10-20T09:50:45","date_gmt":"2021-10-20T06:50:45","guid":{"rendered":"https:\/\/netsysacad.ro?page_id=191"},"modified":"2025-01-27T08:39:37","modified_gmt":"2025-01-27T06:39:37","slug":"muzeul-memorial-dr-vasile-lucaciu-apa","status":"publish","type":"page","link":"https:\/\/muzeusm.ro\/hu\/muzeul-memorial-dr-vasile-lucaciu-apa\/","title":{"rendered":"Dr. Vasile Lucaciu Eml\u00e9km\u00fazeum, Apa"},"content":{"rendered":"\n<div aria-label=\"Carousel Gallery\" class=\"wp-block-coblocks-gallery-carousel alignwide\"><div class=\"coblocks-gallery-carousel-swiper-container is-cropped coblocks-gallery has-border-radius-20 has-caption-style-dark has-horizontal-gutter has-lightbox\"><div class=\"has-carousel has-carousel-xlrg swiper-container has-aligned-cells has-responsive-height \" data-swiper=\"{&quot;alignCells&quot;:true,&quot;autoPlay&quot;:true,&quot;autoPlaySpeed&quot;:3000,&quot;draggable&quot;:false,&quot;freeMode&quot;:false,&quot;loop&quot;:false,&quot;navigation&quot;:true,&quot;pageDots&quot;:false,&quot;pauseHover&quot;:true,&quot;responsiveHeight&quot;:true,&quot;slidesPerView&quot;:1,&quot;thumbnails&quot;:true,&quot;uuid&quot;:&quot;12345&quot;}\" style=\"height:400px\"><div class=\"swiper-wrapper\"><div class=\"swiper-slide\"><div class=\"coblocks-gallery--item\" role=\"button\" tabindex=\"0\"><figure class=\"coblocks-gallery--figure has-margin-left-5 has-margin-left-mobile-5 has-margin-right-5 has-margin-right-mobile-5\"><img loading=\"lazy\" decoding=\"async\" width=\"1024\" height=\"683\" data-attachment-id=\"14791\" data-permalink=\"https:\/\/muzeusm.ro\/hu\/muzeul-memorial-dr-vasile-lucaciu-apa\/muzeul-memorial-dr-vasile-lucaciu-apa_satu-mare\/\" data-orig-file=\"https:\/\/muzeusm.ro\/wp-content\/uploads\/2024\/08\/01_Muzeul-Memorial-Dr-Vasile-Lucaciu-Apa_Satu-Mare_Fotograf_Ionut-Teoderascu_240526.jpg\" data-orig-size=\"1980,1320\" data-comments-opened=\"1\" data-image-meta=\"{&quot;aperture&quot;:&quot;7.1&quot;,&quot;credit&quot;:&quot;Ionut Teoderascu&quot;,&quot;camera&quot;:&quot;ILCE-7M3&quot;,&quot;caption&quot;:&quot;Casa Memorial\\u0103 \\u201eDr. Vasile Lucaciu\\u201d din Apa, jude\\u021bul Satu Mare. Muzee de la sat&quot;,&quot;created_timestamp&quot;:&quot;1716713767&quot;,&quot;copyright&quot;:&quot;All rights reserved 2024&quot;,&quot;focal_length&quot;:&quot;24&quot;,&quot;iso&quot;:&quot;100&quot;,&quot;shutter_speed&quot;:&quot;0.004&quot;,&quot;title&quot;:&quot;Muzeul Memorial Dr Vasile Lucaciu Apa_Satu Mare&quot;,&quot;orientation&quot;:&quot;0&quot;}\" data-image-title=\"Muzeul Memorial Dr Vasile Lucaciu Apa_Satu Mare\" data-image-description=\"\" data-image-caption=\"&lt;p&gt;Casa Memorial\u0103 \u201eDr. Vasile Lucaciu\u201d din Apa, jude\u021bul Satu Mare. Muzee de la sat&lt;\/p&gt;\n\" data-medium-file=\"https:\/\/muzeusm.ro\/wp-content\/uploads\/2024\/08\/01_Muzeul-Memorial-Dr-Vasile-Lucaciu-Apa_Satu-Mare_Fotograf_Ionut-Teoderascu_240526-300x200.jpg\" data-large-file=\"https:\/\/muzeusm.ro\/wp-content\/uploads\/2024\/08\/01_Muzeul-Memorial-Dr-Vasile-Lucaciu-Apa_Satu-Mare_Fotograf_Ionut-Teoderascu_240526-1024x683.jpg\" alt=\"\" class=\"wp-image-14791\" data-id=\"14791\" data-link=\"https:\/\/muzeusm.ro\/muzeul-memorial-dr-vasile-lucaciu-apa\/muzeul-memorial-dr-vasile-lucaciu-apa_satu-mare\/\" src=\"https:\/\/muzeusm.ro\/wp-content\/uploads\/2024\/08\/01_Muzeul-Memorial-Dr-Vasile-Lucaciu-Apa_Satu-Mare_Fotograf_Ionut-Teoderascu_240526-1024x683.jpg\" srcset=\"https:\/\/muzeusm.ro\/wp-content\/uploads\/2024\/08\/01_Muzeul-Memorial-Dr-Vasile-Lucaciu-Apa_Satu-Mare_Fotograf_Ionut-Teoderascu_240526-1024x683.jpg 1024w, https:\/\/muzeusm.ro\/wp-content\/uploads\/2024\/08\/01_Muzeul-Memorial-Dr-Vasile-Lucaciu-Apa_Satu-Mare_Fotograf_Ionut-Teoderascu_240526-300x200.jpg 300w, https:\/\/muzeusm.ro\/wp-content\/uploads\/2024\/08\/01_Muzeul-Memorial-Dr-Vasile-Lucaciu-Apa_Satu-Mare_Fotograf_Ionut-Teoderascu_240526-768x512.jpg 768w, https:\/\/muzeusm.ro\/wp-content\/uploads\/2024\/08\/01_Muzeul-Memorial-Dr-Vasile-Lucaciu-Apa_Satu-Mare_Fotograf_Ionut-Teoderascu_240526-1536x1024.jpg 1536w, https:\/\/muzeusm.ro\/wp-content\/uploads\/2024\/08\/01_Muzeul-Memorial-Dr-Vasile-Lucaciu-Apa_Satu-Mare_Fotograf_Ionut-Teoderascu_240526-1568x1045.jpg 1568w, https:\/\/muzeusm.ro\/wp-content\/uploads\/2024\/08\/01_Muzeul-Memorial-Dr-Vasile-Lucaciu-Apa_Satu-Mare_Fotograf_Ionut-Teoderascu_240526.jpg 1980w\" sizes=\"auto, (max-width: 1024px) 100vw, 1024px\" \/><\/figure><figcaption class=\"coblocks-gallery--caption coblocks-gallery--primary-caption\">Casa Memorial\u0103 \u201eDr. Vasile Lucaciu\u201d din Apa, jude\u021bul Satu Mare. Muzee de la sat<\/figcaption><\/div><\/div><div class=\"swiper-slide\"><div class=\"coblocks-gallery--item\" role=\"button\" tabindex=\"1\"><figure class=\"coblocks-gallery--figure has-margin-left-5 has-margin-left-mobile-5 has-margin-right-5 has-margin-right-mobile-5\"><img loading=\"lazy\" decoding=\"async\" width=\"1024\" height=\"683\" data-attachment-id=\"14792\" data-permalink=\"https:\/\/muzeusm.ro\/hu\/muzeul-memorial-dr-vasile-lucaciu-apa\/muzeul-memorial-dr-vasile-lucaciu-apa_satu-mare-2\/\" data-orig-file=\"https:\/\/muzeusm.ro\/wp-content\/uploads\/2024\/08\/02_Muzeul-Memorial-Dr-Vasile-Lucaciu-Apa_Satu-Mare_Fotograf_Ionut-Teoderascu_240526.jpg\" data-orig-size=\"1980,1320\" data-comments-opened=\"1\" data-image-meta=\"{&quot;aperture&quot;:&quot;2.8&quot;,&quot;credit&quot;:&quot;Ionut Teoderascu&quot;,&quot;camera&quot;:&quot;ILCE-7M3&quot;,&quot;caption&quot;:&quot;Casa Memorial\\u0103 \\u201eDr. Vasile Lucaciu\\u201d din Apa, jude\\u021bul Satu Mare. Muzee de la sat&quot;,&quot;created_timestamp&quot;:&quot;1716716254&quot;,&quot;copyright&quot;:&quot;All rights reserved 2024&quot;,&quot;focal_length&quot;:&quot;66&quot;,&quot;iso&quot;:&quot;640&quot;,&quot;shutter_speed&quot;:&quot;0.008&quot;,&quot;title&quot;:&quot;Muzeul Memorial Dr Vasile Lucaciu Apa_Satu Mare&quot;,&quot;orientation&quot;:&quot;0&quot;}\" data-image-title=\"Muzeul Memorial Dr Vasile Lucaciu Apa_Satu Mare\" data-image-description=\"\" data-image-caption=\"&lt;p&gt;Casa Memorial\u0103 \u201eDr. Vasile Lucaciu\u201d din Apa, jude\u021bul Satu Mare. Muzee de la sat&lt;\/p&gt;\n\" data-medium-file=\"https:\/\/muzeusm.ro\/wp-content\/uploads\/2024\/08\/02_Muzeul-Memorial-Dr-Vasile-Lucaciu-Apa_Satu-Mare_Fotograf_Ionut-Teoderascu_240526-300x200.jpg\" data-large-file=\"https:\/\/muzeusm.ro\/wp-content\/uploads\/2024\/08\/02_Muzeul-Memorial-Dr-Vasile-Lucaciu-Apa_Satu-Mare_Fotograf_Ionut-Teoderascu_240526-1024x683.jpg\" alt=\"\" class=\"wp-image-14792\" data-id=\"14792\" data-link=\"https:\/\/muzeusm.ro\/muzeul-memorial-dr-vasile-lucaciu-apa\/muzeul-memorial-dr-vasile-lucaciu-apa_satu-mare-2\/\" src=\"https:\/\/muzeusm.ro\/wp-content\/uploads\/2024\/08\/02_Muzeul-Memorial-Dr-Vasile-Lucaciu-Apa_Satu-Mare_Fotograf_Ionut-Teoderascu_240526-1024x683.jpg\" srcset=\"https:\/\/muzeusm.ro\/wp-content\/uploads\/2024\/08\/02_Muzeul-Memorial-Dr-Vasile-Lucaciu-Apa_Satu-Mare_Fotograf_Ionut-Teoderascu_240526-1024x683.jpg 1024w, https:\/\/muzeusm.ro\/wp-content\/uploads\/2024\/08\/02_Muzeul-Memorial-Dr-Vasile-Lucaciu-Apa_Satu-Mare_Fotograf_Ionut-Teoderascu_240526-300x200.jpg 300w, https:\/\/muzeusm.ro\/wp-content\/uploads\/2024\/08\/02_Muzeul-Memorial-Dr-Vasile-Lucaciu-Apa_Satu-Mare_Fotograf_Ionut-Teoderascu_240526-768x512.jpg 768w, https:\/\/muzeusm.ro\/wp-content\/uploads\/2024\/08\/02_Muzeul-Memorial-Dr-Vasile-Lucaciu-Apa_Satu-Mare_Fotograf_Ionut-Teoderascu_240526-1536x1024.jpg 1536w, https:\/\/muzeusm.ro\/wp-content\/uploads\/2024\/08\/02_Muzeul-Memorial-Dr-Vasile-Lucaciu-Apa_Satu-Mare_Fotograf_Ionut-Teoderascu_240526-1568x1045.jpg 1568w, https:\/\/muzeusm.ro\/wp-content\/uploads\/2024\/08\/02_Muzeul-Memorial-Dr-Vasile-Lucaciu-Apa_Satu-Mare_Fotograf_Ionut-Teoderascu_240526.jpg 1980w\" sizes=\"auto, (max-width: 1024px) 100vw, 1024px\" \/><\/figure><figcaption class=\"coblocks-gallery--caption coblocks-gallery--primary-caption\">Casa Memorial\u0103 \u201eDr. Vasile Lucaciu\u201d din Apa, jude\u021bul Satu Mare. Muzee de la sat<\/figcaption><\/div><\/div><div class=\"swiper-slide\"><div class=\"coblocks-gallery--item\" role=\"button\" tabindex=\"2\"><figure class=\"coblocks-gallery--figure has-margin-left-5 has-margin-left-mobile-5 has-margin-right-5 has-margin-right-mobile-5\"><img loading=\"lazy\" decoding=\"async\" width=\"1024\" height=\"683\" data-attachment-id=\"14793\" data-permalink=\"https:\/\/muzeusm.ro\/hu\/muzeul-memorial-dr-vasile-lucaciu-apa\/muzeul-memorial-dr-vasile-lucaciu-apa_satu-mare-3\/\" data-orig-file=\"https:\/\/muzeusm.ro\/wp-content\/uploads\/2024\/08\/03_Muzeul-Memorial-Dr-Vasile-Lucaciu-Apa_Satu-Mare_Fotograf__240520.jpg\" data-orig-size=\"1980,1320\" data-comments-opened=\"1\" data-image-meta=\"{&quot;aperture&quot;:&quot;2.8&quot;,&quot;credit&quot;:&quot;&quot;,&quot;camera&quot;:&quot;L2D-20c&quot;,&quot;caption&quot;:&quot;Casa Memorial\\u0103 \\u201eDr. Vasile Lucaciu\\u201d din Apa, jude\\u021bul Satu Mare. Muzee de la sat&quot;,&quot;created_timestamp&quot;:&quot;1716204455&quot;,&quot;copyright&quot;:&quot;All rights reserved 2024&quot;,&quot;focal_length&quot;:&quot;12.29&quot;,&quot;iso&quot;:&quot;130&quot;,&quot;shutter_speed&quot;:&quot;0.0005&quot;,&quot;title&quot;:&quot;Muzeul Memorial Dr Vasile Lucaciu Apa_Satu Mare&quot;,&quot;orientation&quot;:&quot;0&quot;}\" data-image-title=\"Muzeul Memorial Dr Vasile Lucaciu Apa_Satu Mare\" data-image-description=\"\" data-image-caption=\"&lt;p&gt;Casa Memorial\u0103 \u201eDr. Vasile Lucaciu\u201d din Apa, jude\u021bul Satu Mare. Muzee de la sat&lt;\/p&gt;\n\" data-medium-file=\"https:\/\/muzeusm.ro\/wp-content\/uploads\/2024\/08\/03_Muzeul-Memorial-Dr-Vasile-Lucaciu-Apa_Satu-Mare_Fotograf__240520-300x200.jpg\" data-large-file=\"https:\/\/muzeusm.ro\/wp-content\/uploads\/2024\/08\/03_Muzeul-Memorial-Dr-Vasile-Lucaciu-Apa_Satu-Mare_Fotograf__240520-1024x683.jpg\" alt=\"\" class=\"wp-image-14793\" data-id=\"14793\" data-link=\"https:\/\/muzeusm.ro\/muzeul-memorial-dr-vasile-lucaciu-apa\/muzeul-memorial-dr-vasile-lucaciu-apa_satu-mare-3\/\" src=\"https:\/\/muzeusm.ro\/wp-content\/uploads\/2024\/08\/03_Muzeul-Memorial-Dr-Vasile-Lucaciu-Apa_Satu-Mare_Fotograf__240520-1024x683.jpg\" srcset=\"https:\/\/muzeusm.ro\/wp-content\/uploads\/2024\/08\/03_Muzeul-Memorial-Dr-Vasile-Lucaciu-Apa_Satu-Mare_Fotograf__240520-1024x683.jpg 1024w, https:\/\/muzeusm.ro\/wp-content\/uploads\/2024\/08\/03_Muzeul-Memorial-Dr-Vasile-Lucaciu-Apa_Satu-Mare_Fotograf__240520-300x200.jpg 300w, https:\/\/muzeusm.ro\/wp-content\/uploads\/2024\/08\/03_Muzeul-Memorial-Dr-Vasile-Lucaciu-Apa_Satu-Mare_Fotograf__240520-768x512.jpg 768w, https:\/\/muzeusm.ro\/wp-content\/uploads\/2024\/08\/03_Muzeul-Memorial-Dr-Vasile-Lucaciu-Apa_Satu-Mare_Fotograf__240520-1536x1024.jpg 1536w, https:\/\/muzeusm.ro\/wp-content\/uploads\/2024\/08\/03_Muzeul-Memorial-Dr-Vasile-Lucaciu-Apa_Satu-Mare_Fotograf__240520-1568x1045.jpg 1568w, https:\/\/muzeusm.ro\/wp-content\/uploads\/2024\/08\/03_Muzeul-Memorial-Dr-Vasile-Lucaciu-Apa_Satu-Mare_Fotograf__240520.jpg 1980w\" sizes=\"auto, (max-width: 1024px) 100vw, 1024px\" \/><\/figure><figcaption class=\"coblocks-gallery--caption coblocks-gallery--primary-caption\">Casa Memorial\u0103 \u201eDr. Vasile Lucaciu\u201d din Apa, jude\u021bul Satu Mare. Muzee de la sat<\/figcaption><\/div><\/div><div class=\"swiper-slide\"><div class=\"coblocks-gallery--item\" role=\"button\" tabindex=\"3\"><figure class=\"coblocks-gallery--figure has-margin-left-5 has-margin-left-mobile-5 has-margin-right-5 has-margin-right-mobile-5\"><img loading=\"lazy\" decoding=\"async\" width=\"1024\" height=\"683\" data-attachment-id=\"14794\" data-permalink=\"https:\/\/muzeusm.ro\/hu\/muzeul-memorial-dr-vasile-lucaciu-apa\/muzeul-memorial-dr-vasile-lucaciu-apa_satu-mare-4\/\" data-orig-file=\"https:\/\/muzeusm.ro\/wp-content\/uploads\/2024\/08\/04_Muzeul-Memorial-Dr-Vasile-Lucaciu-Apa_Satu-Mare_Fotograf_Ionut-Teoderascu_240526.jpg\" data-orig-size=\"1980,1320\" data-comments-opened=\"1\" data-image-meta=\"{&quot;aperture&quot;:&quot;7.1&quot;,&quot;credit&quot;:&quot;Ionut Teoderascu&quot;,&quot;camera&quot;:&quot;ILCE-7M3&quot;,&quot;caption&quot;:&quot;Casa Memorial\\u0103 \\u201eDr. Vasile Lucaciu\\u201d din Apa, jude\\u021bul Satu Mare. Muzee de la sat&quot;,&quot;created_timestamp&quot;:&quot;1716713850&quot;,&quot;copyright&quot;:&quot;All rights reserved 2024&quot;,&quot;focal_length&quot;:&quot;20.7&quot;,&quot;iso&quot;:&quot;100&quot;,&quot;shutter_speed&quot;:&quot;0.005&quot;,&quot;title&quot;:&quot;Muzeul Memorial Dr Vasile Lucaciu Apa_Satu Mare&quot;,&quot;orientation&quot;:&quot;0&quot;}\" data-image-title=\"Muzeul Memorial Dr Vasile Lucaciu Apa_Satu Mare\" data-image-description=\"\" data-image-caption=\"&lt;p&gt;Casa Memorial\u0103 \u201eDr. Vasile Lucaciu\u201d din Apa, jude\u021bul Satu Mare. Muzee de la sat&lt;\/p&gt;\n\" data-medium-file=\"https:\/\/muzeusm.ro\/wp-content\/uploads\/2024\/08\/04_Muzeul-Memorial-Dr-Vasile-Lucaciu-Apa_Satu-Mare_Fotograf_Ionut-Teoderascu_240526-300x200.jpg\" data-large-file=\"https:\/\/muzeusm.ro\/wp-content\/uploads\/2024\/08\/04_Muzeul-Memorial-Dr-Vasile-Lucaciu-Apa_Satu-Mare_Fotograf_Ionut-Teoderascu_240526-1024x683.jpg\" alt=\"\" class=\"wp-image-14794\" data-id=\"14794\" data-link=\"https:\/\/muzeusm.ro\/muzeul-memorial-dr-vasile-lucaciu-apa\/muzeul-memorial-dr-vasile-lucaciu-apa_satu-mare-4\/\" src=\"https:\/\/muzeusm.ro\/wp-content\/uploads\/2024\/08\/04_Muzeul-Memorial-Dr-Vasile-Lucaciu-Apa_Satu-Mare_Fotograf_Ionut-Teoderascu_240526-1024x683.jpg\" srcset=\"https:\/\/muzeusm.ro\/wp-content\/uploads\/2024\/08\/04_Muzeul-Memorial-Dr-Vasile-Lucaciu-Apa_Satu-Mare_Fotograf_Ionut-Teoderascu_240526-1024x683.jpg 1024w, https:\/\/muzeusm.ro\/wp-content\/uploads\/2024\/08\/04_Muzeul-Memorial-Dr-Vasile-Lucaciu-Apa_Satu-Mare_Fotograf_Ionut-Teoderascu_240526-300x200.jpg 300w, https:\/\/muzeusm.ro\/wp-content\/uploads\/2024\/08\/04_Muzeul-Memorial-Dr-Vasile-Lucaciu-Apa_Satu-Mare_Fotograf_Ionut-Teoderascu_240526-768x512.jpg 768w, https:\/\/muzeusm.ro\/wp-content\/uploads\/2024\/08\/04_Muzeul-Memorial-Dr-Vasile-Lucaciu-Apa_Satu-Mare_Fotograf_Ionut-Teoderascu_240526-1536x1024.jpg 1536w, https:\/\/muzeusm.ro\/wp-content\/uploads\/2024\/08\/04_Muzeul-Memorial-Dr-Vasile-Lucaciu-Apa_Satu-Mare_Fotograf_Ionut-Teoderascu_240526-1568x1045.jpg 1568w, https:\/\/muzeusm.ro\/wp-content\/uploads\/2024\/08\/04_Muzeul-Memorial-Dr-Vasile-Lucaciu-Apa_Satu-Mare_Fotograf_Ionut-Teoderascu_240526.jpg 1980w\" sizes=\"auto, (max-width: 1024px) 100vw, 1024px\" \/><\/figure><figcaption class=\"coblocks-gallery--caption coblocks-gallery--primary-caption\">Casa Memorial\u0103 \u201eDr. Vasile Lucaciu\u201d din Apa, jude\u021bul Satu Mare. Muzee de la sat<\/figcaption><\/div><\/div><div class=\"swiper-slide\"><div class=\"coblocks-gallery--item\" role=\"button\" tabindex=\"4\"><figure class=\"coblocks-gallery--figure has-margin-left-5 has-margin-left-mobile-5 has-margin-right-5 has-margin-right-mobile-5\"><img loading=\"lazy\" decoding=\"async\" width=\"1024\" height=\"683\" data-attachment-id=\"14795\" data-permalink=\"https:\/\/muzeusm.ro\/hu\/muzeul-memorial-dr-vasile-lucaciu-apa\/muzeul-memorial-dr-vasile-lucaciu-apa_satu-mare-5\/\" data-orig-file=\"https:\/\/muzeusm.ro\/wp-content\/uploads\/2024\/08\/05_Muzeul-Memorial-Dr-Vasile-Lucaciu-Apa_Satu-Mare_Fotograf_Ionut-Teoderascu_240526.jpg\" data-orig-size=\"1980,1320\" data-comments-opened=\"1\" data-image-meta=\"{&quot;aperture&quot;:&quot;6.3&quot;,&quot;credit&quot;:&quot;Ionut Teoderascu&quot;,&quot;camera&quot;:&quot;ILCE-7M3&quot;,&quot;caption&quot;:&quot;Casa Memorial\\u0103 \\u201eDr. Vasile Lucaciu\\u201d din Apa, jude\\u021bul Satu Mare. Muzee de la sat&quot;,&quot;created_timestamp&quot;:&quot;1716716043&quot;,&quot;copyright&quot;:&quot;All rights reserved 2024&quot;,&quot;focal_length&quot;:&quot;15.7&quot;,&quot;iso&quot;:&quot;100&quot;,&quot;shutter_speed&quot;:&quot;0.0015625&quot;,&quot;title&quot;:&quot;Muzeul Memorial Dr Vasile Lucaciu Apa_Satu Mare&quot;,&quot;orientation&quot;:&quot;0&quot;}\" data-image-title=\"Muzeul Memorial Dr Vasile Lucaciu Apa_Satu Mare\" data-image-description=\"\" data-image-caption=\"&lt;p&gt;Casa Memorial\u0103 \u201eDr. Vasile Lucaciu\u201d din Apa, jude\u021bul Satu Mare. Muzee de la sat&lt;\/p&gt;\n\" data-medium-file=\"https:\/\/muzeusm.ro\/wp-content\/uploads\/2024\/08\/05_Muzeul-Memorial-Dr-Vasile-Lucaciu-Apa_Satu-Mare_Fotograf_Ionut-Teoderascu_240526-300x200.jpg\" data-large-file=\"https:\/\/muzeusm.ro\/wp-content\/uploads\/2024\/08\/05_Muzeul-Memorial-Dr-Vasile-Lucaciu-Apa_Satu-Mare_Fotograf_Ionut-Teoderascu_240526-1024x683.jpg\" alt=\"\" class=\"wp-image-14795\" data-id=\"14795\" data-link=\"https:\/\/muzeusm.ro\/muzeul-memorial-dr-vasile-lucaciu-apa\/muzeul-memorial-dr-vasile-lucaciu-apa_satu-mare-5\/\" src=\"https:\/\/muzeusm.ro\/wp-content\/uploads\/2024\/08\/05_Muzeul-Memorial-Dr-Vasile-Lucaciu-Apa_Satu-Mare_Fotograf_Ionut-Teoderascu_240526-1024x683.jpg\" srcset=\"https:\/\/muzeusm.ro\/wp-content\/uploads\/2024\/08\/05_Muzeul-Memorial-Dr-Vasile-Lucaciu-Apa_Satu-Mare_Fotograf_Ionut-Teoderascu_240526-1024x683.jpg 1024w, https:\/\/muzeusm.ro\/wp-content\/uploads\/2024\/08\/05_Muzeul-Memorial-Dr-Vasile-Lucaciu-Apa_Satu-Mare_Fotograf_Ionut-Teoderascu_240526-300x200.jpg 300w, https:\/\/muzeusm.ro\/wp-content\/uploads\/2024\/08\/05_Muzeul-Memorial-Dr-Vasile-Lucaciu-Apa_Satu-Mare_Fotograf_Ionut-Teoderascu_240526-768x512.jpg 768w, https:\/\/muzeusm.ro\/wp-content\/uploads\/2024\/08\/05_Muzeul-Memorial-Dr-Vasile-Lucaciu-Apa_Satu-Mare_Fotograf_Ionut-Teoderascu_240526-1536x1024.jpg 1536w, https:\/\/muzeusm.ro\/wp-content\/uploads\/2024\/08\/05_Muzeul-Memorial-Dr-Vasile-Lucaciu-Apa_Satu-Mare_Fotograf_Ionut-Teoderascu_240526-1568x1045.jpg 1568w, https:\/\/muzeusm.ro\/wp-content\/uploads\/2024\/08\/05_Muzeul-Memorial-Dr-Vasile-Lucaciu-Apa_Satu-Mare_Fotograf_Ionut-Teoderascu_240526.jpg 1980w\" sizes=\"auto, (max-width: 1024px) 100vw, 1024px\" \/><\/figure><figcaption class=\"coblocks-gallery--caption coblocks-gallery--primary-caption\">Casa Memorial\u0103 \u201eDr. Vasile Lucaciu\u201d din Apa, jude\u021bul Satu Mare. Muzee de la sat<\/figcaption><\/div><\/div><div class=\"swiper-slide\"><div class=\"coblocks-gallery--item\" role=\"button\" tabindex=\"5\"><figure class=\"coblocks-gallery--figure has-margin-left-5 has-margin-left-mobile-5 has-margin-right-5 has-margin-right-mobile-5\"><img loading=\"lazy\" decoding=\"async\" width=\"1024\" height=\"683\" data-attachment-id=\"14796\" data-permalink=\"https:\/\/muzeusm.ro\/hu\/muzeul-memorial-dr-vasile-lucaciu-apa\/muzeul-memorial-dr-vasile-lucaciu-apa_satu-mare-6\/\" data-orig-file=\"https:\/\/muzeusm.ro\/wp-content\/uploads\/2024\/08\/06_Muzeul-Memorial-Dr-Vasile-Lucaciu-Apa_Satu-Mare_Fotograf_Ionut-Teoderascu_240526.jpg\" data-orig-size=\"1980,1320\" data-comments-opened=\"1\" data-image-meta=\"{&quot;aperture&quot;:&quot;6.3&quot;,&quot;credit&quot;:&quot;Ionut Teoderascu&quot;,&quot;camera&quot;:&quot;ILCE-7M3&quot;,&quot;caption&quot;:&quot;Casa Memorial\\u0103 \\u201eDr. Vasile Lucaciu\\u201d din Apa, jude\\u021bul Satu Mare. Muzee de la sat&quot;,&quot;created_timestamp&quot;:&quot;1716714212&quot;,&quot;copyright&quot;:&quot;All rights reserved 2024&quot;,&quot;focal_length&quot;:&quot;16&quot;,&quot;iso&quot;:&quot;100&quot;,&quot;shutter_speed&quot;:&quot;0.02&quot;,&quot;title&quot;:&quot;Muzeul Memorial Dr Vasile Lucaciu Apa_Satu Mare&quot;,&quot;orientation&quot;:&quot;0&quot;}\" data-image-title=\"Muzeul Memorial Dr Vasile Lucaciu Apa_Satu Mare\" data-image-description=\"\" data-image-caption=\"&lt;p&gt;Casa Memorial\u0103 \u201eDr. Vasile Lucaciu\u201d din Apa, jude\u021bul Satu Mare. Muzee de la sat&lt;\/p&gt;\n\" data-medium-file=\"https:\/\/muzeusm.ro\/wp-content\/uploads\/2024\/08\/06_Muzeul-Memorial-Dr-Vasile-Lucaciu-Apa_Satu-Mare_Fotograf_Ionut-Teoderascu_240526-300x200.jpg\" data-large-file=\"https:\/\/muzeusm.ro\/wp-content\/uploads\/2024\/08\/06_Muzeul-Memorial-Dr-Vasile-Lucaciu-Apa_Satu-Mare_Fotograf_Ionut-Teoderascu_240526-1024x683.jpg\" alt=\"\" class=\"wp-image-14796\" data-id=\"14796\" data-link=\"https:\/\/muzeusm.ro\/muzeul-memorial-dr-vasile-lucaciu-apa\/muzeul-memorial-dr-vasile-lucaciu-apa_satu-mare-6\/\" src=\"https:\/\/muzeusm.ro\/wp-content\/uploads\/2024\/08\/06_Muzeul-Memorial-Dr-Vasile-Lucaciu-Apa_Satu-Mare_Fotograf_Ionut-Teoderascu_240526-1024x683.jpg\" srcset=\"https:\/\/muzeusm.ro\/wp-content\/uploads\/2024\/08\/06_Muzeul-Memorial-Dr-Vasile-Lucaciu-Apa_Satu-Mare_Fotograf_Ionut-Teoderascu_240526-1024x683.jpg 1024w, https:\/\/muzeusm.ro\/wp-content\/uploads\/2024\/08\/06_Muzeul-Memorial-Dr-Vasile-Lucaciu-Apa_Satu-Mare_Fotograf_Ionut-Teoderascu_240526-300x200.jpg 300w, https:\/\/muzeusm.ro\/wp-content\/uploads\/2024\/08\/06_Muzeul-Memorial-Dr-Vasile-Lucaciu-Apa_Satu-Mare_Fotograf_Ionut-Teoderascu_240526-768x512.jpg 768w, https:\/\/muzeusm.ro\/wp-content\/uploads\/2024\/08\/06_Muzeul-Memorial-Dr-Vasile-Lucaciu-Apa_Satu-Mare_Fotograf_Ionut-Teoderascu_240526-1536x1024.jpg 1536w, https:\/\/muzeusm.ro\/wp-content\/uploads\/2024\/08\/06_Muzeul-Memorial-Dr-Vasile-Lucaciu-Apa_Satu-Mare_Fotograf_Ionut-Teoderascu_240526-1568x1045.jpg 1568w, https:\/\/muzeusm.ro\/wp-content\/uploads\/2024\/08\/06_Muzeul-Memorial-Dr-Vasile-Lucaciu-Apa_Satu-Mare_Fotograf_Ionut-Teoderascu_240526.jpg 1980w\" sizes=\"auto, (max-width: 1024px) 100vw, 1024px\" \/><\/figure><figcaption class=\"coblocks-gallery--caption coblocks-gallery--primary-caption\">Casa Memorial\u0103 \u201eDr. Vasile Lucaciu\u201d din Apa, jude\u021bul Satu Mare. Muzee de la sat<\/figcaption><\/div><\/div><div class=\"swiper-slide\"><div class=\"coblocks-gallery--item\" role=\"button\" tabindex=\"6\"><figure class=\"coblocks-gallery--figure has-margin-left-5 has-margin-left-mobile-5 has-margin-right-5 has-margin-right-mobile-5\"><img loading=\"lazy\" decoding=\"async\" width=\"1024\" height=\"683\" data-attachment-id=\"14797\" data-permalink=\"https:\/\/muzeusm.ro\/hu\/muzeul-memorial-dr-vasile-lucaciu-apa\/muzeul-memorial-dr-vasile-lucaciu-apa_satu-mare-7\/\" data-orig-file=\"https:\/\/muzeusm.ro\/wp-content\/uploads\/2024\/08\/07_Muzeul-Memorial-Dr-Vasile-Lucaciu-Apa_Satu-Mare_Fotograf_Ionut-Teoderascu_240526.jpg\" data-orig-size=\"1980,1320\" data-comments-opened=\"1\" data-image-meta=\"{&quot;aperture&quot;:&quot;6.3&quot;,&quot;credit&quot;:&quot;Ionut Teoderascu&quot;,&quot;camera&quot;:&quot;ILCE-7M3&quot;,&quot;caption&quot;:&quot;Casa Memorial\\u0103 \\u201eDr. Vasile Lucaciu\\u201d din Apa, jude\\u021bul Satu Mare. Muzee de la sat&quot;,&quot;created_timestamp&quot;:&quot;1716714456&quot;,&quot;copyright&quot;:&quot;All rights reserved 2024&quot;,&quot;focal_length&quot;:&quot;24&quot;,&quot;iso&quot;:&quot;100&quot;,&quot;shutter_speed&quot;:&quot;0.2&quot;,&quot;title&quot;:&quot;Muzeul Memorial Dr Vasile Lucaciu Apa_Satu Mare&quot;,&quot;orientation&quot;:&quot;0&quot;}\" data-image-title=\"Muzeul Memorial Dr Vasile Lucaciu Apa_Satu Mare\" data-image-description=\"\" data-image-caption=\"&lt;p&gt;Casa Memorial\u0103 \u201eDr. Vasile Lucaciu\u201d din Apa, jude\u021bul Satu Mare. Muzee de la sat&lt;\/p&gt;\n\" data-medium-file=\"https:\/\/muzeusm.ro\/wp-content\/uploads\/2024\/08\/07_Muzeul-Memorial-Dr-Vasile-Lucaciu-Apa_Satu-Mare_Fotograf_Ionut-Teoderascu_240526-300x200.jpg\" data-large-file=\"https:\/\/muzeusm.ro\/wp-content\/uploads\/2024\/08\/07_Muzeul-Memorial-Dr-Vasile-Lucaciu-Apa_Satu-Mare_Fotograf_Ionut-Teoderascu_240526-1024x683.jpg\" alt=\"\" class=\"wp-image-14797\" data-id=\"14797\" data-link=\"https:\/\/muzeusm.ro\/muzeul-memorial-dr-vasile-lucaciu-apa\/muzeul-memorial-dr-vasile-lucaciu-apa_satu-mare-7\/\" src=\"https:\/\/muzeusm.ro\/wp-content\/uploads\/2024\/08\/07_Muzeul-Memorial-Dr-Vasile-Lucaciu-Apa_Satu-Mare_Fotograf_Ionut-Teoderascu_240526-1024x683.jpg\" srcset=\"https:\/\/muzeusm.ro\/wp-content\/uploads\/2024\/08\/07_Muzeul-Memorial-Dr-Vasile-Lucaciu-Apa_Satu-Mare_Fotograf_Ionut-Teoderascu_240526-1024x683.jpg 1024w, https:\/\/muzeusm.ro\/wp-content\/uploads\/2024\/08\/07_Muzeul-Memorial-Dr-Vasile-Lucaciu-Apa_Satu-Mare_Fotograf_Ionut-Teoderascu_240526-300x200.jpg 300w, https:\/\/muzeusm.ro\/wp-content\/uploads\/2024\/08\/07_Muzeul-Memorial-Dr-Vasile-Lucaciu-Apa_Satu-Mare_Fotograf_Ionut-Teoderascu_240526-768x512.jpg 768w, https:\/\/muzeusm.ro\/wp-content\/uploads\/2024\/08\/07_Muzeul-Memorial-Dr-Vasile-Lucaciu-Apa_Satu-Mare_Fotograf_Ionut-Teoderascu_240526-1536x1024.jpg 1536w, https:\/\/muzeusm.ro\/wp-content\/uploads\/2024\/08\/07_Muzeul-Memorial-Dr-Vasile-Lucaciu-Apa_Satu-Mare_Fotograf_Ionut-Teoderascu_240526-1568x1045.jpg 1568w, https:\/\/muzeusm.ro\/wp-content\/uploads\/2024\/08\/07_Muzeul-Memorial-Dr-Vasile-Lucaciu-Apa_Satu-Mare_Fotograf_Ionut-Teoderascu_240526.jpg 1980w\" sizes=\"auto, (max-width: 1024px) 100vw, 1024px\" \/><\/figure><figcaption class=\"coblocks-gallery--caption coblocks-gallery--primary-caption\">Casa Memorial\u0103 \u201eDr. Vasile Lucaciu\u201d din Apa, jude\u021bul Satu Mare. Muzee de la sat<\/figcaption><\/div><\/div><div class=\"swiper-slide\"><div class=\"coblocks-gallery--item\" role=\"button\" tabindex=\"7\"><figure class=\"coblocks-gallery--figure has-margin-left-5 has-margin-left-mobile-5 has-margin-right-5 has-margin-right-mobile-5\"><img loading=\"lazy\" decoding=\"async\" width=\"1024\" height=\"683\" data-attachment-id=\"14798\" data-permalink=\"https:\/\/muzeusm.ro\/hu\/muzeul-memorial-dr-vasile-lucaciu-apa\/muzeul-memorial-dr-vasile-lucaciu-apa_satu-mare-8\/\" data-orig-file=\"https:\/\/muzeusm.ro\/wp-content\/uploads\/2024\/08\/08_Muzeul-Memorial-Dr-Vasile-Lucaciu-Apa_Satu-Mare_Fotograf_Ionut-Teoderascu_240526.jpg\" data-orig-size=\"1980,1320\" data-comments-opened=\"1\" data-image-meta=\"{&quot;aperture&quot;:&quot;2.8&quot;,&quot;credit&quot;:&quot;Ionut Teoderascu&quot;,&quot;camera&quot;:&quot;ILCE-7M3&quot;,&quot;caption&quot;:&quot;Casa Memorial\\u0103 \\u201eDr. Vasile Lucaciu\\u201d din Apa, jude\\u021bul Satu Mare. Muzee de la sat&quot;,&quot;created_timestamp&quot;:&quot;1716716246&quot;,&quot;copyright&quot;:&quot;All rights reserved 2024&quot;,&quot;focal_length&quot;:&quot;65&quot;,&quot;iso&quot;:&quot;640&quot;,&quot;shutter_speed&quot;:&quot;0.008&quot;,&quot;title&quot;:&quot;Muzeul Memorial Dr Vasile Lucaciu Apa_Satu Mare&quot;,&quot;orientation&quot;:&quot;0&quot;}\" data-image-title=\"Muzeul Memorial Dr Vasile Lucaciu Apa_Satu Mare\" data-image-description=\"\" data-image-caption=\"&lt;p&gt;Casa Memorial\u0103 \u201eDr. Vasile Lucaciu\u201d din Apa, jude\u021bul Satu Mare. Muzee de la sat&lt;\/p&gt;\n\" data-medium-file=\"https:\/\/muzeusm.ro\/wp-content\/uploads\/2024\/08\/08_Muzeul-Memorial-Dr-Vasile-Lucaciu-Apa_Satu-Mare_Fotograf_Ionut-Teoderascu_240526-300x200.jpg\" data-large-file=\"https:\/\/muzeusm.ro\/wp-content\/uploads\/2024\/08\/08_Muzeul-Memorial-Dr-Vasile-Lucaciu-Apa_Satu-Mare_Fotograf_Ionut-Teoderascu_240526-1024x683.jpg\" alt=\"\" class=\"wp-image-14798\" data-id=\"14798\" data-link=\"https:\/\/muzeusm.ro\/muzeul-memorial-dr-vasile-lucaciu-apa\/muzeul-memorial-dr-vasile-lucaciu-apa_satu-mare-8\/\" src=\"https:\/\/muzeusm.ro\/wp-content\/uploads\/2024\/08\/08_Muzeul-Memorial-Dr-Vasile-Lucaciu-Apa_Satu-Mare_Fotograf_Ionut-Teoderascu_240526-1024x683.jpg\" srcset=\"https:\/\/muzeusm.ro\/wp-content\/uploads\/2024\/08\/08_Muzeul-Memorial-Dr-Vasile-Lucaciu-Apa_Satu-Mare_Fotograf_Ionut-Teoderascu_240526-1024x683.jpg 1024w, https:\/\/muzeusm.ro\/wp-content\/uploads\/2024\/08\/08_Muzeul-Memorial-Dr-Vasile-Lucaciu-Apa_Satu-Mare_Fotograf_Ionut-Teoderascu_240526-300x200.jpg 300w, https:\/\/muzeusm.ro\/wp-content\/uploads\/2024\/08\/08_Muzeul-Memorial-Dr-Vasile-Lucaciu-Apa_Satu-Mare_Fotograf_Ionut-Teoderascu_240526-768x512.jpg 768w, https:\/\/muzeusm.ro\/wp-content\/uploads\/2024\/08\/08_Muzeul-Memorial-Dr-Vasile-Lucaciu-Apa_Satu-Mare_Fotograf_Ionut-Teoderascu_240526-1536x1024.jpg 1536w, https:\/\/muzeusm.ro\/wp-content\/uploads\/2024\/08\/08_Muzeul-Memorial-Dr-Vasile-Lucaciu-Apa_Satu-Mare_Fotograf_Ionut-Teoderascu_240526-1568x1045.jpg 1568w, https:\/\/muzeusm.ro\/wp-content\/uploads\/2024\/08\/08_Muzeul-Memorial-Dr-Vasile-Lucaciu-Apa_Satu-Mare_Fotograf_Ionut-Teoderascu_240526.jpg 1980w\" sizes=\"auto, (max-width: 1024px) 100vw, 1024px\" \/><\/figure><figcaption class=\"coblocks-gallery--caption coblocks-gallery--primary-caption\">Casa Memorial\u0103 \u201eDr. Vasile Lucaciu\u201d din Apa, jude\u021bul Satu Mare. Muzee de la sat<\/figcaption><\/div><\/div><div class=\"swiper-slide\"><div class=\"coblocks-gallery--item\" role=\"button\" tabindex=\"8\"><figure class=\"coblocks-gallery--figure has-margin-left-5 has-margin-left-mobile-5 has-margin-right-5 has-margin-right-mobile-5\"><img loading=\"lazy\" decoding=\"async\" width=\"1024\" height=\"683\" data-attachment-id=\"14799\" data-permalink=\"https:\/\/muzeusm.ro\/hu\/muzeul-memorial-dr-vasile-lucaciu-apa\/muzeul-memorial-dr-vasile-lucaciu-apa_satu-mare-9\/\" data-orig-file=\"https:\/\/muzeusm.ro\/wp-content\/uploads\/2024\/08\/09_Muzeul-Memorial-Dr-Vasile-Lucaciu-Apa_Satu-Mare_Fotograf_Ionut-Teoderascu_240526.jpg\" data-orig-size=\"1980,1320\" data-comments-opened=\"1\" data-image-meta=\"{&quot;aperture&quot;:&quot;6.3&quot;,&quot;credit&quot;:&quot;Ionut Teoderascu&quot;,&quot;camera&quot;:&quot;ILCE-7M3&quot;,&quot;caption&quot;:&quot;Casa Memorial\\u0103 \\u201eDr. Vasile Lucaciu\\u201d din Apa, jude\\u021bul Satu Mare. Muzee de la sat&quot;,&quot;created_timestamp&quot;:&quot;1716714241&quot;,&quot;copyright&quot;:&quot;All rights reserved 2024&quot;,&quot;focal_length&quot;:&quot;17.5&quot;,&quot;iso&quot;:&quot;100&quot;,&quot;shutter_speed&quot;:&quot;0.02&quot;,&quot;title&quot;:&quot;Muzeul Memorial Dr Vasile Lucaciu Apa_Satu Mare&quot;,&quot;orientation&quot;:&quot;0&quot;}\" data-image-title=\"Muzeul Memorial Dr Vasile Lucaciu Apa_Satu Mare\" data-image-description=\"\" data-image-caption=\"&lt;p&gt;Casa Memorial\u0103 \u201eDr. Vasile Lucaciu\u201d din Apa, jude\u021bul Satu Mare. Muzee de la sat&lt;\/p&gt;\n\" data-medium-file=\"https:\/\/muzeusm.ro\/wp-content\/uploads\/2024\/08\/09_Muzeul-Memorial-Dr-Vasile-Lucaciu-Apa_Satu-Mare_Fotograf_Ionut-Teoderascu_240526-300x200.jpg\" data-large-file=\"https:\/\/muzeusm.ro\/wp-content\/uploads\/2024\/08\/09_Muzeul-Memorial-Dr-Vasile-Lucaciu-Apa_Satu-Mare_Fotograf_Ionut-Teoderascu_240526-1024x683.jpg\" alt=\"\" class=\"wp-image-14799\" data-id=\"14799\" data-link=\"https:\/\/muzeusm.ro\/muzeul-memorial-dr-vasile-lucaciu-apa\/muzeul-memorial-dr-vasile-lucaciu-apa_satu-mare-9\/\" src=\"https:\/\/muzeusm.ro\/wp-content\/uploads\/2024\/08\/09_Muzeul-Memorial-Dr-Vasile-Lucaciu-Apa_Satu-Mare_Fotograf_Ionut-Teoderascu_240526-1024x683.jpg\" srcset=\"https:\/\/muzeusm.ro\/wp-content\/uploads\/2024\/08\/09_Muzeul-Memorial-Dr-Vasile-Lucaciu-Apa_Satu-Mare_Fotograf_Ionut-Teoderascu_240526-1024x683.jpg 1024w, https:\/\/muzeusm.ro\/wp-content\/uploads\/2024\/08\/09_Muzeul-Memorial-Dr-Vasile-Lucaciu-Apa_Satu-Mare_Fotograf_Ionut-Teoderascu_240526-300x200.jpg 300w, https:\/\/muzeusm.ro\/wp-content\/uploads\/2024\/08\/09_Muzeul-Memorial-Dr-Vasile-Lucaciu-Apa_Satu-Mare_Fotograf_Ionut-Teoderascu_240526-768x512.jpg 768w, https:\/\/muzeusm.ro\/wp-content\/uploads\/2024\/08\/09_Muzeul-Memorial-Dr-Vasile-Lucaciu-Apa_Satu-Mare_Fotograf_Ionut-Teoderascu_240526-1536x1024.jpg 1536w, https:\/\/muzeusm.ro\/wp-content\/uploads\/2024\/08\/09_Muzeul-Memorial-Dr-Vasile-Lucaciu-Apa_Satu-Mare_Fotograf_Ionut-Teoderascu_240526-1568x1045.jpg 1568w, https:\/\/muzeusm.ro\/wp-content\/uploads\/2024\/08\/09_Muzeul-Memorial-Dr-Vasile-Lucaciu-Apa_Satu-Mare_Fotograf_Ionut-Teoderascu_240526.jpg 1980w\" sizes=\"auto, (max-width: 1024px) 100vw, 1024px\" \/><\/figure><figcaption class=\"coblocks-gallery--caption coblocks-gallery--primary-caption\">Casa Memorial\u0103 \u201eDr. Vasile Lucaciu\u201d din Apa, jude\u021bul Satu Mare. Muzee de la sat<\/figcaption><\/div><\/div><div class=\"swiper-slide\"><div class=\"coblocks-gallery--item\" role=\"button\" tabindex=\"9\"><figure class=\"coblocks-gallery--figure has-margin-left-5 has-margin-left-mobile-5 has-margin-right-5 has-margin-right-mobile-5\"><img loading=\"lazy\" decoding=\"async\" width=\"1024\" height=\"683\" data-attachment-id=\"14800\" data-permalink=\"https:\/\/muzeusm.ro\/hu\/muzeul-memorial-dr-vasile-lucaciu-apa\/muzeul-memorial-dr-vasile-lucaciu-apa_satu-mare-10\/\" data-orig-file=\"https:\/\/muzeusm.ro\/wp-content\/uploads\/2024\/08\/10_Muzeul-Memorial-Dr-Vasile-Lucaciu-Apa_Satu-Mare_Fotograf_Ionut-Teoderascu_240526.jpg\" data-orig-size=\"1980,1320\" data-comments-opened=\"1\" data-image-meta=\"{&quot;aperture&quot;:&quot;6.3&quot;,&quot;credit&quot;:&quot;Ionut Teoderascu&quot;,&quot;camera&quot;:&quot;ILCE-7M3&quot;,&quot;caption&quot;:&quot;Casa Memorial\\u0103 \\u201eDr. Vasile Lucaciu\\u201d din Apa, jude\\u021bul Satu Mare. Muzee de la sat&quot;,&quot;created_timestamp&quot;:&quot;1716714373&quot;,&quot;copyright&quot;:&quot;All rights reserved 2024&quot;,&quot;focal_length&quot;:&quot;18.2&quot;,&quot;iso&quot;:&quot;100&quot;,&quot;shutter_speed&quot;:&quot;2.5&quot;,&quot;title&quot;:&quot;Muzeul Memorial Dr Vasile Lucaciu Apa_Satu Mare&quot;,&quot;orientation&quot;:&quot;0&quot;}\" data-image-title=\"Muzeul Memorial Dr Vasile Lucaciu Apa_Satu Mare\" data-image-description=\"\" data-image-caption=\"&lt;p&gt;Casa Memorial\u0103 \u201eDr. Vasile Lucaciu\u201d din Apa, jude\u021bul Satu Mare. Muzee de la sat&lt;\/p&gt;\n\" data-medium-file=\"https:\/\/muzeusm.ro\/wp-content\/uploads\/2024\/08\/10_Muzeul-Memorial-Dr-Vasile-Lucaciu-Apa_Satu-Mare_Fotograf_Ionut-Teoderascu_240526-300x200.jpg\" data-large-file=\"https:\/\/muzeusm.ro\/wp-content\/uploads\/2024\/08\/10_Muzeul-Memorial-Dr-Vasile-Lucaciu-Apa_Satu-Mare_Fotograf_Ionut-Teoderascu_240526-1024x683.jpg\" alt=\"\" class=\"wp-image-14800\" data-id=\"14800\" data-link=\"https:\/\/muzeusm.ro\/muzeul-memorial-dr-vasile-lucaciu-apa\/muzeul-memorial-dr-vasile-lucaciu-apa_satu-mare-10\/\" src=\"https:\/\/muzeusm.ro\/wp-content\/uploads\/2024\/08\/10_Muzeul-Memorial-Dr-Vasile-Lucaciu-Apa_Satu-Mare_Fotograf_Ionut-Teoderascu_240526-1024x683.jpg\" srcset=\"https:\/\/muzeusm.ro\/wp-content\/uploads\/2024\/08\/10_Muzeul-Memorial-Dr-Vasile-Lucaciu-Apa_Satu-Mare_Fotograf_Ionut-Teoderascu_240526-1024x683.jpg 1024w, https:\/\/muzeusm.ro\/wp-content\/uploads\/2024\/08\/10_Muzeul-Memorial-Dr-Vasile-Lucaciu-Apa_Satu-Mare_Fotograf_Ionut-Teoderascu_240526-300x200.jpg 300w, https:\/\/muzeusm.ro\/wp-content\/uploads\/2024\/08\/10_Muzeul-Memorial-Dr-Vasile-Lucaciu-Apa_Satu-Mare_Fotograf_Ionut-Teoderascu_240526-768x512.jpg 768w, https:\/\/muzeusm.ro\/wp-content\/uploads\/2024\/08\/10_Muzeul-Memorial-Dr-Vasile-Lucaciu-Apa_Satu-Mare_Fotograf_Ionut-Teoderascu_240526-1536x1024.jpg 1536w, https:\/\/muzeusm.ro\/wp-content\/uploads\/2024\/08\/10_Muzeul-Memorial-Dr-Vasile-Lucaciu-Apa_Satu-Mare_Fotograf_Ionut-Teoderascu_240526-1568x1045.jpg 1568w, https:\/\/muzeusm.ro\/wp-content\/uploads\/2024\/08\/10_Muzeul-Memorial-Dr-Vasile-Lucaciu-Apa_Satu-Mare_Fotograf_Ionut-Teoderascu_240526.jpg 1980w\" sizes=\"auto, (max-width: 1024px) 100vw, 1024px\" \/><\/figure><figcaption class=\"coblocks-gallery--caption coblocks-gallery--primary-caption\">Casa Memorial\u0103 \u201eDr. Vasile Lucaciu\u201d din Apa, jude\u021bul Satu Mare. Muzee de la sat<\/figcaption><\/div><\/div><div class=\"swiper-slide\"><div class=\"coblocks-gallery--item\" role=\"button\" tabindex=\"10\"><figure class=\"coblocks-gallery--figure has-margin-left-5 has-margin-left-mobile-5 has-margin-right-5 has-margin-right-mobile-5\"><img loading=\"lazy\" decoding=\"async\" width=\"1024\" height=\"683\" data-attachment-id=\"14801\" data-permalink=\"https:\/\/muzeusm.ro\/hu\/muzeul-memorial-dr-vasile-lucaciu-apa\/muzeul-memorial-dr-vasile-lucaciu-apa_satu-mare-11\/\" data-orig-file=\"https:\/\/muzeusm.ro\/wp-content\/uploads\/2024\/08\/11_Muzeul-Memorial-Dr-Vasile-Lucaciu-Apa_Satu-Mare_Fotograf_Ionut-Teoderascu_240526.jpg\" data-orig-size=\"1980,1320\" data-comments-opened=\"1\" data-image-meta=\"{&quot;aperture&quot;:&quot;6.3&quot;,&quot;credit&quot;:&quot;Ionut Teoderascu&quot;,&quot;camera&quot;:&quot;ILCE-7M3&quot;,&quot;caption&quot;:&quot;Casa Memorial\\u0103 \\u201eDr. Vasile Lucaciu\\u201d din Apa, jude\\u021bul Satu Mare. Muzee de la sat&quot;,&quot;created_timestamp&quot;:&quot;1716714580&quot;,&quot;copyright&quot;:&quot;All rights reserved 2024&quot;,&quot;focal_length&quot;:&quot;20.3&quot;,&quot;iso&quot;:&quot;100&quot;,&quot;shutter_speed&quot;:&quot;0.016666666666667&quot;,&quot;title&quot;:&quot;Muzeul Memorial Dr Vasile Lucaciu Apa_Satu Mare&quot;,&quot;orientation&quot;:&quot;0&quot;}\" data-image-title=\"Muzeul Memorial Dr Vasile Lucaciu Apa_Satu Mare\" data-image-description=\"\" data-image-caption=\"&lt;p&gt;Casa Memorial\u0103 \u201eDr. Vasile Lucaciu\u201d din Apa, jude\u021bul Satu Mare. Muzee de la sat&lt;\/p&gt;\n\" data-medium-file=\"https:\/\/muzeusm.ro\/wp-content\/uploads\/2024\/08\/11_Muzeul-Memorial-Dr-Vasile-Lucaciu-Apa_Satu-Mare_Fotograf_Ionut-Teoderascu_240526-300x200.jpg\" data-large-file=\"https:\/\/muzeusm.ro\/wp-content\/uploads\/2024\/08\/11_Muzeul-Memorial-Dr-Vasile-Lucaciu-Apa_Satu-Mare_Fotograf_Ionut-Teoderascu_240526-1024x683.jpg\" alt=\"\" class=\"wp-image-14801\" data-id=\"14801\" data-link=\"https:\/\/muzeusm.ro\/muzeul-memorial-dr-vasile-lucaciu-apa\/muzeul-memorial-dr-vasile-lucaciu-apa_satu-mare-11\/\" src=\"https:\/\/muzeusm.ro\/wp-content\/uploads\/2024\/08\/11_Muzeul-Memorial-Dr-Vasile-Lucaciu-Apa_Satu-Mare_Fotograf_Ionut-Teoderascu_240526-1024x683.jpg\" srcset=\"https:\/\/muzeusm.ro\/wp-content\/uploads\/2024\/08\/11_Muzeul-Memorial-Dr-Vasile-Lucaciu-Apa_Satu-Mare_Fotograf_Ionut-Teoderascu_240526-1024x683.jpg 1024w, https:\/\/muzeusm.ro\/wp-content\/uploads\/2024\/08\/11_Muzeul-Memorial-Dr-Vasile-Lucaciu-Apa_Satu-Mare_Fotograf_Ionut-Teoderascu_240526-300x200.jpg 300w, https:\/\/muzeusm.ro\/wp-content\/uploads\/2024\/08\/11_Muzeul-Memorial-Dr-Vasile-Lucaciu-Apa_Satu-Mare_Fotograf_Ionut-Teoderascu_240526-768x512.jpg 768w, https:\/\/muzeusm.ro\/wp-content\/uploads\/2024\/08\/11_Muzeul-Memorial-Dr-Vasile-Lucaciu-Apa_Satu-Mare_Fotograf_Ionut-Teoderascu_240526-1536x1024.jpg 1536w, https:\/\/muzeusm.ro\/wp-content\/uploads\/2024\/08\/11_Muzeul-Memorial-Dr-Vasile-Lucaciu-Apa_Satu-Mare_Fotograf_Ionut-Teoderascu_240526-1568x1045.jpg 1568w, https:\/\/muzeusm.ro\/wp-content\/uploads\/2024\/08\/11_Muzeul-Memorial-Dr-Vasile-Lucaciu-Apa_Satu-Mare_Fotograf_Ionut-Teoderascu_240526.jpg 1980w\" sizes=\"auto, (max-width: 1024px) 100vw, 1024px\" \/><\/figure><figcaption class=\"coblocks-gallery--caption coblocks-gallery--primary-caption\">Casa Memorial\u0103 \u201eDr. Vasile Lucaciu\u201d din Apa, jude\u021bul Satu Mare. Muzee de la sat<\/figcaption><\/div><\/div><div class=\"swiper-slide\"><div class=\"coblocks-gallery--item\" role=\"button\" tabindex=\"11\"><figure class=\"coblocks-gallery--figure has-margin-left-5 has-margin-left-mobile-5 has-margin-right-5 has-margin-right-mobile-5\"><img loading=\"lazy\" decoding=\"async\" width=\"1024\" height=\"683\" data-attachment-id=\"14802\" data-permalink=\"https:\/\/muzeusm.ro\/hu\/muzeul-memorial-dr-vasile-lucaciu-apa\/muzeul-memorial-dr-vasile-lucaciu-apa_satu-mare-12\/\" data-orig-file=\"https:\/\/muzeusm.ro\/wp-content\/uploads\/2024\/08\/12_Muzeul-Memorial-Dr-Vasile-Lucaciu-Apa_Satu-Mare_Fotograf_Ionut-Teoderascu_240526.jpg\" data-orig-size=\"1980,1320\" data-comments-opened=\"1\" data-image-meta=\"{&quot;aperture&quot;:&quot;5&quot;,&quot;credit&quot;:&quot;Ionut Teoderascu&quot;,&quot;camera&quot;:&quot;ILCE-7M3&quot;,&quot;caption&quot;:&quot;Casa Memorial\\u0103 \\u201eDr. Vasile Lucaciu\\u201d din Apa, jude\\u021bul Satu Mare. Muzee de la sat&quot;,&quot;created_timestamp&quot;:&quot;1716716204&quot;,&quot;copyright&quot;:&quot;All rights reserved 2024&quot;,&quot;focal_length&quot;:&quot;106&quot;,&quot;iso&quot;:&quot;160&quot;,&quot;shutter_speed&quot;:&quot;0.00625&quot;,&quot;title&quot;:&quot;Muzeul Memorial Dr Vasile Lucaciu Apa_Satu Mare&quot;,&quot;orientation&quot;:&quot;0&quot;}\" data-image-title=\"Muzeul Memorial Dr Vasile Lucaciu Apa_Satu Mare\" data-image-description=\"\" data-image-caption=\"&lt;p&gt;Casa Memorial\u0103 \u201eDr. Vasile Lucaciu\u201d din Apa, jude\u021bul Satu Mare. Muzee de la sat&lt;\/p&gt;\n\" data-medium-file=\"https:\/\/muzeusm.ro\/wp-content\/uploads\/2024\/08\/12_Muzeul-Memorial-Dr-Vasile-Lucaciu-Apa_Satu-Mare_Fotograf_Ionut-Teoderascu_240526-300x200.jpg\" data-large-file=\"https:\/\/muzeusm.ro\/wp-content\/uploads\/2024\/08\/12_Muzeul-Memorial-Dr-Vasile-Lucaciu-Apa_Satu-Mare_Fotograf_Ionut-Teoderascu_240526-1024x683.jpg\" alt=\"\" class=\"wp-image-14802\" data-id=\"14802\" data-link=\"https:\/\/muzeusm.ro\/muzeul-memorial-dr-vasile-lucaciu-apa\/muzeul-memorial-dr-vasile-lucaciu-apa_satu-mare-12\/\" src=\"https:\/\/muzeusm.ro\/wp-content\/uploads\/2024\/08\/12_Muzeul-Memorial-Dr-Vasile-Lucaciu-Apa_Satu-Mare_Fotograf_Ionut-Teoderascu_240526-1024x683.jpg\" srcset=\"https:\/\/muzeusm.ro\/wp-content\/uploads\/2024\/08\/12_Muzeul-Memorial-Dr-Vasile-Lucaciu-Apa_Satu-Mare_Fotograf_Ionut-Teoderascu_240526-1024x683.jpg 1024w, https:\/\/muzeusm.ro\/wp-content\/uploads\/2024\/08\/12_Muzeul-Memorial-Dr-Vasile-Lucaciu-Apa_Satu-Mare_Fotograf_Ionut-Teoderascu_240526-300x200.jpg 300w, https:\/\/muzeusm.ro\/wp-content\/uploads\/2024\/08\/12_Muzeul-Memorial-Dr-Vasile-Lucaciu-Apa_Satu-Mare_Fotograf_Ionut-Teoderascu_240526-768x512.jpg 768w, https:\/\/muzeusm.ro\/wp-content\/uploads\/2024\/08\/12_Muzeul-Memorial-Dr-Vasile-Lucaciu-Apa_Satu-Mare_Fotograf_Ionut-Teoderascu_240526-1536x1024.jpg 1536w, https:\/\/muzeusm.ro\/wp-content\/uploads\/2024\/08\/12_Muzeul-Memorial-Dr-Vasile-Lucaciu-Apa_Satu-Mare_Fotograf_Ionut-Teoderascu_240526-1568x1045.jpg 1568w, https:\/\/muzeusm.ro\/wp-content\/uploads\/2024\/08\/12_Muzeul-Memorial-Dr-Vasile-Lucaciu-Apa_Satu-Mare_Fotograf_Ionut-Teoderascu_240526.jpg 1980w\" sizes=\"auto, (max-width: 1024px) 100vw, 1024px\" \/><\/figure><figcaption class=\"coblocks-gallery--caption coblocks-gallery--primary-caption\">Casa Memorial\u0103 \u201eDr. Vasile Lucaciu\u201d din Apa, jude\u021bul Satu Mare. Muzee de la sat<\/figcaption><\/div><\/div><div class=\"swiper-slide\"><div class=\"coblocks-gallery--item\" role=\"button\" tabindex=\"12\"><figure class=\"coblocks-gallery--figure has-margin-left-5 has-margin-left-mobile-5 has-margin-right-5 has-margin-right-mobile-5\"><img loading=\"lazy\" decoding=\"async\" width=\"1024\" height=\"683\" data-attachment-id=\"14803\" data-permalink=\"https:\/\/muzeusm.ro\/hu\/muzeul-memorial-dr-vasile-lucaciu-apa\/muzeul-memorial-dr-vasile-lucaciu-apa_satu-mare-13\/\" data-orig-file=\"https:\/\/muzeusm.ro\/wp-content\/uploads\/2024\/08\/13_Muzeul-Memorial-Dr-Vasile-Lucaciu-Apa_Satu-Mare_Fotograf_Ionut-Teoderascu_240526.jpg\" data-orig-size=\"1980,1320\" data-comments-opened=\"1\" data-image-meta=\"{&quot;aperture&quot;:&quot;6.3&quot;,&quot;credit&quot;:&quot;Ionut Teoderascu&quot;,&quot;camera&quot;:&quot;ILCE-7M3&quot;,&quot;caption&quot;:&quot;Casa Memorial\\u0103 \\u201eDr. Vasile Lucaciu\\u201d din Apa, jude\\u021bul Satu Mare. Muzee de la sat&quot;,&quot;created_timestamp&quot;:&quot;1716715446&quot;,&quot;copyright&quot;:&quot;All rights reserved 2024&quot;,&quot;focal_length&quot;:&quot;16.4&quot;,&quot;iso&quot;:&quot;100&quot;,&quot;shutter_speed&quot;:&quot;0.125&quot;,&quot;title&quot;:&quot;Muzeul Memorial Dr Vasile Lucaciu Apa_Satu Mare&quot;,&quot;orientation&quot;:&quot;0&quot;}\" data-image-title=\"Muzeul Memorial Dr Vasile Lucaciu Apa_Satu Mare\" data-image-description=\"\" data-image-caption=\"&lt;p&gt;Casa Memorial\u0103 \u201eDr. Vasile Lucaciu\u201d din Apa, jude\u021bul Satu Mare. Muzee de la sat&lt;\/p&gt;\n\" data-medium-file=\"https:\/\/muzeusm.ro\/wp-content\/uploads\/2024\/08\/13_Muzeul-Memorial-Dr-Vasile-Lucaciu-Apa_Satu-Mare_Fotograf_Ionut-Teoderascu_240526-300x200.jpg\" data-large-file=\"https:\/\/muzeusm.ro\/wp-content\/uploads\/2024\/08\/13_Muzeul-Memorial-Dr-Vasile-Lucaciu-Apa_Satu-Mare_Fotograf_Ionut-Teoderascu_240526-1024x683.jpg\" alt=\"\" class=\"wp-image-14803\" data-id=\"14803\" data-link=\"https:\/\/muzeusm.ro\/muzeul-memorial-dr-vasile-lucaciu-apa\/muzeul-memorial-dr-vasile-lucaciu-apa_satu-mare-13\/\" src=\"https:\/\/muzeusm.ro\/wp-content\/uploads\/2024\/08\/13_Muzeul-Memorial-Dr-Vasile-Lucaciu-Apa_Satu-Mare_Fotograf_Ionut-Teoderascu_240526-1024x683.jpg\" srcset=\"https:\/\/muzeusm.ro\/wp-content\/uploads\/2024\/08\/13_Muzeul-Memorial-Dr-Vasile-Lucaciu-Apa_Satu-Mare_Fotograf_Ionut-Teoderascu_240526-1024x683.jpg 1024w, https:\/\/muzeusm.ro\/wp-content\/uploads\/2024\/08\/13_Muzeul-Memorial-Dr-Vasile-Lucaciu-Apa_Satu-Mare_Fotograf_Ionut-Teoderascu_240526-300x200.jpg 300w, https:\/\/muzeusm.ro\/wp-content\/uploads\/2024\/08\/13_Muzeul-Memorial-Dr-Vasile-Lucaciu-Apa_Satu-Mare_Fotograf_Ionut-Teoderascu_240526-768x512.jpg 768w, https:\/\/muzeusm.ro\/wp-content\/uploads\/2024\/08\/13_Muzeul-Memorial-Dr-Vasile-Lucaciu-Apa_Satu-Mare_Fotograf_Ionut-Teoderascu_240526-1536x1024.jpg 1536w, https:\/\/muzeusm.ro\/wp-content\/uploads\/2024\/08\/13_Muzeul-Memorial-Dr-Vasile-Lucaciu-Apa_Satu-Mare_Fotograf_Ionut-Teoderascu_240526-1568x1045.jpg 1568w, https:\/\/muzeusm.ro\/wp-content\/uploads\/2024\/08\/13_Muzeul-Memorial-Dr-Vasile-Lucaciu-Apa_Satu-Mare_Fotograf_Ionut-Teoderascu_240526.jpg 1980w\" sizes=\"auto, (max-width: 1024px) 100vw, 1024px\" \/><\/figure><figcaption class=\"coblocks-gallery--caption coblocks-gallery--primary-caption\">Casa Memorial\u0103 \u201eDr. Vasile Lucaciu\u201d din Apa, jude\u021bul Satu Mare. Muzee de la sat<\/figcaption><\/div><\/div><div class=\"swiper-slide\"><div class=\"coblocks-gallery--item\" role=\"button\" tabindex=\"13\"><figure class=\"coblocks-gallery--figure has-margin-left-5 has-margin-left-mobile-5 has-margin-right-5 has-margin-right-mobile-5\"><img loading=\"lazy\" decoding=\"async\" width=\"1024\" height=\"683\" data-attachment-id=\"14804\" data-permalink=\"https:\/\/muzeusm.ro\/hu\/muzeul-memorial-dr-vasile-lucaciu-apa\/muzeul-memorial-dr-vasile-lucaciu-apa_satu-mare-14\/\" data-orig-file=\"https:\/\/muzeusm.ro\/wp-content\/uploads\/2024\/08\/14_Muzeul-Memorial-Dr-Vasile-Lucaciu-Apa_Satu-Mare_Fotograf_Ionut-Teoderascu_240526.jpg\" data-orig-size=\"1980,1320\" data-comments-opened=\"1\" data-image-meta=\"{&quot;aperture&quot;:&quot;6.3&quot;,&quot;credit&quot;:&quot;Ionut Teoderascu&quot;,&quot;camera&quot;:&quot;ILCE-7M3&quot;,&quot;caption&quot;:&quot;Casa Memorial\\u0103 \\u201eDr. Vasile Lucaciu\\u201d din Apa, jude\\u021bul Satu Mare. Muzee de la sat&quot;,&quot;created_timestamp&quot;:&quot;1716715481&quot;,&quot;copyright&quot;:&quot;All rights reserved 2024&quot;,&quot;focal_length&quot;:&quot;17.5&quot;,&quot;iso&quot;:&quot;100&quot;,&quot;shutter_speed&quot;:&quot;0.125&quot;,&quot;title&quot;:&quot;Muzeul Memorial Dr Vasile Lucaciu Apa_Satu Mare&quot;,&quot;orientation&quot;:&quot;0&quot;}\" data-image-title=\"Muzeul Memorial Dr Vasile Lucaciu Apa_Satu Mare\" data-image-description=\"\" data-image-caption=\"&lt;p&gt;Casa Memorial\u0103 \u201eDr. Vasile Lucaciu\u201d din Apa, jude\u021bul Satu Mare. Muzee de la sat&lt;\/p&gt;\n\" data-medium-file=\"https:\/\/muzeusm.ro\/wp-content\/uploads\/2024\/08\/14_Muzeul-Memorial-Dr-Vasile-Lucaciu-Apa_Satu-Mare_Fotograf_Ionut-Teoderascu_240526-300x200.jpg\" data-large-file=\"https:\/\/muzeusm.ro\/wp-content\/uploads\/2024\/08\/14_Muzeul-Memorial-Dr-Vasile-Lucaciu-Apa_Satu-Mare_Fotograf_Ionut-Teoderascu_240526-1024x683.jpg\" alt=\"\" class=\"wp-image-14804\" data-id=\"14804\" data-link=\"https:\/\/muzeusm.ro\/muzeul-memorial-dr-vasile-lucaciu-apa\/muzeul-memorial-dr-vasile-lucaciu-apa_satu-mare-14\/\" src=\"https:\/\/muzeusm.ro\/wp-content\/uploads\/2024\/08\/14_Muzeul-Memorial-Dr-Vasile-Lucaciu-Apa_Satu-Mare_Fotograf_Ionut-Teoderascu_240526-1024x683.jpg\" srcset=\"https:\/\/muzeusm.ro\/wp-content\/uploads\/2024\/08\/14_Muzeul-Memorial-Dr-Vasile-Lucaciu-Apa_Satu-Mare_Fotograf_Ionut-Teoderascu_240526-1024x683.jpg 1024w, https:\/\/muzeusm.ro\/wp-content\/uploads\/2024\/08\/14_Muzeul-Memorial-Dr-Vasile-Lucaciu-Apa_Satu-Mare_Fotograf_Ionut-Teoderascu_240526-300x200.jpg 300w, https:\/\/muzeusm.ro\/wp-content\/uploads\/2024\/08\/14_Muzeul-Memorial-Dr-Vasile-Lucaciu-Apa_Satu-Mare_Fotograf_Ionut-Teoderascu_240526-768x512.jpg 768w, https:\/\/muzeusm.ro\/wp-content\/uploads\/2024\/08\/14_Muzeul-Memorial-Dr-Vasile-Lucaciu-Apa_Satu-Mare_Fotograf_Ionut-Teoderascu_240526-1536x1024.jpg 1536w, https:\/\/muzeusm.ro\/wp-content\/uploads\/2024\/08\/14_Muzeul-Memorial-Dr-Vasile-Lucaciu-Apa_Satu-Mare_Fotograf_Ionut-Teoderascu_240526-1568x1045.jpg 1568w, https:\/\/muzeusm.ro\/wp-content\/uploads\/2024\/08\/14_Muzeul-Memorial-Dr-Vasile-Lucaciu-Apa_Satu-Mare_Fotograf_Ionut-Teoderascu_240526.jpg 1980w\" sizes=\"auto, (max-width: 1024px) 100vw, 1024px\" \/><\/figure><figcaption class=\"coblocks-gallery--caption coblocks-gallery--primary-caption\">Casa Memorial\u0103 \u201eDr. Vasile Lucaciu\u201d din Apa, jude\u021bul Satu Mare. Muzee de la sat<\/figcaption><\/div><\/div><div class=\"swiper-slide\"><div class=\"coblocks-gallery--item\" role=\"button\" tabindex=\"14\"><figure class=\"coblocks-gallery--figure has-margin-left-5 has-margin-left-mobile-5 has-margin-right-5 has-margin-right-mobile-5\"><img loading=\"lazy\" decoding=\"async\" width=\"1024\" height=\"683\" data-attachment-id=\"14805\" data-permalink=\"https:\/\/muzeusm.ro\/hu\/muzeul-memorial-dr-vasile-lucaciu-apa\/muzeul-memorial-dr-vasile-lucaciu-apa_satu-mare-15\/\" data-orig-file=\"https:\/\/muzeusm.ro\/wp-content\/uploads\/2024\/08\/15_Muzeul-Memorial-Dr-Vasile-Lucaciu-Apa_Satu-Mare_Fotograf_Ionut-Teoderascu_240526.jpg\" data-orig-size=\"1980,1320\" data-comments-opened=\"1\" data-image-meta=\"{&quot;aperture&quot;:&quot;6.3&quot;,&quot;credit&quot;:&quot;Ionut Teoderascu&quot;,&quot;camera&quot;:&quot;ILCE-7M3&quot;,&quot;caption&quot;:&quot;Casa Memorial\\u0103 \\u201eDr. Vasile Lucaciu\\u201d din Apa, jude\\u021bul Satu Mare. Muzee de la sat&quot;,&quot;created_timestamp&quot;:&quot;1716715731&quot;,&quot;copyright&quot;:&quot;All rights reserved 2024&quot;,&quot;focal_length&quot;:&quot;23.1&quot;,&quot;iso&quot;:&quot;100&quot;,&quot;shutter_speed&quot;:&quot;2.5&quot;,&quot;title&quot;:&quot;Muzeul Memorial Dr Vasile Lucaciu Apa_Satu Mare&quot;,&quot;orientation&quot;:&quot;0&quot;}\" data-image-title=\"Muzeul Memorial Dr Vasile Lucaciu Apa_Satu Mare\" data-image-description=\"\" data-image-caption=\"&lt;p&gt;Casa Memorial\u0103 \u201eDr. Vasile Lucaciu\u201d din Apa, jude\u021bul Satu Mare. Muzee de la sat&lt;\/p&gt;\n\" data-medium-file=\"https:\/\/muzeusm.ro\/wp-content\/uploads\/2024\/08\/15_Muzeul-Memorial-Dr-Vasile-Lucaciu-Apa_Satu-Mare_Fotograf_Ionut-Teoderascu_240526-300x200.jpg\" data-large-file=\"https:\/\/muzeusm.ro\/wp-content\/uploads\/2024\/08\/15_Muzeul-Memorial-Dr-Vasile-Lucaciu-Apa_Satu-Mare_Fotograf_Ionut-Teoderascu_240526-1024x683.jpg\" alt=\"\" class=\"wp-image-14805\" data-id=\"14805\" data-link=\"https:\/\/muzeusm.ro\/muzeul-memorial-dr-vasile-lucaciu-apa\/muzeul-memorial-dr-vasile-lucaciu-apa_satu-mare-15\/\" src=\"https:\/\/muzeusm.ro\/wp-content\/uploads\/2024\/08\/15_Muzeul-Memorial-Dr-Vasile-Lucaciu-Apa_Satu-Mare_Fotograf_Ionut-Teoderascu_240526-1024x683.jpg\" srcset=\"https:\/\/muzeusm.ro\/wp-content\/uploads\/2024\/08\/15_Muzeul-Memorial-Dr-Vasile-Lucaciu-Apa_Satu-Mare_Fotograf_Ionut-Teoderascu_240526-1024x683.jpg 1024w, https:\/\/muzeusm.ro\/wp-content\/uploads\/2024\/08\/15_Muzeul-Memorial-Dr-Vasile-Lucaciu-Apa_Satu-Mare_Fotograf_Ionut-Teoderascu_240526-300x200.jpg 300w, https:\/\/muzeusm.ro\/wp-content\/uploads\/2024\/08\/15_Muzeul-Memorial-Dr-Vasile-Lucaciu-Apa_Satu-Mare_Fotograf_Ionut-Teoderascu_240526-768x512.jpg 768w, https:\/\/muzeusm.ro\/wp-content\/uploads\/2024\/08\/15_Muzeul-Memorial-Dr-Vasile-Lucaciu-Apa_Satu-Mare_Fotograf_Ionut-Teoderascu_240526-1536x1024.jpg 1536w, https:\/\/muzeusm.ro\/wp-content\/uploads\/2024\/08\/15_Muzeul-Memorial-Dr-Vasile-Lucaciu-Apa_Satu-Mare_Fotograf_Ionut-Teoderascu_240526-1568x1045.jpg 1568w, https:\/\/muzeusm.ro\/wp-content\/uploads\/2024\/08\/15_Muzeul-Memorial-Dr-Vasile-Lucaciu-Apa_Satu-Mare_Fotograf_Ionut-Teoderascu_240526.jpg 1980w\" sizes=\"auto, (max-width: 1024px) 100vw, 1024px\" \/><\/figure><figcaption class=\"coblocks-gallery--caption coblocks-gallery--primary-caption\">Casa Memorial\u0103 \u201eDr. Vasile Lucaciu\u201d din Apa, jude\u021bul Satu Mare. Muzee de la sat<\/figcaption><\/div><\/div><div class=\"swiper-slide\"><div class=\"coblocks-gallery--item\" role=\"button\" tabindex=\"15\"><figure class=\"coblocks-gallery--figure has-margin-left-5 has-margin-left-mobile-5 has-margin-right-5 has-margin-right-mobile-5\"><img loading=\"lazy\" decoding=\"async\" width=\"1024\" height=\"683\" data-attachment-id=\"14806\" data-permalink=\"https:\/\/muzeusm.ro\/hu\/muzeul-memorial-dr-vasile-lucaciu-apa\/muzeul-memorial-dr-vasile-lucaciu-apa_satu-mare-16\/\" data-orig-file=\"https:\/\/muzeusm.ro\/wp-content\/uploads\/2024\/08\/16_Muzeul-Memorial-Dr-Vasile-Lucaciu-Apa_Satu-Mare_Fotograf_Ionut-Teoderascu_240526.jpg\" data-orig-size=\"1980,1320\" data-comments-opened=\"1\" data-image-meta=\"{&quot;aperture&quot;:&quot;2.8&quot;,&quot;credit&quot;:&quot;Ionut Teoderascu&quot;,&quot;camera&quot;:&quot;ILCE-7M3&quot;,&quot;caption&quot;:&quot;Casa Memorial\\u0103 \\u201eDr. Vasile Lucaciu\\u201d din Apa, jude\\u021bul Satu Mare. Muzee de la sat&quot;,&quot;created_timestamp&quot;:&quot;1716716283&quot;,&quot;copyright&quot;:&quot;All rights reserved 2024&quot;,&quot;focal_length&quot;:&quot;85&quot;,&quot;iso&quot;:&quot;640&quot;,&quot;shutter_speed&quot;:&quot;0.008&quot;,&quot;title&quot;:&quot;Muzeul Memorial Dr Vasile Lucaciu Apa_Satu Mare&quot;,&quot;orientation&quot;:&quot;0&quot;}\" data-image-title=\"Muzeul Memorial Dr Vasile Lucaciu Apa_Satu Mare\" data-image-description=\"\" data-image-caption=\"&lt;p&gt;Casa Memorial\u0103 \u201eDr. Vasile Lucaciu\u201d din Apa, jude\u021bul Satu Mare. Muzee de la sat&lt;\/p&gt;\n\" data-medium-file=\"https:\/\/muzeusm.ro\/wp-content\/uploads\/2024\/08\/16_Muzeul-Memorial-Dr-Vasile-Lucaciu-Apa_Satu-Mare_Fotograf_Ionut-Teoderascu_240526-300x200.jpg\" data-large-file=\"https:\/\/muzeusm.ro\/wp-content\/uploads\/2024\/08\/16_Muzeul-Memorial-Dr-Vasile-Lucaciu-Apa_Satu-Mare_Fotograf_Ionut-Teoderascu_240526-1024x683.jpg\" alt=\"\" class=\"wp-image-14806\" data-id=\"14806\" data-link=\"https:\/\/muzeusm.ro\/muzeul-memorial-dr-vasile-lucaciu-apa\/muzeul-memorial-dr-vasile-lucaciu-apa_satu-mare-16\/\" src=\"https:\/\/muzeusm.ro\/wp-content\/uploads\/2024\/08\/16_Muzeul-Memorial-Dr-Vasile-Lucaciu-Apa_Satu-Mare_Fotograf_Ionut-Teoderascu_240526-1024x683.jpg\" srcset=\"https:\/\/muzeusm.ro\/wp-content\/uploads\/2024\/08\/16_Muzeul-Memorial-Dr-Vasile-Lucaciu-Apa_Satu-Mare_Fotograf_Ionut-Teoderascu_240526-1024x683.jpg 1024w, https:\/\/muzeusm.ro\/wp-content\/uploads\/2024\/08\/16_Muzeul-Memorial-Dr-Vasile-Lucaciu-Apa_Satu-Mare_Fotograf_Ionut-Teoderascu_240526-300x200.jpg 300w, https:\/\/muzeusm.ro\/wp-content\/uploads\/2024\/08\/16_Muzeul-Memorial-Dr-Vasile-Lucaciu-Apa_Satu-Mare_Fotograf_Ionut-Teoderascu_240526-768x512.jpg 768w, https:\/\/muzeusm.ro\/wp-content\/uploads\/2024\/08\/16_Muzeul-Memorial-Dr-Vasile-Lucaciu-Apa_Satu-Mare_Fotograf_Ionut-Teoderascu_240526-1536x1024.jpg 1536w, https:\/\/muzeusm.ro\/wp-content\/uploads\/2024\/08\/16_Muzeul-Memorial-Dr-Vasile-Lucaciu-Apa_Satu-Mare_Fotograf_Ionut-Teoderascu_240526-1568x1045.jpg 1568w, https:\/\/muzeusm.ro\/wp-content\/uploads\/2024\/08\/16_Muzeul-Memorial-Dr-Vasile-Lucaciu-Apa_Satu-Mare_Fotograf_Ionut-Teoderascu_240526.jpg 1980w\" sizes=\"auto, (max-width: 1024px) 100vw, 1024px\" \/><\/figure><figcaption class=\"coblocks-gallery--caption coblocks-gallery--primary-caption\">Casa Memorial\u0103 \u201eDr. Vasile Lucaciu\u201d din Apa, jude\u021bul Satu Mare. Muzee de la sat<\/figcaption><\/div><\/div><div class=\"swiper-slide\"><div class=\"coblocks-gallery--item\" role=\"button\" tabindex=\"16\"><figure class=\"coblocks-gallery--figure has-margin-left-5 has-margin-left-mobile-5 has-margin-right-5 has-margin-right-mobile-5\"><img loading=\"lazy\" decoding=\"async\" width=\"1024\" height=\"683\" data-attachment-id=\"14807\" data-permalink=\"https:\/\/muzeusm.ro\/hu\/muzeul-memorial-dr-vasile-lucaciu-apa\/muzeul-memorial-dr-vasile-lucaciu-apa_satu-mare-17\/\" data-orig-file=\"https:\/\/muzeusm.ro\/wp-content\/uploads\/2024\/08\/17_Muzeul-Memorial-Dr-Vasile-Lucaciu-Apa_Satu-Mare_Fotograf_Ionut-Teoderascu_240526.jpg\" data-orig-size=\"1980,1320\" data-comments-opened=\"1\" data-image-meta=\"{&quot;aperture&quot;:&quot;2.8&quot;,&quot;credit&quot;:&quot;Ionut Teoderascu&quot;,&quot;camera&quot;:&quot;ILCE-7M3&quot;,&quot;caption&quot;:&quot;Casa Memorial\\u0103 \\u201eDr. Vasile Lucaciu\\u201d din Apa, jude\\u021bul Satu Mare. Muzee de la sat&quot;,&quot;created_timestamp&quot;:&quot;1716716299&quot;,&quot;copyright&quot;:&quot;All rights reserved 2024&quot;,&quot;focal_length&quot;:&quot;99&quot;,&quot;iso&quot;:&quot;640&quot;,&quot;shutter_speed&quot;:&quot;0.008&quot;,&quot;title&quot;:&quot;Muzeul Memorial Dr Vasile Lucaciu Apa_Satu Mare&quot;,&quot;orientation&quot;:&quot;0&quot;}\" data-image-title=\"Muzeul Memorial Dr Vasile Lucaciu Apa_Satu Mare\" data-image-description=\"\" data-image-caption=\"&lt;p&gt;Casa Memorial\u0103 \u201eDr. Vasile Lucaciu\u201d din Apa, jude\u021bul Satu Mare. Muzee de la sat&lt;\/p&gt;\n\" data-medium-file=\"https:\/\/muzeusm.ro\/wp-content\/uploads\/2024\/08\/17_Muzeul-Memorial-Dr-Vasile-Lucaciu-Apa_Satu-Mare_Fotograf_Ionut-Teoderascu_240526-300x200.jpg\" data-large-file=\"https:\/\/muzeusm.ro\/wp-content\/uploads\/2024\/08\/17_Muzeul-Memorial-Dr-Vasile-Lucaciu-Apa_Satu-Mare_Fotograf_Ionut-Teoderascu_240526-1024x683.jpg\" alt=\"\" class=\"wp-image-14807\" data-id=\"14807\" data-link=\"https:\/\/muzeusm.ro\/muzeul-memorial-dr-vasile-lucaciu-apa\/muzeul-memorial-dr-vasile-lucaciu-apa_satu-mare-17\/\" src=\"https:\/\/muzeusm.ro\/wp-content\/uploads\/2024\/08\/17_Muzeul-Memorial-Dr-Vasile-Lucaciu-Apa_Satu-Mare_Fotograf_Ionut-Teoderascu_240526-1024x683.jpg\" srcset=\"https:\/\/muzeusm.ro\/wp-content\/uploads\/2024\/08\/17_Muzeul-Memorial-Dr-Vasile-Lucaciu-Apa_Satu-Mare_Fotograf_Ionut-Teoderascu_240526-1024x683.jpg 1024w, https:\/\/muzeusm.ro\/wp-content\/uploads\/2024\/08\/17_Muzeul-Memorial-Dr-Vasile-Lucaciu-Apa_Satu-Mare_Fotograf_Ionut-Teoderascu_240526-300x200.jpg 300w, https:\/\/muzeusm.ro\/wp-content\/uploads\/2024\/08\/17_Muzeul-Memorial-Dr-Vasile-Lucaciu-Apa_Satu-Mare_Fotograf_Ionut-Teoderascu_240526-768x512.jpg 768w, https:\/\/muzeusm.ro\/wp-content\/uploads\/2024\/08\/17_Muzeul-Memorial-Dr-Vasile-Lucaciu-Apa_Satu-Mare_Fotograf_Ionut-Teoderascu_240526-1536x1024.jpg 1536w, https:\/\/muzeusm.ro\/wp-content\/uploads\/2024\/08\/17_Muzeul-Memorial-Dr-Vasile-Lucaciu-Apa_Satu-Mare_Fotograf_Ionut-Teoderascu_240526-1568x1045.jpg 1568w, https:\/\/muzeusm.ro\/wp-content\/uploads\/2024\/08\/17_Muzeul-Memorial-Dr-Vasile-Lucaciu-Apa_Satu-Mare_Fotograf_Ionut-Teoderascu_240526.jpg 1980w\" sizes=\"auto, (max-width: 1024px) 100vw, 1024px\" \/><\/figure><figcaption class=\"coblocks-gallery--caption coblocks-gallery--primary-caption\">Casa Memorial\u0103 \u201eDr. Vasile Lucaciu\u201d din Apa, jude\u021bul Satu Mare. Muzee de la sat<\/figcaption><\/div><\/div><\/div><button class=\"nav-button__prev\" id=\"12345-prev\"><svg class=\"icon\" style=\"transform:rotate(180deg)\"><\/svg><\/button><button class=\"nav-button__next\" id=\"12345-next\"><svg class=\"icon\"><\/svg><\/button><\/div><div class=\"wp-block-coblocks-gallery-carousel-thumbnail-pagination has-margin-top-5 has-margin-top-mobile-5\"><button aria-label=\"gallery thumbnail\" class=\"wp-block-coblocks-gallery-carousel-thumbnail wp-block-coblocks-gallery-carousel-thumbnail-0 has-margin-left-5 has-margin-left-mobile-5 has-margin-right-5 has-margin-right-mobile-5\" style=\"height:80px;width:100px\" tabindex=\"0\"><img decoding=\"async\" data-attachment-id=\"14791\" data-permalink=\"https:\/\/muzeusm.ro\/hu\/muzeul-memorial-dr-vasile-lucaciu-apa\/muzeul-memorial-dr-vasile-lucaciu-apa_satu-mare\/\" data-orig-file=\"https:\/\/muzeusm.ro\/wp-content\/uploads\/2024\/08\/01_Muzeul-Memorial-Dr-Vasile-Lucaciu-Apa_Satu-Mare_Fotograf_Ionut-Teoderascu_240526.jpg\" data-orig-size=\"1980,1320\" data-comments-opened=\"1\" data-image-meta=\"{&quot;aperture&quot;:&quot;7.1&quot;,&quot;credit&quot;:&quot;Ionut Teoderascu&quot;,&quot;camera&quot;:&quot;ILCE-7M3&quot;,&quot;caption&quot;:&quot;Casa Memorial\\u0103 \\u201eDr. Vasile Lucaciu\\u201d din Apa, jude\\u021bul Satu Mare. Muzee de la sat&quot;,&quot;created_timestamp&quot;:&quot;1716713767&quot;,&quot;copyright&quot;:&quot;All rights reserved 2024&quot;,&quot;focal_length&quot;:&quot;24&quot;,&quot;iso&quot;:&quot;100&quot;,&quot;shutter_speed&quot;:&quot;0.004&quot;,&quot;title&quot;:&quot;Muzeul Memorial Dr Vasile Lucaciu Apa_Satu Mare&quot;,&quot;orientation&quot;:&quot;0&quot;}\" data-image-title=\"Muzeul Memorial Dr Vasile Lucaciu Apa_Satu Mare\" data-image-description=\"\" data-image-caption=\"&lt;p&gt;Casa Memorial\u0103 \u201eDr. Vasile Lucaciu\u201d din Apa, jude\u021bul Satu Mare. Muzee de la sat&lt;\/p&gt;\n\" data-medium-file=\"https:\/\/muzeusm.ro\/wp-content\/uploads\/2024\/08\/01_Muzeul-Memorial-Dr-Vasile-Lucaciu-Apa_Satu-Mare_Fotograf_Ionut-Teoderascu_240526-300x200.jpg\" data-large-file=\"https:\/\/muzeusm.ro\/wp-content\/uploads\/2024\/08\/01_Muzeul-Memorial-Dr-Vasile-Lucaciu-Apa_Satu-Mare_Fotograf_Ionut-Teoderascu_240526-1024x683.jpg\" alt=\"\" data-id=\"14791\" data-link=\"https:\/\/muzeusm.ro\/muzeul-memorial-dr-vasile-lucaciu-apa\/muzeul-memorial-dr-vasile-lucaciu-apa_satu-mare\/\" src=\"https:\/\/muzeusm.ro\/wp-content\/uploads\/2024\/08\/01_Muzeul-Memorial-Dr-Vasile-Lucaciu-Apa_Satu-Mare_Fotograf_Ionut-Teoderascu_240526-1024x683.jpg\" style=\"height:100%;width:100%\"\/><\/button><button aria-label=\"gallery thumbnail\" class=\"wp-block-coblocks-gallery-carousel-thumbnail wp-block-coblocks-gallery-carousel-thumbnail-1 has-margin-left-5 has-margin-left-mobile-5 has-margin-right-5 has-margin-right-mobile-5\" style=\"height:80px;width:100px\" tabindex=\"0\"><img decoding=\"async\" data-attachment-id=\"14792\" data-permalink=\"https:\/\/muzeusm.ro\/hu\/muzeul-memorial-dr-vasile-lucaciu-apa\/muzeul-memorial-dr-vasile-lucaciu-apa_satu-mare-2\/\" data-orig-file=\"https:\/\/muzeusm.ro\/wp-content\/uploads\/2024\/08\/02_Muzeul-Memorial-Dr-Vasile-Lucaciu-Apa_Satu-Mare_Fotograf_Ionut-Teoderascu_240526.jpg\" data-orig-size=\"1980,1320\" data-comments-opened=\"1\" data-image-meta=\"{&quot;aperture&quot;:&quot;2.8&quot;,&quot;credit&quot;:&quot;Ionut Teoderascu&quot;,&quot;camera&quot;:&quot;ILCE-7M3&quot;,&quot;caption&quot;:&quot;Casa Memorial\\u0103 \\u201eDr. Vasile Lucaciu\\u201d din Apa, jude\\u021bul Satu Mare. Muzee de la sat&quot;,&quot;created_timestamp&quot;:&quot;1716716254&quot;,&quot;copyright&quot;:&quot;All rights reserved 2024&quot;,&quot;focal_length&quot;:&quot;66&quot;,&quot;iso&quot;:&quot;640&quot;,&quot;shutter_speed&quot;:&quot;0.008&quot;,&quot;title&quot;:&quot;Muzeul Memorial Dr Vasile Lucaciu Apa_Satu Mare&quot;,&quot;orientation&quot;:&quot;0&quot;}\" data-image-title=\"Muzeul Memorial Dr Vasile Lucaciu Apa_Satu Mare\" data-image-description=\"\" data-image-caption=\"&lt;p&gt;Casa Memorial\u0103 \u201eDr. Vasile Lucaciu\u201d din Apa, jude\u021bul Satu Mare. Muzee de la sat&lt;\/p&gt;\n\" data-medium-file=\"https:\/\/muzeusm.ro\/wp-content\/uploads\/2024\/08\/02_Muzeul-Memorial-Dr-Vasile-Lucaciu-Apa_Satu-Mare_Fotograf_Ionut-Teoderascu_240526-300x200.jpg\" data-large-file=\"https:\/\/muzeusm.ro\/wp-content\/uploads\/2024\/08\/02_Muzeul-Memorial-Dr-Vasile-Lucaciu-Apa_Satu-Mare_Fotograf_Ionut-Teoderascu_240526-1024x683.jpg\" alt=\"\" data-id=\"14792\" data-link=\"https:\/\/muzeusm.ro\/muzeul-memorial-dr-vasile-lucaciu-apa\/muzeul-memorial-dr-vasile-lucaciu-apa_satu-mare-2\/\" src=\"https:\/\/muzeusm.ro\/wp-content\/uploads\/2024\/08\/02_Muzeul-Memorial-Dr-Vasile-Lucaciu-Apa_Satu-Mare_Fotograf_Ionut-Teoderascu_240526-1024x683.jpg\" style=\"height:100%;width:100%\"\/><\/button><button aria-label=\"gallery thumbnail\" class=\"wp-block-coblocks-gallery-carousel-thumbnail wp-block-coblocks-gallery-carousel-thumbnail-2 has-margin-left-5 has-margin-left-mobile-5 has-margin-right-5 has-margin-right-mobile-5\" style=\"height:80px;width:100px\" tabindex=\"0\"><img decoding=\"async\" data-attachment-id=\"14793\" data-permalink=\"https:\/\/muzeusm.ro\/hu\/muzeul-memorial-dr-vasile-lucaciu-apa\/muzeul-memorial-dr-vasile-lucaciu-apa_satu-mare-3\/\" data-orig-file=\"https:\/\/muzeusm.ro\/wp-content\/uploads\/2024\/08\/03_Muzeul-Memorial-Dr-Vasile-Lucaciu-Apa_Satu-Mare_Fotograf__240520.jpg\" data-orig-size=\"1980,1320\" data-comments-opened=\"1\" data-image-meta=\"{&quot;aperture&quot;:&quot;2.8&quot;,&quot;credit&quot;:&quot;&quot;,&quot;camera&quot;:&quot;L2D-20c&quot;,&quot;caption&quot;:&quot;Casa Memorial\\u0103 \\u201eDr. Vasile Lucaciu\\u201d din Apa, jude\\u021bul Satu Mare. Muzee de la sat&quot;,&quot;created_timestamp&quot;:&quot;1716204455&quot;,&quot;copyright&quot;:&quot;All rights reserved 2024&quot;,&quot;focal_length&quot;:&quot;12.29&quot;,&quot;iso&quot;:&quot;130&quot;,&quot;shutter_speed&quot;:&quot;0.0005&quot;,&quot;title&quot;:&quot;Muzeul Memorial Dr Vasile Lucaciu Apa_Satu Mare&quot;,&quot;orientation&quot;:&quot;0&quot;}\" data-image-title=\"Muzeul Memorial Dr Vasile Lucaciu Apa_Satu Mare\" data-image-description=\"\" data-image-caption=\"&lt;p&gt;Casa Memorial\u0103 \u201eDr. Vasile Lucaciu\u201d din Apa, jude\u021bul Satu Mare. Muzee de la sat&lt;\/p&gt;\n\" data-medium-file=\"https:\/\/muzeusm.ro\/wp-content\/uploads\/2024\/08\/03_Muzeul-Memorial-Dr-Vasile-Lucaciu-Apa_Satu-Mare_Fotograf__240520-300x200.jpg\" data-large-file=\"https:\/\/muzeusm.ro\/wp-content\/uploads\/2024\/08\/03_Muzeul-Memorial-Dr-Vasile-Lucaciu-Apa_Satu-Mare_Fotograf__240520-1024x683.jpg\" alt=\"\" data-id=\"14793\" data-link=\"https:\/\/muzeusm.ro\/muzeul-memorial-dr-vasile-lucaciu-apa\/muzeul-memorial-dr-vasile-lucaciu-apa_satu-mare-3\/\" src=\"https:\/\/muzeusm.ro\/wp-content\/uploads\/2024\/08\/03_Muzeul-Memorial-Dr-Vasile-Lucaciu-Apa_Satu-Mare_Fotograf__240520-1024x683.jpg\" style=\"height:100%;width:100%\"\/><\/button><button aria-label=\"gallery thumbnail\" class=\"wp-block-coblocks-gallery-carousel-thumbnail wp-block-coblocks-gallery-carousel-thumbnail-3 has-margin-left-5 has-margin-left-mobile-5 has-margin-right-5 has-margin-right-mobile-5\" style=\"height:80px;width:100px\" tabindex=\"0\"><img decoding=\"async\" data-attachment-id=\"14794\" data-permalink=\"https:\/\/muzeusm.ro\/hu\/muzeul-memorial-dr-vasile-lucaciu-apa\/muzeul-memorial-dr-vasile-lucaciu-apa_satu-mare-4\/\" data-orig-file=\"https:\/\/muzeusm.ro\/wp-content\/uploads\/2024\/08\/04_Muzeul-Memorial-Dr-Vasile-Lucaciu-Apa_Satu-Mare_Fotograf_Ionut-Teoderascu_240526.jpg\" data-orig-size=\"1980,1320\" data-comments-opened=\"1\" data-image-meta=\"{&quot;aperture&quot;:&quot;7.1&quot;,&quot;credit&quot;:&quot;Ionut Teoderascu&quot;,&quot;camera&quot;:&quot;ILCE-7M3&quot;,&quot;caption&quot;:&quot;Casa Memorial\\u0103 \\u201eDr. Vasile Lucaciu\\u201d din Apa, jude\\u021bul Satu Mare. Muzee de la sat&quot;,&quot;created_timestamp&quot;:&quot;1716713850&quot;,&quot;copyright&quot;:&quot;All rights reserved 2024&quot;,&quot;focal_length&quot;:&quot;20.7&quot;,&quot;iso&quot;:&quot;100&quot;,&quot;shutter_speed&quot;:&quot;0.005&quot;,&quot;title&quot;:&quot;Muzeul Memorial Dr Vasile Lucaciu Apa_Satu Mare&quot;,&quot;orientation&quot;:&quot;0&quot;}\" data-image-title=\"Muzeul Memorial Dr Vasile Lucaciu Apa_Satu Mare\" data-image-description=\"\" data-image-caption=\"&lt;p&gt;Casa Memorial\u0103 \u201eDr. Vasile Lucaciu\u201d din Apa, jude\u021bul Satu Mare. Muzee de la sat&lt;\/p&gt;\n\" data-medium-file=\"https:\/\/muzeusm.ro\/wp-content\/uploads\/2024\/08\/04_Muzeul-Memorial-Dr-Vasile-Lucaciu-Apa_Satu-Mare_Fotograf_Ionut-Teoderascu_240526-300x200.jpg\" data-large-file=\"https:\/\/muzeusm.ro\/wp-content\/uploads\/2024\/08\/04_Muzeul-Memorial-Dr-Vasile-Lucaciu-Apa_Satu-Mare_Fotograf_Ionut-Teoderascu_240526-1024x683.jpg\" alt=\"\" data-id=\"14794\" data-link=\"https:\/\/muzeusm.ro\/muzeul-memorial-dr-vasile-lucaciu-apa\/muzeul-memorial-dr-vasile-lucaciu-apa_satu-mare-4\/\" src=\"https:\/\/muzeusm.ro\/wp-content\/uploads\/2024\/08\/04_Muzeul-Memorial-Dr-Vasile-Lucaciu-Apa_Satu-Mare_Fotograf_Ionut-Teoderascu_240526-1024x683.jpg\" style=\"height:100%;width:100%\"\/><\/button><button aria-label=\"gallery thumbnail\" class=\"wp-block-coblocks-gallery-carousel-thumbnail wp-block-coblocks-gallery-carousel-thumbnail-4 has-margin-left-5 has-margin-left-mobile-5 has-margin-right-5 has-margin-right-mobile-5\" style=\"height:80px;width:100px\" tabindex=\"0\"><img decoding=\"async\" data-attachment-id=\"14795\" data-permalink=\"https:\/\/muzeusm.ro\/hu\/muzeul-memorial-dr-vasile-lucaciu-apa\/muzeul-memorial-dr-vasile-lucaciu-apa_satu-mare-5\/\" data-orig-file=\"https:\/\/muzeusm.ro\/wp-content\/uploads\/2024\/08\/05_Muzeul-Memorial-Dr-Vasile-Lucaciu-Apa_Satu-Mare_Fotograf_Ionut-Teoderascu_240526.jpg\" data-orig-size=\"1980,1320\" data-comments-opened=\"1\" data-image-meta=\"{&quot;aperture&quot;:&quot;6.3&quot;,&quot;credit&quot;:&quot;Ionut Teoderascu&quot;,&quot;camera&quot;:&quot;ILCE-7M3&quot;,&quot;caption&quot;:&quot;Casa Memorial\\u0103 \\u201eDr. Vasile Lucaciu\\u201d din Apa, jude\\u021bul Satu Mare. Muzee de la sat&quot;,&quot;created_timestamp&quot;:&quot;1716716043&quot;,&quot;copyright&quot;:&quot;All rights reserved 2024&quot;,&quot;focal_length&quot;:&quot;15.7&quot;,&quot;iso&quot;:&quot;100&quot;,&quot;shutter_speed&quot;:&quot;0.0015625&quot;,&quot;title&quot;:&quot;Muzeul Memorial Dr Vasile Lucaciu Apa_Satu Mare&quot;,&quot;orientation&quot;:&quot;0&quot;}\" data-image-title=\"Muzeul Memorial Dr Vasile Lucaciu Apa_Satu Mare\" data-image-description=\"\" data-image-caption=\"&lt;p&gt;Casa Memorial\u0103 \u201eDr. Vasile Lucaciu\u201d din Apa, jude\u021bul Satu Mare. Muzee de la sat&lt;\/p&gt;\n\" data-medium-file=\"https:\/\/muzeusm.ro\/wp-content\/uploads\/2024\/08\/05_Muzeul-Memorial-Dr-Vasile-Lucaciu-Apa_Satu-Mare_Fotograf_Ionut-Teoderascu_240526-300x200.jpg\" data-large-file=\"https:\/\/muzeusm.ro\/wp-content\/uploads\/2024\/08\/05_Muzeul-Memorial-Dr-Vasile-Lucaciu-Apa_Satu-Mare_Fotograf_Ionut-Teoderascu_240526-1024x683.jpg\" alt=\"\" data-id=\"14795\" data-link=\"https:\/\/muzeusm.ro\/muzeul-memorial-dr-vasile-lucaciu-apa\/muzeul-memorial-dr-vasile-lucaciu-apa_satu-mare-5\/\" src=\"https:\/\/muzeusm.ro\/wp-content\/uploads\/2024\/08\/05_Muzeul-Memorial-Dr-Vasile-Lucaciu-Apa_Satu-Mare_Fotograf_Ionut-Teoderascu_240526-1024x683.jpg\" style=\"height:100%;width:100%\"\/><\/button><button aria-label=\"gallery thumbnail\" class=\"wp-block-coblocks-gallery-carousel-thumbnail wp-block-coblocks-gallery-carousel-thumbnail-5 has-margin-left-5 has-margin-left-mobile-5 has-margin-right-5 has-margin-right-mobile-5\" style=\"height:80px;width:100px\" tabindex=\"0\"><img decoding=\"async\" data-attachment-id=\"14796\" data-permalink=\"https:\/\/muzeusm.ro\/hu\/muzeul-memorial-dr-vasile-lucaciu-apa\/muzeul-memorial-dr-vasile-lucaciu-apa_satu-mare-6\/\" data-orig-file=\"https:\/\/muzeusm.ro\/wp-content\/uploads\/2024\/08\/06_Muzeul-Memorial-Dr-Vasile-Lucaciu-Apa_Satu-Mare_Fotograf_Ionut-Teoderascu_240526.jpg\" data-orig-size=\"1980,1320\" data-comments-opened=\"1\" data-image-meta=\"{&quot;aperture&quot;:&quot;6.3&quot;,&quot;credit&quot;:&quot;Ionut Teoderascu&quot;,&quot;camera&quot;:&quot;ILCE-7M3&quot;,&quot;caption&quot;:&quot;Casa Memorial\\u0103 \\u201eDr. Vasile Lucaciu\\u201d din Apa, jude\\u021bul Satu Mare. Muzee de la sat&quot;,&quot;created_timestamp&quot;:&quot;1716714212&quot;,&quot;copyright&quot;:&quot;All rights reserved 2024&quot;,&quot;focal_length&quot;:&quot;16&quot;,&quot;iso&quot;:&quot;100&quot;,&quot;shutter_speed&quot;:&quot;0.02&quot;,&quot;title&quot;:&quot;Muzeul Memorial Dr Vasile Lucaciu Apa_Satu Mare&quot;,&quot;orientation&quot;:&quot;0&quot;}\" data-image-title=\"Muzeul Memorial Dr Vasile Lucaciu Apa_Satu Mare\" data-image-description=\"\" data-image-caption=\"&lt;p&gt;Casa Memorial\u0103 \u201eDr. Vasile Lucaciu\u201d din Apa, jude\u021bul Satu Mare. Muzee de la sat&lt;\/p&gt;\n\" data-medium-file=\"https:\/\/muzeusm.ro\/wp-content\/uploads\/2024\/08\/06_Muzeul-Memorial-Dr-Vasile-Lucaciu-Apa_Satu-Mare_Fotograf_Ionut-Teoderascu_240526-300x200.jpg\" data-large-file=\"https:\/\/muzeusm.ro\/wp-content\/uploads\/2024\/08\/06_Muzeul-Memorial-Dr-Vasile-Lucaciu-Apa_Satu-Mare_Fotograf_Ionut-Teoderascu_240526-1024x683.jpg\" alt=\"\" data-id=\"14796\" data-link=\"https:\/\/muzeusm.ro\/muzeul-memorial-dr-vasile-lucaciu-apa\/muzeul-memorial-dr-vasile-lucaciu-apa_satu-mare-6\/\" src=\"https:\/\/muzeusm.ro\/wp-content\/uploads\/2024\/08\/06_Muzeul-Memorial-Dr-Vasile-Lucaciu-Apa_Satu-Mare_Fotograf_Ionut-Teoderascu_240526-1024x683.jpg\" style=\"height:100%;width:100%\"\/><\/button><button aria-label=\"gallery thumbnail\" class=\"wp-block-coblocks-gallery-carousel-thumbnail wp-block-coblocks-gallery-carousel-thumbnail-6 has-margin-left-5 has-margin-left-mobile-5 has-margin-right-5 has-margin-right-mobile-5\" style=\"height:80px;width:100px\" tabindex=\"0\"><img decoding=\"async\" data-attachment-id=\"14797\" data-permalink=\"https:\/\/muzeusm.ro\/hu\/muzeul-memorial-dr-vasile-lucaciu-apa\/muzeul-memorial-dr-vasile-lucaciu-apa_satu-mare-7\/\" data-orig-file=\"https:\/\/muzeusm.ro\/wp-content\/uploads\/2024\/08\/07_Muzeul-Memorial-Dr-Vasile-Lucaciu-Apa_Satu-Mare_Fotograf_Ionut-Teoderascu_240526.jpg\" data-orig-size=\"1980,1320\" data-comments-opened=\"1\" data-image-meta=\"{&quot;aperture&quot;:&quot;6.3&quot;,&quot;credit&quot;:&quot;Ionut Teoderascu&quot;,&quot;camera&quot;:&quot;ILCE-7M3&quot;,&quot;caption&quot;:&quot;Casa Memorial\\u0103 \\u201eDr. Vasile Lucaciu\\u201d din Apa, jude\\u021bul Satu Mare. Muzee de la sat&quot;,&quot;created_timestamp&quot;:&quot;1716714456&quot;,&quot;copyright&quot;:&quot;All rights reserved 2024&quot;,&quot;focal_length&quot;:&quot;24&quot;,&quot;iso&quot;:&quot;100&quot;,&quot;shutter_speed&quot;:&quot;0.2&quot;,&quot;title&quot;:&quot;Muzeul Memorial Dr Vasile Lucaciu Apa_Satu Mare&quot;,&quot;orientation&quot;:&quot;0&quot;}\" data-image-title=\"Muzeul Memorial Dr Vasile Lucaciu Apa_Satu Mare\" data-image-description=\"\" data-image-caption=\"&lt;p&gt;Casa Memorial\u0103 \u201eDr. Vasile Lucaciu\u201d din Apa, jude\u021bul Satu Mare. Muzee de la sat&lt;\/p&gt;\n\" data-medium-file=\"https:\/\/muzeusm.ro\/wp-content\/uploads\/2024\/08\/07_Muzeul-Memorial-Dr-Vasile-Lucaciu-Apa_Satu-Mare_Fotograf_Ionut-Teoderascu_240526-300x200.jpg\" data-large-file=\"https:\/\/muzeusm.ro\/wp-content\/uploads\/2024\/08\/07_Muzeul-Memorial-Dr-Vasile-Lucaciu-Apa_Satu-Mare_Fotograf_Ionut-Teoderascu_240526-1024x683.jpg\" alt=\"\" data-id=\"14797\" data-link=\"https:\/\/muzeusm.ro\/muzeul-memorial-dr-vasile-lucaciu-apa\/muzeul-memorial-dr-vasile-lucaciu-apa_satu-mare-7\/\" src=\"https:\/\/muzeusm.ro\/wp-content\/uploads\/2024\/08\/07_Muzeul-Memorial-Dr-Vasile-Lucaciu-Apa_Satu-Mare_Fotograf_Ionut-Teoderascu_240526-1024x683.jpg\" style=\"height:100%;width:100%\"\/><\/button><button aria-label=\"gallery thumbnail\" class=\"wp-block-coblocks-gallery-carousel-thumbnail wp-block-coblocks-gallery-carousel-thumbnail-7 has-margin-left-5 has-margin-left-mobile-5 has-margin-right-5 has-margin-right-mobile-5\" style=\"height:80px;width:100px\" tabindex=\"0\"><img decoding=\"async\" data-attachment-id=\"14798\" data-permalink=\"https:\/\/muzeusm.ro\/hu\/muzeul-memorial-dr-vasile-lucaciu-apa\/muzeul-memorial-dr-vasile-lucaciu-apa_satu-mare-8\/\" data-orig-file=\"https:\/\/muzeusm.ro\/wp-content\/uploads\/2024\/08\/08_Muzeul-Memorial-Dr-Vasile-Lucaciu-Apa_Satu-Mare_Fotograf_Ionut-Teoderascu_240526.jpg\" data-orig-size=\"1980,1320\" data-comments-opened=\"1\" data-image-meta=\"{&quot;aperture&quot;:&quot;2.8&quot;,&quot;credit&quot;:&quot;Ionut Teoderascu&quot;,&quot;camera&quot;:&quot;ILCE-7M3&quot;,&quot;caption&quot;:&quot;Casa Memorial\\u0103 \\u201eDr. Vasile Lucaciu\\u201d din Apa, jude\\u021bul Satu Mare. Muzee de la sat&quot;,&quot;created_timestamp&quot;:&quot;1716716246&quot;,&quot;copyright&quot;:&quot;All rights reserved 2024&quot;,&quot;focal_length&quot;:&quot;65&quot;,&quot;iso&quot;:&quot;640&quot;,&quot;shutter_speed&quot;:&quot;0.008&quot;,&quot;title&quot;:&quot;Muzeul Memorial Dr Vasile Lucaciu Apa_Satu Mare&quot;,&quot;orientation&quot;:&quot;0&quot;}\" data-image-title=\"Muzeul Memorial Dr Vasile Lucaciu Apa_Satu Mare\" data-image-description=\"\" data-image-caption=\"&lt;p&gt;Casa Memorial\u0103 \u201eDr. Vasile Lucaciu\u201d din Apa, jude\u021bul Satu Mare. Muzee de la sat&lt;\/p&gt;\n\" data-medium-file=\"https:\/\/muzeusm.ro\/wp-content\/uploads\/2024\/08\/08_Muzeul-Memorial-Dr-Vasile-Lucaciu-Apa_Satu-Mare_Fotograf_Ionut-Teoderascu_240526-300x200.jpg\" data-large-file=\"https:\/\/muzeusm.ro\/wp-content\/uploads\/2024\/08\/08_Muzeul-Memorial-Dr-Vasile-Lucaciu-Apa_Satu-Mare_Fotograf_Ionut-Teoderascu_240526-1024x683.jpg\" alt=\"\" data-id=\"14798\" data-link=\"https:\/\/muzeusm.ro\/muzeul-memorial-dr-vasile-lucaciu-apa\/muzeul-memorial-dr-vasile-lucaciu-apa_satu-mare-8\/\" src=\"https:\/\/muzeusm.ro\/wp-content\/uploads\/2024\/08\/08_Muzeul-Memorial-Dr-Vasile-Lucaciu-Apa_Satu-Mare_Fotograf_Ionut-Teoderascu_240526-1024x683.jpg\" style=\"height:100%;width:100%\"\/><\/button><button aria-label=\"gallery thumbnail\" class=\"wp-block-coblocks-gallery-carousel-thumbnail wp-block-coblocks-gallery-carousel-thumbnail-8 has-margin-left-5 has-margin-left-mobile-5 has-margin-right-5 has-margin-right-mobile-5\" style=\"height:80px;width:100px\" tabindex=\"0\"><img decoding=\"async\" data-attachment-id=\"14799\" data-permalink=\"https:\/\/muzeusm.ro\/hu\/muzeul-memorial-dr-vasile-lucaciu-apa\/muzeul-memorial-dr-vasile-lucaciu-apa_satu-mare-9\/\" data-orig-file=\"https:\/\/muzeusm.ro\/wp-content\/uploads\/2024\/08\/09_Muzeul-Memorial-Dr-Vasile-Lucaciu-Apa_Satu-Mare_Fotograf_Ionut-Teoderascu_240526.jpg\" data-orig-size=\"1980,1320\" data-comments-opened=\"1\" data-image-meta=\"{&quot;aperture&quot;:&quot;6.3&quot;,&quot;credit&quot;:&quot;Ionut Teoderascu&quot;,&quot;camera&quot;:&quot;ILCE-7M3&quot;,&quot;caption&quot;:&quot;Casa Memorial\\u0103 \\u201eDr. Vasile Lucaciu\\u201d din Apa, jude\\u021bul Satu Mare. Muzee de la sat&quot;,&quot;created_timestamp&quot;:&quot;1716714241&quot;,&quot;copyright&quot;:&quot;All rights reserved 2024&quot;,&quot;focal_length&quot;:&quot;17.5&quot;,&quot;iso&quot;:&quot;100&quot;,&quot;shutter_speed&quot;:&quot;0.02&quot;,&quot;title&quot;:&quot;Muzeul Memorial Dr Vasile Lucaciu Apa_Satu Mare&quot;,&quot;orientation&quot;:&quot;0&quot;}\" data-image-title=\"Muzeul Memorial Dr Vasile Lucaciu Apa_Satu Mare\" data-image-description=\"\" data-image-caption=\"&lt;p&gt;Casa Memorial\u0103 \u201eDr. Vasile Lucaciu\u201d din Apa, jude\u021bul Satu Mare. Muzee de la sat&lt;\/p&gt;\n\" data-medium-file=\"https:\/\/muzeusm.ro\/wp-content\/uploads\/2024\/08\/09_Muzeul-Memorial-Dr-Vasile-Lucaciu-Apa_Satu-Mare_Fotograf_Ionut-Teoderascu_240526-300x200.jpg\" data-large-file=\"https:\/\/muzeusm.ro\/wp-content\/uploads\/2024\/08\/09_Muzeul-Memorial-Dr-Vasile-Lucaciu-Apa_Satu-Mare_Fotograf_Ionut-Teoderascu_240526-1024x683.jpg\" alt=\"\" data-id=\"14799\" data-link=\"https:\/\/muzeusm.ro\/muzeul-memorial-dr-vasile-lucaciu-apa\/muzeul-memorial-dr-vasile-lucaciu-apa_satu-mare-9\/\" src=\"https:\/\/muzeusm.ro\/wp-content\/uploads\/2024\/08\/09_Muzeul-Memorial-Dr-Vasile-Lucaciu-Apa_Satu-Mare_Fotograf_Ionut-Teoderascu_240526-1024x683.jpg\" style=\"height:100%;width:100%\"\/><\/button><button aria-label=\"gallery thumbnail\" class=\"wp-block-coblocks-gallery-carousel-thumbnail wp-block-coblocks-gallery-carousel-thumbnail-9 has-margin-left-5 has-margin-left-mobile-5 has-margin-right-5 has-margin-right-mobile-5\" style=\"height:80px;width:100px\" tabindex=\"0\"><img decoding=\"async\" data-attachment-id=\"14800\" data-permalink=\"https:\/\/muzeusm.ro\/hu\/muzeul-memorial-dr-vasile-lucaciu-apa\/muzeul-memorial-dr-vasile-lucaciu-apa_satu-mare-10\/\" data-orig-file=\"https:\/\/muzeusm.ro\/wp-content\/uploads\/2024\/08\/10_Muzeul-Memorial-Dr-Vasile-Lucaciu-Apa_Satu-Mare_Fotograf_Ionut-Teoderascu_240526.jpg\" data-orig-size=\"1980,1320\" data-comments-opened=\"1\" data-image-meta=\"{&quot;aperture&quot;:&quot;6.3&quot;,&quot;credit&quot;:&quot;Ionut Teoderascu&quot;,&quot;camera&quot;:&quot;ILCE-7M3&quot;,&quot;caption&quot;:&quot;Casa Memorial\\u0103 \\u201eDr. Vasile Lucaciu\\u201d din Apa, jude\\u021bul Satu Mare. Muzee de la sat&quot;,&quot;created_timestamp&quot;:&quot;1716714373&quot;,&quot;copyright&quot;:&quot;All rights reserved 2024&quot;,&quot;focal_length&quot;:&quot;18.2&quot;,&quot;iso&quot;:&quot;100&quot;,&quot;shutter_speed&quot;:&quot;2.5&quot;,&quot;title&quot;:&quot;Muzeul Memorial Dr Vasile Lucaciu Apa_Satu Mare&quot;,&quot;orientation&quot;:&quot;0&quot;}\" data-image-title=\"Muzeul Memorial Dr Vasile Lucaciu Apa_Satu Mare\" data-image-description=\"\" data-image-caption=\"&lt;p&gt;Casa Memorial\u0103 \u201eDr. Vasile Lucaciu\u201d din Apa, jude\u021bul Satu Mare. Muzee de la sat&lt;\/p&gt;\n\" data-medium-file=\"https:\/\/muzeusm.ro\/wp-content\/uploads\/2024\/08\/10_Muzeul-Memorial-Dr-Vasile-Lucaciu-Apa_Satu-Mare_Fotograf_Ionut-Teoderascu_240526-300x200.jpg\" data-large-file=\"https:\/\/muzeusm.ro\/wp-content\/uploads\/2024\/08\/10_Muzeul-Memorial-Dr-Vasile-Lucaciu-Apa_Satu-Mare_Fotograf_Ionut-Teoderascu_240526-1024x683.jpg\" alt=\"\" data-id=\"14800\" data-link=\"https:\/\/muzeusm.ro\/muzeul-memorial-dr-vasile-lucaciu-apa\/muzeul-memorial-dr-vasile-lucaciu-apa_satu-mare-10\/\" src=\"https:\/\/muzeusm.ro\/wp-content\/uploads\/2024\/08\/10_Muzeul-Memorial-Dr-Vasile-Lucaciu-Apa_Satu-Mare_Fotograf_Ionut-Teoderascu_240526-1024x683.jpg\" style=\"height:100%;width:100%\"\/><\/button><button aria-label=\"gallery thumbnail\" class=\"wp-block-coblocks-gallery-carousel-thumbnail wp-block-coblocks-gallery-carousel-thumbnail-10 has-margin-left-5 has-margin-left-mobile-5 has-margin-right-5 has-margin-right-mobile-5\" style=\"height:80px;width:100px\" tabindex=\"0\"><img decoding=\"async\" data-attachment-id=\"14801\" data-permalink=\"https:\/\/muzeusm.ro\/hu\/muzeul-memorial-dr-vasile-lucaciu-apa\/muzeul-memorial-dr-vasile-lucaciu-apa_satu-mare-11\/\" data-orig-file=\"https:\/\/muzeusm.ro\/wp-content\/uploads\/2024\/08\/11_Muzeul-Memorial-Dr-Vasile-Lucaciu-Apa_Satu-Mare_Fotograf_Ionut-Teoderascu_240526.jpg\" data-orig-size=\"1980,1320\" data-comments-opened=\"1\" data-image-meta=\"{&quot;aperture&quot;:&quot;6.3&quot;,&quot;credit&quot;:&quot;Ionut Teoderascu&quot;,&quot;camera&quot;:&quot;ILCE-7M3&quot;,&quot;caption&quot;:&quot;Casa Memorial\\u0103 \\u201eDr. Vasile Lucaciu\\u201d din Apa, jude\\u021bul Satu Mare. Muzee de la sat&quot;,&quot;created_timestamp&quot;:&quot;1716714580&quot;,&quot;copyright&quot;:&quot;All rights reserved 2024&quot;,&quot;focal_length&quot;:&quot;20.3&quot;,&quot;iso&quot;:&quot;100&quot;,&quot;shutter_speed&quot;:&quot;0.016666666666667&quot;,&quot;title&quot;:&quot;Muzeul Memorial Dr Vasile Lucaciu Apa_Satu Mare&quot;,&quot;orientation&quot;:&quot;0&quot;}\" data-image-title=\"Muzeul Memorial Dr Vasile Lucaciu Apa_Satu Mare\" data-image-description=\"\" data-image-caption=\"&lt;p&gt;Casa Memorial\u0103 \u201eDr. Vasile Lucaciu\u201d din Apa, jude\u021bul Satu Mare. Muzee de la sat&lt;\/p&gt;\n\" data-medium-file=\"https:\/\/muzeusm.ro\/wp-content\/uploads\/2024\/08\/11_Muzeul-Memorial-Dr-Vasile-Lucaciu-Apa_Satu-Mare_Fotograf_Ionut-Teoderascu_240526-300x200.jpg\" data-large-file=\"https:\/\/muzeusm.ro\/wp-content\/uploads\/2024\/08\/11_Muzeul-Memorial-Dr-Vasile-Lucaciu-Apa_Satu-Mare_Fotograf_Ionut-Teoderascu_240526-1024x683.jpg\" alt=\"\" data-id=\"14801\" data-link=\"https:\/\/muzeusm.ro\/muzeul-memorial-dr-vasile-lucaciu-apa\/muzeul-memorial-dr-vasile-lucaciu-apa_satu-mare-11\/\" src=\"https:\/\/muzeusm.ro\/wp-content\/uploads\/2024\/08\/11_Muzeul-Memorial-Dr-Vasile-Lucaciu-Apa_Satu-Mare_Fotograf_Ionut-Teoderascu_240526-1024x683.jpg\" style=\"height:100%;width:100%\"\/><\/button><button aria-label=\"gallery thumbnail\" class=\"wp-block-coblocks-gallery-carousel-thumbnail wp-block-coblocks-gallery-carousel-thumbnail-11 has-margin-left-5 has-margin-left-mobile-5 has-margin-right-5 has-margin-right-mobile-5\" style=\"height:80px;width:100px\" tabindex=\"0\"><img decoding=\"async\" data-attachment-id=\"14802\" data-permalink=\"https:\/\/muzeusm.ro\/hu\/muzeul-memorial-dr-vasile-lucaciu-apa\/muzeul-memorial-dr-vasile-lucaciu-apa_satu-mare-12\/\" data-orig-file=\"https:\/\/muzeusm.ro\/wp-content\/uploads\/2024\/08\/12_Muzeul-Memorial-Dr-Vasile-Lucaciu-Apa_Satu-Mare_Fotograf_Ionut-Teoderascu_240526.jpg\" data-orig-size=\"1980,1320\" data-comments-opened=\"1\" data-image-meta=\"{&quot;aperture&quot;:&quot;5&quot;,&quot;credit&quot;:&quot;Ionut Teoderascu&quot;,&quot;camera&quot;:&quot;ILCE-7M3&quot;,&quot;caption&quot;:&quot;Casa Memorial\\u0103 \\u201eDr. Vasile Lucaciu\\u201d din Apa, jude\\u021bul Satu Mare. Muzee de la sat&quot;,&quot;created_timestamp&quot;:&quot;1716716204&quot;,&quot;copyright&quot;:&quot;All rights reserved 2024&quot;,&quot;focal_length&quot;:&quot;106&quot;,&quot;iso&quot;:&quot;160&quot;,&quot;shutter_speed&quot;:&quot;0.00625&quot;,&quot;title&quot;:&quot;Muzeul Memorial Dr Vasile Lucaciu Apa_Satu Mare&quot;,&quot;orientation&quot;:&quot;0&quot;}\" data-image-title=\"Muzeul Memorial Dr Vasile Lucaciu Apa_Satu Mare\" data-image-description=\"\" data-image-caption=\"&lt;p&gt;Casa Memorial\u0103 \u201eDr. Vasile Lucaciu\u201d din Apa, jude\u021bul Satu Mare. Muzee de la sat&lt;\/p&gt;\n\" data-medium-file=\"https:\/\/muzeusm.ro\/wp-content\/uploads\/2024\/08\/12_Muzeul-Memorial-Dr-Vasile-Lucaciu-Apa_Satu-Mare_Fotograf_Ionut-Teoderascu_240526-300x200.jpg\" data-large-file=\"https:\/\/muzeusm.ro\/wp-content\/uploads\/2024\/08\/12_Muzeul-Memorial-Dr-Vasile-Lucaciu-Apa_Satu-Mare_Fotograf_Ionut-Teoderascu_240526-1024x683.jpg\" alt=\"\" data-id=\"14802\" data-link=\"https:\/\/muzeusm.ro\/muzeul-memorial-dr-vasile-lucaciu-apa\/muzeul-memorial-dr-vasile-lucaciu-apa_satu-mare-12\/\" src=\"https:\/\/muzeusm.ro\/wp-content\/uploads\/2024\/08\/12_Muzeul-Memorial-Dr-Vasile-Lucaciu-Apa_Satu-Mare_Fotograf_Ionut-Teoderascu_240526-1024x683.jpg\" style=\"height:100%;width:100%\"\/><\/button><button aria-label=\"gallery thumbnail\" class=\"wp-block-coblocks-gallery-carousel-thumbnail wp-block-coblocks-gallery-carousel-thumbnail-12 has-margin-left-5 has-margin-left-mobile-5 has-margin-right-5 has-margin-right-mobile-5\" style=\"height:80px;width:100px\" tabindex=\"0\"><img decoding=\"async\" data-attachment-id=\"14803\" data-permalink=\"https:\/\/muzeusm.ro\/hu\/muzeul-memorial-dr-vasile-lucaciu-apa\/muzeul-memorial-dr-vasile-lucaciu-apa_satu-mare-13\/\" data-orig-file=\"https:\/\/muzeusm.ro\/wp-content\/uploads\/2024\/08\/13_Muzeul-Memorial-Dr-Vasile-Lucaciu-Apa_Satu-Mare_Fotograf_Ionut-Teoderascu_240526.jpg\" data-orig-size=\"1980,1320\" data-comments-opened=\"1\" data-image-meta=\"{&quot;aperture&quot;:&quot;6.3&quot;,&quot;credit&quot;:&quot;Ionut Teoderascu&quot;,&quot;camera&quot;:&quot;ILCE-7M3&quot;,&quot;caption&quot;:&quot;Casa Memorial\\u0103 \\u201eDr. Vasile Lucaciu\\u201d din Apa, jude\\u021bul Satu Mare. Muzee de la sat&quot;,&quot;created_timestamp&quot;:&quot;1716715446&quot;,&quot;copyright&quot;:&quot;All rights reserved 2024&quot;,&quot;focal_length&quot;:&quot;16.4&quot;,&quot;iso&quot;:&quot;100&quot;,&quot;shutter_speed&quot;:&quot;0.125&quot;,&quot;title&quot;:&quot;Muzeul Memorial Dr Vasile Lucaciu Apa_Satu Mare&quot;,&quot;orientation&quot;:&quot;0&quot;}\" data-image-title=\"Muzeul Memorial Dr Vasile Lucaciu Apa_Satu Mare\" data-image-description=\"\" data-image-caption=\"&lt;p&gt;Casa Memorial\u0103 \u201eDr. Vasile Lucaciu\u201d din Apa, jude\u021bul Satu Mare. Muzee de la sat&lt;\/p&gt;\n\" data-medium-file=\"https:\/\/muzeusm.ro\/wp-content\/uploads\/2024\/08\/13_Muzeul-Memorial-Dr-Vasile-Lucaciu-Apa_Satu-Mare_Fotograf_Ionut-Teoderascu_240526-300x200.jpg\" data-large-file=\"https:\/\/muzeusm.ro\/wp-content\/uploads\/2024\/08\/13_Muzeul-Memorial-Dr-Vasile-Lucaciu-Apa_Satu-Mare_Fotograf_Ionut-Teoderascu_240526-1024x683.jpg\" alt=\"\" data-id=\"14803\" data-link=\"https:\/\/muzeusm.ro\/muzeul-memorial-dr-vasile-lucaciu-apa\/muzeul-memorial-dr-vasile-lucaciu-apa_satu-mare-13\/\" src=\"https:\/\/muzeusm.ro\/wp-content\/uploads\/2024\/08\/13_Muzeul-Memorial-Dr-Vasile-Lucaciu-Apa_Satu-Mare_Fotograf_Ionut-Teoderascu_240526-1024x683.jpg\" style=\"height:100%;width:100%\"\/><\/button><button aria-label=\"gallery thumbnail\" class=\"wp-block-coblocks-gallery-carousel-thumbnail wp-block-coblocks-gallery-carousel-thumbnail-13 has-margin-left-5 has-margin-left-mobile-5 has-margin-right-5 has-margin-right-mobile-5\" style=\"height:80px;width:100px\" tabindex=\"0\"><img decoding=\"async\" data-attachment-id=\"14804\" data-permalink=\"https:\/\/muzeusm.ro\/hu\/muzeul-memorial-dr-vasile-lucaciu-apa\/muzeul-memorial-dr-vasile-lucaciu-apa_satu-mare-14\/\" data-orig-file=\"https:\/\/muzeusm.ro\/wp-content\/uploads\/2024\/08\/14_Muzeul-Memorial-Dr-Vasile-Lucaciu-Apa_Satu-Mare_Fotograf_Ionut-Teoderascu_240526.jpg\" data-orig-size=\"1980,1320\" data-comments-opened=\"1\" data-image-meta=\"{&quot;aperture&quot;:&quot;6.3&quot;,&quot;credit&quot;:&quot;Ionut Teoderascu&quot;,&quot;camera&quot;:&quot;ILCE-7M3&quot;,&quot;caption&quot;:&quot;Casa Memorial\\u0103 \\u201eDr. Vasile Lucaciu\\u201d din Apa, jude\\u021bul Satu Mare. Muzee de la sat&quot;,&quot;created_timestamp&quot;:&quot;1716715481&quot;,&quot;copyright&quot;:&quot;All rights reserved 2024&quot;,&quot;focal_length&quot;:&quot;17.5&quot;,&quot;iso&quot;:&quot;100&quot;,&quot;shutter_speed&quot;:&quot;0.125&quot;,&quot;title&quot;:&quot;Muzeul Memorial Dr Vasile Lucaciu Apa_Satu Mare&quot;,&quot;orientation&quot;:&quot;0&quot;}\" data-image-title=\"Muzeul Memorial Dr Vasile Lucaciu Apa_Satu Mare\" data-image-description=\"\" data-image-caption=\"&lt;p&gt;Casa Memorial\u0103 \u201eDr. Vasile Lucaciu\u201d din Apa, jude\u021bul Satu Mare. Muzee de la sat&lt;\/p&gt;\n\" data-medium-file=\"https:\/\/muzeusm.ro\/wp-content\/uploads\/2024\/08\/14_Muzeul-Memorial-Dr-Vasile-Lucaciu-Apa_Satu-Mare_Fotograf_Ionut-Teoderascu_240526-300x200.jpg\" data-large-file=\"https:\/\/muzeusm.ro\/wp-content\/uploads\/2024\/08\/14_Muzeul-Memorial-Dr-Vasile-Lucaciu-Apa_Satu-Mare_Fotograf_Ionut-Teoderascu_240526-1024x683.jpg\" alt=\"\" data-id=\"14804\" data-link=\"https:\/\/muzeusm.ro\/muzeul-memorial-dr-vasile-lucaciu-apa\/muzeul-memorial-dr-vasile-lucaciu-apa_satu-mare-14\/\" src=\"https:\/\/muzeusm.ro\/wp-content\/uploads\/2024\/08\/14_Muzeul-Memorial-Dr-Vasile-Lucaciu-Apa_Satu-Mare_Fotograf_Ionut-Teoderascu_240526-1024x683.jpg\" style=\"height:100%;width:100%\"\/><\/button><button aria-label=\"gallery thumbnail\" class=\"wp-block-coblocks-gallery-carousel-thumbnail wp-block-coblocks-gallery-carousel-thumbnail-14 has-margin-left-5 has-margin-left-mobile-5 has-margin-right-5 has-margin-right-mobile-5\" style=\"height:80px;width:100px\" tabindex=\"0\"><img decoding=\"async\" data-attachment-id=\"14805\" data-permalink=\"https:\/\/muzeusm.ro\/hu\/muzeul-memorial-dr-vasile-lucaciu-apa\/muzeul-memorial-dr-vasile-lucaciu-apa_satu-mare-15\/\" data-orig-file=\"https:\/\/muzeusm.ro\/wp-content\/uploads\/2024\/08\/15_Muzeul-Memorial-Dr-Vasile-Lucaciu-Apa_Satu-Mare_Fotograf_Ionut-Teoderascu_240526.jpg\" data-orig-size=\"1980,1320\" data-comments-opened=\"1\" data-image-meta=\"{&quot;aperture&quot;:&quot;6.3&quot;,&quot;credit&quot;:&quot;Ionut Teoderascu&quot;,&quot;camera&quot;:&quot;ILCE-7M3&quot;,&quot;caption&quot;:&quot;Casa Memorial\\u0103 \\u201eDr. Vasile Lucaciu\\u201d din Apa, jude\\u021bul Satu Mare. Muzee de la sat&quot;,&quot;created_timestamp&quot;:&quot;1716715731&quot;,&quot;copyright&quot;:&quot;All rights reserved 2024&quot;,&quot;focal_length&quot;:&quot;23.1&quot;,&quot;iso&quot;:&quot;100&quot;,&quot;shutter_speed&quot;:&quot;2.5&quot;,&quot;title&quot;:&quot;Muzeul Memorial Dr Vasile Lucaciu Apa_Satu Mare&quot;,&quot;orientation&quot;:&quot;0&quot;}\" data-image-title=\"Muzeul Memorial Dr Vasile Lucaciu Apa_Satu Mare\" data-image-description=\"\" data-image-caption=\"&lt;p&gt;Casa Memorial\u0103 \u201eDr. Vasile Lucaciu\u201d din Apa, jude\u021bul Satu Mare. Muzee de la sat&lt;\/p&gt;\n\" data-medium-file=\"https:\/\/muzeusm.ro\/wp-content\/uploads\/2024\/08\/15_Muzeul-Memorial-Dr-Vasile-Lucaciu-Apa_Satu-Mare_Fotograf_Ionut-Teoderascu_240526-300x200.jpg\" data-large-file=\"https:\/\/muzeusm.ro\/wp-content\/uploads\/2024\/08\/15_Muzeul-Memorial-Dr-Vasile-Lucaciu-Apa_Satu-Mare_Fotograf_Ionut-Teoderascu_240526-1024x683.jpg\" alt=\"\" data-id=\"14805\" data-link=\"https:\/\/muzeusm.ro\/muzeul-memorial-dr-vasile-lucaciu-apa\/muzeul-memorial-dr-vasile-lucaciu-apa_satu-mare-15\/\" src=\"https:\/\/muzeusm.ro\/wp-content\/uploads\/2024\/08\/15_Muzeul-Memorial-Dr-Vasile-Lucaciu-Apa_Satu-Mare_Fotograf_Ionut-Teoderascu_240526-1024x683.jpg\" style=\"height:100%;width:100%\"\/><\/button><button aria-label=\"gallery thumbnail\" class=\"wp-block-coblocks-gallery-carousel-thumbnail wp-block-coblocks-gallery-carousel-thumbnail-15 has-margin-left-5 has-margin-left-mobile-5 has-margin-right-5 has-margin-right-mobile-5\" style=\"height:80px;width:100px\" tabindex=\"0\"><img decoding=\"async\" data-attachment-id=\"14806\" data-permalink=\"https:\/\/muzeusm.ro\/hu\/muzeul-memorial-dr-vasile-lucaciu-apa\/muzeul-memorial-dr-vasile-lucaciu-apa_satu-mare-16\/\" data-orig-file=\"https:\/\/muzeusm.ro\/wp-content\/uploads\/2024\/08\/16_Muzeul-Memorial-Dr-Vasile-Lucaciu-Apa_Satu-Mare_Fotograf_Ionut-Teoderascu_240526.jpg\" data-orig-size=\"1980,1320\" data-comments-opened=\"1\" data-image-meta=\"{&quot;aperture&quot;:&quot;2.8&quot;,&quot;credit&quot;:&quot;Ionut Teoderascu&quot;,&quot;camera&quot;:&quot;ILCE-7M3&quot;,&quot;caption&quot;:&quot;Casa Memorial\\u0103 \\u201eDr. Vasile Lucaciu\\u201d din Apa, jude\\u021bul Satu Mare. Muzee de la sat&quot;,&quot;created_timestamp&quot;:&quot;1716716283&quot;,&quot;copyright&quot;:&quot;All rights reserved 2024&quot;,&quot;focal_length&quot;:&quot;85&quot;,&quot;iso&quot;:&quot;640&quot;,&quot;shutter_speed&quot;:&quot;0.008&quot;,&quot;title&quot;:&quot;Muzeul Memorial Dr Vasile Lucaciu Apa_Satu Mare&quot;,&quot;orientation&quot;:&quot;0&quot;}\" data-image-title=\"Muzeul Memorial Dr Vasile Lucaciu Apa_Satu Mare\" data-image-description=\"\" data-image-caption=\"&lt;p&gt;Casa Memorial\u0103 \u201eDr. Vasile Lucaciu\u201d din Apa, jude\u021bul Satu Mare. Muzee de la sat&lt;\/p&gt;\n\" data-medium-file=\"https:\/\/muzeusm.ro\/wp-content\/uploads\/2024\/08\/16_Muzeul-Memorial-Dr-Vasile-Lucaciu-Apa_Satu-Mare_Fotograf_Ionut-Teoderascu_240526-300x200.jpg\" data-large-file=\"https:\/\/muzeusm.ro\/wp-content\/uploads\/2024\/08\/16_Muzeul-Memorial-Dr-Vasile-Lucaciu-Apa_Satu-Mare_Fotograf_Ionut-Teoderascu_240526-1024x683.jpg\" alt=\"\" data-id=\"14806\" data-link=\"https:\/\/muzeusm.ro\/muzeul-memorial-dr-vasile-lucaciu-apa\/muzeul-memorial-dr-vasile-lucaciu-apa_satu-mare-16\/\" src=\"https:\/\/muzeusm.ro\/wp-content\/uploads\/2024\/08\/16_Muzeul-Memorial-Dr-Vasile-Lucaciu-Apa_Satu-Mare_Fotograf_Ionut-Teoderascu_240526-1024x683.jpg\" style=\"height:100%;width:100%\"\/><\/button><button aria-label=\"gallery thumbnail\" class=\"wp-block-coblocks-gallery-carousel-thumbnail wp-block-coblocks-gallery-carousel-thumbnail-16 has-margin-left-5 has-margin-left-mobile-5 has-margin-right-5 has-margin-right-mobile-5\" style=\"height:80px;width:100px\" tabindex=\"0\"><img decoding=\"async\" data-attachment-id=\"14807\" data-permalink=\"https:\/\/muzeusm.ro\/hu\/muzeul-memorial-dr-vasile-lucaciu-apa\/muzeul-memorial-dr-vasile-lucaciu-apa_satu-mare-17\/\" data-orig-file=\"https:\/\/muzeusm.ro\/wp-content\/uploads\/2024\/08\/17_Muzeul-Memorial-Dr-Vasile-Lucaciu-Apa_Satu-Mare_Fotograf_Ionut-Teoderascu_240526.jpg\" data-orig-size=\"1980,1320\" data-comments-opened=\"1\" data-image-meta=\"{&quot;aperture&quot;:&quot;2.8&quot;,&quot;credit&quot;:&quot;Ionut Teoderascu&quot;,&quot;camera&quot;:&quot;ILCE-7M3&quot;,&quot;caption&quot;:&quot;Casa Memorial\\u0103 \\u201eDr. Vasile Lucaciu\\u201d din Apa, jude\\u021bul Satu Mare. Muzee de la sat&quot;,&quot;created_timestamp&quot;:&quot;1716716299&quot;,&quot;copyright&quot;:&quot;All rights reserved 2024&quot;,&quot;focal_length&quot;:&quot;99&quot;,&quot;iso&quot;:&quot;640&quot;,&quot;shutter_speed&quot;:&quot;0.008&quot;,&quot;title&quot;:&quot;Muzeul Memorial Dr Vasile Lucaciu Apa_Satu Mare&quot;,&quot;orientation&quot;:&quot;0&quot;}\" data-image-title=\"Muzeul Memorial Dr Vasile Lucaciu Apa_Satu Mare\" data-image-description=\"\" data-image-caption=\"&lt;p&gt;Casa Memorial\u0103 \u201eDr. Vasile Lucaciu\u201d din Apa, jude\u021bul Satu Mare. Muzee de la sat&lt;\/p&gt;\n\" data-medium-file=\"https:\/\/muzeusm.ro\/wp-content\/uploads\/2024\/08\/17_Muzeul-Memorial-Dr-Vasile-Lucaciu-Apa_Satu-Mare_Fotograf_Ionut-Teoderascu_240526-300x200.jpg\" data-large-file=\"https:\/\/muzeusm.ro\/wp-content\/uploads\/2024\/08\/17_Muzeul-Memorial-Dr-Vasile-Lucaciu-Apa_Satu-Mare_Fotograf_Ionut-Teoderascu_240526-1024x683.jpg\" alt=\"\" data-id=\"14807\" data-link=\"https:\/\/muzeusm.ro\/muzeul-memorial-dr-vasile-lucaciu-apa\/muzeul-memorial-dr-vasile-lucaciu-apa_satu-mare-17\/\" src=\"https:\/\/muzeusm.ro\/wp-content\/uploads\/2024\/08\/17_Muzeul-Memorial-Dr-Vasile-Lucaciu-Apa_Satu-Mare_Fotograf_Ionut-Teoderascu_240526-1024x683.jpg\" style=\"height:100%;width:100%\"\/><\/button><\/div><\/div><\/div>\n\n\n\n<div class=\"wp-block-group alignfull has-background\" style=\"background-color:#f2f0e9\"><div class=\"wp-block-group__inner-container is-layout-flow wp-block-group-is-layout-flow\">\n<div class=\"wp-block-columns alignwide is-layout-flex wp-container-core-columns-is-layout-28f84493 wp-block-columns-is-layout-flex\">\n<div class=\"wp-block-column is-layout-flow wp-block-column-is-layout-flow\">\n<figure class=\"wp-block-image size-large\"><img loading=\"lazy\" decoding=\"async\" width=\"1600\" height=\"1200\" data-attachment-id=\"373\" data-permalink=\"https:\/\/muzeusm.ro\/hu\/muzeul-memorial-dr-vasile-lucaciu-apa\/whatsapp-image-2021-12-13-at-09-27-50\/\" data-orig-file=\"https:\/\/muzeusm.ro\/wp-content\/uploads\/2021\/12\/whatsapp-image-2021-12-13-at-09.27.50.jpeg\" data-orig-size=\"1600,1200\" data-comments-opened=\"1\" data-image-meta=\"{&quot;aperture&quot;:&quot;0&quot;,&quot;credit&quot;:&quot;&quot;,&quot;camera&quot;:&quot;&quot;,&quot;caption&quot;:&quot;&quot;,&quot;created_timestamp&quot;:&quot;0&quot;,&quot;copyright&quot;:&quot;&quot;,&quot;focal_length&quot;:&quot;0&quot;,&quot;iso&quot;:&quot;0&quot;,&quot;shutter_speed&quot;:&quot;0&quot;,&quot;title&quot;:&quot;&quot;,&quot;orientation&quot;:&quot;0&quot;}\" data-image-title=\"WhatsApp Image 2021-12-13 at 09.27.50\" data-image-description=\"\" data-image-caption=\"\" data-medium-file=\"https:\/\/muzeusm.ro\/wp-content\/uploads\/2021\/12\/whatsapp-image-2021-12-13-at-09.27.50.jpeg\" data-large-file=\"https:\/\/muzeusm.ro\/wp-content\/uploads\/2021\/12\/whatsapp-image-2021-12-13-at-09.27.50.jpeg\" src=\"https:\/\/muzeusm.ro\/wp-content\/uploads\/2021\/12\/whatsapp-image-2021-12-13-at-09.27.50.jpeg?w=1024\" alt=\"\" class=\"wp-image-373\"\/><figcaption class=\"wp-element-caption\">Dr. Vasile Lucaciu Eml\u00e9km\u00fazeum, Apa<\/figcaption><\/figure>\n<\/div>\n\n\n\n<div class=\"wp-block-column is-layout-flow wp-block-column-is-layout-flow\">\n<p class=\"has-text-color has-extra-small-font-size\" style=\"color:#000000\">A Vasile Lucaciu szatm\u00e1ri tev\u00e9kenys\u00e9g\u00e9re eml\u00e9keztet\u0151 m\u0171eml\u00e9kek egyike az Ap\u00e1ban tal\u00e1lhat\u00f3 eml\u00e9kh\u00e1z. A kicsiny m\u00fazeumnak otthont ad\u00f3, szamosk\u00f6zi n\u00e9pi st\u00edlusban, 1847-ben \u00e9p\u00fclt egykori g\u00f6r\u00f6g katolikus k\u00e1ntorlak egyike a kev\u00e9s, 19. sz\u00e1zad k\u00f6zep\u00e9r\u0151l megmaradt \u00e9p\u00edtm\u00e9nynek,<br>mely az 1852. janu\u00e1r 25-\u00e9n sz\u00fcletett lelk\u00e9sz, Vasile Lucaciu kor\u00e1b\u00f3l maradt fent. Az 1981- ben megnyitott eml\u00e9kh\u00e1z k\u00e9t szob\u00e1j\u00e1ban tal\u00e1lhat\u00f3 az a ki\u00e1ll\u00edt\u00e1s, amely a lelk\u00e9sz szem\u00e9lyes dolgain \u00e9s korabeli t\u00e1rgyain<br>kereszt\u00fcl eml\u00e9kezteti a l\u00e1togat\u00f3kat a h\u00edres szatm\u00e1ri politikus tev\u00e9kenys\u00e9g\u00e9re. Az eml\u00e9kh\u00e1z megnyit\u00e1sa ut\u00e1n 8 \u00e9vvel, 1989<br>december\u00e9ben a h\u00e1z udvar\u00e1n leleplezt\u00e9k Vasile Lucaciu mellszobr\u00e1t, Gil R\u0103dulescu szobr\u00e1sz alkot\u00e1s\u00e1t. Egy eur\u00f3pai uni\u00f3s projekt keret\u00e9n bel\u00fcl 2014-ben az eml\u00e9kh\u00e1zat teljes eg\u00e9sz\u00e9ben fel\u00faj\u00edtott\u00e1k, figyelembe v\u00e9ve \u00e9s megtartva az eredeti jellegzetess\u00e9geket. A projektet Sz\u0151cs P\u00e9ter Levente koordin\u00e1lta a Szatm\u00e1r Megyei M\u00fazeum szakembereinek, Adriana Zaharia t\u00f6rt\u00e9n\u00e9sz, Oana P\u0103curar k\u00e9pz\u0151m\u0171v\u00e9sz \u00e9s Dumitru P\u0103curaru \u00edr\u00f3 k\u00f6zrem\u0171k\u00f6d\u00e9s\u00e9vel. 2019-ben a telep\u00fcl\u00e9s.<\/p>\n\n\n\n<p class=\"has-text-color has-extra-small-font-size\" style=\"color:#000000\"><\/p>\n<\/div>\n\n\n\n<div class=\"wp-block-column is-layout-flow wp-block-column-is-layout-flow\">\n<p class=\"has-text-color has-extra-small-font-size\" style=\"color:#000000\">L\u00e1togat\u00e1s el\u0151zetes telefonos bejelentkez\u00e9s alapj\u00e1n keddt\u0151l szombatig,<br>09:00-17:00 \u00f3ra k\u00f6z\u00f6tt, valamint vas\u00e1rnap 10:00-14:00 k\u00f6z\u00f6tt.<br>H\u00e9tf\u0151n z\u00e1rva. Kapcsolat: +40\/747\/492955, C\u00edm: Apa, 246 sz.<\/p>\n\n\n\n<p class=\"has-text-color has-extra-small-font-size\" style=\"color:#000000\"><\/p>\n<\/div>\n<\/div>\n\n\n\n<div style=\"height:40px\" aria-hidden=\"true\" class=\"wp-block-spacer\"><\/div>\n<\/div><\/div>\n\n\n\n<iframe width='960' height='540' src='https:\/\/tur3d.real-tour.ro\/show\/?m=jPNo7J4cyQE&#038;mpu=494'\r\nframeborder='0' allowfullscreen allow='xr-spatial-tracking'><\/iframe>\n\n\n\n<iframe loading=\"lazy\" width=\"960\" height=\"540\" src=\"https:\/\/www.youtube.com\/embed\/r1EGB0ogvRM?si=1zVwJnjx0gIFIhuT\" title=\"YouTube video player\" frameborder=\"0\" allow=\"accelerometer; autoplay; clipboard-write; encrypted-media; gyroscope; picture-in-picture; web-share\" referrerpolicy=\"strict-origin-when-cross-origin\" allowfullscreen><\/iframe>\n\n\n\n<p>Surs\u0103 : \u201e<a href=\"https:\/\/www.muzeedelasat.ro\/\" target=\"_blank\" rel=\"noreferrer noopener\">Muzee de la sat<\/a>&nbsp;\u2013 Proiect co-finan\u021bat de&nbsp;<a href=\"https:\/\/www.afcn.ro\/\" target=\"_blank\" rel=\"noreferrer noopener\">AFCN<\/a>, realizat de&nbsp;<a href=\"https:\/\/www.real-tour.ro\/\" target=\"_blank\" rel=\"noreferrer noopener\">Real Tour Ro<\/a>&nbsp;\u0219i sus\u021binut de&nbsp;<a href=\"https:\/\/www.delasat.ro\/\" target=\"_blank\" rel=\"noreferrer noopener\">De la sat<\/a>.\u201d<\/p>\n\n\n\n<div class=\"wp-block-coblocks-features alignfull coblocks-features-725234240747\"><div class=\"wp-block-coblocks-features__inner has-tertiary-background-color has-background has-columns has-4-columns has-responsive-columns has-padding has-large-padding has-margin has-large-margin has-center-content has-large-gutter\">\n<div class=\"wp-block-coblocks-feature has-center-content coblocks-feature-725234240794\"><div class=\"wp-block-coblocks-feature__inner has-padding has-large-padding\"><div class=\"wp-block-coblocks-icon\">\n\t\t\t\t<div class=\"wp-block-coblocks-icon__inner has-text-color has-secondary-color\" style=\"height: 60px; width: 60px;\">\n\t\t\t\t\t<svg fill=\"none\" viewBox=\"0 0 20 20\" xmlns=\"http:\/\/www.w3.org\/2000\/svg\"><path d=\"m10 0c-3.921743 0-7.11427301 3.19253001-7.11427301 7.11427301 0 4.95331259 6.18941752 11.86305029 6.45620276 12.15651399l.65807025.729213.6580703-.729213c.2667852-.2934637 6.4562027-7.2032014 6.4562027-12.15651399 0-3.921743-3.19253-7.11427301-7.114273-7.11427301zm0 17.3143619c-1.9386394-2.3210315-5.33570476-7.0520231-5.33570476-10.20008889 0-2.94353046 2.3921743-5.33570476 5.33570476-5.33570476 2.9435305 0 5.3357048 2.3921743 5.3357048 5.33570476 0 3.40595819-3.7794576 8.32369939-5.3357048 10.20008889zm-1.36060471-8.27034234-1.56514007-1.5740329-1.26278345 1.26278346 2.82792352 2.82792348 5.34459761-5.34459756-1.2538906-1.26278346z\" fill=\"currentColor\" \/><\/svg>\n\t\t\t\t<\/div>\n\t\t\t<\/div>\n\n\n<h4 class=\"wp-block-heading\">Megk\u00f6zel\u00edt\u00e9s<\/h4>\n\n\n\n<p>Apa K\u00f6zs\u00e9g, Szatm\u00e1r Megye<\/p>\n\n\n\n<p><strong><a href=\"https:\/\/www.google.com\/maps\/place\/Muzeu+memorial+Dr.+Vasile+Lucaciu\/@47.4189282,22.7449848,7z\/data=!4m6!3m5!1s0x4737fa3a17975ccd:0x7b1a3a0c2158b63a!8m2!3d47.7616453!4d23.1993906!16s%2Fg%2F1pwgtc_c7?coh=210790&amp;entry=tts&amp;g_ep=EgoyMDI0MDUyOS4wKgBIAVAD\">Google Maps<\/a><\/strong><\/p>\n<\/div><\/div>\n\n\n\n<div class=\"wp-block-coblocks-feature has-center-content coblocks-feature-725234240794\"><div class=\"wp-block-coblocks-feature__inner has-padding has-large-padding\"><div class=\"wp-block-coblocks-icon\">\n\t\t\t\t<div class=\"wp-block-coblocks-icon__inner has-text-color has-secondary-color\" style=\"height: 60px; width: 60px;\">\n\t\t\t\t\t<svg width=\"24\" height=\"24\" viewBox=\"0 0 24 24\" fill=\"none\" xmlns=\"http:\/\/www.w3.org\/2000\/svg\">\n<path d=\"M12 23.52C9.72154 23.52 7.49427 22.8444 5.59982 21.5785C3.70536 20.3127 2.22881 18.5135 1.35689 16.4085C0.484972 14.3035 0.256838 11.9872 0.701339 9.75257C1.14584 7.51791 2.24301 5.46524 3.85412 3.85414C5.46522 2.24304 7.51788 1.14586 9.75254 0.701362C11.9872 0.25686 14.3035 0.484995 16.4085 1.35692C18.5135 2.22884 20.3127 3.70539 21.5785 5.59984C22.8443 7.49429 23.52 9.72157 23.52 12C23.52 15.0553 22.3063 17.9855 20.1459 20.1459C17.9854 22.3063 15.0553 23.52 12 23.52ZM12 2.78401C10.1772 2.78401 8.39541 3.32452 6.87985 4.33718C5.36429 5.34985 4.18305 6.78919 3.48551 8.4732C2.78797 10.1572 2.60547 12.0102 2.96107 13.798C3.31667 15.5857 4.19441 17.2278 5.48329 18.5167C6.77217 19.8056 8.4143 20.6833 10.202 21.0389C11.9898 21.3945 13.8428 21.212 15.5268 20.5145C17.2108 19.8169 18.6501 18.6357 19.6628 17.1201C20.6755 15.6046 21.216 13.8228 21.216 12C21.216 9.55577 20.245 7.21165 18.5167 5.48331C16.7883 3.75498 14.4442 2.78401 12 2.78401V2.78401Z\" fill=\"currentColor\"\/>\n<path d=\"M12 13.536C11.6945 13.536 11.4015 13.4146 11.1854 13.1986C10.9694 12.9825 10.848 12.6895 10.848 12.384V5.856H13.152V12.384C13.152 12.6895 13.0307 12.9825 12.8146 13.1986C12.5986 13.4146 12.3056 13.536 12 13.536V13.536Z\" fill=\"currentColor\"\/>\n<path d=\"M21.9357 0.434855L18.8647 3.50585L20.4939 5.13502L23.5649 2.06403L21.9357 0.434855Z\" fill=\"currentColor\"\/>\n<\/svg>\n\n\t\t\t\t<\/div>\n\t\t\t<\/div>\n\n\n<h4 class=\"wp-block-heading\">Nyitvatart\u00e1s<\/h4>\n\n\n\n<p>Kedd \u2013 Szombat:\u00a0<strong>09:00 \u2013 17:00<\/strong><br>Vas\u00e1rnap \u2013 H\u00e9tf\u0151:<strong> z\u00e1rva<\/strong><br><\/p>\n<\/div><\/div>\n\n\n\n<div class=\"wp-block-coblocks-feature has-center-content coblocks-feature-72523424422\"><div class=\"wp-block-coblocks-feature__inner has-padding has-large-padding\"><div class=\"wp-block-coblocks-icon\">\n\t\t\t\t<div class=\"wp-block-coblocks-icon__inner has-text-color has-secondary-color\" style=\"height: 60px; width: 60px;\">\n\t\t\t\t\t<svg fill=\"none\" viewBox=\"0 0 24 24\" xmlns=\"http:\/\/www.w3.org\/2000\/svg\"><g clip-rule=\"evenodd\" fill=\"currentColor\" fill-rule=\"evenodd\"><path d=\"m16 3h-10c-.27614 0-.5.22386-.5.5v13.5c0 .2761.22386.5.5.5h10c.2761 0 .5-.2239.5-.5v-13.5c0-.27614-.2239-.5-.5-.5zm-10-1.5h10c1.1046 0 2 .89543 2 2v13.5c0 1.1046-.8954 2-2 2h-10c-1.10457 0-2-.8954-2-2v-13.5c0-1.10457.89543-2 2-2z\"\/><path d=\"m9.91233 7.87699c-.31409.21986-.41233.45167-.41233.62301s.09824.40315.41233.62301c.31177.21821.78237.37699 1.33767.37699v1.5c-.8254 0-1.60477-.233-2.19786-.6481-.59073-.41355-1.05214-1.05674-1.05214-1.8519s.46141-1.43835 1.05214-1.85186c.59309-.41517 1.37246-.64814 2.19786-.64814s1.6048.23297 2.1979.64814c.5907.41351 1.0521 1.0567 1.0521 1.85186 0 .41421-.3358.75-.75.75s-.75-.33579-.75-.75c0-.17134-.0982-.40315-.4123-.62301-.3118-.21821-.7824-.37699-1.3377-.37699s-1.0259.15878-1.33767.37699z\"\/><path d=\"m12.5877 12.623c.3141-.2199.4123-.4517.4123-.623s-.0982-.4031-.4123-.623c-.3118-.2182-.7824-.377-1.3377-.377v-1.5c.8254 0 1.6048.23297 2.1979.6481.5907.4135 1.0521 1.0567 1.0521 1.8519s-.4614 1.4384-1.0521 1.8519c-.5931.4151-1.3725.6481-2.1979.6481s-1.60477-.233-2.19786-.6481c-.59073-.4135-1.05214-1.0567-1.05214-1.8519 0-.4142.33579-.75.75-.75s.75.3358.75.75c0 .1713.09824.4031.41233.623.31177.2182.78237.377 1.33767.377s1.0259-.1588 1.3377-.377z\"\/><path d=\"m11.25 13.5c.4142 0 .75.3358.75.75v.5c0 .4142-.3358.75-.75.75s-.75-.3358-.75-.75v-.5c0-.4142.3358-.75.75-.75z\"\/><path d=\"m11.25 5c.4142 0 .75.33579.75.75v.5c0 .41421-.3358.75-.75.75s-.75-.33579-.75-.75v-.5c0-.41421.3358-.75.75-.75z\"\/><\/g><path d=\"m20.25 8.25v11c0 1.1046-.8954 2-2 2h-8\" stroke=\"currentColor\" stroke-width=\"1.5\" fill=\"none\"\/><\/svg>\n\n\t\t\t\t<\/div>\n\t\t\t<\/div>\n\n\n<h4 class=\"wp-block-heading\">Jegy\u00e1rak<\/h4>\n\n\n\n<p>Feln\u0151tt \u2013\u00a0<strong>20 RON<\/strong><\/p>\n\n\n\n<p>Nyugd\u00edjas, egyetemista, 18 \u00e9v alatti  \u2013\u00a0<strong>10 RON<\/strong><\/p>\n\n\n\n<p>Csoportos di\u00e1kjegy \u2013<strong> 10 RON<\/strong><\/p>\n<\/div><\/div>\n\n\n\n<div class=\"wp-block-coblocks-feature coblocks-feature-72523424463\"><div class=\"wp-block-coblocks-feature__inner has-padding\"><div class=\"wp-block-coblocks-icon\">\n\t\t\t\t<div class=\"wp-block-coblocks-icon__inner has-text-color has-secondary-color\" style=\"height: 60px; width: 60px;\">\n\t\t\t\t\t<svg fill=\"none\" viewBox=\"0 0 20 20\" xmlns=\"http:\/\/www.w3.org\/2000\/svg\"><path d=\"m19.99 7c0-.72-.37-1.35-.94-1.7l-9.05-5.3-9.05 5.3c-.57.35-.95.98-.95 1.7v11c0 1.1.9 2 2 2h16c1.1 0 2-.9 2-2zm-2 0v.01l-7.99 4.99-8-5 8-4.68zm-15.99 11v-8.66l8 5.02 7.99-4.99.01 8.63z\" fill=\"currentColor\" \/><\/svg>\n\t\t\t\t<\/div>\n\t\t\t<\/div>\n\n\n<h4 class=\"wp-block-heading\">El\u00e9rhet\u0151s\u00e9g<\/h4>\n\n\n\n<p><strong>Mobil : <\/strong>+0747492955<\/p>\n\n\n\n<p><strong>Email :<\/strong> muzeusm@gmail.com<\/p>\n<\/div><\/div>\n<\/div><\/div>\n","protected":false},"excerpt":{"rendered":"<p>A Vasile Lucaciu szatm\u00e1ri tev\u00e9kenys\u00e9g\u00e9re eml\u00e9keztet\u0151 m\u0171eml\u00e9kek egyike az Ap\u00e1ban tal\u00e1lhat\u00f3 eml\u00e9kh\u00e1z. A kicsiny m\u00fazeumnak otthont ad\u00f3, szamosk\u00f6zi n\u00e9pi st\u00edlusban, 1847-ben \u00e9p\u00fclt egykori g\u00f6r\u00f6g katolikus k\u00e1ntorlak egyike a kev\u00e9s, 19. sz\u00e1zad k\u00f6zep\u00e9r\u0151l megmaradt \u00e9p\u00edtm\u00e9nynek,mely az 1852. janu\u00e1r 25-\u00e9n sz\u00fcletett lelk\u00e9sz, Vasile Lucaciu kor\u00e1b\u00f3l maradt fent. Az 1981- ben megnyitott eml\u00e9kh\u00e1z k\u00e9t szob\u00e1j\u00e1ban tal\u00e1lhat\u00f3 az a<a class=\"more-link\" href=\"https:\/\/muzeusm.ro\/hu\/muzeul-memorial-dr-vasile-lucaciu-apa\/\">Continue reading <span class=\"screen-reader-text\">&#8220;Dr. Vasile Lucaciu Eml\u00e9km\u00fazeum, Apa&#8221;<\/span><\/a><\/p>\n","protected":false},"author":183061330,"featured_media":0,"parent":0,"menu_order":0,"comment_status":"closed","ping_status":"closed","template":"","meta":{"_coblocks_attr":"","_coblocks_dimensions":"","_coblocks_responsive_height":"","_coblocks_accordion_ie_support":"","advanced_seo_description":"","jetpack_seo_html_title":"","jetpack_seo_noindex":false,"jetpack_post_was_ever_published":false,"footnotes":""},"class_list":["post-191","page","type-page","status-publish","hentry","entry"],"translation":{"provider":"WPGlobus","version":"3.0.1","language":"hu","enabled_languages":["ro","hu","en"],"languages":{"ro":{"title":true,"content":true,"excerpt":false},"hu":{"title":true,"content":true,"excerpt":false},"en":{"title":false,"content":false,"excerpt":false}}},"jetpack_likes_enabled":true,"jetpack-related-posts":[{"id":58,"url":"https:\/\/muzeusm.ro\/hu\/reteaua-muzeala\/","url_meta":{"origin":191,"position":0},"title":"M\u00fazeumi h\u00e1l\u00f3zat","author":"andreeaionetecu","date":"19 October 2021","format":false,"excerpt":"{:ro} Muzeul Jude\u021bean Satu Mare Muzeul de Art\u0103 Satu Mare Muzeul Municipal Carei - Castelul K\u00e1rolyi Muzeul Memorial Dr. Vasile Lucaciu, Apa Complex Memorial Ady Endre Muzeul Or\u0103\u0219enesc T\u0103\u0219nad Casa Muzeu T\u0103\u0219nad Atelierul Memorial Paul I. Erd\u0151s, Satu Mare Atelierul Memorial Aurel Popp, Satu Mare Muzeul \u0218v\u0103besc, Petre\u0219ti Muzeul Maghiar\u2026","rel":"","context":"Similar post","block_context":{"text":"Similar post","link":""},"img":{"alt_text":"","src":"https:\/\/i0.wp.com\/muzeusm.ro\/wp-content\/uploads\/2021\/10\/image-2012-07-27-12889443-56-situl-arheologic-bobald.jpg?resize=350%2C200&ssl=1","width":350,"height":200,"srcset":"https:\/\/i0.wp.com\/muzeusm.ro\/wp-content\/uploads\/2021\/10\/image-2012-07-27-12889443-56-situl-arheologic-bobald.jpg?resize=350%2C200&ssl=1 1x, https:\/\/i0.wp.com\/muzeusm.ro\/wp-content\/uploads\/2021\/10\/image-2012-07-27-12889443-56-situl-arheologic-bobald.jpg?resize=525%2C300&ssl=1 1.5x"},"classes":[]},{"id":105,"url":"https:\/\/muzeusm.ro\/hu\/etnografie\/","url_meta":{"origin":191,"position":1},"title":"A kultur\u00e1lis \u00f6r\u00f6ks\u00e9g nyilv\u00e1ntart\u00e1sa, konzerv\u00e1l\u00e1sa \u00e9s restaur\u00e1l\u00e1sa oszt\u00e1ly","author":"andreeaionetecu","date":"19 October 2021","format":false,"excerpt":"{:ro} Coordoneaz\u0103 activit\u0103\u021bile compartimentului Conservare -restaurare \u0219i a compartimentului de Etnografie. Gestioneaz\u0103 patrimoniul Colec\u021biei de etnografie, a Muzeului Memorial dr. Vasile Lucaciu-Apa, a Bisericii de lemn-dr. Vasile Lucaciu-Apa, a Casei \u021a\u0103r\u0103ne\u0219ti C\u0103line\u0219ti Oa\u0219, a Casei \u021a\u0103r\u0103ne\u0219ti Certeze, a Muzeului local Ora\u0219u Nou, a Muzeului local C\u0103m\u0103rzana, a Muzeului local Tur\u021b,\u2026","rel":"","context":"Similar post","block_context":{"text":"Similar post","link":""},"img":{"alt_text":"","src":"","width":0,"height":0},"classes":[]},{"id":100,"url":"https:\/\/muzeusm.ro\/hu\/directiune\/","url_meta":{"origin":191,"position":2},"title":"Igazgat\u00f3s\u00e1g","author":"andreeaionetecu","date":"19 October 2021","format":false,"excerpt":"{:ro} Manager - dr. Liviu Marta Director gr.II - dr. Sz\u0151cs P\u00e9ter Levente Muzeul Jude\u021bean Satu Mare Facebook Instagram Contact muzeusm@gmail.com +40261737526 Adresa Vasile Lucaciu, 21 Satu MareRomania {:}{:hu} MENEDZSER \u2013 DR. LIVIU MARTA IGAZGAT\u00d3, II. \u2013 DR. SZ\u0150CS P\u00c9TER LEVENTE {:}","rel":"","context":"Similar post","block_context":{"text":"Similar post","link":""},"img":{"alt_text":"","src":"","width":0,"height":0},"classes":[]},{"id":18,"url":"https:\/\/muzeusm.ro\/hu\/","url_meta":{"origin":191,"position":3},"title":"Kezd\u0151lap","author":"netsystech","date":"12 October 2021","format":false,"excerpt":"{:ro} Bun venit! Afl\u0103 mai mult despre: Evenimente \u0219i activit\u0103\u021bi expozi\u021bia de baz\u0103: Oameni \u2013 Destine \u2013 Istorie Orar Mar\u021bi-S\u00e2mb\u0103t\u0103: 09:00-17:00 Duminic\u0103: 10:00-14:00 Luni: \u00cenchis Muzeul Jude\u021bean Satu Mare Facebook Instagram Contact muzeusm@gmail.com Informa\u021bii\/Secretariat: 0261735116 Program\u0103ri vizite\/evenimente ghidate\/ghidaj de specialitate: +40735513342 Adres\u0103 Bulevardul Vasile Lucaciu nr. 21 Satu MareRomania {:}{:hu}\u2026","rel":"","context":"Similar post","block_context":{"text":"Similar post","link":""},"img":{"alt_text":"","src":"https:\/\/i0.wp.com\/muzeusm.ro\/wp-content\/uploads\/2026\/03\/WhatsApp-Image-2026-03-18-at-10.44.49.jpeg?resize=350%2C200&ssl=1","width":350,"height":200,"srcset":"https:\/\/i0.wp.com\/muzeusm.ro\/wp-content\/uploads\/2026\/03\/WhatsApp-Image-2026-03-18-at-10.44.49.jpeg?resize=350%2C200&ssl=1 1x, https:\/\/i0.wp.com\/muzeusm.ro\/wp-content\/uploads\/2026\/03\/WhatsApp-Image-2026-03-18-at-10.44.49.jpeg?resize=525%2C300&ssl=1 1.5x, https:\/\/i0.wp.com\/muzeusm.ro\/wp-content\/uploads\/2026\/03\/WhatsApp-Image-2026-03-18-at-10.44.49.jpeg?resize=700%2C400&ssl=1 2x, https:\/\/i0.wp.com\/muzeusm.ro\/wp-content\/uploads\/2026\/03\/WhatsApp-Image-2026-03-18-at-10.44.49.jpeg?resize=1050%2C600&ssl=1 3x"},"classes":[]},{"id":548,"url":"https:\/\/muzeusm.ro\/hu\/publicatii\/","url_meta":{"origin":191,"position":4},"title":"A M\u00daZEUM KIADV\u00c1NYAI","author":"andreeaionetecu","date":"25 May 2022","format":false,"excerpt":"{:ro} Lista Publica\u021bii Editur\u0103 Prezentarea Editurii Muzeul Jude\u021bean Satu Mare Facebook Instagram Contact muzeusm@gmail.com 0261735116 Adresa Vasile Lucaciu, 21 Satu MareRomania {:}{:hu} Kiadv\u00e1nyaink list\u00e1ja Muzeul Jude\u021bean Satu Mare Facebook Instagram Contact muzeusm@gmail.com 0261735116 Adresa Vasile Lucaciu, 21 Satu MareRomania {:}","rel":"","context":"Similar post","block_context":{"text":"Similar post","link":""},"img":{"alt_text":"","src":"","width":0,"height":0},"classes":[]},{"id":103,"url":"https:\/\/muzeusm.ro\/hu\/cercetare-arheologie\/","url_meta":{"origin":191,"position":5},"title":"Kultur\u00e1lis \u00f6r\u00f6ks\u00e9g kutat\u00e1sa oszt\u00e1ly","author":"Kov\u00e1cs Zsolt","date":"19 October 2021","format":false,"excerpt":"{:ro} Are atribu\u021bii de cercetare \u0219i coordonare a colec\u021biilor de Arheologie, \u0218tiin\u021bele Naturii, Istorie \u0219i Numismatic\u0103. Gestioneaz\u0103 derularea \u0219antierelor arheologice, \u00eentocmirea documenta\u021biei referitoare la arheologia de salvare \u0219i asigur\u0103 func\u021bionarea optim\u0103 a Arhivei \u0218tiin\u021bifice.Angaja\u021bii serviciului:Dr. GINDELE R\u00d3BERT SEF SERVICIU IIDr. VIRAG CRISTIAN CERCETATOR STIINTIFIC\u00a0\u00a0 III ASTALOS CIPRIAN TEODOR CERCETATOR STIINTIFIC\u00a0\u00a0\u2026","rel":"","context":"Similar post","block_context":{"text":"Similar post","link":""},"img":{"alt_text":"","src":"","width":0,"height":0},"classes":[]}],"jetpack_sharing_enabled":true,"jetpack_shortlink":"https:\/\/wp.me\/PfvnyQ-35","_links":{"self":[{"href":"https:\/\/muzeusm.ro\/hu\/wp-json\/wp\/v2\/pages\/191","targetHints":{"allow":["GET"]}}],"collection":[{"href":"https:\/\/muzeusm.ro\/hu\/wp-json\/wp\/v2\/pages"}],"about":[{"href":"https:\/\/muzeusm.ro\/hu\/wp-json\/wp\/v2\/types\/page"}],"author":[{"embeddable":true,"href":"https:\/\/muzeusm.ro\/hu\/wp-json\/wp\/v2\/users\/183061330"}],"replies":[{"embeddable":true,"href":"https:\/\/muzeusm.ro\/hu\/wp-json\/wp\/v2\/comments?post=191"}],"version-history":[{"count":12,"href":"https:\/\/muzeusm.ro\/hu\/wp-json\/wp\/v2\/pages\/191\/revisions"}],"predecessor-version":[{"id":16129,"href":"https:\/\/muzeusm.ro\/hu\/wp-json\/wp\/v2\/pages\/191\/revisions\/16129"}],"wp:attachment":[{"href":"https:\/\/muzeusm.ro\/hu\/wp-json\/wp\/v2\/media?parent=191"}],"curies":[{"name":"wp","href":"https:\/\/api.w.org\/{rel}","templated":true}]}}