{"id":177,"date":"2021-10-20T09:25:35","date_gmt":"2021-10-20T06:25:35","guid":{"rendered":"https:\/\/netsysacad.ro?page_id=177"},"modified":"2025-08-21T10:10:43","modified_gmt":"2025-08-21T07:10:43","slug":"muzeul-de-arta-satu-mare","status":"publish","type":"page","link":"https:\/\/muzeusm.ro\/hu\/muzeul-de-arta-satu-mare\/","title":{"rendered":"Sz\u00e9pm\u0171v\u00e9szeti M\u00fazeum, Szatm\u00e1rn\u00e9meti"},"content":{"rendered":"\n<div class=\"wp-block-group alignfull has-background\" style=\"background-color:#f2f0e9\"><div class=\"wp-block-group__inner-container is-layout-flow wp-block-group-is-layout-flow\">\n<hr class=\"wp-block-separator has-text-color has-css-opacity has-background is-style-wide\" style=\"background-color:#000000;color:#000000\"\/>\n\n\n\n<div class=\"wp-block-columns alignwide is-layout-flex wp-container-core-columns-is-layout-28f84493 wp-block-columns-is-layout-flex\">\n<div class=\"wp-block-column is-layout-flow wp-block-column-is-layout-flow\">\n<figure class=\"wp-block-image size-large\"><img loading=\"lazy\" decoding=\"async\" width=\"1024\" height=\"613\" data-attachment-id=\"15502\" data-permalink=\"https:\/\/muzeusm.ro\/hu\/muzeul-de-arta-satu-mare\/image-3\/\" data-orig-file=\"https:\/\/muzeusm.ro\/wp-content\/uploads\/2024\/10\/image-2.png\" data-orig-size=\"1182,708\" data-comments-opened=\"1\" data-image-meta=\"{&quot;aperture&quot;:&quot;0&quot;,&quot;credit&quot;:&quot;&quot;,&quot;camera&quot;:&quot;&quot;,&quot;caption&quot;:&quot;&quot;,&quot;created_timestamp&quot;:&quot;0&quot;,&quot;copyright&quot;:&quot;&quot;,&quot;focal_length&quot;:&quot;0&quot;,&quot;iso&quot;:&quot;0&quot;,&quot;shutter_speed&quot;:&quot;0&quot;,&quot;title&quot;:&quot;&quot;,&quot;orientation&quot;:&quot;0&quot;}\" data-image-title=\"image\" data-image-description=\"\" data-image-caption=\"\" data-medium-file=\"https:\/\/muzeusm.ro\/wp-content\/uploads\/2024\/10\/image-2-300x180.png\" data-large-file=\"https:\/\/muzeusm.ro\/wp-content\/uploads\/2024\/10\/image-2-1024x613.png\" src=\"https:\/\/muzeusm.ro\/wp-content\/uploads\/2024\/10\/image-2-1024x613.png\" alt=\"\" class=\"wp-image-15502\" srcset=\"https:\/\/muzeusm.ro\/wp-content\/uploads\/2024\/10\/image-2-1024x613.png 1024w, https:\/\/muzeusm.ro\/wp-content\/uploads\/2024\/10\/image-2-300x180.png 300w, https:\/\/muzeusm.ro\/wp-content\/uploads\/2024\/10\/image-2-768x460.png 768w, https:\/\/muzeusm.ro\/wp-content\/uploads\/2024\/10\/image-2.png 1182w\" sizes=\"auto, (max-width: 1024px) 100vw, 1024px\" \/><\/figure>\n<\/div>\n\n\n\n<div class=\"wp-block-column is-layout-flow wp-block-column-is-layout-flow\">\n<p class=\"has-text-color has-extra-small-font-size\" style=\"color:#000000\">A V\u00e9csey h\u00e1z n\u00e9ven ismert \u00e9p\u00fclet a 19. sz\u00e1zad k\u00f6zep\u00e9n, neog\u00f3tikus<br>st\u00edlusban \u00e9p\u00fclt. A 18. sz\u00e1zadban ezen a helyen \u00e1llt az az \u00e9p\u00fclet, amely a szatm\u00e1ri v\u00e1r rakt\u00e1rak\u00e9nt szolg\u00e1lt \u00e9s, a hagyom\u00e1ny szerint, ebben az \u00e9p\u00fcletben k\u00f6t\u00f6tt\u00e9k meg 1711-ben a szatm\u00e1rn\u00e9meti b\u00e9k\u00e9t.<\/p>\n\n\n\n<p class=\"has-text-color has-extra-small-font-size\" style=\"color:#000000\">1911-ben a b\u00e9k\u00e9re eml\u00e9kez\u0151 t\u00e1bla ker\u00fclt az \u00e9p\u00fcletre, amely Papp<br>Aur\u00e9l m\u0171v\u00e9sz munk\u00e1ja. 1958-1984 k\u00f6z\u00f6tt a m\u00fazeum k\u00f6zpontja volt,<br>r\u00e9g\u00e9szeti, t\u00f6rt\u00e9nelmi, n\u00e9prajzi \u00e9s m\u0171v\u00e9szeti ki\u00e1ll\u00edt\u00e1sokkal. <\/p>\n\n\n\n<p class=\"has-text-color has-extra-small-font-size\" style=\"color:#000000\">Az \u00e9p\u00fcletet 1985 \u00f3ta kiz\u00e1r\u00f3lag a m\u0171v\u00e9szeti gy\u0171jtem\u00e9ny sz\u00e1m\u00e1ra haszn\u00e1lj\u00e1k. Az \u00e9p\u00fcletet 2011-ben \u00e9s 2016-ban r\u00e9szlegesen fel\u00faj\u00edtott\u00e1k. <\/p>\n\n\n\n<p class=\"has-text-color has-extra-small-font-size\" style=\"color:#000000\">A 2016-ban \u00e1tszervezett alapki\u00e1ll\u00edt\u00e1s Papp Aur\u00e9l m\u0171v\u00e9sz \u00e9s kort\u00e1rsainak alkot\u00e1sait mutatja be, a ki\u00e1ll\u00edt\u00e1s kur\u00e1tora&lt; Oana P\u0103curar, munkat\u00e1rsai Adriana Zaharia \u00e9s Dumitru P\u0103curaru \u00edr\u00f3.<\/p>\n<\/div>\n<\/div>\n\n\n\n<div class=\"wp-block-columns alignwide has-small-font-size is-layout-flex wp-container-core-columns-is-layout-28f84493 wp-block-columns-is-layout-flex\" style=\"border-style:none;border-width:0px;border-radius:0px\">\n<div class=\"wp-block-column is-layout-flow wp-block-column-is-layout-flow\" style=\"flex-basis:66.66%\">\n<figure class=\"wp-block-gallery has-nested-images columns-default is-cropped wp-block-gallery-1 is-layout-flex wp-block-gallery-is-layout-flex\">\n<figure class=\"wp-block-image size-large\"><img loading=\"lazy\" decoding=\"async\" width=\"630\" height=\"400\" data-attachment-id=\"16254\" data-permalink=\"https:\/\/muzeusm.ro\/hu\/muzeul-judetean-satu-mare\/couple-giving-two-young-children-piggyback-rides-smiling-2\/\" data-orig-file=\"https:\/\/muzeusm.ro\/wp-content\/uploads\/2025\/01\/5afecbd553209_family-1.jpg\" data-orig-size=\"630,400\" data-comments-opened=\"1\" data-image-meta=\"{&quot;aperture&quot;:&quot;6.3&quot;,&quot;credit&quot;:&quot;Monkey Business - stock.adobe.co&quot;,&quot;camera&quot;:&quot;Canon EOS-1Ds Mark II&quot;,&quot;caption&quot;:&quot;&quot;,&quot;created_timestamp&quot;:&quot;1178206345&quot;,&quot;copyright&quot;:&quot;\\u00a9Monkey Business - stock.adobe.com&quot;,&quot;focal_length&quot;:&quot;100&quot;,&quot;iso&quot;:&quot;320&quot;,&quot;shutter_speed&quot;:&quot;0.00625&quot;,&quot;title&quot;:&quot;Couple giving two young children piggyback rides smiling&quot;,&quot;orientation&quot;:&quot;1&quot;}\" data-image-title=\"Couple giving two young children piggyback rides smiling\" data-image-description=\"\" data-image-caption=\"\" data-medium-file=\"https:\/\/muzeusm.ro\/wp-content\/uploads\/2025\/01\/5afecbd553209_family-1-300x190.jpg\" data-large-file=\"https:\/\/muzeusm.ro\/wp-content\/uploads\/2025\/01\/5afecbd553209_family-1.jpg\" data-id=\"16254\" src=\"https:\/\/muzeusm.ro\/wp-content\/uploads\/2025\/01\/5afecbd553209_family-1.jpg\" alt=\"\" class=\"wp-image-16254\" srcset=\"https:\/\/muzeusm.ro\/wp-content\/uploads\/2025\/01\/5afecbd553209_family-1.jpg 630w, https:\/\/muzeusm.ro\/wp-content\/uploads\/2025\/01\/5afecbd553209_family-1-300x190.jpg 300w\" sizes=\"auto, (max-width: 630px) 100vw, 630px\" \/><figcaption class=\"wp-element-caption\">Csal\u00e1di jegy &#8211; 30 LEI feln\u0151tt, 10 LEI gyerek<\/figcaption><\/figure>\n\n\n\n<figure class=\"wp-block-image size-large\"><img loading=\"lazy\" decoding=\"async\" width=\"867\" height=\"1300\" data-attachment-id=\"162\" data-permalink=\"https:\/\/muzeusm.ro\/hu\/bilete\/pexels-photo-6590932\/\" data-orig-file=\"https:\/\/muzeusm.ro\/wp-content\/uploads\/2021\/10\/pexels-photo-6590932.jpeg\" data-orig-size=\"867,1300\" data-comments-opened=\"1\" data-image-meta=\"{&quot;aperture&quot;:&quot;0&quot;,&quot;credit&quot;:&quot;&quot;,&quot;camera&quot;:&quot;&quot;,&quot;caption&quot;:&quot;&quot;,&quot;created_timestamp&quot;:&quot;0&quot;,&quot;copyright&quot;:&quot;&quot;,&quot;focal_length&quot;:&quot;0&quot;,&quot;iso&quot;:&quot;0&quot;,&quot;shutter_speed&quot;:&quot;0&quot;,&quot;title&quot;:&quot;&quot;,&quot;orientation&quot;:&quot;0&quot;}\" data-image-title=\"pexels-photo-6590932.jpeg\" data-image-description=\"\" data-image-caption=\"&lt;p&gt;Fotografie de cottonbro pe &lt;a href=&quot;https:\/\/www.pexels.com\/ro-ro\/fotografie\/fructe-voluntar-voluntariat-bunuri-6590932\/&quot; rel=&quot;nofollow&quot;&gt;Pexels.com&lt;\/a&gt;&lt;\/p&gt;\n\" data-medium-file=\"https:\/\/muzeusm.ro\/wp-content\/uploads\/2021\/10\/pexels-photo-6590932.jpeg\" data-large-file=\"https:\/\/muzeusm.ro\/wp-content\/uploads\/2021\/10\/pexels-photo-6590932.jpeg\" data-id=\"162\" src=\"https:\/\/muzeusm.ro\/wp-content\/uploads\/2021\/10\/pexels-photo-6590932.jpeg?w=683\" alt=\"\" class=\"wp-image-162\"\/><figcaption class=\"wp-element-caption\">Feln\u0151tt &#8211; 40 LEI<\/figcaption><\/figure>\n\n\n\n<figure class=\"wp-block-image size-large\"><img loading=\"lazy\" decoding=\"async\" width=\"906\" height=\"1300\" data-attachment-id=\"163\" data-permalink=\"https:\/\/muzeusm.ro\/hu\/bilete\/pexels-photo-1620760\/\" data-orig-file=\"https:\/\/muzeusm.ro\/wp-content\/uploads\/2021\/10\/pexels-photo-1620760.jpeg\" data-orig-size=\"906,1300\" data-comments-opened=\"1\" data-image-meta=\"{&quot;aperture&quot;:&quot;0&quot;,&quot;credit&quot;:&quot;&quot;,&quot;camera&quot;:&quot;&quot;,&quot;caption&quot;:&quot;&quot;,&quot;created_timestamp&quot;:&quot;0&quot;,&quot;copyright&quot;:&quot;&quot;,&quot;focal_length&quot;:&quot;0&quot;,&quot;iso&quot;:&quot;0&quot;,&quot;shutter_speed&quot;:&quot;0&quot;,&quot;title&quot;:&quot;&quot;,&quot;orientation&quot;:&quot;0&quot;}\" data-image-title=\"pexels-photo-1620760.jpeg\" data-image-description=\"\" data-image-caption=\"&lt;p&gt;Fotografie de Victoria Borodinova pe &lt;a href=&quot;https:\/\/www.pexels.com\/ro-ro\/fotografie\/dragu-adorabil-dragala-expresie-faciala-1620760\/&quot; rel=&quot;nofollow&quot;&gt;Pexels.com&lt;\/a&gt;&lt;\/p&gt;\n\" data-medium-file=\"https:\/\/muzeusm.ro\/wp-content\/uploads\/2021\/10\/pexels-photo-1620760.jpeg\" data-large-file=\"https:\/\/muzeusm.ro\/wp-content\/uploads\/2021\/10\/pexels-photo-1620760.jpeg\" data-id=\"163\" src=\"https:\/\/muzeusm.ro\/wp-content\/uploads\/2021\/10\/pexels-photo-1620760.jpeg?w=714\" alt=\"\" class=\"wp-image-163\"\/><figcaption class=\"wp-element-caption\">18 \u00e9v alattiak &#8211; 20 LEI, 71\/2018-as t\u00f6rv\u00e9ny kezdem\u00e9nyezettei: 10 RON<\/figcaption><\/figure>\n\n\n\n<figure class=\"wp-block-image size-large\"><img loading=\"lazy\" decoding=\"async\" width=\"867\" height=\"1300\" data-attachment-id=\"164\" data-permalink=\"https:\/\/muzeusm.ro\/hu\/bilete\/pexels-photo-3186386\/\" data-orig-file=\"https:\/\/muzeusm.ro\/wp-content\/uploads\/2021\/10\/pexels-photo-3186386.jpeg\" data-orig-size=\"867,1300\" data-comments-opened=\"1\" data-image-meta=\"{&quot;aperture&quot;:&quot;0&quot;,&quot;credit&quot;:&quot;&quot;,&quot;camera&quot;:&quot;&quot;,&quot;caption&quot;:&quot;&quot;,&quot;created_timestamp&quot;:&quot;0&quot;,&quot;copyright&quot;:&quot;&quot;,&quot;focal_length&quot;:&quot;0&quot;,&quot;iso&quot;:&quot;0&quot;,&quot;shutter_speed&quot;:&quot;0&quot;,&quot;title&quot;:&quot;&quot;,&quot;orientation&quot;:&quot;0&quot;}\" data-image-title=\"pexels-photo-3186386.jpeg\" data-image-description=\"\" data-image-caption=\"&lt;p&gt;Fotografie de Stanley Morales pe &lt;a href=&quot;https:\/\/www.pexels.com\/ro-ro\/fotografie\/coala-institu-ie-de-inva-amant-estompare-ince-o-are-3186386\/&quot; rel=&quot;nofollow&quot;&gt;Pexels.com&lt;\/a&gt;&lt;\/p&gt;\n\" data-medium-file=\"https:\/\/muzeusm.ro\/wp-content\/uploads\/2021\/10\/pexels-photo-3186386.jpeg\" data-large-file=\"https:\/\/muzeusm.ro\/wp-content\/uploads\/2021\/10\/pexels-photo-3186386.jpeg\" data-id=\"164\" src=\"https:\/\/muzeusm.ro\/wp-content\/uploads\/2021\/10\/pexels-photo-3186386.jpeg?w=683\" alt=\"\" class=\"wp-image-164\"\/><figcaption class=\"wp-element-caption\">Egyetemista &#8211; 20 LEI<\/figcaption><\/figure>\n\n\n\n<figure class=\"wp-block-image size-large\"><img loading=\"lazy\" decoding=\"async\" width=\"683\" height=\"1024\" data-attachment-id=\"16683\" data-permalink=\"https:\/\/muzeusm.ro\/hu\/bilete\/tengrai_image_1749107668_5461388\/\" data-orig-file=\"https:\/\/muzeusm.ro\/wp-content\/uploads\/2025\/06\/tengrai_image_1749107668_5461388.jpeg\" data-orig-size=\"768,1152\" data-comments-opened=\"1\" data-image-meta=\"{&quot;aperture&quot;:&quot;0&quot;,&quot;credit&quot;:&quot;&quot;,&quot;camera&quot;:&quot;&quot;,&quot;caption&quot;:&quot;&quot;,&quot;created_timestamp&quot;:&quot;0&quot;,&quot;copyright&quot;:&quot;&quot;,&quot;focal_length&quot;:&quot;0&quot;,&quot;iso&quot;:&quot;0&quot;,&quot;shutter_speed&quot;:&quot;0&quot;,&quot;title&quot;:&quot;&quot;,&quot;orientation&quot;:&quot;0&quot;}\" data-image-title=\"tengrai_image_1749107668_5461388\" data-image-description=\"\" data-image-caption=\"\" data-medium-file=\"https:\/\/muzeusm.ro\/wp-content\/uploads\/2025\/06\/tengrai_image_1749107668_5461388-200x300.jpeg\" data-large-file=\"https:\/\/muzeusm.ro\/wp-content\/uploads\/2025\/06\/tengrai_image_1749107668_5461388-683x1024.jpeg\" data-id=\"16683\" src=\"https:\/\/muzeusm.ro\/wp-content\/uploads\/2025\/06\/tengrai_image_1749107668_5461388-683x1024.jpeg\" alt=\"\" class=\"wp-image-16683\" srcset=\"https:\/\/muzeusm.ro\/wp-content\/uploads\/2025\/06\/tengrai_image_1749107668_5461388-683x1024.jpeg 683w, https:\/\/muzeusm.ro\/wp-content\/uploads\/2025\/06\/tengrai_image_1749107668_5461388-200x300.jpeg 200w, https:\/\/muzeusm.ro\/wp-content\/uploads\/2025\/06\/tengrai_image_1749107668_5461388.jpeg 768w\" sizes=\"auto, (max-width: 683px) 100vw, 683px\" \/><figcaption class=\"wp-element-caption\">Nyugd\u00edjas &#8211; 20 LEI<\/figcaption><\/figure>\n\n\n\n<figure class=\"wp-block-image size-large\"><img loading=\"lazy\" decoding=\"async\" width=\"867\" height=\"1300\" data-attachment-id=\"169\" data-permalink=\"https:\/\/muzeusm.ro\/hu\/bilete\/pexels-photo-6140446\/\" data-orig-file=\"https:\/\/muzeusm.ro\/wp-content\/uploads\/2021\/10\/pexels-photo-6140446.jpeg\" data-orig-size=\"867,1300\" data-comments-opened=\"1\" data-image-meta=\"{&quot;aperture&quot;:&quot;0&quot;,&quot;credit&quot;:&quot;&quot;,&quot;camera&quot;:&quot;&quot;,&quot;caption&quot;:&quot;&quot;,&quot;created_timestamp&quot;:&quot;0&quot;,&quot;copyright&quot;:&quot;&quot;,&quot;focal_length&quot;:&quot;0&quot;,&quot;iso&quot;:&quot;0&quot;,&quot;shutter_speed&quot;:&quot;0&quot;,&quot;title&quot;:&quot;&quot;,&quot;orientation&quot;:&quot;0&quot;}\" data-image-title=\"pexels-photo-6140446.jpeg\" data-image-description=\"\" data-image-caption=\"&lt;p&gt;Fotografie de William  Fortunato pe &lt;a href=&quot;https:\/\/www.pexels.com\/ro-ro\/fotografie\/ghid-arhitectura-con-inut-mul-umit-6140446\/&quot; rel=&quot;nofollow&quot;&gt;Pexels.com&lt;\/a&gt;&lt;\/p&gt;\n\" data-medium-file=\"https:\/\/muzeusm.ro\/wp-content\/uploads\/2021\/10\/pexels-photo-6140446.jpeg\" data-large-file=\"https:\/\/muzeusm.ro\/wp-content\/uploads\/2021\/10\/pexels-photo-6140446.jpeg\" data-id=\"169\" src=\"https:\/\/muzeusm.ro\/wp-content\/uploads\/2021\/10\/pexels-photo-6140446.jpeg?w=683\" alt=\"\" class=\"wp-image-169\"\/><figcaption class=\"wp-element-caption\">T\u00e1rlatvezet\u00e9s (Ro, Hu, En) &#8211; 50 LEI\/csoport<\/figcaption><\/figure>\n\n\n\n<figure class=\"wp-block-image size-large\"><img loading=\"lazy\" decoding=\"async\" width=\"867\" height=\"1300\" data-attachment-id=\"171\" data-permalink=\"https:\/\/muzeusm.ro\/hu\/bilete\/pexels-photo-1144699\/\" data-orig-file=\"https:\/\/muzeusm.ro\/wp-content\/uploads\/2021\/10\/pexels-photo-1144699.jpeg\" data-orig-size=\"867,1300\" data-comments-opened=\"1\" data-image-meta=\"{&quot;aperture&quot;:&quot;0&quot;,&quot;credit&quot;:&quot;&quot;,&quot;camera&quot;:&quot;&quot;,&quot;caption&quot;:&quot;&quot;,&quot;created_timestamp&quot;:&quot;0&quot;,&quot;copyright&quot;:&quot;&quot;,&quot;focal_length&quot;:&quot;0&quot;,&quot;iso&quot;:&quot;0&quot;,&quot;shutter_speed&quot;:&quot;0&quot;,&quot;title&quot;:&quot;&quot;,&quot;orientation&quot;:&quot;0&quot;}\" data-image-title=\"pexels-photo-1144699.jpeg\" data-image-description=\"\" data-image-caption=\"&lt;p&gt;Fotografie de Matheus Bertelli pe &lt;a href=&quot;https:\/\/www.pexels.com\/ro-ro\/fotografie\/fotografie-tehnologie-lentila-obiectiv-1144699\/&quot; rel=&quot;nofollow&quot;&gt;Pexels.com&lt;\/a&gt;&lt;\/p&gt;\n\" data-medium-file=\"https:\/\/muzeusm.ro\/wp-content\/uploads\/2021\/10\/pexels-photo-1144699.jpeg\" data-large-file=\"https:\/\/muzeusm.ro\/wp-content\/uploads\/2021\/10\/pexels-photo-1144699.jpeg\" data-id=\"171\" src=\"https:\/\/muzeusm.ro\/wp-content\/uploads\/2021\/10\/pexels-photo-1144699.jpeg?w=683\" alt=\"\" class=\"wp-image-171\"\/><figcaption class=\"wp-element-caption\">Fot\u00f3\/Vide\u00f3 &#8211; 100 LEI\/\u00f3ra\/ki\u00e1ll\u00edt\u00e1s<\/figcaption><\/figure>\n\n\n\n<figure class=\"wp-block-image size-large\"><img loading=\"lazy\" decoding=\"async\" width=\"1024\" height=\"682\" data-attachment-id=\"15712\" data-permalink=\"https:\/\/muzeusm.ro\/hu\/expozitii-permanente\/dsc_0047-4\/\" data-orig-file=\"https:\/\/muzeusm.ro\/wp-content\/uploads\/2024\/11\/dsc_0047.jpg\" data-orig-size=\"1024,682\" data-comments-opened=\"1\" data-image-meta=\"{&quot;aperture&quot;:&quot;3.5&quot;,&quot;credit&quot;:&quot;&quot;,&quot;camera&quot;:&quot;NIKON D3300&quot;,&quot;caption&quot;:&quot;&quot;,&quot;created_timestamp&quot;:&quot;1440832852&quot;,&quot;copyright&quot;:&quot;&quot;,&quot;focal_length&quot;:&quot;18&quot;,&quot;iso&quot;:&quot;2800&quot;,&quot;shutter_speed&quot;:&quot;0.016666666666667&quot;,&quot;title&quot;:&quot;&quot;,&quot;orientation&quot;:&quot;1&quot;}\" data-image-title=\"dsc_0047\" data-image-description=\"\" data-image-caption=\"\" data-medium-file=\"https:\/\/muzeusm.ro\/wp-content\/uploads\/2024\/11\/dsc_0047-300x200.jpg\" data-large-file=\"https:\/\/muzeusm.ro\/wp-content\/uploads\/2024\/11\/dsc_0047.jpg\" data-id=\"15712\" src=\"https:\/\/muzeusm.ro\/wp-content\/uploads\/2024\/11\/dsc_0047.jpg\" alt=\"\" class=\"wp-image-15712\" srcset=\"https:\/\/muzeusm.ro\/wp-content\/uploads\/2024\/11\/dsc_0047.jpg 1024w, https:\/\/muzeusm.ro\/wp-content\/uploads\/2024\/11\/dsc_0047-300x200.jpg 300w, https:\/\/muzeusm.ro\/wp-content\/uploads\/2024\/11\/dsc_0047-768x512.jpg 768w\" sizes=\"auto, (max-width: 1024px) 100vw, 1024px\" \/><figcaption class=\"wp-element-caption\">Id\u0151szaki ki\u00e1ll\u00edt\u00e1sok &#8211; feln\u0151ttek 20 LEI, 18 \u00e9v alatt 10 LEI<\/figcaption><\/figure>\n<\/figure>\n<\/div>\n<\/div>\n<\/div><\/div>\n\n\n\n<div class=\"wp-block-columns alignwide is-layout-flex wp-container-core-columns-is-layout-28f84493 wp-block-columns-is-layout-flex\">\n<div class=\"wp-block-column is-vertically-aligned-top is-layout-flow wp-block-column-is-layout-flow\">\n<h4 class=\"wp-block-heading\">Szatm\u00e1r Megyei M\u00fazeum<\/h4>\n\n\n\n<p class=\"has-text-align-left\"><a href=\"https:\/\/www.facebook.com\/Muzeul-Judetean-Satu-Mare-1050838434978303\">Facebook<\/a><\/p>\n\n\n\n<p><a href=\"https:\/\/www.instagram.com\/mjsatumare\/\">Instagram<\/a><\/p>\n<\/div>\n\n\n\n<div class=\"wp-block-column is-vertically-aligned-top is-layout-flow wp-block-column-is-layout-flow\">\n<h4 class=\"wp-block-heading\">El\u00e9rhet\u0151s\u00e9g<\/h4>\n\n\n\n<ul class=\"wp-block-list\">\n<li>muzeu.arta@yahoo.com<\/li>\n\n\n\n<li>0261711076, Kapus: 0743284679<\/li>\n\n\n\n<li>Csoportos l\u00e1togat\u00e1sok \u00e9s t\u00e1rlatvezet\u00e9sek: +40735513342<\/li>\n<\/ul>\n<\/div>\n\n\n\n<div class=\"wp-block-column is-vertically-aligned-top is-layout-flow wp-block-column-is-layout-flow\">\n<h4 class=\"wp-block-heading\">C\u00edm<\/h4>\n\n\n\n<p>Pia\u021ba Libert\u0103\u021bii, 21 sz\u00e1m <br>Szatm\u00e1rn\u00e9meti<br>Rom\u00e1nia<\/p>\n<\/div>\n<\/div>\n","protected":false},"excerpt":{"rendered":"<p>A V\u00e9csey h\u00e1z n\u00e9ven ismert \u00e9p\u00fclet a 19. sz\u00e1zad k\u00f6zep\u00e9n, neog\u00f3tikusst\u00edlusban \u00e9p\u00fclt. A 18. sz\u00e1zadban ezen a helyen \u00e1llt az az \u00e9p\u00fclet, amely a szatm\u00e1ri v\u00e1r rakt\u00e1rak\u00e9nt szolg\u00e1lt \u00e9s, a hagyom\u00e1ny szerint, ebben az \u00e9p\u00fcletben k\u00f6t\u00f6tt\u00e9k meg 1711-ben a szatm\u00e1rn\u00e9meti b\u00e9k\u00e9t. 1911-ben a b\u00e9k\u00e9re eml\u00e9kez\u0151 t\u00e1bla ker\u00fclt az \u00e9p\u00fcletre, amely PappAur\u00e9l m\u0171v\u00e9sz munk\u00e1ja. 1958-1984 k\u00f6z\u00f6tt<a class=\"more-link\" href=\"https:\/\/muzeusm.ro\/hu\/muzeul-de-arta-satu-mare\/\">Continue reading <span class=\"screen-reader-text\">&#8220;Sz\u00e9pm\u0171v\u00e9szeti M\u00fazeum, Szatm\u00e1rn\u00e9meti&#8221;<\/span><\/a><\/p>\n","protected":false},"author":183061330,"featured_media":0,"parent":0,"menu_order":0,"comment_status":"closed","ping_status":"closed","template":"","meta":{"_coblocks_attr":"","_coblocks_dimensions":"","_coblocks_responsive_height":"","_coblocks_accordion_ie_support":"","advanced_seo_description":"","jetpack_seo_html_title":"","jetpack_seo_noindex":false,"jetpack_post_was_ever_published":false,"footnotes":""},"class_list":["post-177","page","type-page","status-publish","hentry","entry"],"translation":{"provider":"WPGlobus","version":"3.0.1","language":"hu","enabled_languages":["ro","hu","en"],"languages":{"ro":{"title":true,"content":true,"excerpt":false},"hu":{"title":true,"content":true,"excerpt":false},"en":{"title":false,"content":false,"excerpt":false}}},"jetpack_likes_enabled":true,"jetpack-related-posts":[{"id":102,"url":"https:\/\/muzeusm.ro\/hu\/istorie\/","url_meta":{"origin":177,"position":0},"title":"A kultur\u00e1lis \u00f6r\u00f6ks\u00e9g n\u00e9pszer\u0171s\u00edt\u00e9se \u00e9s m\u00fazeumpedag\u00f3gia oszt\u00e1ly","author":"andreeaionetecu","date":"19 October 2021","format":false,"excerpt":"{:ro} Atribu\u021biile \u0219i responsabilit\u0103\u021bile principale sunt legate de coordonarea activit\u0103\u021bilor ce implic\u0103 patrimoniul Colec\u021biei de Art\u0103, a activit\u0103\u021bilor de la Muzeul de Art\u0103, Atelierul Memorial Aurel Popp Satu Mare, Atelierul Memorial Paul Erd\u0151s Satu Mare, Biblioteca de specialitate, Muzeul \u00een aer liber M\u0103riu\u0219, Casa \u021a\u0103r\u0103neasc\u0103 Chilia, Muzeul Ugocea - Oa\u0219\u2026","rel":"","context":"Similar post","block_context":{"text":"Similar post","link":""},"img":{"alt_text":"","src":"","width":0,"height":0},"classes":[]},{"id":58,"url":"https:\/\/muzeusm.ro\/hu\/reteaua-muzeala\/","url_meta":{"origin":177,"position":1},"title":"M\u00fazeumi h\u00e1l\u00f3zat","author":"andreeaionetecu","date":"19 October 2021","format":false,"excerpt":"{:ro} Muzeul Jude\u021bean Satu Mare Muzeul de Art\u0103 Satu Mare Muzeul Municipal Carei - Castelul K\u00e1rolyi Muzeul Memorial Dr. Vasile Lucaciu, Apa Complex Memorial Ady Endre Muzeul Or\u0103\u0219enesc T\u0103\u0219nad Casa Muzeu T\u0103\u0219nad Atelierul Memorial Paul I. Erd\u0151s, Satu Mare Atelierul Memorial Aurel Popp, Satu Mare Muzeul \u0218v\u0103besc, Petre\u0219ti Muzeul Maghiar\u2026","rel":"","context":"Similar post","block_context":{"text":"Similar post","link":""},"img":{"alt_text":"","src":"https:\/\/i0.wp.com\/muzeusm.ro\/wp-content\/uploads\/2021\/10\/image-2012-07-27-12889443-56-situl-arheologic-bobald.jpg?resize=350%2C200&ssl=1","width":350,"height":200,"srcset":"https:\/\/i0.wp.com\/muzeusm.ro\/wp-content\/uploads\/2021\/10\/image-2012-07-27-12889443-56-situl-arheologic-bobald.jpg?resize=350%2C200&ssl=1 1x, https:\/\/i0.wp.com\/muzeusm.ro\/wp-content\/uploads\/2021\/10\/image-2012-07-27-12889443-56-situl-arheologic-bobald.jpg?resize=525%2C300&ssl=1 1.5x"},"classes":[]},{"id":204,"url":"https:\/\/muzeusm.ro\/hu\/atelierul-memorial-aurel-popp-satu-mare\/","url_meta":{"origin":177,"position":2},"title":"Papp Aur\u00e9l M\u0171terem, Szatm\u00e1rn\u00e9meti","author":"andreeaionetecu","date":"20 October 2021","format":false,"excerpt":"{:ro} Atelierul se afl\u0103 \u00eentr-o cl\u0103dire construit\u0103 de artist \u00eentre 1934\u20131935 \u0219i a func\u021bionat ca atelier de crea\u021bie p\u00e2n\u0103 la moartea artistului \u00een 1960. Dup\u0103 aceast\u0103 dat\u0103, cl\u0103direa a fost folosit\u0103 ca depozit de materiale de construc\u021bii.\u00centre 1998\u20132000 cl\u0103direa a fost restaurat\u0103, \u0219i a fost \u00eenfiin\u021bat\u0103 Atelierul Memorial \u201eAurel Popp\u201d,\u2026","rel":"","context":"Similar post","block_context":{"text":"Similar post","link":""},"img":{"alt_text":"","src":"https:\/\/i0.wp.com\/muzeusm.ro\/wp-content\/uploads\/2024\/11\/image-1.png?resize=350%2C200&ssl=1","width":350,"height":200,"srcset":"https:\/\/i0.wp.com\/muzeusm.ro\/wp-content\/uploads\/2024\/11\/image-1.png?resize=350%2C200&ssl=1 1x, https:\/\/i0.wp.com\/muzeusm.ro\/wp-content\/uploads\/2024\/11\/image-1.png?resize=525%2C300&ssl=1 1.5x"},"classes":[]},{"id":200,"url":"https:\/\/muzeusm.ro\/hu\/atelierul-memorial-paul-i-erdos-satu-mare\/","url_meta":{"origin":177,"position":3},"title":"Erd\u0151s i. p\u00e1l M\u0171terem, Szatm\u00e1rn\u00e9meti","author":"andreeaionetecu","date":"20 October 2021","format":false,"excerpt":"{:ro} Atelierul-galerie ce g\u0103zduie\u0219te dona\u021bia graficianului Paul Erd\u0151s (1916-1987) a fost \u00eenfiin\u021bat \u00een anul 1986, din anul 1996 func\u021bion\u00e2nd \u00een cadrul re\u021belei muzeale. \u00cen atelierul de la etaj sunt expuse lucr\u0103ri depictur\u0103, plastic\u0103, grafic\u0103, fotografii, c\u0103r\u021bi, documente, obiecte personale, mobilier apar\u021bin\u00e2nd artistului, iar la parter este amenajat\u0103 un spa\u021biu pentru\u2026","rel":"","context":"Similar post","block_context":{"text":"Similar post","link":""},"img":{"alt_text":"","src":"https:\/\/i0.wp.com\/muzeusm.ro\/wp-content\/uploads\/2024\/11\/image.png?resize=350%2C200&ssl=1","width":350,"height":200},"classes":[]},{"id":174,"url":"https:\/\/muzeusm.ro\/hu\/muzeul-judetean-satu-mare\/","url_meta":{"origin":177,"position":4},"title":"Szatm\u00e1r Megyei M\u00fazeum","author":"andreeaionetecu","date":"20 October 2021","format":false,"excerpt":"{:ro} Cl\u0103direa actual\u0103 a sediului central al Muzeului Jude\u021bean Satu Mare a fost construit\u0103 \u00een anul 1936, dup\u0103 planurile arhitectului G. P. Liteanu.A avut ini\u021bial destina\u021bii administrative prefectura jude\u021bului \u00een perioada interbelic\u0103, iar dup\u0103 r\u0103zboi a fost sediul Consiliului PopularJude\u021bean \u0219i al Comitetului Jude\u021bean Satu Mare al P.C.R. Muzeul func\u021bioneaz\u0103\u2026","rel":"","context":"Similar post","block_context":{"text":"Similar post","link":""},"img":{"alt_text":"","src":"https:\/\/i0.wp.com\/muzeusm.ro\/wp-content\/uploads\/2025\/01\/5afecbd553209_family-150x150.jpg?resize=350%2C200&ssl=1","width":350,"height":200,"srcset":"https:\/\/i0.wp.com\/muzeusm.ro\/wp-content\/uploads\/2025\/01\/5afecbd553209_family-150x150.jpg?resize=350%2C200&ssl=1 1x, https:\/\/i0.wp.com\/muzeusm.ro\/wp-content\/uploads\/2025\/01\/5afecbd553209_family-150x150.jpg?resize=525%2C300&ssl=1 1.5x"},"classes":[]},{"id":18,"url":"https:\/\/muzeusm.ro\/hu\/","url_meta":{"origin":177,"position":5},"title":"Kezd\u0151lap","author":"netsystech","date":"12 October 2021","format":false,"excerpt":"{:ro} Bun venit! Afl\u0103 mai mult despre: Evenimente \u0219i activit\u0103\u021bi expozi\u021bia de baz\u0103: Oameni \u2013 Destine \u2013 Istorie Orar Mar\u021bi-S\u00e2mb\u0103t\u0103: 09:00-17:00 Duminic\u0103: 10:00-14:00 Luni: \u00cenchis Muzeul Jude\u021bean Satu Mare Facebook Instagram Contact muzeusm@gmail.com Informa\u021bii\/Secretariat: 0261735116 Program\u0103ri vizite\/evenimente ghidate\/ghidaj de specialitate: +40735513342 Adres\u0103 Bulevardul Vasile Lucaciu nr. 21 Satu MareRomania {:}{:hu}\u2026","rel":"","context":"Similar post","block_context":{"text":"Similar post","link":""},"img":{"alt_text":"","src":"https:\/\/i0.wp.com\/muzeusm.ro\/wp-content\/uploads\/2026\/03\/WhatsApp-Image-2026-03-18-at-10.44.49.jpeg?resize=350%2C200&ssl=1","width":350,"height":200,"srcset":"https:\/\/i0.wp.com\/muzeusm.ro\/wp-content\/uploads\/2026\/03\/WhatsApp-Image-2026-03-18-at-10.44.49.jpeg?resize=350%2C200&ssl=1 1x, https:\/\/i0.wp.com\/muzeusm.ro\/wp-content\/uploads\/2026\/03\/WhatsApp-Image-2026-03-18-at-10.44.49.jpeg?resize=525%2C300&ssl=1 1.5x, https:\/\/i0.wp.com\/muzeusm.ro\/wp-content\/uploads\/2026\/03\/WhatsApp-Image-2026-03-18-at-10.44.49.jpeg?resize=700%2C400&ssl=1 2x, https:\/\/i0.wp.com\/muzeusm.ro\/wp-content\/uploads\/2026\/03\/WhatsApp-Image-2026-03-18-at-10.44.49.jpeg?resize=1050%2C600&ssl=1 3x"},"classes":[]}],"jetpack_sharing_enabled":true,"jetpack_shortlink":"https:\/\/wp.me\/PfvnyQ-2R","_links":{"self":[{"href":"https:\/\/muzeusm.ro\/hu\/wp-json\/wp\/v2\/pages\/177","targetHints":{"allow":["GET"]}}],"collection":[{"href":"https:\/\/muzeusm.ro\/hu\/wp-json\/wp\/v2\/pages"}],"about":[{"href":"https:\/\/muzeusm.ro\/hu\/wp-json\/wp\/v2\/types\/page"}],"author":[{"embeddable":true,"href":"https:\/\/muzeusm.ro\/hu\/wp-json\/wp\/v2\/users\/183061330"}],"replies":[{"embeddable":true,"href":"https:\/\/muzeusm.ro\/hu\/wp-json\/wp\/v2\/comments?post=177"}],"version-history":[{"count":18,"href":"https:\/\/muzeusm.ro\/hu\/wp-json\/wp\/v2\/pages\/177\/revisions"}],"predecessor-version":[{"id":16949,"href":"https:\/\/muzeusm.ro\/hu\/wp-json\/wp\/v2\/pages\/177\/revisions\/16949"}],"wp:attachment":[{"href":"https:\/\/muzeusm.ro\/hu\/wp-json\/wp\/v2\/media?parent=177"}],"curies":[{"name":"wp","href":"https:\/\/api.w.org\/{rel}","templated":true}]}}