{"id":16373,"date":"2025-02-24T10:04:45","date_gmt":"2025-02-24T08:04:45","guid":{"rendered":"https:\/\/muzeusm.ro\/?page_id=16373"},"modified":"2025-02-24T10:04:47","modified_gmt":"2025-02-24T08:04:47","slug":"prezentari-la-mjsm-si-la-sediul-institutiilor-de-invatamant","status":"publish","type":"page","link":"https:\/\/muzeusm.ro\/hu\/prezentari-la-mjsm-si-la-sediul-institutiilor-de-invatamant\/","title":{"rendered":"Prezent\u0103ri la MJSM \u0219i la sediul institu\u021biilor de \u00eenv\u0103\u021b\u0103m\u00e2nt"},"content":{"rendered":"\n<p>32. <strong>Portul popular \u00een \u021aara Oasului<\/strong><br>Prezentare Power Point dedicat\u0103 obiectelor de \u00eembr\u0103c\u0103minte din \u021aara Oa\u0219ului de-a lungul timpului.<br>Durata activit\u0103\u021bii: 1 h<br>Locul de desf\u0103\u0219urare: Sediul institu\u021biilor de \u00eenv\u0103\u021b\u0103m\u00e2nt<br>Coordonator: Adriana Achim\u00a0<br>Persoan\u0103 de contact: Cr\u0103ciun Dreve Andrada, 0735513342<\/p>\n\n\n\n<p>33. <strong>\u201eDe la copac \u2013 la obiect de patrimoniu\u201d<\/strong><br>Prezent\u0103ri tematice pentru elevii de \u0219coal\u0103 gimnazial\u0103 \u0219i liceu. Prezent\u0103rile vor fi sus\u021binute de speciali\u0219ti \u00een domeniul restaur\u0103rii. Scopul acestora este acela de a reliefa noilor genera\u021bii munca care se depune \u00eentr-un muzeu.<br>Durata activit\u0103\u021bii: 2 h<br>Locul de desf\u0103\u0219urare: sediul MJSM<br>Coordonator: Varga M\u0103d\u0103lina<br>Persoan\u0103 de contact: Cr\u0103ciun Dreve Andrada, 0735513342 Pre\u021b bilet : 5 lei<\/p>\n\n\n\n<p>34. <strong>Gr\u0103dina Romei \u2013 primul parc s\u0103tm\u0103rean<\/strong><br>Activitatea const\u0103 \u00een vizionarea unui film documentar dedicat primului parc construit \u00een ora\u0219ul Satu Mare \u0219i \u00eentr-o prezentare interactiv\u0103 a noii expozi\u021bii permanente de \u0219tiin\u021bele naturii.<br>Durata activit\u0103\u021bii: 1 \u00bd\u00a0 h<br>Locul de desf\u0103\u0219urare: sediul MJSM<br>Coordonator: Br\u0103du\u021b Popdan<br>Persoan\u0103 de contact: Cr\u0103ciun Dreve Andrada, 0735513342<br>Pre\u021b bilet : 5 lei<\/p>\n\n\n\n<p>35. <strong>De la fir la costum \u2013 film documentar<\/strong><br>\u00cen cadrul evenimentului va fi prezentat un film despre industria casnic\u0103 textil\u0103, ob\u021binerea fibrelor textile, arta \u021besutului \u0219i a realiz\u0103rii costumului tradi\u021bional \u00een jude\u021bul Satu Mare \u0219i Transcarpatia (Ucraina).<br>Durata activit\u0103\u021bii: 1h<br>Locul de desf\u0103\u0219urare: sediul MJSM<br>Coordonatori: Mara Lobon\u021b Pu\u0219ca\u0219, Adela Dobrescu<br><a>Persoan\u0103 de contact: Cr\u0103ciun Dreve Andrada, 0735513342<\/a><br>Pre\u021b bilet: 5 lei<\/p>\n\n\n\n<p>36. <strong>Inunda\u021biile din 1970 de la Satu Mare\/ Drumul spre iad e pavat cu bune inten\u021bii. Efecte catastrofice ale drenarii r\u00e2urilor \u0219i mla\u0219tinilor<\/strong><br>Prezentare Power Point \u0219i a unui film documentar despre inunda\u021biile din luna mai a anului 1970 la Satu Mare.<br>Durata activit\u0103\u021bii 1h<br>Locul de desf\u0103\u0219urare: Sala de festivit\u0103\u021bi a MJSM<br>Coordonatori: S\u0103lceanu Mihaela, Lorincz Norbert (limba maghiar\u0103)<br><a>Persoan\u0103 de contact: Cr\u0103ciun Dreve Andrada, 0735513342<\/a><br>Pre\u021b bilet: 5 lei<\/p>\n\n\n\n<p>37. <strong>Copil\u0103ria \u00een perioada comunist\u0103 \/Cum se jucau p\u0103rin\u021bii \u0219i copiii no\u0219tri\/Jocurile de odinioar\u0103<\/strong><br>Activitatea const\u0103 dintr-o prezentare Power Point dedicat\u0103 anilor copil\u0103riei \u00een perioada comunist\u0103, reconstituind atmosfera acelor ani cu imagini ale obiectelor care au f\u0103cut parte din via\u021ba fiec\u0103rui copil, specifice anilor 1970-1980.<br>Durata activit\u0103\u021bii 1h<br>Locul de desf\u0103\u0219urare: Sala de festivit\u0103\u021bi a MJSM<br>Coordonator: S\u0103lceanu Mihaela<br>Persoan\u0103 de contact: Cr\u0103ciun Dreve Andrada, 0735513342<br>Pre\u021b bilet: 5 lei<\/p>\n\n\n\n<p>38. <strong>De la oase \u0219i molu\u0219te la cultur\u0103 \u0219i diet\u0103<\/strong><br>Prezentare Power Point se refer\u0103 la oasele de animale descoperite \u00een siturile arheologice, prin intermediul c\u0103rora putem afla ce fel de animale au crescut, au v\u00e2nat, au m\u00e2ncat oamenii \u00een trecut.<br>Durata activit\u0103\u021bii: 1h<br>Locul de desf\u0103\u0219urare: sediul MJSM<br>Coordonator: Xenia Pop<br>Persoan\u0103 de contact: Cr\u0103ciun Dreve Andrada: 0735513342<br>Pre\u021b bilet: 5 lei<\/p>\n\n\n\n<p>39. <strong>Promovarea patrimoniului cultural \u0219i muzeal s\u0103tm\u0103rean &#8211; prezentare power point<\/strong><br>Durata activit\u0103\u021bii: 1h<br>Locul de desf\u0103\u0219urare: Sediul institu\u021biilor de \u00eenv\u0103\u021b\u0103m\u00e2nt<br>Coordonator: Adriana Achim\u00a0<br>Persoan\u0103 de contact: Cr\u0103ciun Dreve Andrada: 0735513342<\/p>\n\n\n\n<p>40. <strong>Film de promovare a Muzeului Jude\u021bean Satu Mare<\/strong><br>\u00cen cadrul evenimentului vor fi prezentate 2 filme de promovare a MJSM, realizate \u00een cadrul unui proiect european<br>Durata activit\u0103\u021bii:1 h<br>Locul de desf\u0103\u0219urare: sediul MJSM<br>Coordonatori: Mara Lobon\u021b Pu\u0219ca\u0219, Adela Dobrescu<br>Persoan\u0103 de contact: Cr\u0103ciun Dreve Andrada: 0735513342<br>Pre\u021b bilet: 5 lei<\/p>\n\n\n\n<p>41. <strong>Plac\u0103 de pofti\u021bi la p\u00e2ine- film documentar\u00a0<\/strong><br>\u00cen cadrul evenimentului va fi prezentat filmul realizat \u00een localit\u0103\u021bi din jude\u021bul Satu Mare \u0219i \u00een zone limitrofe din Ungaria.<br>Durata activit\u0103\u021bii: 1h<br>Locul de desf\u0103\u0219urare: sediul MJSM<br>Coordonatori: Mara Lobon\u021b Pu\u0219ca\u0219, Adela Dobrescu<br>Persoan\u0103 de contact: Cr\u0103ciun Dreve Andrada: 0735513342<br>Pre\u021b bilet: 5 lei<\/p>\n\n\n\n<p>42. <strong>Dr. Vasile Lucaciu \u2013 film documentar<\/strong><br>Filmul este realizat de c\u0103tre Lucia Hossu Longin \u00een cadrul ciclului \u201eMemorialul durerii\u201d, fiind dedicat marelui patriot dr. Vasile Lucaciu.<br>Durata activit\u0103\u021bii 1h<br>Locul de desf\u0103\u0219urare: sala festiv\u0103 a Muzeului Jude\u021bean Satu Mare<br>Coordonator: Claudiu Porumb\u0103cean<br><a>Persoan\u0103 de contact: Cr\u0103ciun Dreve Andrada: 0735513342<\/a><br>Pre\u021b bilet: 5 lei<\/p>\n\n\n\n<p>43.  <strong>Istoria S\u0103tmarului<\/strong><br>Activitatea const\u0103 din prezentarea unui film documentar realizat de Muzeul Jude\u021bean Satu Mare, \u00een cadrul unui proiect european, dedicat istoriei jude\u021bului Satu Mare.<br>Durata activit\u0103\u021bii: 1.40 h<br>Locul de desf\u0103\u0219urare: Sala de festivit\u0103\u021bi a MJSM<br>Coordonator: Br\u0103du\u021b Popdan<br>Persoan\u0103 de contact: Cr\u0103ciun Dreve Andrada: 0735513342<br>Pre\u021b bilet: 5 lei<\/p>\n\n\n\n<p>44. <strong>\u201eCaravana muzeului Altfel\u201d<\/strong><br>Activitatea are ca obiectiv prezentarea \u00een \u0219coli a muzeului \u0219i op\u021biunile de educa\u021bie muzeal\u0103 prin unui filmule\u021b de promovare a expozi\u021biilor muzeale, prin decupaje \u00een imagini a unor obiecte cu poveste care s\u0103-i motiveze pe elevi s\u0103 viziteze muzeul. <br>Durata activit\u0103\u021bii: 1h<br>Locul de desf\u0103\u0219urare: sediul institu\u021biilor de \u00eenv\u0103\u021b\u0103m\u00e2nt<br>Coordonatori: Mihaela Grigorean \u0219i Kov\u00e1cs Zsolt<br>Persoan\u0103 de contact: Mihaela Grigorean, 0744263068<\/p>\n\n\n\n<p>45. <strong>\u201eP\u0103scutul ancestral\u201d<\/strong><br>\u00cen cadrul activit\u0103\u021bii dedicate p\u0103storitului se va discuta despre p\u0103scutul animalelor, modul de organizare al turmelor, se va vizita zona de c\u00e2mpie din cadrul expozi\u021biei permanente. Se va viziona un filmule\u021b documentar.<br>Timp: 1 \u00bd\u00a0 h<br>Locul de desf\u0103\u0219urare: sediul MJSM<br>Coordonator: Honca Ciprian<br>Persoan\u0103 de contact: Cr\u0103ciun Dreve Andrada, 0735513342<br><a>Pre\u021b bilet : 5 lei<\/a><\/p>\n\n\n\n<div class=\"wp-block-group alignwide has-tertiary-background-color has-background has-small-font-size\"><div class=\"wp-block-group__inner-container is-layout-constrained wp-block-group-is-layout-constrained\">\n<div class=\"wp-block-columns is-layout-flex wp-container-core-columns-is-layout-28f84493 wp-block-columns-is-layout-flex\">\n<div class=\"wp-block-column is-layout-flow wp-block-column-is-layout-flow\">\n<h5 class=\"wp-block-heading has-secondary-color has-text-color has-normal-font-size\">Muzeul Jude\u021bean Satu Mare<\/h5>\n\n\n\n<p class=\"has-text-align-left has-black-color has-text-color\"><a href=\"https:\/\/www.facebook.com\/Muzeul-Judetean-Satu-Mare-1050838434978303\">Facebook<\/a><\/p>\n\n\n\n<p><a style=\"color:#000000\" href=\"https:\/\/www.instagram.com\/mjsatumare\/\">Instagram<\/a><\/p>\n<\/div>\n\n\n\n<div class=\"wp-block-column is-layout-flow wp-block-column-is-layout-flow\">\n<h4 class=\"wp-block-heading has-text-align-left has-secondary-color has-text-color has-normal-font-size\">Contact<\/h4>\n\n\n\n<ul>\n<li>muzeusm@gmail.com<\/li>\n<li>+40261737526<\/li>\n<\/ul>\n<\/div>\n\n\n\n<div class=\"wp-block-column is-layout-flow wp-block-column-is-layout-flow\">\n<h4 class=\"wp-block-heading has-secondary-color has-text-color has-normal-font-size\">Adresa<\/h4>\n\n\n\n<p class=\"has-black-color has-text-color\">Vasile Lucaciu, 21 <br>Satu Mare<br>Romania<\/p>\n<\/div>\n<\/div>\n\n\n\n<div class=\"googlemaps\">\n\t\t\t\t<iframe loading=\"lazy\" width=\"600\" height=\"450\" frameborder=\"0\" scrolling=\"no\" marginheight=\"0\" marginwidth=\"0\"  src=\"https:\/\/www.google.com\/maps\/embed?pb=!1m18!1m12!1m3!1d2680.408030650319!2d22.880271215825633!3d47.79292568308074!2m3!1f0!2f0!3f0!3m2!1i1024!2i768!4f13.1!3m3!1m2!1s0x47380434cc726a85:0x3409a9787eec9fb1!2sCounty%20Museum!5e0!3m2!1sen!2sro!4v1680001990076!5m2!1sen!2sro\"><\/iframe>\n\t\t\t<\/div>\n<\/div><\/div>\n","protected":false},"excerpt":{"rendered":"<p>32. Portul popular \u00een \u021aara OasuluiPrezentare Power Point dedicat\u0103 obiectelor de \u00eembr\u0103c\u0103minte din \u021aara Oa\u0219ului de-a lungul timpului.Durata activit\u0103\u021bii: 1 hLocul de desf\u0103\u0219urare: Sediul institu\u021biilor de \u00eenv\u0103\u021b\u0103m\u00e2ntCoordonator: Adriana Achim\u00a0Persoan\u0103 de contact: Cr\u0103ciun Dreve Andrada, 0735513342 33. \u201eDe la copac \u2013 la obiect de patrimoniu\u201dPrezent\u0103ri tematice pentru elevii de \u0219coal\u0103 gimnazial\u0103 \u0219i liceu. Prezent\u0103rile vor fi<a class=\"more-link\" href=\"https:\/\/muzeusm.ro\/hu\/prezentari-la-mjsm-si-la-sediul-institutiilor-de-invatamant\/\">Continue reading <span class=\"screen-reader-text\">&#8220;Prezent\u0103ri la MJSM \u0219i la sediul institu\u021biilor de \u00eenv\u0103\u021b\u0103m\u00e2nt&#8221;<\/span><\/a><\/p>\n","protected":false},"author":245723488,"featured_media":0,"parent":0,"menu_order":0,"comment_status":"closed","ping_status":"closed","template":"","meta":{"_coblocks_attr":"","_coblocks_dimensions":"","_coblocks_responsive_height":"","_coblocks_accordion_ie_support":"","advanced_seo_description":"","jetpack_seo_html_title":"","jetpack_seo_noindex":false,"jetpack_post_was_ever_published":false,"footnotes":""},"class_list":["post-16373","page","type-page","status-publish","hentry","entry"],"translation":{"provider":"WPGlobus","version":"3.0.1","language":"hu","enabled_languages":["ro","hu","en"],"languages":{"ro":{"title":true,"content":true,"excerpt":false},"hu":{"title":false,"content":false,"excerpt":false},"en":{"title":false,"content":false,"excerpt":false}}},"jetpack_likes_enabled":true,"jetpack-related-posts":[{"id":16325,"url":"https:\/\/muzeusm.ro\/hu\/activitati-de-educatie-muzeala-la-mjsm-muzeul-de-arta-si-la-sediul-institutiilor-de-invatamant\/","url_meta":{"origin":16373,"position":0},"title":"Activit\u0103\u021bi de educa\u021bie muzeal\u0103 la MJSM, Muzeul de Art\u0103 \u0219i la sediul institu\u021biilor de \u00eenv\u0103\u021b\u0103m\u00e2nt","author":"Kov\u00e1cs Zsolt","date":"24 February 2025","format":false,"excerpt":"Lutul, form\u0103 \u0219i culoare Proiectul \u201eLutul, form\u0103 \u0219i culoare\u201d, cuprinde ateliere de modelaj vase din lut \u0219i vizit\u0103 ghidat\u0103 \u00eentr-una dintre expozi\u021biile muzeului: Sec\u021bia de arheologie \/\u00a0 Sec\u021bia de etnografie. Durata activit\u0103\u021bii: 2 h Locul de desf\u0103\u0219urare: sediul MJSM \u0219i sediul institu\u021biilor de \u00eenv\u0103\u021b\u0103m\u00e2nt Activitatea se adreseaz\u0103 elevilor de nivel\u2026","rel":"","context":"Similar post","block_context":{"text":"Similar post","link":""},"img":{"alt_text":"","src":"https:\/\/i0.wp.com\/muzeusm.ro\/wp-content\/uploads\/2025\/02\/uEFsC0ItKrrI_9RLeSHjKEOGQXMx64lQ6F_zCIjYnbU.webp?resize=350%2C200&ssl=1","width":350,"height":200,"srcset":"https:\/\/i0.wp.com\/muzeusm.ro\/wp-content\/uploads\/2025\/02\/uEFsC0ItKrrI_9RLeSHjKEOGQXMx64lQ6F_zCIjYnbU.webp?resize=350%2C200&ssl=1 1x, https:\/\/i0.wp.com\/muzeusm.ro\/wp-content\/uploads\/2025\/02\/uEFsC0ItKrrI_9RLeSHjKEOGQXMx64lQ6F_zCIjYnbU.webp?resize=525%2C300&ssl=1 1.5x, https:\/\/i0.wp.com\/muzeusm.ro\/wp-content\/uploads\/2025\/02\/uEFsC0ItKrrI_9RLeSHjKEOGQXMx64lQ6F_zCIjYnbU.webp?resize=700%2C400&ssl=1 2x"},"classes":[]},{"id":17021,"url":"https:\/\/muzeusm.ro\/hu\/activitati-de-educatie-muzeala-pentru-programul-saptamana-verde\/","url_meta":{"origin":16373,"position":1},"title":"Activit\u0103\u021bi de educa\u021bie muzeal\u0103 pentru programul \u201eS\u0103pt\u0103m\u00e2na verde\u201d","author":"Kov\u00e1cs Zsolt","date":"8 October 2025","format":false,"excerpt":"\u201eLutul, form\u0103 \u0219i culoare\u201dDurata activit\u0103\u021bii: 2 oreLocul desf\u0103\u0219ur\u0103rii: MJSM sau unit\u0103\u021bile de \u00eenv\u0103\u021b\u0103m\u00e2ntNivel de v\u00e2rst\u0103: \u00eenv\u0103\u021b\u0103m\u00e2ntul pre\u0219colar, primar, gimnazial \u0219i liceal.Obiective specifice:\u00a0Identificarea \u0219i descrierea obiectelor tradi\u021bionale din lut \u0219i a utiliz\u0103rii lor istorice.\u00a0\u00a0Aplicarea unor tehnici simple de modelaj pentru realizarea unui obiect ceramic propriu.\u00a0\u00a0Exprimarea creativit\u0103\u021bii prin decorarea cu forme \u0219i\u2026","rel":"","context":"Similar post","block_context":{"text":"Similar post","link":""},"img":{"alt_text":"","src":"https:\/\/i0.wp.com\/muzeusm.ro\/wp-content\/uploads\/2025\/10\/WhatsApp-Image-2025-10-08-at-10.47.38-2-724x1024.jpeg?resize=350%2C200&ssl=1","width":350,"height":200,"srcset":"https:\/\/i0.wp.com\/muzeusm.ro\/wp-content\/uploads\/2025\/10\/WhatsApp-Image-2025-10-08-at-10.47.38-2-724x1024.jpeg?resize=350%2C200&ssl=1 1x, https:\/\/i0.wp.com\/muzeusm.ro\/wp-content\/uploads\/2025\/10\/WhatsApp-Image-2025-10-08-at-10.47.38-2-724x1024.jpeg?resize=525%2C300&ssl=1 1.5x, https:\/\/i0.wp.com\/muzeusm.ro\/wp-content\/uploads\/2025\/10\/WhatsApp-Image-2025-10-08-at-10.47.38-2-724x1024.jpeg?resize=700%2C400&ssl=1 2x"},"classes":[]},{"id":16347,"url":"https:\/\/muzeusm.ro\/hu\/activitati-la-obiective-turistice-din-judet\/","url_meta":{"origin":16373,"position":2},"title":"Activit\u0103\u021bi la obiective turistice din jude\u021b","author":"Kov\u00e1cs Zsolt","date":"24 February 2025","format":false,"excerpt":"16. Tir cu arcul la cuptoarele daciceDurata activit\u0103\u021bii: 2-3 oreLocul de desf\u0103\u0219urare: Cuptoarele dacice de la Medie\u0219u AuritPerioad\u0103: 01.04 \u2013 30.04.2025Activitatea este dedicat\u0103 grupurilor de elevi aflate \u00een excursie, organizate, care s\u0103 vin\u0103 la cuptoarele dacice din zon\u0103. Vom oferi tir cu arcul la cuptoarele dacice, vom sus\u021bine o scurt\u0103\u2026","rel":"","context":"Similar post","block_context":{"text":"Similar post","link":""},"img":{"alt_text":"","src":"","width":0,"height":0},"classes":[]},{"id":16998,"url":"https:\/\/muzeusm.ro\/hu\/activitati-de-educatie-muzeala-pentru-programul-scoala-altfel\/","url_meta":{"origin":16373,"position":3},"title":"Activit\u0103\u021bi de educa\u021bie muzeal\u0103 pentru programul \u201e\u0218coala Altfel\u201d","author":"Kov\u00e1cs Zsolt","date":"8 October 2025","format":false,"excerpt":"\u00a0 1 \u201eLutul, form\u0103 \u0219i culoare\u201dDurata activit\u0103\u021bii: 2 oreLocul desf\u0103\u0219ur\u0103rii: MJSM sau unit\u0103\u021bile de \u00eenv\u0103\u021b\u0103m\u00e2ntNivel de v\u00e2rst\u0103: \u00eenv\u0103\u021b\u0103m\u00e2ntul pre\u0219colar, primar, gimnazial \u0219i liceal.Obiective specifice:\u00a0Identificarea \u0219i descrierea obiectelor tradi\u021bionale din lut \u0219i a utiliz\u0103rii lor istorice.\u00a0\u00a0Aplicarea unor tehnici simple de modelaj pentru realizarea unui obiect ceramic propriu.\u00a0\u00a0Exprimarea creativit\u0103\u021bii prin decorarea cu\u2026","rel":"","context":"Similar post","block_context":{"text":"Similar post","link":""},"img":{"alt_text":"","src":"https:\/\/i0.wp.com\/muzeusm.ro\/wp-content\/uploads\/2025\/10\/WhatsApp-Image-2025-10-08-at-10.47.38-2-724x1024.jpeg?resize=350%2C200&ssl=1","width":350,"height":200,"srcset":"https:\/\/i0.wp.com\/muzeusm.ro\/wp-content\/uploads\/2025\/10\/WhatsApp-Image-2025-10-08-at-10.47.38-2-724x1024.jpeg?resize=350%2C200&ssl=1 1x, https:\/\/i0.wp.com\/muzeusm.ro\/wp-content\/uploads\/2025\/10\/WhatsApp-Image-2025-10-08-at-10.47.38-2-724x1024.jpeg?resize=525%2C300&ssl=1 1.5x, https:\/\/i0.wp.com\/muzeusm.ro\/wp-content\/uploads\/2025\/10\/WhatsApp-Image-2025-10-08-at-10.47.38-2-724x1024.jpeg?resize=700%2C400&ssl=1 2x"},"classes":[]},{"id":102,"url":"https:\/\/muzeusm.ro\/hu\/istorie\/","url_meta":{"origin":16373,"position":4},"title":"A kultur\u00e1lis \u00f6r\u00f6ks\u00e9g n\u00e9pszer\u0171s\u00edt\u00e9se \u00e9s m\u00fazeumpedag\u00f3gia oszt\u00e1ly","author":"andreeaionetecu","date":"19 October 2021","format":false,"excerpt":"{:ro} Atribu\u021biile \u0219i responsabilit\u0103\u021bile principale sunt legate de coordonarea activit\u0103\u021bilor ce implic\u0103 patrimoniul Colec\u021biei de Art\u0103, a activit\u0103\u021bilor de la Muzeul de Art\u0103, Atelierul Memorial Aurel Popp Satu Mare, Atelierul Memorial Paul Erd\u0151s Satu Mare, Biblioteca de specialitate, Muzeul \u00een aer liber M\u0103riu\u0219, Casa \u021a\u0103r\u0103neasc\u0103 Chilia, Muzeul Ugocea - Oa\u0219\u2026","rel":"","context":"Similar post","block_context":{"text":"Similar post","link":""},"img":{"alt_text":"","src":"","width":0,"height":0},"classes":[]},{"id":16376,"url":"https:\/\/muzeusm.ro\/hu\/muzeul-orasului-oasu-nou-muzeul-municipal-carei-si-muzeul-orasenesc-tasnad\/","url_meta":{"origin":16373,"position":5},"title":"Muzeul ora\u0219ului Ora\u0219u Nou, \u00a0Muzeul Municipal Carei \u0219i Muzeul Or\u0103\u0219enesc T\u0103\u0219nad","author":"Kov\u00e1cs Zsolt","date":"24 February 2025","format":false,"excerpt":"\u201eVia\u021ba de zi cu zi a aristocra\u021biei.Via\u021ba cotidian\u0103 a familiei K\u00e1rolyi \u00een secolele XVIII-XIX\u201d Vizit\u0103 interactiv\u0103 \u00een expozi\u021bia permanent\u0103. Prezentare PowerPoint.Coordonator: Csat\u00e1ri Istv\u00e1n Gerg\u0151Pre\u021b bilet: 10 lei 2. \u201e 25 Octombrie-Ziua Armatei rom\u00e2ne\u201d - Castelul K\u00e1rolyi Carei. \u00a0 Prezentare interactiv\u0103. Expozi\u021bia permanent\u0103.Coordonator: Gindele SimonaPre\u021b bilet: 10 lei \u00a03. \u201eCasa Domnului\u201d\u2026","rel":"","context":"Similar post","block_context":{"text":"Similar post","link":""},"img":{"alt_text":"","src":"","width":0,"height":0},"classes":[]}],"jetpack_sharing_enabled":true,"jetpack_shortlink":"https:\/\/wp.me\/PfvnyQ-4g5","_links":{"self":[{"href":"https:\/\/muzeusm.ro\/hu\/wp-json\/wp\/v2\/pages\/16373","targetHints":{"allow":["GET"]}}],"collection":[{"href":"https:\/\/muzeusm.ro\/hu\/wp-json\/wp\/v2\/pages"}],"about":[{"href":"https:\/\/muzeusm.ro\/hu\/wp-json\/wp\/v2\/types\/page"}],"author":[{"embeddable":true,"href":"https:\/\/muzeusm.ro\/hu\/wp-json\/wp\/v2\/users\/245723488"}],"replies":[{"embeddable":true,"href":"https:\/\/muzeusm.ro\/hu\/wp-json\/wp\/v2\/comments?post=16373"}],"version-history":[{"count":1,"href":"https:\/\/muzeusm.ro\/hu\/wp-json\/wp\/v2\/pages\/16373\/revisions"}],"predecessor-version":[{"id":16374,"href":"https:\/\/muzeusm.ro\/hu\/wp-json\/wp\/v2\/pages\/16373\/revisions\/16374"}],"wp:attachment":[{"href":"https:\/\/muzeusm.ro\/hu\/wp-json\/wp\/v2\/media?parent=16373"}],"curies":[{"name":"wp","href":"https:\/\/api.w.org\/{rel}","templated":true}]}}