{"id":16325,"date":"2025-02-24T09:10:11","date_gmt":"2025-02-24T07:10:11","guid":{"rendered":"https:\/\/muzeusm.ro\/?page_id=16325"},"modified":"2025-02-24T09:10:13","modified_gmt":"2025-02-24T07:10:13","slug":"activitati-de-educatie-muzeala-la-mjsm-muzeul-de-arta-si-la-sediul-institutiilor-de-invatamant","status":"publish","type":"page","link":"https:\/\/muzeusm.ro\/hu\/activitati-de-educatie-muzeala-la-mjsm-muzeul-de-arta-si-la-sediul-institutiilor-de-invatamant\/","title":{"rendered":"Activit\u0103\u021bi de educa\u021bie muzeal\u0103 la MJSM, Muzeul de Art\u0103 \u0219i la sediul institu\u021biilor de \u00eenv\u0103\u021b\u0103m\u00e2nt"},"content":{"rendered":"\n<ol class=\"wp-block-list\">\n<li><strong>Lutul, form\u0103 \u0219i culoare<\/strong><\/li>\n<\/ol>\n\n\n\n<div class=\"wp-block-media-text is-stacked-on-mobile\"><figure class=\"wp-block-media-text__media\"><img loading=\"lazy\" decoding=\"async\" width=\"509\" height=\"720\" data-attachment-id=\"16326\" data-permalink=\"https:\/\/muzeusm.ro\/hu\/activitati-de-educatie-muzeala-la-mjsm-muzeul-de-arta-si-la-sediul-institutiilor-de-invatamant\/1-alexandra-lutul-forma-si-culoare\/\" data-orig-file=\"https:\/\/muzeusm.ro\/wp-content\/uploads\/2025\/02\/1-Alexandra-Lutul-Forma-si-culoare.jpg\" data-orig-size=\"509,720\" data-comments-opened=\"1\" data-image-meta=\"{&quot;aperture&quot;:&quot;0&quot;,&quot;credit&quot;:&quot;&quot;,&quot;camera&quot;:&quot;&quot;,&quot;caption&quot;:&quot;&quot;,&quot;created_timestamp&quot;:&quot;0&quot;,&quot;copyright&quot;:&quot;&quot;,&quot;focal_length&quot;:&quot;0&quot;,&quot;iso&quot;:&quot;0&quot;,&quot;shutter_speed&quot;:&quot;0&quot;,&quot;title&quot;:&quot;&quot;,&quot;orientation&quot;:&quot;0&quot;}\" data-image-title=\"1 Alexandra Lutul Forma si culoare\" data-image-description=\"\" data-image-caption=\"\" data-medium-file=\"https:\/\/muzeusm.ro\/wp-content\/uploads\/2025\/02\/1-Alexandra-Lutul-Forma-si-culoare-212x300.jpg\" data-large-file=\"https:\/\/muzeusm.ro\/wp-content\/uploads\/2025\/02\/1-Alexandra-Lutul-Forma-si-culoare.jpg\" src=\"https:\/\/muzeusm.ro\/wp-content\/uploads\/2025\/02\/1-Alexandra-Lutul-Forma-si-culoare.jpg\" alt=\"\" class=\"wp-image-16326 size-full\" srcset=\"https:\/\/muzeusm.ro\/wp-content\/uploads\/2025\/02\/1-Alexandra-Lutul-Forma-si-culoare.jpg 509w, https:\/\/muzeusm.ro\/wp-content\/uploads\/2025\/02\/1-Alexandra-Lutul-Forma-si-culoare-212x300.jpg 212w\" sizes=\"auto, (max-width: 509px) 100vw, 509px\" \/><\/figure><div class=\"wp-block-media-text__content\">\n<p>Proiectul \u201eLutul, form\u0103 \u0219i culoare\u201d, cuprinde ateliere de modelaj vase din lut \u0219i vizit\u0103 ghidat\u0103 \u00eentr-una dintre expozi\u021biile muzeului: Sec\u021bia de arheologie \/&nbsp; Sec\u021bia de etnografie.<\/p>\n\n\n\n<p>Durata activit\u0103\u021bii: 2 h<\/p>\n\n\n\n<p><a><\/a>Locul de desf\u0103\u0219urare: sediul MJSM \u0219i sediul institu\u021biilor de \u00eenv\u0103\u021b\u0103m\u00e2nt<\/p>\n\n\n\n<p>Activitatea se adreseaz\u0103 elevilor de nivel primar, gimnazial \u0219i pre\u0219colar.<\/p>\n\n\n\n<p>Coordonator: Alexandra Sima 0763738984 Pre\u021b bilet: 10 lei<\/p>\n\n\n\n<p><\/p>\n<\/div><\/div>\n\n\n\n<p>2. <strong>Secretele naturii<\/strong> <strong>la muzeu \u0219i la sediul institu\u021biilor de \u00eenv\u0103\u021b\u0103m\u00e2nt<\/strong><\/p>\n\n\n\n<div class=\"wp-block-columns is-layout-flex wp-container-core-columns-is-layout-28f84493 wp-block-columns-is-layout-flex\">\n<div class=\"wp-block-column is-layout-flow wp-block-column-is-layout-flow\" style=\"flex-basis:100%\">\n<div class=\"wp-block-media-text has-media-on-the-right is-stacked-on-mobile\"><div class=\"wp-block-media-text__content\">\n<p>Vizit\u0103 \u0219i descoperiri fascinante \u00een expozi\u021bia \u201e\u0218tiin\u021bele naturii\u201d, prin care copiii descoper\u0103 procesele naturii \u0219i afl\u0103 curiozit\u0103\u021bi despre habitatele ce ne \u00eenconjoar\u0103.<br>Jocuri educative de cunoa\u0219terea \u0219i protejarea naturii la sediul institu\u021biilor de \u00eenv\u00e2\u021b\u0103m\u00e2nt.<br>Dedicat elevilor claselor I-VIII<br>Durata: 1 h<br>Program\u0103ri: \u00c1gota M\u00e1rk-Nagy, \u00a00723617126<br>Pre\u021b bilet: 10 lei\/ 5 lei<\/p>\n<\/div><figure class=\"wp-block-media-text__media\"><img loading=\"lazy\" decoding=\"async\" width=\"819\" height=\"1024\" data-attachment-id=\"16340\" data-permalink=\"https:\/\/muzeusm.ro\/hu\/activitati-de-educatie-muzeala-la-mjsm-muzeul-de-arta-si-la-sediul-institutiilor-de-invatamant\/afis-stiinta-joaca-ro-4\/\" data-orig-file=\"https:\/\/muzeusm.ro\/wp-content\/uploads\/2025\/02\/afis-stiinta-joaca-RO-3.jpg\" data-orig-size=\"1280,1600\" data-comments-opened=\"1\" data-image-meta=\"{&quot;aperture&quot;:&quot;0&quot;,&quot;credit&quot;:&quot;&quot;,&quot;camera&quot;:&quot;&quot;,&quot;caption&quot;:&quot;&quot;,&quot;created_timestamp&quot;:&quot;0&quot;,&quot;copyright&quot;:&quot;&quot;,&quot;focal_length&quot;:&quot;0&quot;,&quot;iso&quot;:&quot;0&quot;,&quot;shutter_speed&quot;:&quot;0&quot;,&quot;title&quot;:&quot;&quot;,&quot;orientation&quot;:&quot;0&quot;}\" data-image-title=\"afis stiinta joaca RO\" data-image-description=\"\" data-image-caption=\"\" data-medium-file=\"https:\/\/muzeusm.ro\/wp-content\/uploads\/2025\/02\/afis-stiinta-joaca-RO-3-240x300.jpg\" data-large-file=\"https:\/\/muzeusm.ro\/wp-content\/uploads\/2025\/02\/afis-stiinta-joaca-RO-3-819x1024.jpg\" src=\"https:\/\/muzeusm.ro\/wp-content\/uploads\/2025\/02\/afis-stiinta-joaca-RO-3-819x1024.jpg\" alt=\"\" class=\"wp-image-16340 size-full\" srcset=\"https:\/\/muzeusm.ro\/wp-content\/uploads\/2025\/02\/afis-stiinta-joaca-RO-3-819x1024.jpg 819w, https:\/\/muzeusm.ro\/wp-content\/uploads\/2025\/02\/afis-stiinta-joaca-RO-3-240x300.jpg 240w, https:\/\/muzeusm.ro\/wp-content\/uploads\/2025\/02\/afis-stiinta-joaca-RO-3-768x960.jpg 768w, https:\/\/muzeusm.ro\/wp-content\/uploads\/2025\/02\/afis-stiinta-joaca-RO-3-1229x1536.jpg 1229w, https:\/\/muzeusm.ro\/wp-content\/uploads\/2025\/02\/afis-stiinta-joaca-RO-3.jpg 1280w\" sizes=\"auto, (max-width: 819px) 100vw, 819px\" \/><\/figure><\/div>\n<\/div>\n\n\n\n<div class=\"wp-block-column is-layout-flow wp-block-column-is-layout-flow\"><\/div>\n<\/div>\n\n\n\n<p><\/p>\n\n\n\n<p>3. <strong>Art\u0103 \u0219i tradi\u021bie s\u0103tm\u0103rean\u0103<\/strong><\/p>\n\n\n\n<div class=\"wp-block-media-text is-stacked-on-mobile\"><figure class=\"wp-block-media-text__media\"><img loading=\"lazy\" decoding=\"async\" width=\"509\" height=\"720\" data-attachment-id=\"16335\" data-permalink=\"https:\/\/muzeusm.ro\/hu\/activitati-de-educatie-muzeala-la-mjsm-muzeul-de-arta-si-la-sediul-institutiilor-de-invatamant\/3-alexandra-arta-si-traditie\/\" data-orig-file=\"https:\/\/muzeusm.ro\/wp-content\/uploads\/2025\/02\/3-Alexandra-Arta-si-traditie.jpg\" data-orig-size=\"509,720\" data-comments-opened=\"1\" data-image-meta=\"{&quot;aperture&quot;:&quot;0&quot;,&quot;credit&quot;:&quot;&quot;,&quot;camera&quot;:&quot;&quot;,&quot;caption&quot;:&quot;&quot;,&quot;created_timestamp&quot;:&quot;0&quot;,&quot;copyright&quot;:&quot;&quot;,&quot;focal_length&quot;:&quot;0&quot;,&quot;iso&quot;:&quot;0&quot;,&quot;shutter_speed&quot;:&quot;0&quot;,&quot;title&quot;:&quot;&quot;,&quot;orientation&quot;:&quot;0&quot;}\" data-image-title=\"3 Alexandra Arta si traditie\" data-image-description=\"\" data-image-caption=\"\" data-medium-file=\"https:\/\/muzeusm.ro\/wp-content\/uploads\/2025\/02\/3-Alexandra-Arta-si-traditie-212x300.jpg\" data-large-file=\"https:\/\/muzeusm.ro\/wp-content\/uploads\/2025\/02\/3-Alexandra-Arta-si-traditie.jpg\" src=\"https:\/\/muzeusm.ro\/wp-content\/uploads\/2025\/02\/3-Alexandra-Arta-si-traditie.jpg\" alt=\"\" class=\"wp-image-16335 size-full\" srcset=\"https:\/\/muzeusm.ro\/wp-content\/uploads\/2025\/02\/3-Alexandra-Arta-si-traditie.jpg 509w, https:\/\/muzeusm.ro\/wp-content\/uploads\/2025\/02\/3-Alexandra-Arta-si-traditie-212x300.jpg 212w\" sizes=\"auto, (max-width: 509px) 100vw, 509px\" \/><\/figure><div class=\"wp-block-media-text__content\">\n<p>Proiectul \u201e<a>Art\u0103 \u0219i tradi\u021bie s\u0103tm\u0103rean\u0103<\/a>\u201d, cuprinde ateliere de pictur\u0103 pe sticl\u0103, p\u00e2nz\u0103 \u0219i lemn, cu vizit\u0103 ghidat\u0103 \u00eentr-una dintre expozi\u021biile muzeului: Sec\u021bia de etnografie \/ Sec\u021bia de Istorie.<\/p>\n\n\n\n<p>Durata activit\u0103\u021bii: 2 h<\/p>\n\n\n\n<p>Locul de desf\u0103\u0219urare: sediul MJSM \u0219i sediul institu\u021biilor de \u00eenv\u0103\u021b\u0103m\u00e2nt<\/p>\n\n\n\n<p>Activitatea se adreseaz\u0103 elevilor de nivel primar, gimnazial \u0219i pre\u0219colar.<\/p>\n\n\n\n<p>Coordonator: Alexandra Sima, 0763738984<\/p>\n\n\n\n<p>Pre\u021b bilet: 10 lei<\/p>\n<\/div><\/div>\n\n\n\n<p>4. <strong>S\u0103 cre\u0103m un obiect magic! <\/strong><\/p>\n\n\n\n<div class=\"wp-block-media-text has-media-on-the-right is-stacked-on-mobile\"><div class=\"wp-block-media-text__content\">\n<p>Activitate care se bazeaz\u0103 pe ghidajul oferit copiilor la sec\u021bia de arheologie despre modul de via\u021b\u0103, credin\u021ba, g\u00e2ndirea magic\u0103 a omului preistoric, mesajul simbolurilor folosite pe obiectele g\u0103site. \u00cen atelier vom crea un obiect magic, un talisman sau o amulet\u0103.<br>Recomandat claselor: III-XII<br>Durata: 1-1,5 h<br>Coordonator program: \u00c1gota M\u00e1rk-Nagy\u00a0 0723 617\u00a0126<br>Pre\u021b bilet: 10 lei<\/p>\n<\/div><figure class=\"wp-block-media-text__media\"><img loading=\"lazy\" decoding=\"async\" width=\"819\" height=\"1024\" data-attachment-id=\"16341\" data-permalink=\"https:\/\/muzeusm.ro\/hu\/activitati-de-educatie-muzeala-la-mjsm-muzeul-de-arta-si-la-sediul-institutiilor-de-invatamant\/afis-stiinta-joaca-ro-5\/\" data-orig-file=\"https:\/\/muzeusm.ro\/wp-content\/uploads\/2025\/02\/afis-stiinta-joaca-RO-4.jpg\" data-orig-size=\"1280,1600\" data-comments-opened=\"1\" data-image-meta=\"{&quot;aperture&quot;:&quot;0&quot;,&quot;credit&quot;:&quot;&quot;,&quot;camera&quot;:&quot;&quot;,&quot;caption&quot;:&quot;&quot;,&quot;created_timestamp&quot;:&quot;0&quot;,&quot;copyright&quot;:&quot;&quot;,&quot;focal_length&quot;:&quot;0&quot;,&quot;iso&quot;:&quot;0&quot;,&quot;shutter_speed&quot;:&quot;0&quot;,&quot;title&quot;:&quot;&quot;,&quot;orientation&quot;:&quot;0&quot;}\" data-image-title=\"afis stiinta joaca RO\" data-image-description=\"\" data-image-caption=\"\" data-medium-file=\"https:\/\/muzeusm.ro\/wp-content\/uploads\/2025\/02\/afis-stiinta-joaca-RO-4-240x300.jpg\" data-large-file=\"https:\/\/muzeusm.ro\/wp-content\/uploads\/2025\/02\/afis-stiinta-joaca-RO-4-819x1024.jpg\" src=\"https:\/\/muzeusm.ro\/wp-content\/uploads\/2025\/02\/afis-stiinta-joaca-RO-4-819x1024.jpg\" alt=\"\" class=\"wp-image-16341 size-full\" srcset=\"https:\/\/muzeusm.ro\/wp-content\/uploads\/2025\/02\/afis-stiinta-joaca-RO-4-819x1024.jpg 819w, https:\/\/muzeusm.ro\/wp-content\/uploads\/2025\/02\/afis-stiinta-joaca-RO-4-240x300.jpg 240w, https:\/\/muzeusm.ro\/wp-content\/uploads\/2025\/02\/afis-stiinta-joaca-RO-4-768x960.jpg 768w, https:\/\/muzeusm.ro\/wp-content\/uploads\/2025\/02\/afis-stiinta-joaca-RO-4-1229x1536.jpg 1229w, https:\/\/muzeusm.ro\/wp-content\/uploads\/2025\/02\/afis-stiinta-joaca-RO-4.jpg 1280w\" sizes=\"auto, (max-width: 819px) 100vw, 819px\" \/><\/figure><\/div>\n\n\n\n<p>5. <strong>Am \u0219i eu un blazon! <\/strong><\/p>\n\n\n\n<div class=\"wp-block-media-text is-stacked-on-mobile\"><figure class=\"wp-block-media-text__media\"><img loading=\"lazy\" decoding=\"async\" width=\"819\" height=\"1024\" data-attachment-id=\"16342\" data-permalink=\"https:\/\/muzeusm.ro\/hu\/activitati-de-educatie-muzeala-la-mjsm-muzeul-de-arta-si-la-sediul-institutiilor-de-invatamant\/afis-stiinta-joaca-ro-6\/\" data-orig-file=\"https:\/\/muzeusm.ro\/wp-content\/uploads\/2025\/02\/afis-stiinta-joaca-RO-5.jpg\" data-orig-size=\"1280,1600\" data-comments-opened=\"1\" data-image-meta=\"{&quot;aperture&quot;:&quot;0&quot;,&quot;credit&quot;:&quot;&quot;,&quot;camera&quot;:&quot;&quot;,&quot;caption&quot;:&quot;&quot;,&quot;created_timestamp&quot;:&quot;0&quot;,&quot;copyright&quot;:&quot;&quot;,&quot;focal_length&quot;:&quot;0&quot;,&quot;iso&quot;:&quot;0&quot;,&quot;shutter_speed&quot;:&quot;0&quot;,&quot;title&quot;:&quot;&quot;,&quot;orientation&quot;:&quot;0&quot;}\" data-image-title=\"afis stiinta joaca RO\" data-image-description=\"\" data-image-caption=\"\" data-medium-file=\"https:\/\/muzeusm.ro\/wp-content\/uploads\/2025\/02\/afis-stiinta-joaca-RO-5-240x300.jpg\" data-large-file=\"https:\/\/muzeusm.ro\/wp-content\/uploads\/2025\/02\/afis-stiinta-joaca-RO-5-819x1024.jpg\" src=\"https:\/\/muzeusm.ro\/wp-content\/uploads\/2025\/02\/afis-stiinta-joaca-RO-5-819x1024.jpg\" alt=\"\" class=\"wp-image-16342 size-full\" srcset=\"https:\/\/muzeusm.ro\/wp-content\/uploads\/2025\/02\/afis-stiinta-joaca-RO-5-819x1024.jpg 819w, https:\/\/muzeusm.ro\/wp-content\/uploads\/2025\/02\/afis-stiinta-joaca-RO-5-240x300.jpg 240w, https:\/\/muzeusm.ro\/wp-content\/uploads\/2025\/02\/afis-stiinta-joaca-RO-5-768x960.jpg 768w, https:\/\/muzeusm.ro\/wp-content\/uploads\/2025\/02\/afis-stiinta-joaca-RO-5-1229x1536.jpg 1229w, https:\/\/muzeusm.ro\/wp-content\/uploads\/2025\/02\/afis-stiinta-joaca-RO-5.jpg 1280w\" sizes=\"auto, (max-width: 819px) 100vw, 819px\" \/><\/figure><div class=\"wp-block-media-text__content\">\n<p>Vizit\u0103 la sec\u021bia de istorie, Evul Mediu, formarea ora\u0219ului Satu Mare. \u00cen atelierul creativ fiecare participant va\u00a0 elabora un blazon, folosind simbolurile blazoanelor din Evul Mediu.<br>Durata: 1-1,5 h<br>Recomandat claselor: I-VII<br>Coordonator program: \u00c1gota M\u00e1rk-Nagy, 0723 617\u00a0126<br>Pre\u021b bilet: 10 lei<\/p>\n<\/div><\/div>\n\n\n\n<p>6. <strong>Albin\u0103ritul<\/strong><\/p>\n\n\n\n<p>Activitatea \u00ee\u0219i propune s\u0103 arate elevilor modul vechi de prelucrare al me\u0219te\u0219ugului cu albine, inventarul avut de c\u0103tre apicultori \u0219i prezent\u0103ri despre ce \u00eensemna apicultura. \u00cen completare se va discuta despre importan\u021ba albinelor ast\u0103zi \u0219i care este folosul lor. La finalul prezent\u0103rii se va face un atelier de lucru manual cu produse apicole.<br>Activitatea se adreseaz\u0103 claselor II \u2013 XII.<br>Durata activit\u0103\u021bii: 2 h<br><a>Locul de desf\u0103\u0219urare: sediul MJSM<\/a><br>Coordonator: Laura Melinda T\u0103t\u0103ran<br>Persoan\u0103 de contact: Cr\u0103ciun Dreve Andrada, 0735513342<br>Pre\u021b bilet : 20 lei<\/p>\n\n\n\n<p>7. <strong>Despre patrimoniu<\/strong><\/p>\n\n\n\n<p>Activitatea se va desf\u0103\u0219ura la sediul muzeului pentru a avea la \u00eendem\u00e2n\u0103 patrimoniul material \u0219i a putea fi vizualizat. Activitatea se va baza pe prezent\u0103ri \u0219i atelier de lucru manual.<br>Durata activit\u0103\u021bii: 2h<br><a>Locul de desf\u0103\u0219urare: <\/a>sediul MJSM<br>Activitatea se adreseaz\u0103 claselor I \u2013 VI.<br>Coordonator: Laura Melinda T\u0103t\u0103ran<br>Persoan\u0103 de contact: Cr\u0103ciun Dreve Andrada, 0735513342<br>Pre\u021b bilet: 10 lei<\/p>\n\n\n\n<p>8. <strong>Via\u021ba \u00een epoca pietrei<\/strong><\/p>\n\n\n\n<p>Prezentare Power point cu via\u021ba cotidian\u0103 din epoca pietrei (activit\u0103\u021bi zilnice, v\u00e2n\u0103toare de mamu\u021bi). Dup\u0103 prezentare se va desf\u0103\u0219ura o activitate interactiv\u0103 \u00een expozi\u021bia permanent\u0103 cu procedeul de cioplire a pietrei.<br>Durata activit\u0103\u021bii: 1h<br>Locul de desf\u0103\u0219urare: sediul MJSM<br>Coordonator: Ciprian Astalo\u0219<br><a>Persoan\u0103 de contact: Cr\u0103ciun Dreve Andrada, 0735513342<\/a> <br>Pre\u021b bilet: 5 lei<\/p>\n\n\n\n<p>9. <strong>Rit \u0219i ritual funerar \u00een preistorie<\/strong><\/p>\n\n\n\n<p>Prezentare Power Point cu ritualuri funerare, credin\u021ba privind via\u021ba de dincolo de moarte. Activitate interactiv\u0103: cercetarea \u0219i cur\u0103\u021barea unui morm\u00e2nt din epoca eneolitic\u0103.<br>Durata activit\u0103\u021bii: 1h<br><a>Locul de desf\u0103\u0219urare: sediul MJSM<\/a><br>Coordonator: Cristian Virag<br>Persoan\u0103 de contact: Cr\u0103ciun Dreve Andrada, 0735513342<br>Pre\u021b bilet: 5 lei<\/p>\n\n\n\n<p>10. <strong>Ordinea medieval\u0103 a peisajelor \u0219i a localit\u0103\u021bilor \u00een C\u00e2mpia Some\u0219ului<\/strong><br><\/p>\n\n\n\n<div class=\"wp-block-media-text is-stacked-on-mobile\"><figure class=\"wp-block-media-text__media\"><img loading=\"lazy\" decoding=\"async\" width=\"1024\" height=\"726\" data-attachment-id=\"16343\" data-permalink=\"https:\/\/muzeusm.ro\/hu\/activitati-de-educatie-muzeala-la-mjsm-muzeul-de-arta-si-la-sediul-institutiilor-de-invatamant\/10-falu-sepia\/\" data-orig-file=\"https:\/\/muzeusm.ro\/wp-content\/uploads\/2025\/02\/10-Falu-Sepia-scaled.jpg\" data-orig-size=\"2560,1815\" data-comments-opened=\"1\" data-image-meta=\"{&quot;aperture&quot;:&quot;0&quot;,&quot;credit&quot;:&quot;Sebastian Belbe&quot;,&quot;camera&quot;:&quot;&quot;,&quot;caption&quot;:&quot;&quot;,&quot;created_timestamp&quot;:&quot;1697011823&quot;,&quot;copyright&quot;:&quot;&quot;,&quot;focal_length&quot;:&quot;0&quot;,&quot;iso&quot;:&quot;0&quot;,&quot;shutter_speed&quot;:&quot;0&quot;,&quot;title&quot;:&quot;&quot;,&quot;orientation&quot;:&quot;0&quot;}\" data-image-title=\"10 Falu Sepia\" data-image-description=\"\" data-image-caption=\"\" data-medium-file=\"https:\/\/muzeusm.ro\/wp-content\/uploads\/2025\/02\/10-Falu-Sepia-300x213.jpg\" data-large-file=\"https:\/\/muzeusm.ro\/wp-content\/uploads\/2025\/02\/10-Falu-Sepia-1024x726.jpg\" src=\"https:\/\/muzeusm.ro\/wp-content\/uploads\/2025\/02\/10-Falu-Sepia-1024x726.jpg\" alt=\"\" class=\"wp-image-16343 size-full\" srcset=\"https:\/\/muzeusm.ro\/wp-content\/uploads\/2025\/02\/10-Falu-Sepia-1024x726.jpg 1024w, https:\/\/muzeusm.ro\/wp-content\/uploads\/2025\/02\/10-Falu-Sepia-300x213.jpg 300w, https:\/\/muzeusm.ro\/wp-content\/uploads\/2025\/02\/10-Falu-Sepia-768x545.jpg 768w, https:\/\/muzeusm.ro\/wp-content\/uploads\/2025\/02\/10-Falu-Sepia-1536x1089.jpg 1536w, https:\/\/muzeusm.ro\/wp-content\/uploads\/2025\/02\/10-Falu-Sepia-2048x1452.jpg 2048w, https:\/\/muzeusm.ro\/wp-content\/uploads\/2025\/02\/10-Falu-Sepia-1568x1112.jpg 1568w\" sizes=\"auto, (max-width: 1024px) 100vw, 1024px\" \/><\/figure><div class=\"wp-block-media-text__content\">\n<p>Durata activit\u0103\u021bii: 1h<br>Locul de desf\u0103\u0219urare: sediul MJSM<br>Prezentare Power point cu h\u0103r\u021bi vechi \u0219i compara\u021bie cu h\u0103r\u021bile actuale. Vizit\u0103 interactiv\u0103 \u00een expozi\u021bia permanent\u0103.<br>Coordonator: Sebastian Belbe<\/p>\n\n\n\n<p><a>Persoan\u0103 de contact: Cr\u0103ciun Dreve Andrada, 0735513342<\/a><br>Pre\u021b bilet: 5 lei<\/p>\n<\/div><\/div>\n\n\n\n<p>11. <strong>Tir cu arcul<\/strong><\/p>\n\n\n\n<p>Prezentarea tehnicilor de lupt\u0103 \u0219i a armamentului dacic \u0219i roman, urmat de o <a>activitate interactiv\u0103: tir cu arcul.<\/a><br>Durata activit\u0103\u021bii: 1h<br>Locul de desf\u0103\u0219urare: curtea MJSM (B-dul Vasile Lucaciu nr 21)<br>Coordonator: Kadas Zoltan<br>Persoan\u0103 de contact: Cr\u0103ciun Dreve Andrada, 0735513342<br>Pre\u021b bilet: 5 lei<\/p>\n\n\n\n<p>12. <strong>Cercet\u0103ri arheologice \u00een jude\u021bul Satu Mare<\/strong><\/p>\n\n\n\n<div class=\"wp-block-media-text has-media-on-the-right is-stacked-on-mobile\"><div class=\"wp-block-media-text__content\">\n<p>Prezentare PowPoint cu cele mai semnificative s\u0103p\u0103turi arheologice din jude\u021bul Satu Mare. Vizit\u0103 interactiv\u0103 \u00een expozi\u021bia permanent\u0103 cu posibilitatea de a avea contact direct cu obiectele de patrimoniu.<br>Durata activit\u0103\u021bii: 1h<br>Locul de desf\u0103\u0219urare: sediul MJSM<br>Coordonatori: Norbert Nagy, Roland Zsori<br><a>Persoan\u0103 de contact: <\/a>Cr\u0103ciun Dreve Andrada, 0735513342<\/p>\n<\/div><figure class=\"wp-block-media-text__media\"><img loading=\"lazy\" decoding=\"async\" width=\"1000\" height=\"667\" data-attachment-id=\"16344\" data-permalink=\"https:\/\/muzeusm.ro\/hu\/activitati-de-educatie-muzeala-la-mjsm-muzeul-de-arta-si-la-sediul-institutiilor-de-invatamant\/uefsc0itkrri_9rleshjkeogqxmx64lq6f_zcijynbu\/\" data-orig-file=\"https:\/\/muzeusm.ro\/wp-content\/uploads\/2025\/02\/uEFsC0ItKrrI_9RLeSHjKEOGQXMx64lQ6F_zCIjYnbU.webp\" data-orig-size=\"1000,667\" data-comments-opened=\"1\" data-image-meta=\"{&quot;aperture&quot;:&quot;0&quot;,&quot;credit&quot;:&quot;&quot;,&quot;camera&quot;:&quot;&quot;,&quot;caption&quot;:&quot;&quot;,&quot;created_timestamp&quot;:&quot;0&quot;,&quot;copyright&quot;:&quot;&quot;,&quot;focal_length&quot;:&quot;0&quot;,&quot;iso&quot;:&quot;0&quot;,&quot;shutter_speed&quot;:&quot;0&quot;,&quot;title&quot;:&quot;&quot;,&quot;orientation&quot;:&quot;0&quot;}\" data-image-title=\"uEFsC0ItKrrI_9RLeSHjKEOGQXMx64lQ6F_zCIjYnbU\" data-image-description=\"\" data-image-caption=\"\" data-medium-file=\"https:\/\/muzeusm.ro\/wp-content\/uploads\/2025\/02\/uEFsC0ItKrrI_9RLeSHjKEOGQXMx64lQ6F_zCIjYnbU-300x200.webp\" data-large-file=\"https:\/\/muzeusm.ro\/wp-content\/uploads\/2025\/02\/uEFsC0ItKrrI_9RLeSHjKEOGQXMx64lQ6F_zCIjYnbU.webp\" src=\"https:\/\/muzeusm.ro\/wp-content\/uploads\/2025\/02\/uEFsC0ItKrrI_9RLeSHjKEOGQXMx64lQ6F_zCIjYnbU.webp\" alt=\"\" class=\"wp-image-16344 size-full\" srcset=\"https:\/\/muzeusm.ro\/wp-content\/uploads\/2025\/02\/uEFsC0ItKrrI_9RLeSHjKEOGQXMx64lQ6F_zCIjYnbU.webp 1000w, https:\/\/muzeusm.ro\/wp-content\/uploads\/2025\/02\/uEFsC0ItKrrI_9RLeSHjKEOGQXMx64lQ6F_zCIjYnbU-300x200.webp 300w, https:\/\/muzeusm.ro\/wp-content\/uploads\/2025\/02\/uEFsC0ItKrrI_9RLeSHjKEOGQXMx64lQ6F_zCIjYnbU-768x512.webp 768w\" sizes=\"auto, (max-width: 1000px) 100vw, 1000px\" \/><\/figure><\/div>\n\n\n\n<p>13. <strong>\u201eSfintele Pa\u0219ti la muzeu\u201d<\/strong><\/p>\n\n\n\n<p>Proiectul \u201eSfintele Pa\u0219ti la muzeu\u201d, cuprinde ateliere de pictur\u0103 pe sticl\u0103, p\u00e2nz\u0103 \u0219i lemn<br>Durata activit\u0103\u021bii: 1h<br>Locul de desf\u0103\u0219urare: sediul MJSM \u0219i sediul institu\u021biilor de \u00eenv\u0103\u021b\u0103m\u00e2nt<br>Perioad\u0103: 01 mart. \u2013 01.aprl.2025<br>Coordonator: Alexandra Sima, 0763738984<br><a>Pre\u021b bilet: 10 lei<\/a><\/p>\n\n\n\n<p>14. <strong>Participarea s\u0103tm\u0103renilor la Marea Adunare de la Alba Iulia din 1 Decembrie 1918 \u0219i instaurarea administra\u021biei rom\u00e2ne\u0219ti \u00een jude\u021bul Satu Mare (1919).<\/strong><\/p>\n\n\n\n<p>Activitate de pedagogie muzeal\u0103<br>Durata activit\u0103\u021bii : 1h<br>Locul de desf\u0103\u0219urare: sala 35 din cadrul noilor expozi\u021bii permanente ale muzeului<br><a>Coordonator: Claudiu Porumb\u0103cean<\/a><br>Persoan\u0103 de contact: Cr\u0103ciun Dreve Andrada, 0735513342<br>Pre\u021b bilet: 5 lei<\/p>\n\n\n\n<p>15. <strong>Via\u021ba muzical\u0103 \u0219i artistic\u0103 s\u0103tm\u0103rean\u0103 \u00een perioada interbelic\u0103<\/strong><\/p>\n\n\n\n<p>Ac\u021biune de pedagogie muzeal\u0103<br>Durata activit\u0103\u021bii 1h<br>Locul de desf\u0103\u0219urare: S\u0103lile 30 \u0219i 31 din cadrul noilor expozi\u021bii permanente ale muzeului.<br>Coordonator: Claudiu Porumb\u0103cean<br>Persoan\u0103 de contact: Cr\u0103ciun Dreve Andrada, 0735513342<br>Pre\u021b bilet: 5 lei<\/p>\n\n\n\n<div class=\"wp-block-group alignwide has-tertiary-background-color has-background has-small-font-size\"><div class=\"wp-block-group__inner-container is-layout-constrained wp-block-group-is-layout-constrained\">\n<div class=\"wp-block-columns is-layout-flex wp-container-core-columns-is-layout-28f84493 wp-block-columns-is-layout-flex\">\n<div class=\"wp-block-column is-layout-flow wp-block-column-is-layout-flow\">\n<h5 class=\"wp-block-heading has-secondary-color has-text-color has-normal-font-size\">Muzeul Jude\u021bean Satu Mare<\/h5>\n\n\n\n<p class=\"has-text-align-left has-black-color has-text-color\"><a href=\"https:\/\/www.facebook.com\/Muzeul-Judetean-Satu-Mare-1050838434978303\">Facebook<\/a><\/p>\n\n\n\n<p><a style=\"color:#000000\" href=\"https:\/\/www.instagram.com\/mjsatumare\/\">Instagram<\/a><\/p>\n<\/div>\n\n\n\n<div class=\"wp-block-column is-layout-flow wp-block-column-is-layout-flow\">\n<h4 class=\"wp-block-heading has-text-align-left has-secondary-color has-text-color has-normal-font-size\">Contact<\/h4>\n\n\n\n<ul>\n<li>muzeusm@gmail.com<\/li>\n<li>+40261737526<\/li>\n<\/ul>\n<\/div>\n\n\n\n<div class=\"wp-block-column is-layout-flow wp-block-column-is-layout-flow\">\n<h4 class=\"wp-block-heading has-secondary-color has-text-color has-normal-font-size\">Adresa<\/h4>\n\n\n\n<p class=\"has-black-color has-text-color\">Vasile Lucaciu, 21 <br>Satu Mare<br>Romania<\/p>\n<\/div>\n<\/div>\n\n\n\n<div class=\"googlemaps\">\n\t\t\t\t<iframe loading=\"lazy\" width=\"600\" height=\"450\" frameborder=\"0\" scrolling=\"no\" marginheight=\"0\" marginwidth=\"0\"  src=\"https:\/\/www.google.com\/maps\/embed?pb=!1m18!1m12!1m3!1d2680.408030650319!2d22.880271215825633!3d47.79292568308074!2m3!1f0!2f0!3f0!3m2!1i1024!2i768!4f13.1!3m3!1m2!1s0x47380434cc726a85:0x3409a9787eec9fb1!2sCounty%20Museum!5e0!3m2!1sen!2sro!4v1680001990076!5m2!1sen!2sro\"><\/iframe>\n\t\t\t<\/div>\n<\/div><\/div>\n","protected":false},"excerpt":{"rendered":"<p>Proiectul \u201eLutul, form\u0103 \u0219i culoare\u201d, cuprinde ateliere de modelaj vase din lut \u0219i vizit\u0103 ghidat\u0103 \u00eentr-una dintre expozi\u021biile muzeului: Sec\u021bia de arheologie \/&nbsp; Sec\u021bia de etnografie. Durata activit\u0103\u021bii: 2 h Locul de desf\u0103\u0219urare: sediul MJSM \u0219i sediul institu\u021biilor de \u00eenv\u0103\u021b\u0103m\u00e2nt Activitatea se adreseaz\u0103 elevilor de nivel primar, gimnazial \u0219i pre\u0219colar. Coordonator: Alexandra Sima 0763738984 Pre\u021b<a class=\"more-link\" href=\"https:\/\/muzeusm.ro\/hu\/activitati-de-educatie-muzeala-la-mjsm-muzeul-de-arta-si-la-sediul-institutiilor-de-invatamant\/\">Continue reading <span class=\"screen-reader-text\">&#8220;Activit\u0103\u021bi de educa\u021bie muzeal\u0103 la MJSM, Muzeul de Art\u0103 \u0219i la sediul institu\u021biilor de \u00eenv\u0103\u021b\u0103m\u00e2nt&#8221;<\/span><\/a><\/p>\n","protected":false},"author":245723488,"featured_media":0,"parent":0,"menu_order":0,"comment_status":"closed","ping_status":"closed","template":"","meta":{"_coblocks_attr":"","_coblocks_dimensions":"","_coblocks_responsive_height":"","_coblocks_accordion_ie_support":"","advanced_seo_description":"","jetpack_seo_html_title":"","jetpack_seo_noindex":false,"jetpack_post_was_ever_published":false,"footnotes":""},"class_list":["post-16325","page","type-page","status-publish","hentry","entry"],"translation":{"provider":"WPGlobus","version":"3.0.1","language":"hu","enabled_languages":["ro","hu","en"],"languages":{"ro":{"title":true,"content":true,"excerpt":false},"hu":{"title":false,"content":false,"excerpt":false},"en":{"title":false,"content":false,"excerpt":false}}},"jetpack_likes_enabled":true,"jetpack-related-posts":[{"id":16998,"url":"https:\/\/muzeusm.ro\/hu\/activitati-de-educatie-muzeala-pentru-programul-scoala-altfel\/","url_meta":{"origin":16325,"position":0},"title":"Activit\u0103\u021bi de educa\u021bie muzeal\u0103 pentru programul \u201e\u0218coala Altfel\u201d","author":"Kov\u00e1cs Zsolt","date":"8 October 2025","format":false,"excerpt":"\u00a0 1 \u201eLutul, form\u0103 \u0219i culoare\u201dDurata activit\u0103\u021bii: 2 oreLocul desf\u0103\u0219ur\u0103rii: MJSM sau unit\u0103\u021bile de \u00eenv\u0103\u021b\u0103m\u00e2ntNivel de v\u00e2rst\u0103: \u00eenv\u0103\u021b\u0103m\u00e2ntul pre\u0219colar, primar, gimnazial \u0219i liceal.Obiective specifice:\u00a0Identificarea \u0219i descrierea obiectelor tradi\u021bionale din lut \u0219i a utiliz\u0103rii lor istorice.\u00a0\u00a0Aplicarea unor tehnici simple de modelaj pentru realizarea unui obiect ceramic propriu.\u00a0\u00a0Exprimarea creativit\u0103\u021bii prin decorarea cu\u2026","rel":"","context":"Similar post","block_context":{"text":"Similar post","link":""},"img":{"alt_text":"","src":"https:\/\/i0.wp.com\/muzeusm.ro\/wp-content\/uploads\/2025\/10\/WhatsApp-Image-2025-10-08-at-10.47.38-2-724x1024.jpeg?resize=350%2C200&ssl=1","width":350,"height":200,"srcset":"https:\/\/i0.wp.com\/muzeusm.ro\/wp-content\/uploads\/2025\/10\/WhatsApp-Image-2025-10-08-at-10.47.38-2-724x1024.jpeg?resize=350%2C200&ssl=1 1x, https:\/\/i0.wp.com\/muzeusm.ro\/wp-content\/uploads\/2025\/10\/WhatsApp-Image-2025-10-08-at-10.47.38-2-724x1024.jpeg?resize=525%2C300&ssl=1 1.5x, https:\/\/i0.wp.com\/muzeusm.ro\/wp-content\/uploads\/2025\/10\/WhatsApp-Image-2025-10-08-at-10.47.38-2-724x1024.jpeg?resize=700%2C400&ssl=1 2x"},"classes":[]},{"id":17021,"url":"https:\/\/muzeusm.ro\/hu\/activitati-de-educatie-muzeala-pentru-programul-saptamana-verde\/","url_meta":{"origin":16325,"position":1},"title":"Activit\u0103\u021bi de educa\u021bie muzeal\u0103 pentru programul \u201eS\u0103pt\u0103m\u00e2na verde\u201d","author":"Kov\u00e1cs Zsolt","date":"8 October 2025","format":false,"excerpt":"\u201eLutul, form\u0103 \u0219i culoare\u201dDurata activit\u0103\u021bii: 2 oreLocul desf\u0103\u0219ur\u0103rii: MJSM sau unit\u0103\u021bile de \u00eenv\u0103\u021b\u0103m\u00e2ntNivel de v\u00e2rst\u0103: \u00eenv\u0103\u021b\u0103m\u00e2ntul pre\u0219colar, primar, gimnazial \u0219i liceal.Obiective specifice:\u00a0Identificarea \u0219i descrierea obiectelor tradi\u021bionale din lut \u0219i a utiliz\u0103rii lor istorice.\u00a0\u00a0Aplicarea unor tehnici simple de modelaj pentru realizarea unui obiect ceramic propriu.\u00a0\u00a0Exprimarea creativit\u0103\u021bii prin decorarea cu forme \u0219i\u2026","rel":"","context":"Similar post","block_context":{"text":"Similar post","link":""},"img":{"alt_text":"","src":"https:\/\/i0.wp.com\/muzeusm.ro\/wp-content\/uploads\/2025\/10\/WhatsApp-Image-2025-10-08-at-10.47.38-2-724x1024.jpeg?resize=350%2C200&ssl=1","width":350,"height":200,"srcset":"https:\/\/i0.wp.com\/muzeusm.ro\/wp-content\/uploads\/2025\/10\/WhatsApp-Image-2025-10-08-at-10.47.38-2-724x1024.jpeg?resize=350%2C200&ssl=1 1x, https:\/\/i0.wp.com\/muzeusm.ro\/wp-content\/uploads\/2025\/10\/WhatsApp-Image-2025-10-08-at-10.47.38-2-724x1024.jpeg?resize=525%2C300&ssl=1 1.5x, https:\/\/i0.wp.com\/muzeusm.ro\/wp-content\/uploads\/2025\/10\/WhatsApp-Image-2025-10-08-at-10.47.38-2-724x1024.jpeg?resize=700%2C400&ssl=1 2x"},"classes":[]},{"id":16373,"url":"https:\/\/muzeusm.ro\/hu\/prezentari-la-mjsm-si-la-sediul-institutiilor-de-invatamant\/","url_meta":{"origin":16325,"position":2},"title":"Prezent\u0103ri la MJSM \u0219i la sediul institu\u021biilor de \u00eenv\u0103\u021b\u0103m\u00e2nt","author":"Kov\u00e1cs Zsolt","date":"24 February 2025","format":false,"excerpt":"32. Portul popular \u00een \u021aara OasuluiPrezentare Power Point dedicat\u0103 obiectelor de \u00eembr\u0103c\u0103minte din \u021aara Oa\u0219ului de-a lungul timpului.Durata activit\u0103\u021bii: 1 hLocul de desf\u0103\u0219urare: Sediul institu\u021biilor de \u00eenv\u0103\u021b\u0103m\u00e2ntCoordonator: Adriana Achim\u00a0Persoan\u0103 de contact: Cr\u0103ciun Dreve Andrada, 0735513342 33. \u201eDe la copac \u2013 la obiect de patrimoniu\u201dPrezent\u0103ri tematice pentru elevii de \u0219coal\u0103 gimnazial\u0103\u2026","rel":"","context":"Similar post","block_context":{"text":"Similar post","link":""},"img":{"alt_text":"","src":"","width":0,"height":0},"classes":[]},{"id":16376,"url":"https:\/\/muzeusm.ro\/hu\/muzeul-orasului-oasu-nou-muzeul-municipal-carei-si-muzeul-orasenesc-tasnad\/","url_meta":{"origin":16325,"position":3},"title":"Muzeul ora\u0219ului Ora\u0219u Nou, \u00a0Muzeul Municipal Carei \u0219i Muzeul Or\u0103\u0219enesc T\u0103\u0219nad","author":"Kov\u00e1cs Zsolt","date":"24 February 2025","format":false,"excerpt":"\u201eVia\u021ba de zi cu zi a aristocra\u021biei.Via\u021ba cotidian\u0103 a familiei K\u00e1rolyi \u00een secolele XVIII-XIX\u201d Vizit\u0103 interactiv\u0103 \u00een expozi\u021bia permanent\u0103. Prezentare PowerPoint.Coordonator: Csat\u00e1ri Istv\u00e1n Gerg\u0151Pre\u021b bilet: 10 lei 2. \u201e 25 Octombrie-Ziua Armatei rom\u00e2ne\u201d - Castelul K\u00e1rolyi Carei. \u00a0 Prezentare interactiv\u0103. Expozi\u021bia permanent\u0103.Coordonator: Gindele SimonaPre\u021b bilet: 10 lei \u00a03. \u201eCasa Domnului\u201d\u2026","rel":"","context":"Similar post","block_context":{"text":"Similar post","link":""},"img":{"alt_text":"","src":"","width":0,"height":0},"classes":[]},{"id":7063,"url":"https:\/\/muzeusm.ro\/hu\/casa-taraneasca-andrid-2\/","url_meta":{"origin":16325,"position":4},"title":"CASA \u021a\u0102R\u0102NEASC\u0102 ANDRID","author":"norbertlorincz","date":"6 October 2020","format":false,"excerpt":"Unul dintre elementele etnografice ce marcheaz\u0103 trecutul \u0163inutului din C\u00e2mpia Ierului este arhitectura popular\u0103 tradi\u0163ional\u0103. Fiind o zon\u0103 de c\u00e2mpie ml\u0103\u015ftinoas\u0103 materialele de baz\u0103 ale construc\u0163iilor unei gospod\u0103rii au fost lutul, lemnul \u015fi trestia. Casele \u0163\u0103r\u0103ne\u015fti din secolele XVIII \u2013 XIX se construiau cu pere\u0163i din p\u0103m\u00e2nt b\u0103tut cu maiul\u2026","rel":"","context":"Similar post","block_context":{"text":"Similar post","link":""},"img":{"alt_text":"","src":"https:\/\/i0.wp.com\/www.muzeusm.ro\/wp-content\/uploads\/2019\/08\/Andrid-1-300x246.jpg?resize=350%2C200","width":350,"height":200},"classes":[]},{"id":221,"url":"https:\/\/muzeusm.ro\/hu\/muzeul-motilor-scarisoara\/","url_meta":{"origin":16325,"position":5},"title":"M\u00f3cok M\u00fazeuma, Piskoltliget","author":"andreeaionetecu","date":"20 October 2021","format":false,"excerpt":"{:ro} Muzeul Mo\u021bilor din localitatea Sc\u0103ri\u015foara Nou\u0103\u00a0(comuna Pi\u0219colt) a fost reorganizat \u00een anul 1994 de c\u0103tre speciali\u015ftii Muzeului Jude\u0163ean Satu Mare, \u015fi este rodul str\u0103daniilor unui inimos fiu al satului, domnul Ioan B\u00e2tea, care a adunat pe parcursul a mai bine de 50 ani o colec\u021bie impresionant\u0103 de obiecte, at\u00e2t\u2026","rel":"","context":"Similar post","block_context":{"text":"Similar post","link":""},"img":{"alt_text":"","src":"https:\/\/i0.wp.com\/muzeusm.ro\/wp-content\/uploads\/2022\/03\/scarisoara3.jpg?resize=350%2C200&ssl=1","width":350,"height":200,"srcset":"https:\/\/i0.wp.com\/muzeusm.ro\/wp-content\/uploads\/2022\/03\/scarisoara3.jpg?resize=350%2C200&ssl=1 1x, https:\/\/i0.wp.com\/muzeusm.ro\/wp-content\/uploads\/2022\/03\/scarisoara3.jpg?resize=525%2C300&ssl=1 1.5x, https:\/\/i0.wp.com\/muzeusm.ro\/wp-content\/uploads\/2022\/03\/scarisoara3.jpg?resize=700%2C400&ssl=1 2x, https:\/\/i0.wp.com\/muzeusm.ro\/wp-content\/uploads\/2022\/03\/scarisoara3.jpg?resize=1050%2C600&ssl=1 3x, https:\/\/i0.wp.com\/muzeusm.ro\/wp-content\/uploads\/2022\/03\/scarisoara3.jpg?resize=1400%2C800&ssl=1 4x"},"classes":[]}],"jetpack_sharing_enabled":true,"jetpack_shortlink":"https:\/\/wp.me\/PfvnyQ-4fj","_links":{"self":[{"href":"https:\/\/muzeusm.ro\/hu\/wp-json\/wp\/v2\/pages\/16325","targetHints":{"allow":["GET"]}}],"collection":[{"href":"https:\/\/muzeusm.ro\/hu\/wp-json\/wp\/v2\/pages"}],"about":[{"href":"https:\/\/muzeusm.ro\/hu\/wp-json\/wp\/v2\/types\/page"}],"author":[{"embeddable":true,"href":"https:\/\/muzeusm.ro\/hu\/wp-json\/wp\/v2\/users\/245723488"}],"replies":[{"embeddable":true,"href":"https:\/\/muzeusm.ro\/hu\/wp-json\/wp\/v2\/comments?post=16325"}],"version-history":[{"count":2,"href":"https:\/\/muzeusm.ro\/hu\/wp-json\/wp\/v2\/pages\/16325\/revisions"}],"predecessor-version":[{"id":16983,"href":"https:\/\/muzeusm.ro\/hu\/wp-json\/wp\/v2\/pages\/16325\/revisions\/16983"}],"wp:attachment":[{"href":"https:\/\/muzeusm.ro\/hu\/wp-json\/wp\/v2\/media?parent=16325"}],"curies":[{"name":"wp","href":"https:\/\/api.w.org\/{rel}","templated":true}]}}