{"id":7063,"date":"2020-10-06T08:50:15","date_gmt":"2020-10-06T08:50:15","guid":{"rendered":"http:\/\/www.muzeusm.ro\/?page_id=7063"},"modified":"2020-10-06T08:50:15","modified_gmt":"2020-10-06T08:50:15","slug":"casa-taraneasca-andrid-2","status":"publish","type":"page","link":"https:\/\/muzeusm.ro\/en\/casa-taraneasca-andrid-2\/","title":{"rendered":"CASA \u021a\u0102R\u0102NEASC\u0102 ANDRID"},"content":{"rendered":"<p><img loading=\"lazy\" decoding=\"async\" class=\"alignnone size-medium wp-image-5081\" src=\"http:\/\/www.muzeusm.ro\/wp-content\/uploads\/2019\/08\/Andrid-1-300x246.jpg\" sizes=\"auto, (max-width: 300px) 100vw, 300px\" srcset=\"http:\/\/www.muzeusm.ro\/wp-content\/uploads\/2019\/08\/Andrid-1-300x246.jpg 300w, http:\/\/www.muzeusm.ro\/wp-content\/uploads\/2019\/08\/Andrid-1-768x630.jpg 768w, http:\/\/www.muzeusm.ro\/wp-content\/uploads\/2019\/08\/Andrid-1-1024x841.jpg 1024w, http:\/\/www.muzeusm.ro\/wp-content\/uploads\/2019\/08\/Andrid-1-148x121.jpg 148w, http:\/\/www.muzeusm.ro\/wp-content\/uploads\/2019\/08\/Andrid-1-31x25.jpg 31w, http:\/\/www.muzeusm.ro\/wp-content\/uploads\/2019\/08\/Andrid-1-38x31.jpg 38w, http:\/\/www.muzeusm.ro\/wp-content\/uploads\/2019\/08\/Andrid-1-262x215.jpg 262w, http:\/\/www.muzeusm.ro\/wp-content\/uploads\/2019\/08\/Andrid-1.jpg 1223w\" alt=\"\" width=\"300\" height=\"246\" \/><\/p>\n<p>Unul dintre elementele etnografice ce marcheaz\u0103 trecutul \u0163inutului din C\u00e2mpia Ierului este arhitectura popular\u0103 tradi\u0163ional\u0103. Fiind o zon\u0103 de c\u00e2mpie ml\u0103\u015ftinoas\u0103 materialele de baz\u0103 ale construc\u0163iilor unei gospod\u0103rii au fost lutul, lemnul \u015fi trestia. Casele \u0163\u0103r\u0103ne\u015fti din secolele XVIII \u2013 XIX se construiau cu pere\u0163i din p\u0103m\u00e2nt b\u0103tut cu maiul \u00een cofraje de lemn. Primele case aveau singur\u0103 o camer\u0103 sau o camer\u0103 cu buc\u0103t\u0103rie (tind\u0103). Mai t\u00e2rziu aceste construc\u0163ii s-au extins la dou\u0103 camere \u015fi tind\u0103 (cu c\u0103mar\u0103 de alimente), fiind \u00eentregite, \u00een continuarea casei, cu un grajd. Pozi\u0163ia caselor este perpendicular\u0103 pe strad\u0103, cu camera curat\u0103 \u00eenspre strad\u0103, iar cea de locuit \u00een spate. \u00cen perioada sf\u00e2r\u015fitului secolului al XIX-lea \u015fi \u00eenceputul secolului\u00a0 XX, casele de locuit au fost construite din p\u0103m\u00e2nt b\u0103tut, combinat cu v\u0103ioage (c\u0103r\u0103mizi de lut nearse, amestecate cu pleav\u0103). Ulterior s-au folosit \u00een construc\u0163ii c\u0103r\u0103mizile arse, combinate cu v\u0103ioage. Pentru protejarea caselor de intemperii s-a trecut la construirea unui t\u00e2rna\u0163 pe toat\u0103 lungimea casei.<\/p>\n<p>Casa muzeu de la Andrid se \u00eencadreaz\u0103 \u00een tipologia caselor cu pam\u00e2nt b\u0103tut cu dou\u0103 camere, tind\u0103 \u015fi grajd. Casa a fost construit\u0103 \u00eentre 1860\u20131880 de Botos S\u00e1ndor \u015fi a fost achizi\u0163ionat\u0103 de Muzeul Jude\u0163ean Satu Mare \u00een anul 2012 de la proprietarii Kis K\u00e1roly \u015fi Kis (Botos) Ilona. Acoperi\u015ful casei este din trestie, material folosit cu predilec\u0163ie \u00een zonele ml\u0103\u015ftinoase. Intrarea \u00een cas\u0103 se face printr-o tind\u0103 prev\u0103zut\u0103 cu un cuptor specific de p\u00e2ine. Gura cuptorului se afl\u0103 \u00een tind\u0103 iar corpul \u00een exteriorul casei. L\u00e2ng\u0103 acest cuptor se afl\u0103 \u015fporul. \u00cen partea dinspre strad\u0103 se afl\u0103 camera curat\u0103 mobilat\u0103 cu dou\u0103 paturi, l\u0103doi, mas\u0103, scaune, dulap pentru haine \u015fi leag\u0103nul pentru copil. Pere\u0163ii \u015fi mobilierul este ornamentat cu icoane \u015fi textile cu inscrip\u0163ii \u00een limba rom\u00e2n\u0103 \u015fi maghiar\u0103. \u00cen partea st\u00e2ng\u0103 a tindei se afl\u0103 camera de locuit unde sunt prezentate preocup\u0103rile zilnice tradi\u0163ionale ale oamenilor locului. Ultima parte a casei \u00eel ocup\u0103 grajdul cu intrare separat\u0103, unde sunt expuse uneltele folosite \u00een gospod\u0103ria \u0163\u0103r\u0103neasc\u0103 tradi\u0163ional\u0103.<\/p>\n<p>Dup\u0103 terminarea muncilor agricole din toamn\u0103, aproape \u00een fiecare gospod\u0103rie, era montat r\u0103zboiul de \u0163esut, unde femeile \u015fi tinerele fete \u00ee\u015fi preg\u0103teau materialul textil pentru \u00eembr\u0103c\u0103minte. Se acorda o aten\u0163ie deosebit\u0103 orn\u0103rii \u015fi \u00eempodobirii cu flori \u015fi motive vegetale, doar la \u0163inuta de s\u0103rb\u0103toare. Aceste motive ornamentale ap\u0103reau doar la puslicuri, n\u0103frame \u015fi la \u015for\u0163uri. Costumul b\u0103rb\u0103tesc se compunea dintr-o c\u0103ma\u015f\u0103 larg\u0103, cu m\u00e2neci \u015fi cu guler, gaci largi, cizme \u015fi p\u0103l\u0103rie neagr\u0103 de postav. Peste c\u0103ma\u015f\u0103 se purta un laib\u0103r sau un palton scurt de postav. Costumul de femei se compunea dintr-o c\u0103ma\u015f\u0103 cu m\u00e2neci largi, terminat\u0103 prin pumn\u0103\u015fei \u015fi guler \u00eengust \u00eenchis cu un \u015fnur \u015fi cu nasturi albi sau colora\u0163i. Chiar dac\u0103 \u00een general din zona de c\u00e2mpie costumele vechi sunt disp\u0103rute, la Andrid s-au p\u0103strat c\u00e2teva piese de costum femeiesc \u015fi b\u0103rb\u0103tesc, ce au fost donate de familia Boro\u015f Gheorghe.<\/p>\n<p>Vizit\u00e2nd Casa Muzeu de la Andrid, copiii din ziua de azi v\u0103d \u00een primul r\u00e2nd obiecte \u015fi imagini legate de activitatea de baz\u0103 a zonei, cultivarea plantelor. Zona era vestit\u0103 \u00een special pentru cantit\u0103\u0163ile mari de cereale, c\u00e2nep\u0103 \u015fi tutun, fiecare dintre acestea ob\u0163inute cu mult\u0103 sudoare sub dogoarea verilor c\u0103lduroase, de ni\u015fte oameni aspri \u015fi harnici. Erau vestite \u015fi ciurzile de vaci \u015fi mai ales \u201egulele\u201d de vi\u0163ei ce st\u0103teau din prim\u0103var\u0103 p\u00e2n\u0103 \u00een toamn\u0103 pe p\u0103\u015fune. Pe \u00eentreaga vale a Ierului erau numeroase \u015fi turmele de oi din rasa merinos, \u00a0pe timpul comunismului func\u0163ion\u00e2nd dou\u0103 ferme mari la Ghenci \u015fi Chereu\u015fa. Specifice zonei erau apoi turmele de porci \u015fi de g\u00e2\u015fte, care erau p\u0103\u015funate de p\u0103stori tocmi\u0163i \u00een fiecare an de comunitate. Chiar dac\u0103 \u00een fiecare diminea\u0163\u0103 aceste animale ie\u015feau la p\u0103scut, uli\u0163ele satului erau curate, c\u0103ci locuitorii, cel pu\u0163in la fiecare sf\u00e2r\u015fit de s\u0103pt\u0103m\u00e2n\u0103 m\u0103turau str\u0103zile, fiecare \u00een fa\u0163a propriei gospod\u0103rii. \u00cen general str\u0103zile aveau un aspect \u00eengrijit prin faptul c\u0103 \u015fan\u0163urile de drenare erau s\u0103pate periodic de localnici, fapt pentru care inunda\u0163iile erau fenomene ce nu prea erau cunoscute \u00een aceast\u0103 zon\u0103 de c\u00e2mpie \u015fi mla\u015ftin\u0103. Aspectul \u00eengrijit al satelor se p\u0103streaz\u0103 \u00een imaginile de epoc\u0103, \u00een care sunt ilustrate parcuri \u00een fiecare sat din comun\u0103 (Andrid, Dinde\u015fti \u015fi Irina).<\/p>\n<p>Casa de la Andrid a fost reabilitat\u0103 anul acesta (2019), s-au schimbat cornii (c\u0103priorii) \u015fi le\u0163urile de la acoperi\u015f \u015fi i-a fost montat un \u00eenveli\u015f nou din trestie. Muzeul etnografic din Andrid este deschis pentru vizitatori de mar\u0163i p\u00e2n\u0103 s\u00e2mb\u0103t\u0103\u00a0 \u00eentre orele 10-14.<\/p>\n","protected":false},"excerpt":{"rendered":"<p>Unul dintre elementele etnografice ce marcheaz\u0103 trecutul \u0163inutului din C\u00e2mpia Ierului este arhitectura popular\u0103 tradi\u0163ional\u0103. Fiind o zon\u0103 de c\u00e2mpie ml\u0103\u015ftinoas\u0103 materialele de baz\u0103 ale construc\u0163iilor unei gospod\u0103rii au fost lutul, lemnul \u015fi trestia. Casele \u0163\u0103r\u0103ne\u015fti din secolele XVIII \u2013 XIX se construiau cu pere\u0163i din p\u0103m\u00e2nt b\u0103tut cu maiul \u00een cofraje de lemn. Primele<a class=\"more-link\" href=\"https:\/\/muzeusm.ro\/en\/casa-taraneasca-andrid-2\/\">Continue reading <span class=\"screen-reader-text\">&#8220;CASA \u021a\u0102R\u0102NEASC\u0102 ANDRID&#8221;<\/span><\/a><\/p>\n","protected":false},"author":243833644,"featured_media":0,"parent":0,"menu_order":0,"comment_status":"closed","ping_status":"closed","template":"","meta":{"_coblocks_attr":"","_coblocks_dimensions":"","_coblocks_responsive_height":"","_coblocks_accordion_ie_support":"","advanced_seo_description":"","jetpack_seo_html_title":"","jetpack_seo_noindex":false,"jetpack_post_was_ever_published":false,"footnotes":""},"class_list":["post-7063","page","type-page","status-publish","hentry","entry"],"translation":{"provider":"WPGlobus","version":"3.0.1","language":"en","enabled_languages":["ro","hu","en"],"languages":{"ro":{"title":true,"content":true,"excerpt":false},"hu":{"title":false,"content":false,"excerpt":false},"en":{"title":false,"content":false,"excerpt":false}}},"jetpack_likes_enabled":true,"jetpack-related-posts":[{"id":196,"url":"https:\/\/muzeusm.ro\/en\/casa-muzeu-tasnad\/","url_meta":{"origin":7063,"position":0},"title":"Casa Muzeu T\u0103\u0219nad","author":"andreeaionetecu","date":"20 October 2021","format":false,"excerpt":"{:ro} Casa \u021b\u0103r\u0103neasc\u0103 specific\u0103 zonei s\u0103tm\u0103rene de c\u00e2mpie este compus\u0103 din tind\u0103, camera din f\u00e2\u021b\u0103 (sau camera curat\u0103) \u0219i camera de locuit, urmat\u0103 de camer\u0103 \u0219i buc\u0103t\u0103ria de var\u0103. Casa a fost str\u0103mutat\u0103 din localitatea S\u00e2nmicl\u0103u\u0219 \u0219i se din 1903. \u00cen prima \u00eenc\u0103pere este amenajat\u0103 un interior tradi\u021bional, majoritatea obiectelor\u2026","rel":"","context":"Similar post","block_context":{"text":"Similar post","link":""},"img":{"alt_text":"","src":"https:\/\/i0.wp.com\/muzeusm.ro\/wp-content\/uploads\/2022\/03\/tasnad-casa-muzeu-2.jpg?resize=350%2C200&ssl=1","width":350,"height":200,"srcset":"https:\/\/i0.wp.com\/muzeusm.ro\/wp-content\/uploads\/2022\/03\/tasnad-casa-muzeu-2.jpg?resize=350%2C200&ssl=1 1x, https:\/\/i0.wp.com\/muzeusm.ro\/wp-content\/uploads\/2022\/03\/tasnad-casa-muzeu-2.jpg?resize=525%2C300&ssl=1 1.5x, https:\/\/i0.wp.com\/muzeusm.ro\/wp-content\/uploads\/2022\/03\/tasnad-casa-muzeu-2.jpg?resize=700%2C400&ssl=1 2x, https:\/\/i0.wp.com\/muzeusm.ro\/wp-content\/uploads\/2022\/03\/tasnad-casa-muzeu-2.jpg?resize=1050%2C600&ssl=1 3x, https:\/\/i0.wp.com\/muzeusm.ro\/wp-content\/uploads\/2022\/03\/tasnad-casa-muzeu-2.jpg?resize=1400%2C800&ssl=1 4x"},"classes":[]},{"id":191,"url":"https:\/\/muzeusm.ro\/en\/muzeul-memorial-dr-vasile-lucaciu-apa\/","url_meta":{"origin":7063,"position":1},"title":"Muzeul Memorial Dr. Vasile Lucaciu, Apa","author":"andreeaionetecu","date":"20 October 2021","format":false,"excerpt":"{:ro} Casa Memorial\u0103 \u201eDr. Vasile Lucaciu\u201d din Apa, jude\u021bul Satu Mare. Muzee de la satCasa Memorial\u0103 \u201eDr. Vasile Lucaciu\u201d din Apa, jude\u021bul Satu Mare. Muzee de la satCasa Memorial\u0103 \u201eDr. Vasile Lucaciu\u201d din Apa, jude\u021bul Satu Mare. Muzee de la satCasa Memorial\u0103 \u201eDr. Vasile Lucaciu\u201d din Apa, jude\u021bul Satu Mare.\u2026","rel":"","context":"Similar post","block_context":{"text":"Similar post","link":""},"img":{"alt_text":"","src":"https:\/\/i0.wp.com\/muzeusm.ro\/wp-content\/uploads\/2021\/12\/whatsapp-image-2021-12-13-at-09.27.50.jpeg?resize=350%2C200&ssl=1","width":350,"height":200,"srcset":"https:\/\/i0.wp.com\/muzeusm.ro\/wp-content\/uploads\/2021\/12\/whatsapp-image-2021-12-13-at-09.27.50.jpeg?resize=350%2C200&ssl=1 1x, https:\/\/i0.wp.com\/muzeusm.ro\/wp-content\/uploads\/2021\/12\/whatsapp-image-2021-12-13-at-09.27.50.jpeg?resize=525%2C300&ssl=1 1.5x, https:\/\/i0.wp.com\/muzeusm.ro\/wp-content\/uploads\/2021\/12\/whatsapp-image-2021-12-13-at-09.27.50.jpeg?resize=700%2C400&ssl=1 2x, https:\/\/i0.wp.com\/muzeusm.ro\/wp-content\/uploads\/2021\/12\/whatsapp-image-2021-12-13-at-09.27.50.jpeg?resize=1050%2C600&ssl=1 3x, https:\/\/i0.wp.com\/muzeusm.ro\/wp-content\/uploads\/2021\/12\/whatsapp-image-2021-12-13-at-09.27.50.jpeg?resize=1400%2C800&ssl=1 4x"},"classes":[]},{"id":217,"url":"https:\/\/muzeusm.ro\/en\/casa-taraneasca-andrid\/","url_meta":{"origin":7063,"position":2},"title":"Casa \u021a\u0103r\u0103neasc\u0103, Andrid","author":"andreeaionetecu","date":"20 October 2021","format":false,"excerpt":"{:ro} Casa \u021a\u0103r\u0103neasc\u0103 de la Andrid, Satu Mare. Muzee de la satCasa \u021a\u0103r\u0103neasc\u0103 de la Andrid, Satu Mare. Muzee de la satCasa \u021a\u0103r\u0103neasc\u0103 de la Andrid, Satu Mare. Muzee de la satCasa \u021a\u0103r\u0103neasc\u0103 de la Andrid, Satu Mare. Muzee de la satCasa \u021a\u0103r\u0103neasc\u0103 de la Andrid, Satu Mare. Muzee de\u2026","rel":"","context":"Similar post","block_context":{"text":"Similar post","link":""},"img":{"alt_text":"","src":"https:\/\/i0.wp.com\/muzeusm.ro\/wp-content\/uploads\/2022\/03\/andrid-1.jpg?resize=350%2C200&ssl=1","width":350,"height":200},"classes":[]},{"id":248,"url":"https:\/\/muzeusm.ro\/en\/casa-taraneasca-calinesti-oas\/","url_meta":{"origin":7063,"position":3},"title":"Casa \u021a\u0103r\u0103neasc\u0103, C\u0103line\u0219ti Oa\u0219","author":"andreeaionetecu","date":"20 October 2021","format":false,"excerpt":"{:ro} Casa \u021a\u0103\u0103neasc\u0103 C\u0103linesti Oa\u0219 din jude\u021bul Satu Mare. Muzee de la satCasa \u021a\u0103\u0103neasc\u0103 C\u0103linesti Oa\u0219 din jude\u021bul Satu Mare. Muzee de la satCasa \u021a\u0103\u0103neasc\u0103 C\u0103linesti Oa\u0219 din jude\u021bul Satu Mare. Muzee de la satCasa \u021a\u0103\u0103neasc\u0103 C\u0103linesti Oa\u0219 din jude\u021bul Satu Mare. Muzee de la satCasa \u021a\u0103\u0103neasc\u0103 C\u0103linesti Oa\u0219 din\u2026","rel":"","context":"Similar post","block_context":{"text":"Similar post","link":""},"img":{"alt_text":"","src":"https:\/\/i0.wp.com\/muzeusm.ro\/wp-content\/uploads\/2022\/03\/img_6047.jpeg?resize=350%2C200&ssl=1","width":350,"height":200,"srcset":"https:\/\/i0.wp.com\/muzeusm.ro\/wp-content\/uploads\/2022\/03\/img_6047.jpeg?resize=350%2C200&ssl=1 1x, https:\/\/i0.wp.com\/muzeusm.ro\/wp-content\/uploads\/2022\/03\/img_6047.jpeg?resize=525%2C300&ssl=1 1.5x, https:\/\/i0.wp.com\/muzeusm.ro\/wp-content\/uploads\/2022\/03\/img_6047.jpeg?resize=700%2C400&ssl=1 2x, https:\/\/i0.wp.com\/muzeusm.ro\/wp-content\/uploads\/2022\/03\/img_6047.jpeg?resize=1050%2C600&ssl=1 3x, https:\/\/i0.wp.com\/muzeusm.ro\/wp-content\/uploads\/2022\/03\/img_6047.jpeg?resize=1400%2C800&ssl=1 4x"},"classes":[]},{"id":232,"url":"https:\/\/muzeusm.ro\/en\/casa-taraneasca-chilia\/","url_meta":{"origin":7063,"position":4},"title":"Casa \u021a\u0103r\u0103neasc\u0103, Chilia","author":"andreeaionetecu","date":"20 October 2021","format":false,"excerpt":"{:ro} Casa \u021a\u0103r\u0103neasc\u0103 din Chilia, jude\u021bul Satu Mare. Muzee de la satCasa \u021a\u0103r\u0103neasc\u0103 din Chilia, jude\u021bul Satu Mare. Muzee de la satCasa \u021a\u0103r\u0103neasc\u0103 din Chilia, jude\u021bul Satu Mare. Muzee de la satCasa \u021a\u0103r\u0103neasc\u0103 din Chilia, jude\u021bul Satu Mare. Muzee de la satCasa \u021a\u0103r\u0103neasc\u0103 din Chilia, jude\u021bul Satu Mare. Muzee de\u2026","rel":"","context":"Similar post","block_context":{"text":"Similar post","link":""},"img":{"alt_text":"","src":"https:\/\/i0.wp.com\/muzeusm.ro\/wp-content\/uploads\/2022\/03\/img_7607.jpeg?resize=350%2C200&ssl=1","width":350,"height":200,"srcset":"https:\/\/i0.wp.com\/muzeusm.ro\/wp-content\/uploads\/2022\/03\/img_7607.jpeg?resize=350%2C200&ssl=1 1x, https:\/\/i0.wp.com\/muzeusm.ro\/wp-content\/uploads\/2022\/03\/img_7607.jpeg?resize=525%2C300&ssl=1 1.5x, https:\/\/i0.wp.com\/muzeusm.ro\/wp-content\/uploads\/2022\/03\/img_7607.jpeg?resize=700%2C400&ssl=1 2x, https:\/\/i0.wp.com\/muzeusm.ro\/wp-content\/uploads\/2022\/03\/img_7607.jpeg?resize=1050%2C600&ssl=1 3x, https:\/\/i0.wp.com\/muzeusm.ro\/wp-content\/uploads\/2022\/03\/img_7607.jpeg?resize=1400%2C800&ssl=1 4x"},"classes":[]},{"id":225,"url":"https:\/\/muzeusm.ro\/en\/casa-memoriala-aloisie-tautu-valea-vinului\/","url_meta":{"origin":7063,"position":5},"title":"Casa Memorial\u0103 Aloisie T\u0103utu, Valea Vinului","author":"andreeaionetecu","date":"20 October 2021","format":false,"excerpt":"Muzeul Jude\u021bean Satu Mare Facebook Instagram Contact muzeusm@gmail.com +40261737526 Adresa Vasile Lucaciu, 21 Satu MareRomania","rel":"","context":"Similar post","block_context":{"text":"Similar post","link":""},"img":{"alt_text":"","src":"","width":0,"height":0},"classes":[]}],"jetpack_sharing_enabled":true,"jetpack_shortlink":"https:\/\/wp.me\/PfvnyQ-1PV","_links":{"self":[{"href":"https:\/\/muzeusm.ro\/en\/wp-json\/wp\/v2\/pages\/7063","targetHints":{"allow":["GET"]}}],"collection":[{"href":"https:\/\/muzeusm.ro\/en\/wp-json\/wp\/v2\/pages"}],"about":[{"href":"https:\/\/muzeusm.ro\/en\/wp-json\/wp\/v2\/types\/page"}],"author":[{"embeddable":true,"href":"https:\/\/muzeusm.ro\/en\/wp-json\/wp\/v2\/users\/243833644"}],"replies":[{"embeddable":true,"href":"https:\/\/muzeusm.ro\/en\/wp-json\/wp\/v2\/comments?post=7063"}],"version-history":[{"count":0,"href":"https:\/\/muzeusm.ro\/en\/wp-json\/wp\/v2\/pages\/7063\/revisions"}],"wp:attachment":[{"href":"https:\/\/muzeusm.ro\/en\/wp-json\/wp\/v2\/media?parent=7063"}],"curies":[{"name":"wp","href":"https:\/\/api.w.org\/{rel}","templated":true}]}}