{"id":58,"date":"2021-10-19T08:26:44","date_gmt":"2021-10-19T05:26:44","guid":{"rendered":"https:\/\/netsysacad.ro?page_id=58"},"modified":"2025-07-04T13:29:33","modified_gmt":"2025-07-04T10:29:33","slug":"reteaua-muzeala","status":"publish","type":"page","link":"https:\/\/muzeusm.ro\/en\/reteaua-muzeala\/","title":{"rendered":"Re\u021beaua Muzeal\u0103"},"content":{"rendered":"\n<div class=\"wp-block-media-text alignwide is-stacked-on-mobile\"><figure class=\"wp-block-media-text__media\"><a href=\"https:\/\/muzeusm.ro\/?page_id=174\"><img loading=\"lazy\" decoding=\"async\" width=\"2481\" height=\"1755\" data-attachment-id=\"37\" data-permalink=\"https:\/\/muzeusm.ro\/en\/acasa\/desen-muzeu-01\/\" data-orig-file=\"https:\/\/muzeusm.ro\/wp-content\/uploads\/2021\/10\/desen-muzeu-01.png\" data-orig-size=\"2481,1755\" data-comments-opened=\"1\" data-image-meta=\"{&quot;aperture&quot;:&quot;0&quot;,&quot;credit&quot;:&quot;&quot;,&quot;camera&quot;:&quot;&quot;,&quot;caption&quot;:&quot;&quot;,&quot;created_timestamp&quot;:&quot;0&quot;,&quot;copyright&quot;:&quot;&quot;,&quot;focal_length&quot;:&quot;0&quot;,&quot;iso&quot;:&quot;0&quot;,&quot;shutter_speed&quot;:&quot;0&quot;,&quot;title&quot;:&quot;&quot;,&quot;orientation&quot;:&quot;0&quot;}\" data-image-title=\"desen muzeu-01\" data-image-description=\"\" data-image-caption=\"\" data-medium-file=\"https:\/\/muzeusm.ro\/wp-content\/uploads\/2021\/10\/desen-muzeu-01.png\" data-large-file=\"https:\/\/muzeusm.ro\/wp-content\/uploads\/2021\/10\/desen-muzeu-01.png\" src=\"https:\/\/muzeusm.ro\/wp-content\/uploads\/2021\/10\/desen-muzeu-01.png?w=750\" alt=\"\" class=\"wp-image-37 size-full\"\/><\/a><\/figure><div class=\"wp-block-media-text__content\">\n<p class=\"has-large-font-size\">Muzeul Jude\u021bean Satu Mare<\/p>\n<\/div><\/div>\n\n\n\n<div class=\"wp-block-media-text alignwide has-media-on-the-right is-stacked-on-mobile\"><div class=\"wp-block-media-text__content\">\n<p class=\"has-large-font-size\">Muzeul de Art\u0103 Satu Mare<\/p>\n<\/div><figure class=\"wp-block-media-text__media\"><a href=\"https:\/\/muzeusm.ro\/muzeul-de-arta-satu-mare\/\"><img loading=\"lazy\" decoding=\"async\" width=\"3607\" height=\"2989\" data-attachment-id=\"50\" data-permalink=\"https:\/\/muzeusm.ro\/en\/?attachment_id=50\" data-orig-file=\"https:\/\/muzeusm.ro\/wp-content\/uploads\/2021\/10\/img_8021.jpg\" data-orig-size=\"3607,2989\" data-comments-opened=\"1\" data-image-meta=\"{&quot;aperture&quot;:&quot;2.4&quot;,&quot;credit&quot;:&quot;&quot;,&quot;camera&quot;:&quot;iPhone 11 Pro&quot;,&quot;caption&quot;:&quot;&quot;,&quot;created_timestamp&quot;:&quot;1618226378&quot;,&quot;copyright&quot;:&quot;&quot;,&quot;focal_length&quot;:&quot;1.54&quot;,&quot;iso&quot;:&quot;20&quot;,&quot;shutter_speed&quot;:&quot;0.0068027210884354&quot;,&quot;title&quot;:&quot;&quot;,&quot;orientation&quot;:&quot;1&quot;,&quot;latitude&quot;:&quot;47.792002777778&quot;,&quot;longitude&quot;:&quot;22.875241666667&quot;}\" data-image-title=\"IMG_8021\" data-image-description=\"\" data-image-caption=\"\" data-medium-file=\"https:\/\/muzeusm.ro\/wp-content\/uploads\/2021\/10\/img_8021.jpg\" data-large-file=\"https:\/\/muzeusm.ro\/wp-content\/uploads\/2021\/10\/img_8021.jpg\" src=\"https:\/\/muzeusm.ro\/wp-content\/uploads\/2021\/10\/img_8021.jpg?w=750\" alt=\"\" class=\"wp-image-50 size-full\"\/><\/a><\/figure><\/div>\n\n\n\n<div class=\"wp-block-media-text alignwide is-stacked-on-mobile\"><figure class=\"wp-block-media-text__media\"><a href=\"https:\/\/muzeusm.ro\/muzeul-municipal-carei-castelul-kaolyi\/\"><img loading=\"lazy\" decoding=\"async\" width=\"4032\" height=\"3024\" data-attachment-id=\"51\" data-permalink=\"https:\/\/muzeusm.ro\/en\/?attachment_id=51\" data-orig-file=\"https:\/\/muzeusm.ro\/wp-content\/uploads\/2021\/10\/img_9155.jpg\" data-orig-size=\"4032,3024\" data-comments-opened=\"1\" data-image-meta=\"{&quot;aperture&quot;:&quot;2.4&quot;,&quot;credit&quot;:&quot;&quot;,&quot;camera&quot;:&quot;iPhone 11 Pro&quot;,&quot;caption&quot;:&quot;&quot;,&quot;created_timestamp&quot;:&quot;1621263851&quot;,&quot;copyright&quot;:&quot;&quot;,&quot;focal_length&quot;:&quot;1.54&quot;,&quot;iso&quot;:&quot;20&quot;,&quot;shutter_speed&quot;:&quot;0.0018552875695733&quot;,&quot;title&quot;:&quot;&quot;,&quot;orientation&quot;:&quot;1&quot;,&quot;latitude&quot;:&quot;47.684058333333&quot;,&quot;longitude&quot;:&quot;22.467311111111&quot;}\" data-image-title=\"IMG_9155\" data-image-description=\"\" data-image-caption=\"\" data-medium-file=\"https:\/\/muzeusm.ro\/wp-content\/uploads\/2021\/10\/img_9155.jpg\" data-large-file=\"https:\/\/muzeusm.ro\/wp-content\/uploads\/2021\/10\/img_9155.jpg\" src=\"https:\/\/muzeusm.ro\/wp-content\/uploads\/2021\/10\/img_9155.jpg?w=750\" alt=\"\" class=\"wp-image-51 size-full\"\/><\/a><\/figure><div class=\"wp-block-media-text__content\">\n<p class=\"has-large-font-size\">Muzeul Municipal Carei &#8211; Castelul K\u00e1rolyi<\/p>\n<\/div><\/div>\n\n\n\n<div class=\"wp-block-media-text alignwide has-media-on-the-right is-stacked-on-mobile\"><div class=\"wp-block-media-text__content\">\n<p class=\"has-large-font-size\">Muzeul Memorial Dr. Vasile Lucaciu, Apa<\/p>\n<\/div><figure class=\"wp-block-media-text__media\"><a href=\"https:\/\/muzeusm.ro\/muzeul-memorial-dr-vasile-lucaciu-apa\/\"><img loading=\"lazy\" decoding=\"async\" width=\"1400\" height=\"933\" data-attachment-id=\"190\" data-permalink=\"https:\/\/muzeusm.ro\/en\/reteaua-muzeala\/apa-4\/\" data-orig-file=\"https:\/\/muzeusm.ro\/wp-content\/uploads\/2021\/10\/apa-4.jpg\" data-orig-size=\"1400,933\" data-comments-opened=\"1\" data-image-meta=\"{&quot;aperture&quot;:&quot;0&quot;,&quot;credit&quot;:&quot;&quot;,&quot;camera&quot;:&quot;&quot;,&quot;caption&quot;:&quot;&quot;,&quot;created_timestamp&quot;:&quot;0&quot;,&quot;copyright&quot;:&quot;&quot;,&quot;focal_length&quot;:&quot;0&quot;,&quot;iso&quot;:&quot;0&quot;,&quot;shutter_speed&quot;:&quot;0&quot;,&quot;title&quot;:&quot;&quot;,&quot;orientation&quot;:&quot;0&quot;}\" data-image-title=\"Apa-4\" data-image-description=\"\" data-image-caption=\"\" data-medium-file=\"https:\/\/muzeusm.ro\/wp-content\/uploads\/2021\/10\/apa-4.jpg\" data-large-file=\"https:\/\/muzeusm.ro\/wp-content\/uploads\/2021\/10\/apa-4.jpg\" src=\"https:\/\/muzeusm.ro\/wp-content\/uploads\/2021\/10\/apa-4.jpg?w=1024\" alt=\"\" class=\"wp-image-190 size-full\"\/><\/a><\/figure><\/div>\n\n\n\n<div class=\"wp-block-media-text alignwide is-stacked-on-mobile\"><figure class=\"wp-block-media-text__media\"><a href=\"https:\/\/muzeusm.ro\/complex-memorial-ady-endre\/\"><img loading=\"lazy\" decoding=\"async\" width=\"4000\" height=\"3698\" data-attachment-id=\"40\" data-permalink=\"https:\/\/muzeusm.ro\/en\/acasa\/dsc00160\/\" data-orig-file=\"https:\/\/muzeusm.ro\/wp-content\/uploads\/2021\/10\/dsc00160-e1634116885106.jpg\" data-orig-size=\"4000,3698\" data-comments-opened=\"1\" data-image-meta=\"{&quot;aperture&quot;:&quot;0&quot;,&quot;credit&quot;:&quot;&quot;,&quot;camera&quot;:&quot;&quot;,&quot;caption&quot;:&quot;&quot;,&quot;created_timestamp&quot;:&quot;0&quot;,&quot;copyright&quot;:&quot;&quot;,&quot;focal_length&quot;:&quot;0&quot;,&quot;iso&quot;:&quot;0&quot;,&quot;shutter_speed&quot;:&quot;0&quot;,&quot;title&quot;:&quot;&quot;,&quot;orientation&quot;:&quot;0&quot;}\" data-image-title=\"DSC00160\" data-image-description=\"\" data-image-caption=\"\" data-medium-file=\"https:\/\/muzeusm.ro\/wp-content\/uploads\/2021\/10\/dsc00160-e1634116885106.jpg\" data-large-file=\"https:\/\/muzeusm.ro\/wp-content\/uploads\/2021\/10\/dsc00160-e1634116885106.jpg\" src=\"https:\/\/muzeusm.ro\/wp-content\/uploads\/2021\/10\/dsc00160-e1634116885106.jpg?w=750\" alt=\"\" class=\"wp-image-40 size-full\"\/><\/a><\/figure><div class=\"wp-block-media-text__content\">\n<p class=\"has-large-font-size\">Complex Memorial Ady Endre<\/p>\n<\/div><\/div>\n\n\n\n<div class=\"wp-block-media-text alignwide has-media-on-the-right is-stacked-on-mobile\"><div class=\"wp-block-media-text__content\">\n<p class=\"has-large-font-size\">Muzeul Or\u0103\u0219enesc T\u0103\u0219nad<\/p>\n<\/div><figure class=\"wp-block-media-text__media\"><a href=\"https:\/\/muzeusm.ro\/muzeul-orasenesc-tasnad\/\"><img loading=\"lazy\" decoding=\"async\" width=\"1387\" height=\"926\" data-attachment-id=\"180\" data-permalink=\"https:\/\/muzeusm.ro\/en\/reteaua-muzeala\/131357689_2810259082526472_4222058225436612756_n\/\" data-orig-file=\"https:\/\/muzeusm.ro\/wp-content\/uploads\/2021\/10\/131357689_2810259082526472_4222058225436612756_n.jpg\" data-orig-size=\"1387,926\" data-comments-opened=\"1\" data-image-meta=\"{&quot;aperture&quot;:&quot;0&quot;,&quot;credit&quot;:&quot;&quot;,&quot;camera&quot;:&quot;&quot;,&quot;caption&quot;:&quot;&quot;,&quot;created_timestamp&quot;:&quot;0&quot;,&quot;copyright&quot;:&quot;&quot;,&quot;focal_length&quot;:&quot;0&quot;,&quot;iso&quot;:&quot;0&quot;,&quot;shutter_speed&quot;:&quot;0&quot;,&quot;title&quot;:&quot;&quot;,&quot;orientation&quot;:&quot;0&quot;}\" data-image-title=\"131357689_2810259082526472_4222058225436612756_n\" data-image-description=\"\" data-image-caption=\"\" data-medium-file=\"https:\/\/muzeusm.ro\/wp-content\/uploads\/2021\/10\/131357689_2810259082526472_4222058225436612756_n.jpg\" data-large-file=\"https:\/\/muzeusm.ro\/wp-content\/uploads\/2021\/10\/131357689_2810259082526472_4222058225436612756_n.jpg\" src=\"https:\/\/muzeusm.ro\/wp-content\/uploads\/2021\/10\/131357689_2810259082526472_4222058225436612756_n.jpg?w=1024\" alt=\"\" class=\"wp-image-180 size-full\"\/><\/a><\/figure><\/div>\n\n\n\n<div class=\"wp-block-media-text alignwide is-stacked-on-mobile\"><figure class=\"wp-block-media-text__media\"><a href=\"https:\/\/muzeusm.ro\/casa-muzeu-tasnad\/\"><img loading=\"lazy\" decoding=\"async\" width=\"512\" height=\"340\" data-attachment-id=\"195\" data-permalink=\"https:\/\/muzeusm.ro\/en\/reteaua-muzeala\/unnamed-9\/\" data-orig-file=\"https:\/\/muzeusm.ro\/wp-content\/uploads\/2021\/10\/unnamed-9.jpg\" data-orig-size=\"512,340\" data-comments-opened=\"1\" data-image-meta=\"{&quot;aperture&quot;:&quot;0&quot;,&quot;credit&quot;:&quot;&quot;,&quot;camera&quot;:&quot;&quot;,&quot;caption&quot;:&quot;&quot;,&quot;created_timestamp&quot;:&quot;0&quot;,&quot;copyright&quot;:&quot;&quot;,&quot;focal_length&quot;:&quot;0&quot;,&quot;iso&quot;:&quot;0&quot;,&quot;shutter_speed&quot;:&quot;0&quot;,&quot;title&quot;:&quot;&quot;,&quot;orientation&quot;:&quot;0&quot;}\" data-image-title=\"unnamed-9\" data-image-description=\"\" data-image-caption=\"\" data-medium-file=\"https:\/\/muzeusm.ro\/wp-content\/uploads\/2021\/10\/unnamed-9.jpg\" data-large-file=\"https:\/\/muzeusm.ro\/wp-content\/uploads\/2021\/10\/unnamed-9.jpg\" src=\"https:\/\/muzeusm.ro\/wp-content\/uploads\/2021\/10\/unnamed-9.jpg?w=512\" alt=\"\" class=\"wp-image-195 size-full\"\/><\/a><\/figure><div class=\"wp-block-media-text__content\">\n<p class=\"has-large-font-size\">Casa Muzeu T\u0103\u0219nad<\/p>\n<\/div><\/div>\n\n\n\n<div class=\"wp-block-media-text alignwide has-media-on-the-right is-stacked-on-mobile\"><div class=\"wp-block-media-text__content\">\n<p class=\"has-large-font-size\">Atelierul Memorial Paul I. Erd\u0151s, Satu Mare<\/p>\n<\/div><figure class=\"wp-block-media-text__media\"><a href=\"https:\/\/muzeusm.ro\/atelierul-memorial-paul-i-erdos-satu-mare\/\"><img loading=\"lazy\" decoding=\"async\" width=\"512\" height=\"443\" data-attachment-id=\"199\" data-permalink=\"https:\/\/muzeusm.ro\/en\/reteaua-muzeala\/unnamed-5\/\" data-orig-file=\"https:\/\/muzeusm.ro\/wp-content\/uploads\/2021\/10\/unnamed-5.png\" data-orig-size=\"512,443\" data-comments-opened=\"1\" data-image-meta=\"{&quot;aperture&quot;:&quot;0&quot;,&quot;credit&quot;:&quot;&quot;,&quot;camera&quot;:&quot;&quot;,&quot;caption&quot;:&quot;&quot;,&quot;created_timestamp&quot;:&quot;0&quot;,&quot;copyright&quot;:&quot;&quot;,&quot;focal_length&quot;:&quot;0&quot;,&quot;iso&quot;:&quot;0&quot;,&quot;shutter_speed&quot;:&quot;0&quot;,&quot;title&quot;:&quot;&quot;,&quot;orientation&quot;:&quot;0&quot;}\" data-image-title=\"unnamed-5\" data-image-description=\"\" data-image-caption=\"\" data-medium-file=\"https:\/\/muzeusm.ro\/wp-content\/uploads\/2021\/10\/unnamed-5.png\" data-large-file=\"https:\/\/muzeusm.ro\/wp-content\/uploads\/2021\/10\/unnamed-5.png\" src=\"https:\/\/muzeusm.ro\/wp-content\/uploads\/2021\/10\/unnamed-5.png?w=512\" alt=\"\" class=\"wp-image-199 size-full\"\/><\/a><\/figure><\/div>\n\n\n\n<div class=\"wp-block-media-text alignwide is-stacked-on-mobile\"><figure class=\"wp-block-media-text__media\"><a href=\"https:\/\/muzeusm.ro\/atelierul-memorial-aurel-popp-satu-mare\/\"><img loading=\"lazy\" decoding=\"async\" width=\"512\" height=\"353\" data-attachment-id=\"203\" data-permalink=\"https:\/\/muzeusm.ro\/en\/reteaua-muzeala\/unnamed-6\/\" data-orig-file=\"https:\/\/muzeusm.ro\/wp-content\/uploads\/2021\/10\/unnamed-6.png\" data-orig-size=\"512,353\" data-comments-opened=\"1\" data-image-meta=\"{&quot;aperture&quot;:&quot;0&quot;,&quot;credit&quot;:&quot;&quot;,&quot;camera&quot;:&quot;&quot;,&quot;caption&quot;:&quot;&quot;,&quot;created_timestamp&quot;:&quot;0&quot;,&quot;copyright&quot;:&quot;&quot;,&quot;focal_length&quot;:&quot;0&quot;,&quot;iso&quot;:&quot;0&quot;,&quot;shutter_speed&quot;:&quot;0&quot;,&quot;title&quot;:&quot;&quot;,&quot;orientation&quot;:&quot;0&quot;}\" data-image-title=\"unnamed-6\" data-image-description=\"\" data-image-caption=\"\" data-medium-file=\"https:\/\/muzeusm.ro\/wp-content\/uploads\/2021\/10\/unnamed-6.png\" data-large-file=\"https:\/\/muzeusm.ro\/wp-content\/uploads\/2021\/10\/unnamed-6.png\" src=\"https:\/\/muzeusm.ro\/wp-content\/uploads\/2021\/10\/unnamed-6.png?w=512\" alt=\"\" class=\"wp-image-203 size-full\"\/><\/a><\/figure><div class=\"wp-block-media-text__content\">\n<p class=\"has-large-font-size\">Atelierul Memorial Aurel Popp, Satu Mare<\/p>\n<\/div><\/div>\n\n\n\n<div class=\"wp-block-media-text alignwide has-media-on-the-right is-stacked-on-mobile\"><div class=\"wp-block-media-text__content\">\n<p class=\"has-large-font-size\">Muzeul \u0218v\u0103besc, Petre\u0219ti<\/p>\n<\/div><figure class=\"wp-block-media-text__media\"><a href=\"https:\/\/muzeusm.ro\/muzeul-svabesc-petresti\/\"><img loading=\"lazy\" decoding=\"async\" width=\"630\" height=\"473\" data-attachment-id=\"207\" data-permalink=\"https:\/\/muzeusm.ro\/en\/reteaua-muzeala\/muzeu-petresti1\/\" data-orig-file=\"https:\/\/muzeusm.ro\/wp-content\/uploads\/2021\/10\/muzeu-petresti1.jpg\" data-orig-size=\"630,473\" data-comments-opened=\"1\" data-image-meta=\"{&quot;aperture&quot;:&quot;0&quot;,&quot;credit&quot;:&quot;&quot;,&quot;camera&quot;:&quot;&quot;,&quot;caption&quot;:&quot;&quot;,&quot;created_timestamp&quot;:&quot;0&quot;,&quot;copyright&quot;:&quot;&quot;,&quot;focal_length&quot;:&quot;0&quot;,&quot;iso&quot;:&quot;0&quot;,&quot;shutter_speed&quot;:&quot;0&quot;,&quot;title&quot;:&quot;&quot;,&quot;orientation&quot;:&quot;0&quot;}\" data-image-title=\"Muzeu-Petresti1\" data-image-description=\"\" data-image-caption=\"\" data-medium-file=\"https:\/\/muzeusm.ro\/wp-content\/uploads\/2021\/10\/muzeu-petresti1.jpg\" data-large-file=\"https:\/\/muzeusm.ro\/wp-content\/uploads\/2021\/10\/muzeu-petresti1.jpg\" src=\"https:\/\/muzeusm.ro\/wp-content\/uploads\/2021\/10\/muzeu-petresti1.jpg?w=630\" alt=\"\" class=\"wp-image-207 size-full\"\/><\/a><\/figure><\/div>\n\n\n\n<div class=\"wp-block-media-text alignwide is-stacked-on-mobile\"><figure class=\"wp-block-media-text__media\"><a href=\"https:\/\/muzeusm.ro\/muzeul-maghiar-sipos-laszlo-bogdand\/\"><img loading=\"lazy\" decoding=\"async\" width=\"672\" height=\"372\" data-attachment-id=\"211\" data-permalink=\"https:\/\/muzeusm.ro\/en\/reteaua-muzeala\/muzeul-etnografic-maghiar-sipos-laszlo-bogdand_52d5b97fbaebf_1389738367_b-jpg\/\" data-orig-file=\"https:\/\/muzeusm.ro\/wp-content\/uploads\/2021\/10\/muzeul-etnografic-maghiar-sipos-laszlo-bogdand_52d5b97fbaebf_1389738367_b.jpg.webp\" data-orig-size=\"672,372\" data-comments-opened=\"1\" data-image-meta=\"{&quot;aperture&quot;:&quot;0&quot;,&quot;credit&quot;:&quot;&quot;,&quot;camera&quot;:&quot;&quot;,&quot;caption&quot;:&quot;&quot;,&quot;created_timestamp&quot;:&quot;0&quot;,&quot;copyright&quot;:&quot;&quot;,&quot;focal_length&quot;:&quot;0&quot;,&quot;iso&quot;:&quot;0&quot;,&quot;shutter_speed&quot;:&quot;0&quot;,&quot;title&quot;:&quot;&quot;,&quot;orientation&quot;:&quot;0&quot;}\" data-image-title=\"muzeul-etnografic-maghiar-sipos-laszlo-bogdand_52d5b97fbaebf_1389738367_b.jpg\" data-image-description=\"\" data-image-caption=\"\" data-medium-file=\"https:\/\/muzeusm.ro\/wp-content\/uploads\/2021\/10\/muzeul-etnografic-maghiar-sipos-laszlo-bogdand_52d5b97fbaebf_1389738367_b.jpg.webp\" data-large-file=\"https:\/\/muzeusm.ro\/wp-content\/uploads\/2021\/10\/muzeul-etnografic-maghiar-sipos-laszlo-bogdand_52d5b97fbaebf_1389738367_b.jpg.webp\" src=\"https:\/\/muzeusm.ro\/wp-content\/uploads\/2021\/10\/muzeul-etnografic-maghiar-sipos-laszlo-bogdand_52d5b97fbaebf_1389738367_b.jpg.webp?w=672\" alt=\"\" class=\"wp-image-211 size-full\"\/><\/a><\/figure><div class=\"wp-block-media-text__content\">\n<p class=\"has-large-font-size\">Muzeul Maghiar Sipos L\u00e1szl\u00f3, Bogdand<\/p>\n<\/div><\/div>\n\n\n\n<div class=\"wp-block-media-text alignwide has-media-on-the-right is-stacked-on-mobile\"><div class=\"wp-block-media-text__content\">\n<p class=\"has-large-font-size\">Casa \u021a\u0103r\u0103neasc\u0103, Andrid<\/p>\n<\/div><figure class=\"wp-block-media-text__media\"><a href=\"https:\/\/muzeusm.ro\/casa-taraneasca-andrid\/\"><img loading=\"lazy\" decoding=\"async\" width=\"512\" height=\"420\" data-attachment-id=\"216\" data-permalink=\"https:\/\/muzeusm.ro\/en\/reteaua-muzeala\/unnamed-10\/\" data-orig-file=\"https:\/\/muzeusm.ro\/wp-content\/uploads\/2021\/10\/unnamed-10.jpg\" data-orig-size=\"512,420\" data-comments-opened=\"1\" data-image-meta=\"{&quot;aperture&quot;:&quot;0&quot;,&quot;credit&quot;:&quot;&quot;,&quot;camera&quot;:&quot;&quot;,&quot;caption&quot;:&quot;&quot;,&quot;created_timestamp&quot;:&quot;0&quot;,&quot;copyright&quot;:&quot;&quot;,&quot;focal_length&quot;:&quot;0&quot;,&quot;iso&quot;:&quot;0&quot;,&quot;shutter_speed&quot;:&quot;0&quot;,&quot;title&quot;:&quot;&quot;,&quot;orientation&quot;:&quot;0&quot;}\" data-image-title=\"unnamed-10\" data-image-description=\"\" data-image-caption=\"\" data-medium-file=\"https:\/\/muzeusm.ro\/wp-content\/uploads\/2021\/10\/unnamed-10.jpg\" data-large-file=\"https:\/\/muzeusm.ro\/wp-content\/uploads\/2021\/10\/unnamed-10.jpg\" src=\"https:\/\/muzeusm.ro\/wp-content\/uploads\/2021\/10\/unnamed-10.jpg?w=512\" alt=\"\" class=\"wp-image-216 size-full\"\/><\/a><\/figure><\/div>\n\n\n\n<div class=\"wp-block-media-text alignwide is-stacked-on-mobile\"><figure class=\"wp-block-media-text__media\"><a href=\"https:\/\/muzeusm.ro\/muzeul-motilor-scarisoara\/\"><img loading=\"lazy\" decoding=\"async\" width=\"512\" height=\"342\" data-attachment-id=\"220\" data-permalink=\"https:\/\/muzeusm.ro\/en\/reteaua-muzeala\/unnamed-11\/\" data-orig-file=\"https:\/\/muzeusm.ro\/wp-content\/uploads\/2021\/10\/unnamed-11.jpg\" data-orig-size=\"512,342\" data-comments-opened=\"1\" data-image-meta=\"{&quot;aperture&quot;:&quot;0&quot;,&quot;credit&quot;:&quot;&quot;,&quot;camera&quot;:&quot;&quot;,&quot;caption&quot;:&quot;&quot;,&quot;created_timestamp&quot;:&quot;0&quot;,&quot;copyright&quot;:&quot;&quot;,&quot;focal_length&quot;:&quot;0&quot;,&quot;iso&quot;:&quot;0&quot;,&quot;shutter_speed&quot;:&quot;0&quot;,&quot;title&quot;:&quot;&quot;,&quot;orientation&quot;:&quot;0&quot;}\" data-image-title=\"unnamed-11\" data-image-description=\"\" data-image-caption=\"\" data-medium-file=\"https:\/\/muzeusm.ro\/wp-content\/uploads\/2021\/10\/unnamed-11.jpg\" data-large-file=\"https:\/\/muzeusm.ro\/wp-content\/uploads\/2021\/10\/unnamed-11.jpg\" src=\"https:\/\/muzeusm.ro\/wp-content\/uploads\/2021\/10\/unnamed-11.jpg?w=512\" alt=\"\" class=\"wp-image-220 size-full\"\/><\/a><\/figure><div class=\"wp-block-media-text__content\">\n<p class=\"has-large-font-size\">Muzeul Mo\u021bilor, Sc\u0103ri\u0219oara<\/p>\n<\/div><\/div>\n\n\n\n<div class=\"wp-block-media-text alignwide has-media-on-the-right is-stacked-on-mobile\"><div class=\"wp-block-media-text__content\">\n<p class=\"has-large-font-size\">Casa \u021a\u0103r\u0103neasc\u0103, Chilia<\/p>\n<\/div><figure class=\"wp-block-media-text__media\"><a href=\"https:\/\/muzeusm.ro\/casa-taraneasca-chilia\/\"><img loading=\"lazy\" decoding=\"async\" width=\"3672\" height=\"1982\" data-attachment-id=\"52\" data-permalink=\"https:\/\/muzeusm.ro\/en\/?attachment_id=52\" data-orig-file=\"https:\/\/muzeusm.ro\/wp-content\/uploads\/2021\/10\/p28b.jpg\" data-orig-size=\"3672,1982\" data-comments-opened=\"1\" data-image-meta=\"{&quot;aperture&quot;:&quot;1.9&quot;,&quot;credit&quot;:&quot;&quot;,&quot;camera&quot;:&quot;SM-A202F&quot;,&quot;caption&quot;:&quot;&quot;,&quot;created_timestamp&quot;:&quot;1594726969&quot;,&quot;copyright&quot;:&quot;&quot;,&quot;focal_length&quot;:&quot;3.6&quot;,&quot;iso&quot;:&quot;40&quot;,&quot;shutter_speed&quot;:&quot;0.00073313782991202&quot;,&quot;title&quot;:&quot;&quot;,&quot;orientation&quot;:&quot;1&quot;}\" data-image-title=\"p28b\" data-image-description=\"\" data-image-caption=\"\" data-medium-file=\"https:\/\/muzeusm.ro\/wp-content\/uploads\/2021\/10\/p28b.jpg\" data-large-file=\"https:\/\/muzeusm.ro\/wp-content\/uploads\/2021\/10\/p28b.jpg\" src=\"https:\/\/muzeusm.ro\/wp-content\/uploads\/2021\/10\/p28b.jpg?w=750\" alt=\"\" class=\"wp-image-52 size-full\"\/><\/a><\/figure><\/div>\n\n\n\n<div class=\"wp-block-media-text alignwide is-stacked-on-mobile\"><figure class=\"wp-block-media-text__media\"><a href=\"https:\/\/muzeusm.ro\/muzeul-in-aer-liber-marius\/\"><img loading=\"lazy\" decoding=\"async\" width=\"512\" height=\"288\" data-attachment-id=\"228\" data-permalink=\"https:\/\/muzeusm.ro\/en\/reteaua-muzeala\/unnamed-12\/\" data-orig-file=\"https:\/\/muzeusm.ro\/wp-content\/uploads\/2021\/10\/unnamed-12.jpg\" data-orig-size=\"512,288\" data-comments-opened=\"1\" data-image-meta=\"{&quot;aperture&quot;:&quot;0&quot;,&quot;credit&quot;:&quot;&quot;,&quot;camera&quot;:&quot;&quot;,&quot;caption&quot;:&quot;&quot;,&quot;created_timestamp&quot;:&quot;0&quot;,&quot;copyright&quot;:&quot;&quot;,&quot;focal_length&quot;:&quot;0&quot;,&quot;iso&quot;:&quot;0&quot;,&quot;shutter_speed&quot;:&quot;0&quot;,&quot;title&quot;:&quot;&quot;,&quot;orientation&quot;:&quot;0&quot;}\" data-image-title=\"unnamed-12\" data-image-description=\"\" data-image-caption=\"\" data-medium-file=\"https:\/\/muzeusm.ro\/wp-content\/uploads\/2021\/10\/unnamed-12.jpg\" data-large-file=\"https:\/\/muzeusm.ro\/wp-content\/uploads\/2021\/10\/unnamed-12.jpg\" src=\"https:\/\/muzeusm.ro\/wp-content\/uploads\/2021\/10\/unnamed-12.jpg?w=512\" alt=\"\" class=\"wp-image-228 size-full\"\/><\/a><\/figure><div class=\"wp-block-media-text__content\">\n<p class=\"has-large-font-size\">Muzeul \u00een aer liber, M\u0103riu\u0219<\/p>\n<\/div><\/div>\n\n\n\n<div class=\"wp-block-media-text alignwide has-media-on-the-right is-stacked-on-mobile\"><div class=\"wp-block-media-text__content\">\n<p class=\"has-large-font-size\">Muzeul Ugocea-Oa\u0219, Tarna Mare<\/p>\n<\/div><figure class=\"wp-block-media-text__media\"><a href=\"https:\/\/muzeusm.ro\/muzeul-ugocea-oas-tarna-mare\/\"><img loading=\"lazy\" decoding=\"async\" width=\"480\" height=\"360\" data-attachment-id=\"239\" data-permalink=\"https:\/\/muzeusm.ro\/en\/reteaua-muzeala\/unnamed-13\/\" data-orig-file=\"https:\/\/muzeusm.ro\/wp-content\/uploads\/2021\/10\/unnamed-13.jpg\" data-orig-size=\"480,360\" data-comments-opened=\"1\" data-image-meta=\"{&quot;aperture&quot;:&quot;0&quot;,&quot;credit&quot;:&quot;&quot;,&quot;camera&quot;:&quot;&quot;,&quot;caption&quot;:&quot;&quot;,&quot;created_timestamp&quot;:&quot;0&quot;,&quot;copyright&quot;:&quot;&quot;,&quot;focal_length&quot;:&quot;0&quot;,&quot;iso&quot;:&quot;0&quot;,&quot;shutter_speed&quot;:&quot;0&quot;,&quot;title&quot;:&quot;&quot;,&quot;orientation&quot;:&quot;0&quot;}\" data-image-title=\"unnamed-13\" data-image-description=\"\" data-image-caption=\"\" data-medium-file=\"https:\/\/muzeusm.ro\/wp-content\/uploads\/2021\/10\/unnamed-13.jpg\" data-large-file=\"https:\/\/muzeusm.ro\/wp-content\/uploads\/2021\/10\/unnamed-13.jpg\" src=\"https:\/\/muzeusm.ro\/wp-content\/uploads\/2021\/10\/unnamed-13.jpg?w=480\" alt=\"\" class=\"wp-image-239 size-full\"\/><\/a><\/figure><\/div>\n\n\n\n<div class=\"wp-block-media-text alignwide is-stacked-on-mobile\"><figure class=\"wp-block-media-text__media\"><a href=\"https:\/\/muzeusm.ro\/muzeul-local-orasu-nou\/\"><img loading=\"lazy\" decoding=\"async\" width=\"1400\" height=\"935\" data-attachment-id=\"235\" data-permalink=\"https:\/\/muzeusm.ro\/en\/reteaua-muzeala\/casa_muzeu_orasu_nou_p1040324\/\" data-orig-file=\"https:\/\/muzeusm.ro\/wp-content\/uploads\/2021\/10\/casa_muzeu_orasu_nou_p1040324.jpg\" data-orig-size=\"1400,935\" data-comments-opened=\"1\" data-image-meta=\"{&quot;aperture&quot;:&quot;5.6&quot;,&quot;credit&quot;:&quot;&quot;,&quot;camera&quot;:&quot;DMC-FZ300&quot;,&quot;caption&quot;:&quot;&quot;,&quot;created_timestamp&quot;:&quot;1455722773&quot;,&quot;copyright&quot;:&quot;&quot;,&quot;focal_length&quot;:&quot;6.3&quot;,&quot;iso&quot;:&quot;100&quot;,&quot;shutter_speed&quot;:&quot;0.0125&quot;,&quot;title&quot;:&quot;&quot;,&quot;orientation&quot;:&quot;1&quot;}\" data-image-title=\"casa_muzeu_orasu_nou_p1040324\" data-image-description=\"\" data-image-caption=\"\" data-medium-file=\"https:\/\/muzeusm.ro\/wp-content\/uploads\/2021\/10\/casa_muzeu_orasu_nou_p1040324.jpg\" data-large-file=\"https:\/\/muzeusm.ro\/wp-content\/uploads\/2021\/10\/casa_muzeu_orasu_nou_p1040324.jpg\" src=\"https:\/\/muzeusm.ro\/wp-content\/uploads\/2021\/10\/casa_muzeu_orasu_nou_p1040324.jpg?w=1024\" alt=\"\" class=\"wp-image-235 size-full\"\/><\/a><\/figure><div class=\"wp-block-media-text__content\">\n<p class=\"has-large-font-size\">Muzeul Local, Ora\u0219u Nou<\/p>\n<\/div><\/div>\n\n\n\n<div class=\"wp-block-media-text alignwide has-media-on-the-right is-stacked-on-mobile\"><div class=\"wp-block-media-text__content\">\n<p class=\"has-large-font-size\">Casa \u021a\u0103r\u0103neasc\u0103, C\u0103line\u0219ti Oa\u0219<\/p>\n<\/div><figure class=\"wp-block-media-text__media\"><a href=\"https:\/\/muzeusm.ro\/casa-taraneasca-calinesti-oas\/\"><img loading=\"lazy\" decoding=\"async\" width=\"400\" height=\"300\" data-attachment-id=\"247\" data-permalink=\"https:\/\/muzeusm.ro\/en\/reteaua-muzeala\/unnamed-14\/\" data-orig-file=\"https:\/\/muzeusm.ro\/wp-content\/uploads\/2021\/10\/unnamed-14.jpg\" data-orig-size=\"400,300\" data-comments-opened=\"1\" data-image-meta=\"{&quot;aperture&quot;:&quot;0&quot;,&quot;credit&quot;:&quot;&quot;,&quot;camera&quot;:&quot;&quot;,&quot;caption&quot;:&quot;&quot;,&quot;created_timestamp&quot;:&quot;0&quot;,&quot;copyright&quot;:&quot;&quot;,&quot;focal_length&quot;:&quot;0&quot;,&quot;iso&quot;:&quot;0&quot;,&quot;shutter_speed&quot;:&quot;0&quot;,&quot;title&quot;:&quot;&quot;,&quot;orientation&quot;:&quot;0&quot;}\" data-image-title=\"unnamed-14\" data-image-description=\"\" data-image-caption=\"\" data-medium-file=\"https:\/\/muzeusm.ro\/wp-content\/uploads\/2021\/10\/unnamed-14.jpg\" data-large-file=\"https:\/\/muzeusm.ro\/wp-content\/uploads\/2021\/10\/unnamed-14.jpg\" src=\"https:\/\/muzeusm.ro\/wp-content\/uploads\/2021\/10\/unnamed-14.jpg?w=400\" alt=\"\" class=\"wp-image-247 size-full\"\/><\/a><\/figure><\/div>\n\n\n\n<div class=\"wp-block-media-text alignwide is-stacked-on-mobile\"><figure class=\"wp-block-media-text__media\"><a href=\"https:\/\/muzeusm.ro\/casa-taraneasca-certeze\/\"><img loading=\"lazy\" decoding=\"async\" width=\"450\" height=\"300\" data-attachment-id=\"243\" data-permalink=\"https:\/\/muzeusm.ro\/en\/reteaua-muzeala\/imageresize\/\" data-orig-file=\"https:\/\/muzeusm.ro\/wp-content\/uploads\/2021\/10\/imageresize.jpg\" data-orig-size=\"450,300\" data-comments-opened=\"1\" data-image-meta=\"{&quot;aperture&quot;:&quot;0&quot;,&quot;credit&quot;:&quot;&quot;,&quot;camera&quot;:&quot;&quot;,&quot;caption&quot;:&quot;&quot;,&quot;created_timestamp&quot;:&quot;0&quot;,&quot;copyright&quot;:&quot;&quot;,&quot;focal_length&quot;:&quot;0&quot;,&quot;iso&quot;:&quot;0&quot;,&quot;shutter_speed&quot;:&quot;0&quot;,&quot;title&quot;:&quot;&quot;,&quot;orientation&quot;:&quot;0&quot;}\" data-image-title=\"imageResize\" data-image-description=\"\" data-image-caption=\"\" data-medium-file=\"https:\/\/muzeusm.ro\/wp-content\/uploads\/2021\/10\/imageresize.jpg\" data-large-file=\"https:\/\/muzeusm.ro\/wp-content\/uploads\/2021\/10\/imageresize.jpg\" src=\"https:\/\/muzeusm.ro\/wp-content\/uploads\/2021\/10\/imageresize.jpg?w=450\" alt=\"\" class=\"wp-image-243 size-full\"\/><\/a><\/figure><div class=\"wp-block-media-text__content\">\n<p class=\"has-large-font-size\">Casa \u021a\u0103r\u0103neasc\u0103, Certeze<\/p>\n<\/div><\/div>\n\n\n\n<div class=\"wp-block-media-text alignwide has-media-on-the-right is-stacked-on-mobile\"><div class=\"wp-block-media-text__content\">\n<p class=\"has-large-font-size\">Gospod\u0103ria \u021a\u0103r\u0103neasc\u0103, Tur\u021b<\/p>\n<\/div><figure class=\"wp-block-media-text__media\"><a href=\"https:\/\/muzeusm.ro\/gospodaria-taraneasca-turt\/\"><img loading=\"lazy\" decoding=\"async\" width=\"1400\" height=\"935\" data-attachment-id=\"252\" data-permalink=\"https:\/\/muzeusm.ro\/en\/reteaua-muzeala\/casa_muzeu_turt_p1040518\/\" data-orig-file=\"https:\/\/muzeusm.ro\/wp-content\/uploads\/2021\/10\/casa_muzeu_turt_p1040518.jpg\" data-orig-size=\"1400,935\" data-comments-opened=\"1\" data-image-meta=\"{&quot;aperture&quot;:&quot;4.5&quot;,&quot;credit&quot;:&quot;&quot;,&quot;camera&quot;:&quot;DMC-FZ300&quot;,&quot;caption&quot;:&quot;&quot;,&quot;created_timestamp&quot;:&quot;1456148791&quot;,&quot;copyright&quot;:&quot;&quot;,&quot;focal_length&quot;:&quot;14.5&quot;,&quot;iso&quot;:&quot;100&quot;,&quot;shutter_speed&quot;:&quot;0.00625&quot;,&quot;title&quot;:&quot;&quot;,&quot;orientation&quot;:&quot;1&quot;}\" data-image-title=\"casa_muzeu_turt_p1040518\" data-image-description=\"\" data-image-caption=\"\" data-medium-file=\"https:\/\/muzeusm.ro\/wp-content\/uploads\/2021\/10\/casa_muzeu_turt_p1040518.jpg\" data-large-file=\"https:\/\/muzeusm.ro\/wp-content\/uploads\/2021\/10\/casa_muzeu_turt_p1040518.jpg\" src=\"https:\/\/muzeusm.ro\/wp-content\/uploads\/2021\/10\/casa_muzeu_turt_p1040518.jpg?w=1024\" alt=\"\" class=\"wp-image-252 size-full\"\/><\/a><\/figure><\/div>\n\n\n\n<div class=\"wp-block-media-text alignwide is-stacked-on-mobile\"><figure class=\"wp-block-media-text__media\"><a href=\"https:\/\/muzeusm.ro\/rezervatia-arheologica-mediesu-aurit\/\"><img loading=\"lazy\" decoding=\"async\" width=\"700\" height=\"467\" data-attachment-id=\"260\" data-permalink=\"https:\/\/muzeusm.ro\/en\/reteaua-muzeala\/cuptoare\/\" data-orig-file=\"https:\/\/muzeusm.ro\/wp-content\/uploads\/2021\/10\/cuptoare.jpg\" data-orig-size=\"700,467\" data-comments-opened=\"1\" data-image-meta=\"{&quot;aperture&quot;:&quot;0&quot;,&quot;credit&quot;:&quot;&quot;,&quot;camera&quot;:&quot;&quot;,&quot;caption&quot;:&quot;&quot;,&quot;created_timestamp&quot;:&quot;0&quot;,&quot;copyright&quot;:&quot;&quot;,&quot;focal_length&quot;:&quot;0&quot;,&quot;iso&quot;:&quot;0&quot;,&quot;shutter_speed&quot;:&quot;0&quot;,&quot;title&quot;:&quot;&quot;,&quot;orientation&quot;:&quot;0&quot;}\" data-image-title=\"cuptoare\" data-image-description=\"\" data-image-caption=\"\" data-medium-file=\"https:\/\/muzeusm.ro\/wp-content\/uploads\/2021\/10\/cuptoare.jpg\" data-large-file=\"https:\/\/muzeusm.ro\/wp-content\/uploads\/2021\/10\/cuptoare.jpg\" src=\"https:\/\/muzeusm.ro\/wp-content\/uploads\/2021\/10\/cuptoare.jpg?w=700\" alt=\"\" class=\"wp-image-260 size-full\"\/><\/a><\/figure><div class=\"wp-block-media-text__content\">\n<p class=\"has-large-font-size\">Rezerva\u021bia arheologic\u0103, Medie\u0219u Aurit<\/p>\n<\/div><\/div>\n\n\n\n<div class=\"wp-block-media-text alignwide has-media-on-the-right is-stacked-on-mobile\"><div class=\"wp-block-media-text__content\">\n<p class=\"has-large-font-size\">Rezerva\u021bia arheologic\u0103, Carei-Bobald<\/p>\n<\/div><figure class=\"wp-block-media-text__media\"><a href=\"https:\/\/muzeusm.ro\/rezervatia-arheologica-carei-bobald\/\"><img loading=\"lazy\" decoding=\"async\" width=\"603\" height=\"399\" data-attachment-id=\"264\" data-permalink=\"https:\/\/muzeusm.ro\/en\/reteaua-muzeala\/image-2012-07-27-12889443-56-situl-arheologic-bobald\/\" data-orig-file=\"https:\/\/muzeusm.ro\/wp-content\/uploads\/2021\/10\/image-2012-07-27-12889443-56-situl-arheologic-bobald.jpg\" data-orig-size=\"603,399\" data-comments-opened=\"1\" data-image-meta=\"{&quot;aperture&quot;:&quot;0&quot;,&quot;credit&quot;:&quot;&quot;,&quot;camera&quot;:&quot;&quot;,&quot;caption&quot;:&quot;&quot;,&quot;created_timestamp&quot;:&quot;0&quot;,&quot;copyright&quot;:&quot;&quot;,&quot;focal_length&quot;:&quot;0&quot;,&quot;iso&quot;:&quot;0&quot;,&quot;shutter_speed&quot;:&quot;0&quot;,&quot;title&quot;:&quot;&quot;,&quot;orientation&quot;:&quot;0&quot;}\" data-image-title=\"image-2012-07-27-12889443-56-situl-arheologic-bobald\" data-image-description=\"\" data-image-caption=\"\" data-medium-file=\"https:\/\/muzeusm.ro\/wp-content\/uploads\/2021\/10\/image-2012-07-27-12889443-56-situl-arheologic-bobald.jpg\" data-large-file=\"https:\/\/muzeusm.ro\/wp-content\/uploads\/2021\/10\/image-2012-07-27-12889443-56-situl-arheologic-bobald.jpg\" src=\"https:\/\/muzeusm.ro\/wp-content\/uploads\/2021\/10\/image-2012-07-27-12889443-56-situl-arheologic-bobald.jpg?w=603\" alt=\"\" class=\"wp-image-264 size-full\"\/><\/a><\/figure><\/div>\n\n\n\n<div class=\"wp-block-group alignfull has-tertiary-background-color has-background has-small-font-size\"><div class=\"wp-block-group__inner-container is-layout-constrained wp-block-group-is-layout-constrained\">\n<div class=\"wp-block-columns is-layout-flex wp-container-core-columns-is-layout-28f84493 wp-block-columns-is-layout-flex\">\n<div class=\"wp-block-column is-layout-flow wp-block-column-is-layout-flow\">\n<h5 class=\"wp-block-heading has-secondary-color has-text-color has-normal-font-size\">Muzeul Jude?ean Satu Mare<\/h5>\n\n\n\n<p class=\"has-text-align-left has-black-color has-text-color\"><a style=\"color: #000000;\" href=\"https:\/\/www.facebook.com\/Muzeul-Judetean-Satu-Mare-1050838434978303\">Facebook<\/a><\/p>\n\n\n\n<p><a style=\"color: #000000;\" href=\"https:\/\/www.instagram.com\/mjsatumare\/\">Instagram<\/a><\/p>\n<\/div>\n\n\n\n<div class=\"wp-block-column is-layout-flow wp-block-column-is-layout-flow\">\n<h4 class=\"wp-block-heading has-text-align-left has-secondary-color has-text-color has-normal-font-size\">Contact<\/h4>\n\n\n\n<ul>\n<li>muzeusm@gmail.com<\/li>\n<li>0261735116<\/li>\n<\/ul>\n<\/div>\n\n\n\n<div class=\"wp-block-column is-layout-flow wp-block-column-is-layout-flow\">\n<h4 class=\"wp-block-heading has-secondary-color has-text-color has-normal-font-size\">Adresa<\/h4>\n\n\n\n<p class=\"has-black-color has-text-color\">Vasile Lucaciu, 21 <br>Satu Mare<br>Romania<\/p>\n<\/div>\n<\/div>\n<\/div><\/div>\n","protected":false},"excerpt":{"rendered":"<p>Muzeul Jude\u021bean Satu Mare Muzeul de Art\u0103 Satu Mare Muzeul Municipal Carei &#8211; Castelul K\u00e1rolyi Muzeul Memorial Dr. Vasile Lucaciu, Apa Complex Memorial Ady Endre Muzeul Or\u0103\u0219enesc T\u0103\u0219nad Casa Muzeu T\u0103\u0219nad Atelierul Memorial Paul I. Erd\u0151s, Satu Mare Atelierul Memorial Aurel Popp, Satu Mare Muzeul \u0218v\u0103besc, Petre\u0219ti Muzeul Maghiar Sipos L\u00e1szl\u00f3, Bogdand Casa \u021a\u0103r\u0103neasc\u0103, Andrid<a class=\"more-link\" href=\"https:\/\/muzeusm.ro\/en\/reteaua-muzeala\/\">Continue reading <span class=\"screen-reader-text\">&#8220;Re\u021beaua Muzeal\u0103&#8221;<\/span><\/a><\/p>\n","protected":false},"author":183061330,"featured_media":0,"parent":0,"menu_order":0,"comment_status":"closed","ping_status":"closed","template":"","meta":{"_coblocks_attr":"","_coblocks_dimensions":"","_coblocks_responsive_height":"","_coblocks_accordion_ie_support":"","advanced_seo_description":"","jetpack_seo_html_title":"","jetpack_seo_noindex":false,"jetpack_post_was_ever_published":false,"footnotes":""},"class_list":["post-58","page","type-page","status-publish","hentry","entry"],"translation":{"provider":"WPGlobus","version":"3.0.1","language":"en","enabled_languages":["ro","hu","en"],"languages":{"ro":{"title":true,"content":true,"excerpt":false},"hu":{"title":true,"content":true,"excerpt":false},"en":{"title":false,"content":false,"excerpt":false}}},"jetpack_likes_enabled":true,"jetpack-related-posts":[{"id":102,"url":"https:\/\/muzeusm.ro\/en\/istorie\/","url_meta":{"origin":58,"position":0},"title":"Serviciul Promovarea Patrimoniului \u0219i Educa\u021bie Muzeal\u0103","author":"andreeaionetecu","date":"19 October 2021","format":false,"excerpt":"{:ro} Atribu\u021biile \u0219i responsabilit\u0103\u021bile principale sunt legate de coordonarea activit\u0103\u021bilor ce implic\u0103 patrimoniul Colec\u021biei de Art\u0103, a activit\u0103\u021bilor de la Muzeul de Art\u0103, Atelierul Memorial Aurel Popp Satu Mare, Atelierul Memorial Paul Erd\u0151s Satu Mare, Biblioteca de specialitate, Muzeul \u00een aer liber M\u0103riu\u0219, Casa \u021a\u0103r\u0103neasc\u0103 Chilia, Muzeul Ugocea - Oa\u0219\u2026","rel":"","context":"Similar post","block_context":{"text":"Similar post","link":""},"img":{"alt_text":"","src":"","width":0,"height":0},"classes":[]},{"id":548,"url":"https:\/\/muzeusm.ro\/en\/publicatii\/","url_meta":{"origin":58,"position":1},"title":"EDITURA","author":"andreeaionetecu","date":"25 May 2022","format":false,"excerpt":"{:ro} Lista Publica\u021bii Editur\u0103 Prezentarea Editurii Muzeul Jude\u021bean Satu Mare Facebook Instagram Contact muzeusm@gmail.com 0261735116 Adresa Vasile Lucaciu, 21 Satu MareRomania {:}{:hu} Kiadv\u00e1nyaink list\u00e1ja Muzeul Jude\u021bean Satu Mare Facebook Instagram Contact muzeusm@gmail.com 0261735116 Adresa Vasile Lucaciu, 21 Satu MareRomania {:}","rel":"","context":"Similar post","block_context":{"text":"Similar post","link":""},"img":{"alt_text":"","src":"","width":0,"height":0},"classes":[]},{"id":83,"url":"https:\/\/muzeusm.ro\/en\/sectii\/","url_meta":{"origin":58,"position":2},"title":"Servicii","author":"andreeaionetecu","date":"19 October 2021","format":false,"excerpt":"{:ro} Direc\u021biune Serviciul Cercetare \u2013 Patrimoniu Serviciul Financiar Contabil Serviciul de Eviden\u021b\u0103 Conservare - Restaurare a Patrimoniului Serviciul Muzee Carei \u2013 T\u0103\u0219nad Serviciul Promovarea Patrimoniului \u0219i Educa\u021bie Muzeal\u0103 Muzeul Jude\u021bean Satu Mare Facebook Instagram Contact muzeusm@gmail.com 0261735116 Adresa Vasile Lucaciu, 21 Satu MareRomania \u00a0 {:}{:hu} Igazgat\u00f3s\u00e1g Kultur\u00e1lis \u00f6r\u00f6ks\u00e9g kutat\u00e1sa oszt\u00e1ly\u2026","rel":"","context":"Similar post","block_context":{"text":"Similar post","link":""},"img":{"alt_text":"","src":"https:\/\/i0.wp.com\/muzeusm.ro\/wp-content\/uploads\/2024\/10\/castel-iarna-scaled.jpg?resize=350%2C200&ssl=1","width":350,"height":200,"srcset":"https:\/\/i0.wp.com\/muzeusm.ro\/wp-content\/uploads\/2024\/10\/castel-iarna-scaled.jpg?resize=350%2C200&ssl=1 1x, https:\/\/i0.wp.com\/muzeusm.ro\/wp-content\/uploads\/2024\/10\/castel-iarna-scaled.jpg?resize=525%2C300&ssl=1 1.5x, https:\/\/i0.wp.com\/muzeusm.ro\/wp-content\/uploads\/2024\/10\/castel-iarna-scaled.jpg?resize=700%2C400&ssl=1 2x, https:\/\/i0.wp.com\/muzeusm.ro\/wp-content\/uploads\/2024\/10\/castel-iarna-scaled.jpg?resize=1050%2C600&ssl=1 3x, https:\/\/i0.wp.com\/muzeusm.ro\/wp-content\/uploads\/2024\/10\/castel-iarna-scaled.jpg?resize=1400%2C800&ssl=1 4x"},"classes":[]},{"id":78,"url":"https:\/\/muzeusm.ro\/en\/editura\/","url_meta":{"origin":58,"position":3},"title":"Editura Muzeului S\u0103tm\u0103rean","author":"andreeaionetecu","date":"19 October 2021","format":false,"excerpt":"Patriot sau tr\u0103d\u0103tor? Procesul de tr\u0103dare de \u021bar\u0103 al c\u0103lug\u0103rului \u00c1rk\u00e1d P\u00e1sztory - HONCA, Ciprian Emanuel (Editor), 2022 Monografia Catedralei Ortodoxe \"Adormirea Maicii Domnului\" din municipiul Satu Mare - B\u0102LU, Daniela\u00a0(autor)\u00a0,\u00a0BOLOS, Cristian\u00a0(autor)\u00a0,\u00a0C\u00c2MPEAN, Viorel\u00a0(autor), 2022 Obiecte de uz casnic \u00een colec\u021bia etnografic\u0103 a Muzeului Jude\u021bean Satu Mare - LOBON\u021a PU\u0218CA\u0218, Maria\u00a0(autor),\u2026","rel":"","context":"Similar post","block_context":{"text":"Similar post","link":""},"img":{"alt_text":"","src":"","width":0,"height":0},"classes":[]},{"id":177,"url":"https:\/\/muzeusm.ro\/en\/muzeul-de-arta-satu-mare\/","url_meta":{"origin":58,"position":4},"title":"Muzeul de Art\u0103 Satu Mare","author":"andreeaionetecu","date":"20 October 2021","format":false,"excerpt":"{:ro} Cl\u0103direa a fost construit\u0103 la mijlocuk secolului al XIX-lea, \u00een stilneogotic, fiind declarat\u0103 monument istoric \u0219i arhitectural, \u0219icunoscut\u0103 sub numele de Casa V\u00e9csey. Pe acest teren se afla \u00een secolul al XVIII-lea o cl\u0103dire ce servea ca depozit Cet\u0103\u021bii Satu Mare, cl\u0103dire unde, dup\u0103 tradi\u021bia a fost \u00eencheiat\u0103 pacea\u2026","rel":"","context":"Similar post","block_context":{"text":"Similar post","link":""},"img":{"alt_text":"","src":"https:\/\/i0.wp.com\/muzeusm.ro\/wp-content\/uploads\/2025\/01\/5afecbd553209_family-1-150x150.jpg?resize=350%2C200&ssl=1","width":350,"height":200,"srcset":"https:\/\/i0.wp.com\/muzeusm.ro\/wp-content\/uploads\/2025\/01\/5afecbd553209_family-1-150x150.jpg?resize=350%2C200&ssl=1 1x, https:\/\/i0.wp.com\/muzeusm.ro\/wp-content\/uploads\/2025\/01\/5afecbd553209_family-1-150x150.jpg?resize=525%2C300&ssl=1 1.5x"},"classes":[]},{"id":174,"url":"https:\/\/muzeusm.ro\/en\/muzeul-judetean-satu-mare\/","url_meta":{"origin":58,"position":5},"title":"Muzeul Jude\u021bean Satu Mare","author":"andreeaionetecu","date":"20 October 2021","format":false,"excerpt":"{:ro} Cl\u0103direa actual\u0103 a sediului central al Muzeului Jude\u021bean Satu Mare a fost construit\u0103 \u00een anul 1936, dup\u0103 planurile arhitectului G. P. Liteanu.A avut ini\u021bial destina\u021bii administrative prefectura jude\u021bului \u00een perioada interbelic\u0103, iar dup\u0103 r\u0103zboi a fost sediul Consiliului PopularJude\u021bean \u0219i al Comitetului Jude\u021bean Satu Mare al P.C.R. Muzeul func\u021bioneaz\u0103\u2026","rel":"","context":"Similar post","block_context":{"text":"Similar post","link":""},"img":{"alt_text":"","src":"https:\/\/i0.wp.com\/muzeusm.ro\/wp-content\/uploads\/2025\/01\/5afecbd553209_family-150x150.jpg?resize=350%2C200&ssl=1","width":350,"height":200,"srcset":"https:\/\/i0.wp.com\/muzeusm.ro\/wp-content\/uploads\/2025\/01\/5afecbd553209_family-150x150.jpg?resize=350%2C200&ssl=1 1x, https:\/\/i0.wp.com\/muzeusm.ro\/wp-content\/uploads\/2025\/01\/5afecbd553209_family-150x150.jpg?resize=525%2C300&ssl=1 1.5x"},"classes":[]}],"jetpack_sharing_enabled":true,"jetpack_shortlink":"https:\/\/wp.me\/PfvnyQ-W","_links":{"self":[{"href":"https:\/\/muzeusm.ro\/en\/wp-json\/wp\/v2\/pages\/58","targetHints":{"allow":["GET"]}}],"collection":[{"href":"https:\/\/muzeusm.ro\/en\/wp-json\/wp\/v2\/pages"}],"about":[{"href":"https:\/\/muzeusm.ro\/en\/wp-json\/wp\/v2\/types\/page"}],"author":[{"embeddable":true,"href":"https:\/\/muzeusm.ro\/en\/wp-json\/wp\/v2\/users\/183061330"}],"replies":[{"embeddable":true,"href":"https:\/\/muzeusm.ro\/en\/wp-json\/wp\/v2\/comments?post=58"}],"version-history":[{"count":17,"href":"https:\/\/muzeusm.ro\/en\/wp-json\/wp\/v2\/pages\/58\/revisions"}],"predecessor-version":[{"id":16867,"href":"https:\/\/muzeusm.ro\/en\/wp-json\/wp\/v2\/pages\/58\/revisions\/16867"}],"wp:attachment":[{"href":"https:\/\/muzeusm.ro\/en\/wp-json\/wp\/v2\/media?parent=58"}],"curies":[{"name":"wp","href":"https:\/\/api.w.org\/{rel}","templated":true}]}}