{"id":261,"date":"2021-10-20T10:44:48","date_gmt":"2021-10-20T07:44:48","guid":{"rendered":"https:\/\/netsysacad.ro?page_id=261"},"modified":"2025-03-27T11:24:29","modified_gmt":"2025-03-27T09:24:29","slug":"rezervatia-arheologica-mediesu-aurit","status":"publish","type":"page","link":"https:\/\/muzeusm.ro\/en\/rezervatia-arheologica-mediesu-aurit\/","title":{"rendered":"Rezerva\u021bia Arheologic\u0103, Medie\u0219u Aurit"},"content":{"rendered":"\n<div class=\"wp-block-group alignfull has-background\" style=\"background-color:#f2f0e9\"><div class=\"wp-block-group__inner-container is-layout-flow wp-block-group-is-layout-flow\">\n<div class=\"wp-block-columns alignwide is-layout-flex wp-container-core-columns-is-layout-28f84493 wp-block-columns-is-layout-flex\">\n<div class=\"wp-block-column is-layout-flow wp-block-column-is-layout-flow\">\n<figure class=\"wp-block-image size-large\"><img loading=\"lazy\" decoding=\"async\" width=\"1600\" height=\"907\" data-attachment-id=\"510\" data-permalink=\"https:\/\/muzeusm.ro\/en\/58-cuptoarele_dacice_de_la_medie_u_aurit_1\/\" data-orig-file=\"https:\/\/muzeusm.ro\/wp-content\/uploads\/2022\/03\/58.cuptoarele_dacice_de_la_medie_u_aurit_1.jpg\" data-orig-size=\"1600,907\" data-comments-opened=\"1\" data-image-meta=\"{&quot;aperture&quot;:&quot;0&quot;,&quot;credit&quot;:&quot;&quot;,&quot;camera&quot;:&quot;&quot;,&quot;caption&quot;:&quot;&quot;,&quot;created_timestamp&quot;:&quot;0&quot;,&quot;copyright&quot;:&quot;&quot;,&quot;focal_length&quot;:&quot;0&quot;,&quot;iso&quot;:&quot;0&quot;,&quot;shutter_speed&quot;:&quot;0&quot;,&quot;title&quot;:&quot;&quot;,&quot;orientation&quot;:&quot;0&quot;}\" data-image-title=\"58.cuptoarele_dacice_de_la_medie_u_aurit_1\" data-image-description=\"\" data-image-caption=\"\" data-medium-file=\"https:\/\/muzeusm.ro\/wp-content\/uploads\/2022\/03\/58.cuptoarele_dacice_de_la_medie_u_aurit_1.jpg\" data-large-file=\"https:\/\/muzeusm.ro\/wp-content\/uploads\/2022\/03\/58.cuptoarele_dacice_de_la_medie_u_aurit_1.jpg\" src=\"https:\/\/muzeusm.ro\/wp-content\/uploads\/2022\/03\/58.cuptoarele_dacice_de_la_medie_u_aurit_1.jpg?w=1024\" alt=\"\" class=\"wp-image-510\"\/><\/figure>\n<\/div>\n\n\n\n<div class=\"wp-block-column is-layout-flow wp-block-column-is-layout-flow\">\n<p class=\"has-text-color has-extra-small-font-size\" style=\"color:#000000\">Situl arheologic de la Medie\u0219u Aurit\u2013\u015euculeu se \u00eentinde pe o suprafa\u021b\u0103 de cca. 12-15 ha, fiind situat pe terasa sudic\u0103 a p\u00e2r\u00e2ului Racta. Pe parcursul secolelor I-IV d.Hr., \u00een acest loc s-a format o a\u0219ezare care a devenit un centru regional de produc\u021bie a ceramicii, specializat \u00een fabricarea vaselor de provizii de mari dimensiuni. Rezerva\u021bia arheologic\u0103 p\u0103streaz\u0103 \u0219ase cuptoare de olari, descoperite aici \u0219i p\u0103strate in-situ, care prin dimensiuni dep\u0103\u0219esc diametrul de 2 m \u0219i reprezint\u0103 unicate \u00een Europa Central\u0103. Descoperirile arheologice indic\u0103 o prezen\u021b\u0103 etnic\u0103 dacic\u0103, \u0219i \u00eentr-o m\u0103sur\u0103 mai mic\u0103 a popoarelor migratoare germanice. \u00cen anul 2014, printr-un proiect european construc\u021biile din rezerva\u021bia arheologic\u0103 au fost restaurate integral, fiind amenajat\u0103 \u0219i o expozi\u021bie arheologic\u0103. Proiectul a fost coordonat de P\u00e9ter Levente Sz\u0151cs, iar \u00een echip\u0103 au f\u0103cut parte arheologii Liviu Marta \u0219i Robert Gindele, precum \u0219i istoricul Adriana Zaharia, artistul plastic Oana P\u0103curar \u0219i scriitorul Dumitru P\u0103curaru.<\/p>\n\n\n\n<p class=\"has-text-color has-extra-small-font-size\" style=\"color:#000000\"><\/p>\n<\/div>\n<\/div>\n\n\n\n<div style=\"height:40px\" aria-hidden=\"true\" class=\"wp-block-spacer\"><\/div>\n<\/div><\/div>\n\n\n\n<div class=\"wp-block-group alignfull has-text-color has-background\" style=\"color:#000000;background-color:#eeedeb;margin-top:0px;margin-bottom:0px;padding-top:7vw;padding-bottom:7vw\"><div class=\"wp-block-group__inner-container is-layout-constrained wp-block-group-is-layout-constrained\">\n<div class=\"wp-block-columns alignwide is-layout-flex wp-container-core-columns-is-layout-28f84493 wp-block-columns-is-layout-flex\">\n<div class=\"wp-block-column is-layout-flow wp-block-column-is-layout-flow\">\n<h3 class=\"wp-block-heading has-text-color\" style=\"color:#000000;font-size:37px\"><strong>Cum ajung?<\/strong><\/h3>\n\n\n\n<p>Apas\u0103 pe adresa din dreapta pentru a vedea direc\u021biile<\/p>\n<\/div>\n\n\n\n<div class=\"wp-block-column is-layout-flow wp-block-column-is-layout-flow\">\n<p class=\"has-text-align-center has-secondary-color has-tertiary-background-color has-text-color has-background has-small-font-size\"><a href=\"https:\/\/www.google.com\/maps\/dir\/47.7104671,23.2530058\/rezervatia+arheologica+mediesu+aurit\/@47.8289989,23.2059377,9z\/data=!4m9!4m8!1m0!1m5!1m1!1s0x47381dab9a22b4ab:0xa21b9a3d8cd74112!2m2!1d23.0871519!2d47.8266132!3e0\" target=\"_blank\" rel=\"noreferrer noopener\">Medie\u0219u Aurit<br>Medie\u0219u Aurit, Satu Mare<\/a><\/p>\n<\/div>\n<\/div>\n<\/div><\/div>\n\n\n\n<div class=\"wp-block-group alignfull has-tertiary-background-color has-background has-small-font-size\"><div class=\"wp-block-group__inner-container is-layout-constrained wp-block-group-is-layout-constrained\">\n<div class=\"wp-block-columns is-layout-flex wp-container-core-columns-is-layout-28f84493 wp-block-columns-is-layout-flex\">\n<div class=\"wp-block-column is-layout-flow wp-block-column-is-layout-flow\">\n<h5 class=\"wp-block-heading has-secondary-color has-text-color has-normal-font-size\">Tarife<\/h5>\n\n\n\n<p class=\"has-text-align-left has-black-color has-text-color\">Adul\u021bi: 20 RON<\/p>\n\n\n\n<p>Pensionari, Studen\u021bi, Tineri sub 18 ani: 10 RON<\/p>\n\n\n\n<p>Elevi institu\u021bii acreditate: 5 RON<\/p>\n<\/div>\n\n\n\n<div class=\"wp-block-column is-layout-flow wp-block-column-is-layout-flow\">\n<h4 class=\"wp-block-heading has-text-align-left has-secondary-color has-text-color has-normal-font-size\">Contact<\/h4>\n\n\n\n<ul>\n<li>muzeusm@gmail.com<\/li>\n<li>+40261737526<\/li>\n<\/ul>\n<\/div>\n\n\n\n<div class=\"wp-block-column is-layout-flow wp-block-column-is-layout-flow\">\n<h4 class=\"wp-block-heading has-secondary-color has-text-color has-normal-font-size\">Adresa<\/h4>\n\n\n\n<p class=\"has-black-color has-text-color\">Vasile Lucaciu, 21 <br>Satu Mare<br>Romania<\/p>\n<\/div>\n<\/div>\n<\/div><\/div>\n","protected":false},"excerpt":{"rendered":"<p>Situl arheologic de la Medie\u0219u Aurit\u2013\u015euculeu se \u00eentinde pe o suprafa\u021b\u0103 de cca. 12-15 ha, fiind situat pe terasa sudic\u0103 a p\u00e2r\u00e2ului Racta. Pe parcursul secolelor I-IV d.Hr., \u00een acest loc s-a format o a\u0219ezare care a devenit un centru regional de produc\u021bie a ceramicii, specializat \u00een fabricarea vaselor de provizii de mari dimensiuni. Rezerva\u021bia<a class=\"more-link\" href=\"https:\/\/muzeusm.ro\/en\/rezervatia-arheologica-mediesu-aurit\/\">Continue reading <span class=\"screen-reader-text\">&#8220;Rezerva\u021bia Arheologic\u0103, Medie\u0219u Aurit&#8221;<\/span><\/a><\/p>\n","protected":false},"author":183061330,"featured_media":0,"parent":0,"menu_order":0,"comment_status":"closed","ping_status":"closed","template":"","meta":{"_coblocks_attr":"","_coblocks_dimensions":"","_coblocks_responsive_height":"","_coblocks_accordion_ie_support":"","advanced_seo_description":"","jetpack_seo_html_title":"","jetpack_seo_noindex":false,"jetpack_post_was_ever_published":false,"footnotes":""},"class_list":["post-261","page","type-page","status-publish","hentry","entry"],"translation":{"provider":"WPGlobus","version":"3.0.1","language":"en","enabled_languages":["ro","hu","en"],"languages":{"ro":{"title":true,"content":true,"excerpt":false},"hu":{"title":true,"content":true,"excerpt":false},"en":{"title":false,"content":false,"excerpt":false}}},"jetpack_likes_enabled":true,"jetpack-related-posts":[{"id":16347,"url":"https:\/\/muzeusm.ro\/en\/activitati-la-obiective-turistice-din-judet\/","url_meta":{"origin":261,"position":0},"title":"Activit\u0103\u021bi la obiective turistice din jude\u021b","author":"Kov\u00e1cs Zsolt","date":"24 February 2025","format":false,"excerpt":"16. Tir cu arcul la cuptoarele daciceDurata activit\u0103\u021bii: 2-3 oreLocul de desf\u0103\u0219urare: Cuptoarele dacice de la Medie\u0219u AuritPerioad\u0103: 01.04 \u2013 30.04.2025Activitatea este dedicat\u0103 grupurilor de elevi aflate \u00een excursie, organizate, care s\u0103 vin\u0103 la cuptoarele dacice din zon\u0103. Vom oferi tir cu arcul la cuptoarele dacice, vom sus\u021bine o scurt\u0103\u2026","rel":"","context":"Similar post","block_context":{"text":"Similar post","link":""},"img":{"alt_text":"","src":"","width":0,"height":0},"classes":[]},{"id":58,"url":"https:\/\/muzeusm.ro\/en\/reteaua-muzeala\/","url_meta":{"origin":261,"position":1},"title":"Re\u021beaua Muzeal\u0103","author":"andreeaionetecu","date":"19 October 2021","format":false,"excerpt":"{:ro} Muzeul Jude\u021bean Satu Mare Muzeul de Art\u0103 Satu Mare Muzeul Municipal Carei - Castelul K\u00e1rolyi Muzeul Memorial Dr. Vasile Lucaciu, Apa Complex Memorial Ady Endre Muzeul Or\u0103\u0219enesc T\u0103\u0219nad Casa Muzeu T\u0103\u0219nad Atelierul Memorial Paul I. Erd\u0151s, Satu Mare Atelierul Memorial Aurel Popp, Satu Mare Muzeul \u0218v\u0103besc, Petre\u0219ti Muzeul Maghiar\u2026","rel":"","context":"Similar post","block_context":{"text":"Similar post","link":""},"img":{"alt_text":"","src":"https:\/\/i0.wp.com\/muzeusm.ro\/wp-content\/uploads\/2021\/10\/image-2012-07-27-12889443-56-situl-arheologic-bobald.jpg?resize=350%2C200&ssl=1","width":350,"height":200,"srcset":"https:\/\/i0.wp.com\/muzeusm.ro\/wp-content\/uploads\/2021\/10\/image-2012-07-27-12889443-56-situl-arheologic-bobald.jpg?resize=350%2C200&ssl=1 1x, https:\/\/i0.wp.com\/muzeusm.ro\/wp-content\/uploads\/2021\/10\/image-2012-07-27-12889443-56-situl-arheologic-bobald.jpg?resize=525%2C300&ssl=1 1.5x"},"classes":[]},{"id":16998,"url":"https:\/\/muzeusm.ro\/en\/activitati-de-educatie-muzeala-pentru-programul-scoala-altfel\/","url_meta":{"origin":261,"position":2},"title":"Activit\u0103\u021bi de educa\u021bie muzeal\u0103 pentru programul \u201e\u0218coala Altfel\u201d","author":"Kov\u00e1cs Zsolt","date":"8 October 2025","format":false,"excerpt":"\u00a0 1 \u201eLutul, form\u0103 \u0219i culoare\u201dDurata activit\u0103\u021bii: 2 oreLocul desf\u0103\u0219ur\u0103rii: MJSM sau unit\u0103\u021bile de \u00eenv\u0103\u021b\u0103m\u00e2ntNivel de v\u00e2rst\u0103: \u00eenv\u0103\u021b\u0103m\u00e2ntul pre\u0219colar, primar, gimnazial \u0219i liceal.Obiective specifice:\u00a0Identificarea \u0219i descrierea obiectelor tradi\u021bionale din lut \u0219i a utiliz\u0103rii lor istorice.\u00a0\u00a0Aplicarea unor tehnici simple de modelaj pentru realizarea unui obiect ceramic propriu.\u00a0\u00a0Exprimarea creativit\u0103\u021bii prin decorarea cu\u2026","rel":"","context":"Similar post","block_context":{"text":"Similar post","link":""},"img":{"alt_text":"","src":"https:\/\/i0.wp.com\/muzeusm.ro\/wp-content\/uploads\/2025\/10\/WhatsApp-Image-2025-10-08-at-10.47.38-2-724x1024.jpeg?resize=350%2C200&ssl=1","width":350,"height":200,"srcset":"https:\/\/i0.wp.com\/muzeusm.ro\/wp-content\/uploads\/2025\/10\/WhatsApp-Image-2025-10-08-at-10.47.38-2-724x1024.jpeg?resize=350%2C200&ssl=1 1x, https:\/\/i0.wp.com\/muzeusm.ro\/wp-content\/uploads\/2025\/10\/WhatsApp-Image-2025-10-08-at-10.47.38-2-724x1024.jpeg?resize=525%2C300&ssl=1 1.5x, https:\/\/i0.wp.com\/muzeusm.ro\/wp-content\/uploads\/2025\/10\/WhatsApp-Image-2025-10-08-at-10.47.38-2-724x1024.jpeg?resize=700%2C400&ssl=1 2x"},"classes":[]},{"id":17021,"url":"https:\/\/muzeusm.ro\/en\/activitati-de-educatie-muzeala-pentru-programul-saptamana-verde\/","url_meta":{"origin":261,"position":3},"title":"Activit\u0103\u021bi de educa\u021bie muzeal\u0103 pentru programul \u201eS\u0103pt\u0103m\u00e2na verde\u201d","author":"Kov\u00e1cs Zsolt","date":"8 October 2025","format":false,"excerpt":"\u201eLutul, form\u0103 \u0219i culoare\u201dDurata activit\u0103\u021bii: 2 oreLocul desf\u0103\u0219ur\u0103rii: MJSM sau unit\u0103\u021bile de \u00eenv\u0103\u021b\u0103m\u00e2ntNivel de v\u00e2rst\u0103: \u00eenv\u0103\u021b\u0103m\u00e2ntul pre\u0219colar, primar, gimnazial \u0219i liceal.Obiective specifice:\u00a0Identificarea \u0219i descrierea obiectelor tradi\u021bionale din lut \u0219i a utiliz\u0103rii lor istorice.\u00a0\u00a0Aplicarea unor tehnici simple de modelaj pentru realizarea unui obiect ceramic propriu.\u00a0\u00a0Exprimarea creativit\u0103\u021bii prin decorarea cu forme \u0219i\u2026","rel":"","context":"Similar post","block_context":{"text":"Similar post","link":""},"img":{"alt_text":"","src":"https:\/\/i0.wp.com\/muzeusm.ro\/wp-content\/uploads\/2025\/10\/WhatsApp-Image-2025-10-08-at-10.47.38-2-724x1024.jpeg?resize=350%2C200&ssl=1","width":350,"height":200,"srcset":"https:\/\/i0.wp.com\/muzeusm.ro\/wp-content\/uploads\/2025\/10\/WhatsApp-Image-2025-10-08-at-10.47.38-2-724x1024.jpeg?resize=350%2C200&ssl=1 1x, https:\/\/i0.wp.com\/muzeusm.ro\/wp-content\/uploads\/2025\/10\/WhatsApp-Image-2025-10-08-at-10.47.38-2-724x1024.jpeg?resize=525%2C300&ssl=1 1.5x, https:\/\/i0.wp.com\/muzeusm.ro\/wp-content\/uploads\/2025\/10\/WhatsApp-Image-2025-10-08-at-10.47.38-2-724x1024.jpeg?resize=700%2C400&ssl=1 2x"},"classes":[]},{"id":265,"url":"https:\/\/muzeusm.ro\/en\/rezervatia-arheologica-carei-bobald\/","url_meta":{"origin":261,"position":4},"title":"Rezerva\u021bia Arheologic\u0103, Carei-Bobald","author":"andreeaionetecu","date":"20 October 2021","format":false,"excerpt":"Dealul ,,Bobald\u201d este situat intravilan, pe teritoriul administrativ al ora\u015fului Carei, jude\u0163ul Satu Mare. Tellurile epocii bronzului sunt a\u015fez\u0103ri specifice multistratificate care reprezint\u0103 centre economice, comerciale \u015fi \u201ede putere\u201d ale unor microregiuni. Ele s-au format \u00een urma locuirii intensive \u0219i \u00eendelungate \u00een acela\u0219i loc. Forma geomorfologic\u0103 proeminent\u0103 al acestor a\u0219ez\u0103ri,\u2026","rel":"","context":"Similar post","block_context":{"text":"Similar post","link":""},"img":{"alt_text":"","src":"https:\/\/i0.wp.com\/muzeusm.ro\/wp-content\/uploads\/2022\/03\/img_2621.jpg?resize=350%2C200&ssl=1","width":350,"height":200,"srcset":"https:\/\/i0.wp.com\/muzeusm.ro\/wp-content\/uploads\/2022\/03\/img_2621.jpg?resize=350%2C200&ssl=1 1x, https:\/\/i0.wp.com\/muzeusm.ro\/wp-content\/uploads\/2022\/03\/img_2621.jpg?resize=525%2C300&ssl=1 1.5x, https:\/\/i0.wp.com\/muzeusm.ro\/wp-content\/uploads\/2022\/03\/img_2621.jpg?resize=700%2C400&ssl=1 2x, https:\/\/i0.wp.com\/muzeusm.ro\/wp-content\/uploads\/2022\/03\/img_2621.jpg?resize=1050%2C600&ssl=1 3x, https:\/\/i0.wp.com\/muzeusm.ro\/wp-content\/uploads\/2022\/03\/img_2621.jpg?resize=1400%2C800&ssl=1 4x"},"classes":[]},{"id":103,"url":"https:\/\/muzeusm.ro\/en\/cercetare-arheologie\/","url_meta":{"origin":261,"position":5},"title":"Serviciul Cercetare &#8211; Patrimoniu","author":"Kov\u00e1cs Zsolt","date":"19 October 2021","format":false,"excerpt":"{:ro} Are atribu\u021bii de cercetare \u0219i coordonare a colec\u021biilor de Arheologie, \u0218tiin\u021bele Naturii, Istorie \u0219i Numismatic\u0103. Gestioneaz\u0103 derularea \u0219antierelor arheologice, \u00eentocmirea documenta\u021biei referitoare la arheologia de salvare \u0219i asigur\u0103 func\u021bionarea optim\u0103 a Arhivei \u0218tiin\u021bifice.Angaja\u021bii serviciului:Dr. GINDELE R\u00d3BERT SEF SERVICIU IIDr. VIRAG CRISTIAN CERCETATOR STIINTIFIC\u00a0\u00a0 III ASTALOS CIPRIAN TEODOR CERCETATOR STIINTIFIC\u00a0\u00a0\u2026","rel":"","context":"Similar post","block_context":{"text":"Similar post","link":""},"img":{"alt_text":"","src":"","width":0,"height":0},"classes":[]}],"jetpack_sharing_enabled":true,"jetpack_shortlink":"https:\/\/wp.me\/PfvnyQ-4d","_links":{"self":[{"href":"https:\/\/muzeusm.ro\/en\/wp-json\/wp\/v2\/pages\/261","targetHints":{"allow":["GET"]}}],"collection":[{"href":"https:\/\/muzeusm.ro\/en\/wp-json\/wp\/v2\/pages"}],"about":[{"href":"https:\/\/muzeusm.ro\/en\/wp-json\/wp\/v2\/types\/page"}],"author":[{"embeddable":true,"href":"https:\/\/muzeusm.ro\/en\/wp-json\/wp\/v2\/users\/183061330"}],"replies":[{"embeddable":true,"href":"https:\/\/muzeusm.ro\/en\/wp-json\/wp\/v2\/comments?post=261"}],"version-history":[{"count":8,"href":"https:\/\/muzeusm.ro\/en\/wp-json\/wp\/v2\/pages\/261\/revisions"}],"predecessor-version":[{"id":16539,"href":"https:\/\/muzeusm.ro\/en\/wp-json\/wp\/v2\/pages\/261\/revisions\/16539"}],"wp:attachment":[{"href":"https:\/\/muzeusm.ro\/en\/wp-json\/wp\/v2\/media?parent=261"}],"curies":[{"name":"wp","href":"https:\/\/api.w.org\/{rel}","templated":true}]}}