{"id":196,"date":"2021-10-20T09:53:48","date_gmt":"2021-10-20T06:53:48","guid":{"rendered":"https:\/\/netsysacad.ro?page_id=196"},"modified":"2025-01-27T08:50:02","modified_gmt":"2025-01-27T06:50:02","slug":"casa-muzeu-tasnad","status":"publish","type":"page","link":"https:\/\/muzeusm.ro\/en\/casa-muzeu-tasnad\/","title":{"rendered":"Casa Muzeu T\u0103\u0219nad"},"content":{"rendered":"\n<div class=\"wp-block-group alignfull has-background\" style=\"background-color:#f2f0e9\"><div class=\"wp-block-group__inner-container is-layout-flow wp-block-group-is-layout-flow\">\n<div class=\"wp-block-columns alignwide is-layout-flex wp-container-core-columns-is-layout-28f84493 wp-block-columns-is-layout-flex\">\n<div class=\"wp-block-column is-layout-flow wp-block-column-is-layout-flow\">\n<figure class=\"wp-block-image size-large\"><img loading=\"lazy\" decoding=\"async\" width=\"4128\" height=\"3096\" data-attachment-id=\"456\" data-permalink=\"https:\/\/muzeusm.ro\/en\/tasnad-casa-muzeu-2\/\" data-orig-file=\"https:\/\/muzeusm.ro\/wp-content\/uploads\/2022\/03\/tasnad-casa-muzeu-2.jpg\" data-orig-size=\"4128,3096\" data-comments-opened=\"1\" data-image-meta=\"{&quot;aperture&quot;:&quot;1.7&quot;,&quot;credit&quot;:&quot;&quot;,&quot;camera&quot;:&quot;SM-J530F&quot;,&quot;caption&quot;:&quot;&quot;,&quot;created_timestamp&quot;:&quot;1536235599&quot;,&quot;copyright&quot;:&quot;&quot;,&quot;focal_length&quot;:&quot;3.71&quot;,&quot;iso&quot;:&quot;200&quot;,&quot;shutter_speed&quot;:&quot;0.04&quot;,&quot;title&quot;:&quot;&quot;,&quot;orientation&quot;:&quot;1&quot;}\" data-image-title=\"tasnad-casa-muzeu-2\" data-image-description=\"\" data-image-caption=\"\" data-medium-file=\"https:\/\/muzeusm.ro\/wp-content\/uploads\/2022\/03\/tasnad-casa-muzeu-2.jpg\" data-large-file=\"https:\/\/muzeusm.ro\/wp-content\/uploads\/2022\/03\/tasnad-casa-muzeu-2.jpg\" src=\"https:\/\/muzeusm.ro\/wp-content\/uploads\/2022\/03\/tasnad-casa-muzeu-2.jpg?w=1024\" alt=\"\" class=\"wp-image-456\"\/><\/figure>\n<\/div>\n\n\n\n<div class=\"wp-block-column is-layout-flow wp-block-column-is-layout-flow\">\n<p class=\"has-text-color has-extra-small-font-size\" style=\"color:#000000\">Casa \u021b\u0103r\u0103neasc\u0103 specific\u0103 zonei s\u0103tm\u0103rene de c\u00e2mpie este compus\u0103 din tind\u0103, camera din f\u00e2\u021b\u0103 (sau camera curat\u0103) \u0219i camera de locuit, urmat\u0103 de camer\u0103 \u0219i buc\u0103t\u0103ria de var\u0103. Casa a fost str\u0103mutat\u0103 din localitatea S\u00e2nmicl\u0103u\u0219 \u0219i se din 1903. \u00cen prima \u00eenc\u0103pere este amenajat\u0103 un interior tradi\u021bional, majoritatea obiectelor fiind confec\u021bionate de me\u0219te\u0219ugari locali.<\/p>\n\n\n\n<p class=\"has-text-color has-extra-small-font-size\" style=\"color:#000000\">Se viziteaz\u0103 dup\u0103 programare telefonic\u0103, mar\u021bi-vineri, \u00eentre orele<br>09:00-17:00, s\u00e2mb\u0103t\u0103 \u0219i duminic\u0103 \u00eentre 10:00-14:00. Luni \u00eenchis.<br>Contact: Muzeul Or\u0103\u0219enesc T\u0103\u0219nad, +40\/746\/617490.<br>Adresa: T\u0103\u0219nad, str. Stefan cel Mare, nr. 6.<\/p>\n<\/div>\n\n\n\n<div class=\"wp-block-column is-layout-flow wp-block-column-is-layout-flow\">\n<p class=\"has-text-color has-extra-small-font-size\" style=\"color:#000000\">&nbsp;<\/p>\n<\/div>\n<\/div>\n<\/div><\/div>\n\n\n\n<div class=\"wp-block-group alignfull has-text-color has-background\" style=\"color:#000000;background-color:#eeedeb;margin-top:0px;margin-bottom:0px;padding-top:7vw;padding-bottom:7vw\"><div class=\"wp-block-group__inner-container is-layout-constrained wp-block-group-is-layout-constrained\">\n<div class=\"wp-block-columns alignwide is-layout-flex wp-container-core-columns-is-layout-28f84493 wp-block-columns-is-layout-flex\">\n<div class=\"wp-block-column is-layout-flow wp-block-column-is-layout-flow\">\n<h3 class=\"wp-block-heading has-text-color\" style=\"color:#000000;font-size:37px\"><strong>Cum ajung?<\/strong><\/h3>\n\n\n\n<p>Apas\u0103 pe adresa din dreapta pentru a vedea direc\u021biile<\/p>\n<\/div>\n\n\n\n<div class=\"wp-block-column is-layout-flow wp-block-column-is-layout-flow\">\n<p class=\"has-text-align-center has-secondary-color has-tertiary-background-color has-text-color has-background has-small-font-size\"><a href=\"https:\/\/www.google.com\/maps\/dir\/47.4982409,23.2343998\/Tract?ri+auto+T??nad,+T??nad+445300\/@47.526914,22.6455955,10z\/data=!4m9!4m8!1m0!1m5!1m1!1s0x4747e7bd36fc6d7d:0xc15e22076b7beeef!2m2!1d22.5663941!2d47.4740122!3e0\" target=\"_blank\" rel=\"noreferrer noopener\">\u0218trand T\u0103\u0219nad<br>T\u0103\u0219nad, Satu Mare<\/a><\/p>\n<\/div>\n<\/div>\n<\/div><\/div>\n\n\n\n<div class=\"wp-block-group alignfull has-tertiary-background-color has-background has-small-font-size\"><div class=\"wp-block-group__inner-container is-layout-constrained wp-block-group-is-layout-constrained\">\n<div class=\"wp-block-columns is-layout-flex wp-container-core-columns-is-layout-28f84493 wp-block-columns-is-layout-flex\">\n<div class=\"wp-block-column is-layout-flow wp-block-column-is-layout-flow\">\n<h5 class=\"wp-block-heading has-secondary-color has-text-color has-normal-font-size\">Tarife<\/h5>\n\n\n\n<p>Adul\u021bi \u2013 20 RON<\/p>\n\n\n\n<p>Pensionari, Studen\u021bi, Tineri sub 18 ani \u2013 10 RON<\/p>\n\n\n\n<p>Elevi institu\u021bii acreditate: 5 RON<\/p>\n<\/div>\n\n\n\n<div class=\"wp-block-column is-layout-flow wp-block-column-is-layout-flow\">\n<h4 class=\"wp-block-heading has-text-align-left has-secondary-color has-text-color has-normal-font-size\">Contact<\/h4>\n\n\n\n<ul>\n<li>muzeusm@gmail.com<\/li>\n<li>+40261737526<\/li>\n<\/ul>\n<\/div>\n\n\n\n<div class=\"wp-block-column is-layout-flow wp-block-column-is-layout-flow\">\n<h4 class=\"wp-block-heading has-secondary-color has-text-color has-normal-font-size\">Adresa<\/h4>\n\n\n\n<p class=\"has-black-color has-text-color\">Vasile Lucaciu, 21 <br>Satu Mare<br>Romania<\/p>\n<\/div>\n<\/div>\n\n\n\n<p class=\"has-text-align-left has-black-color has-text-color\"><\/p>\n\n\n\n<p><\/p>\n<\/div><\/div>\n\n\n\n<p><\/p>\n","protected":false},"excerpt":{"rendered":"<p>Casa \u021b\u0103r\u0103neasc\u0103 specific\u0103 zonei s\u0103tm\u0103rene de c\u00e2mpie este compus\u0103 din tind\u0103, camera din f\u00e2\u021b\u0103 (sau camera curat\u0103) \u0219i camera de locuit, urmat\u0103 de camer\u0103 \u0219i buc\u0103t\u0103ria de var\u0103. Casa a fost str\u0103mutat\u0103 din localitatea S\u00e2nmicl\u0103u\u0219 \u0219i se din 1903. \u00cen prima \u00eenc\u0103pere este amenajat\u0103 un interior tradi\u021bional, majoritatea obiectelor fiind confec\u021bionate de me\u0219te\u0219ugari locali. Se<a class=\"more-link\" href=\"https:\/\/muzeusm.ro\/en\/casa-muzeu-tasnad\/\">Continue reading <span class=\"screen-reader-text\">&#8220;Casa Muzeu T\u0103\u0219nad&#8221;<\/span><\/a><\/p>\n","protected":false},"author":183061330,"featured_media":0,"parent":0,"menu_order":0,"comment_status":"closed","ping_status":"closed","template":"","meta":{"_coblocks_attr":"","_coblocks_dimensions":"","_coblocks_responsive_height":"","_coblocks_accordion_ie_support":"","advanced_seo_description":"","jetpack_seo_html_title":"","jetpack_seo_noindex":false,"jetpack_post_was_ever_published":false,"footnotes":""},"class_list":["post-196","page","type-page","status-publish","hentry","entry"],"translation":{"provider":"WPGlobus","version":"3.0.1","language":"en","enabled_languages":["ro","hu","en"],"languages":{"ro":{"title":true,"content":true,"excerpt":false},"hu":{"title":true,"content":true,"excerpt":false},"en":{"title":false,"content":false,"excerpt":false}}},"jetpack_likes_enabled":true,"jetpack-related-posts":[{"id":7063,"url":"https:\/\/muzeusm.ro\/en\/casa-taraneasca-andrid-2\/","url_meta":{"origin":196,"position":0},"title":"CASA \u021a\u0102R\u0102NEASC\u0102 ANDRID","author":"norbertlorincz","date":"6 October 2020","format":false,"excerpt":"Unul dintre elementele etnografice ce marcheaz\u0103 trecutul \u0163inutului din C\u00e2mpia Ierului este arhitectura popular\u0103 tradi\u0163ional\u0103. Fiind o zon\u0103 de c\u00e2mpie ml\u0103\u015ftinoas\u0103 materialele de baz\u0103 ale construc\u0163iilor unei gospod\u0103rii au fost lutul, lemnul \u015fi trestia. Casele \u0163\u0103r\u0103ne\u015fti din secolele XVIII \u2013 XIX se construiau cu pere\u0163i din p\u0103m\u00e2nt b\u0103tut cu maiul\u2026","rel":"","context":"Similar post","block_context":{"text":"Similar post","link":""},"img":{"alt_text":"","src":"https:\/\/i0.wp.com\/www.muzeusm.ro\/wp-content\/uploads\/2019\/08\/Andrid-1-300x246.jpg?resize=350%2C200","width":350,"height":200},"classes":[]},{"id":232,"url":"https:\/\/muzeusm.ro\/en\/casa-taraneasca-chilia\/","url_meta":{"origin":196,"position":1},"title":"Casa \u021a\u0103r\u0103neasc\u0103, Chilia","author":"andreeaionetecu","date":"20 October 2021","format":false,"excerpt":"{:ro} Casa \u021a\u0103r\u0103neasc\u0103 din Chilia, jude\u021bul Satu Mare. Muzee de la satCasa \u021a\u0103r\u0103neasc\u0103 din Chilia, jude\u021bul Satu Mare. Muzee de la satCasa \u021a\u0103r\u0103neasc\u0103 din Chilia, jude\u021bul Satu Mare. Muzee de la satCasa \u021a\u0103r\u0103neasc\u0103 din Chilia, jude\u021bul Satu Mare. Muzee de la satCasa \u021a\u0103r\u0103neasc\u0103 din Chilia, jude\u021bul Satu Mare. Muzee de\u2026","rel":"","context":"Similar post","block_context":{"text":"Similar post","link":""},"img":{"alt_text":"","src":"https:\/\/i0.wp.com\/muzeusm.ro\/wp-content\/uploads\/2022\/03\/img_7607.jpeg?resize=350%2C200&ssl=1","width":350,"height":200,"srcset":"https:\/\/i0.wp.com\/muzeusm.ro\/wp-content\/uploads\/2022\/03\/img_7607.jpeg?resize=350%2C200&ssl=1 1x, https:\/\/i0.wp.com\/muzeusm.ro\/wp-content\/uploads\/2022\/03\/img_7607.jpeg?resize=525%2C300&ssl=1 1.5x, https:\/\/i0.wp.com\/muzeusm.ro\/wp-content\/uploads\/2022\/03\/img_7607.jpeg?resize=700%2C400&ssl=1 2x, https:\/\/i0.wp.com\/muzeusm.ro\/wp-content\/uploads\/2022\/03\/img_7607.jpeg?resize=1050%2C600&ssl=1 3x, https:\/\/i0.wp.com\/muzeusm.ro\/wp-content\/uploads\/2022\/03\/img_7607.jpeg?resize=1400%2C800&ssl=1 4x"},"classes":[]},{"id":58,"url":"https:\/\/muzeusm.ro\/en\/reteaua-muzeala\/","url_meta":{"origin":196,"position":2},"title":"Re\u021beaua Muzeal\u0103","author":"andreeaionetecu","date":"19 October 2021","format":false,"excerpt":"{:ro} Muzeul Jude\u021bean Satu Mare Muzeul de Art\u0103 Satu Mare Muzeul Municipal Carei - Castelul K\u00e1rolyi Muzeul Memorial Dr. Vasile Lucaciu, Apa Complex Memorial Ady Endre Muzeul Or\u0103\u0219enesc T\u0103\u0219nad Casa Muzeu T\u0103\u0219nad Atelierul Memorial Paul I. Erd\u0151s, Satu Mare Atelierul Memorial Aurel Popp, Satu Mare Muzeul \u0218v\u0103besc, Petre\u0219ti Muzeul Maghiar\u2026","rel":"","context":"Similar post","block_context":{"text":"Similar post","link":""},"img":{"alt_text":"","src":"https:\/\/i0.wp.com\/muzeusm.ro\/wp-content\/uploads\/2021\/10\/image-2012-07-27-12889443-56-situl-arheologic-bobald.jpg?resize=350%2C200&ssl=1","width":350,"height":200,"srcset":"https:\/\/i0.wp.com\/muzeusm.ro\/wp-content\/uploads\/2021\/10\/image-2012-07-27-12889443-56-situl-arheologic-bobald.jpg?resize=350%2C200&ssl=1 1x, https:\/\/i0.wp.com\/muzeusm.ro\/wp-content\/uploads\/2021\/10\/image-2012-07-27-12889443-56-situl-arheologic-bobald.jpg?resize=525%2C300&ssl=1 1.5x"},"classes":[]},{"id":14050,"url":"https:\/\/muzeusm.ro\/en\/sectii\/serviciul-muzee-carei-tasnad\/","url_meta":{"origin":196,"position":3},"title":"Serviciul Muzee Carei \u2013 T\u0103\u0219nad","author":"norbertlorincz","date":"7 June 2024","format":false,"excerpt":"{:ro} Atribu\u021biile \u0219i responsabilit\u0103\u021bile vizeaz\u0103 coordonarea activit\u0103\u021bii de la unit\u0103\u021bile muzeale: Muzeul Municipal Carei, Muzeul Or\u0103\u0219enesc T\u0103\u0219nad, Complexul Memorial Ady Endre, Muzeul Maghiar Sipos Laszlo Bogdand, Muzeul \u0218v\u0103besc Petre\u0219ti, Casa \u021a\u0103r\u0103neasc\u0103 de la Andrid. Angaja\u021bii serviciului:GINDELE SIMONA CARMEN MUZEOGRAF\u00a0\u00a0 IAILIES AURELIAN GESTIONAR CUSTODE IAIOJA ERICA VALENTINA CURATOR SIICSAT\u00c1RI ISTV\u00c1N GERG\u0150\u2026","rel":"","context":"Similar post","block_context":{"text":"Similar post","link":""},"img":{"alt_text":"","src":"","width":0,"height":0},"classes":[]},{"id":16376,"url":"https:\/\/muzeusm.ro\/en\/muzeul-orasului-oasu-nou-muzeul-municipal-carei-si-muzeul-orasenesc-tasnad\/","url_meta":{"origin":196,"position":4},"title":"Muzeul ora\u0219ului Ora\u0219u Nou, \u00a0Muzeul Municipal Carei \u0219i Muzeul Or\u0103\u0219enesc T\u0103\u0219nad","author":"Kov\u00e1cs Zsolt","date":"24 February 2025","format":false,"excerpt":"\u201eVia\u021ba de zi cu zi a aristocra\u021biei.Via\u021ba cotidian\u0103 a familiei K\u00e1rolyi \u00een secolele XVIII-XIX\u201d Vizit\u0103 interactiv\u0103 \u00een expozi\u021bia permanent\u0103. Prezentare PowerPoint.Coordonator: Csat\u00e1ri Istv\u00e1n Gerg\u0151Pre\u021b bilet: 10 lei 2. \u201e 25 Octombrie-Ziua Armatei rom\u00e2ne\u201d - Castelul K\u00e1rolyi Carei. \u00a0 Prezentare interactiv\u0103. Expozi\u021bia permanent\u0103.Coordonator: Gindele SimonaPre\u021b bilet: 10 lei \u00a03. \u201eCasa Domnului\u201d\u2026","rel":"","context":"Similar post","block_context":{"text":"Similar post","link":""},"img":{"alt_text":"","src":"","width":0,"height":0},"classes":[]},{"id":184,"url":"https:\/\/muzeusm.ro\/en\/complex-memorial-ady-endre\/","url_meta":{"origin":196,"position":5},"title":"Complex Memorial Ady Endre","author":"andreeaionetecu","date":"20 October 2021","format":false,"excerpt":"{:ro} Complexul Memorial Ady Endre din Satu Mare. Muzee de la satComplexul Memorial Ady Endre din Satu Mare. Muzee de la satComplexul Memorial Ady Endre din Satu Mare. Muzee de la satComplexul Memorial Ady Endre din Satu Mare. Muzee de la satComplexul Memorial Ady Endre din Satu Mare. Muzee de\u2026","rel":"","context":"Similar post","block_context":{"text":"Similar post","link":""},"img":{"alt_text":"","src":"https:\/\/i0.wp.com\/muzeusm.ro\/wp-content\/uploads\/2021\/12\/img_5513.jpeg?resize=350%2C200&ssl=1","width":350,"height":200,"srcset":"https:\/\/i0.wp.com\/muzeusm.ro\/wp-content\/uploads\/2021\/12\/img_5513.jpeg?resize=350%2C200&ssl=1 1x, https:\/\/i0.wp.com\/muzeusm.ro\/wp-content\/uploads\/2021\/12\/img_5513.jpeg?resize=525%2C300&ssl=1 1.5x, https:\/\/i0.wp.com\/muzeusm.ro\/wp-content\/uploads\/2021\/12\/img_5513.jpeg?resize=700%2C400&ssl=1 2x, https:\/\/i0.wp.com\/muzeusm.ro\/wp-content\/uploads\/2021\/12\/img_5513.jpeg?resize=1050%2C600&ssl=1 3x, https:\/\/i0.wp.com\/muzeusm.ro\/wp-content\/uploads\/2021\/12\/img_5513.jpeg?resize=1400%2C800&ssl=1 4x"},"classes":[]}],"jetpack_sharing_enabled":true,"jetpack_shortlink":"https:\/\/wp.me\/PfvnyQ-3a","_links":{"self":[{"href":"https:\/\/muzeusm.ro\/en\/wp-json\/wp\/v2\/pages\/196","targetHints":{"allow":["GET"]}}],"collection":[{"href":"https:\/\/muzeusm.ro\/en\/wp-json\/wp\/v2\/pages"}],"about":[{"href":"https:\/\/muzeusm.ro\/en\/wp-json\/wp\/v2\/types\/page"}],"author":[{"embeddable":true,"href":"https:\/\/muzeusm.ro\/en\/wp-json\/wp\/v2\/users\/183061330"}],"replies":[{"embeddable":true,"href":"https:\/\/muzeusm.ro\/en\/wp-json\/wp\/v2\/comments?post=196"}],"version-history":[{"count":9,"href":"https:\/\/muzeusm.ro\/en\/wp-json\/wp\/v2\/pages\/196\/revisions"}],"predecessor-version":[{"id":16138,"href":"https:\/\/muzeusm.ro\/en\/wp-json\/wp\/v2\/pages\/196\/revisions\/16138"}],"wp:attachment":[{"href":"https:\/\/muzeusm.ro\/en\/wp-json\/wp\/v2\/media?parent=196"}],"curies":[{"name":"wp","href":"https:\/\/api.w.org\/{rel}","templated":true}]}}