{"id":177,"date":"2021-10-20T09:25:35","date_gmt":"2021-10-20T06:25:35","guid":{"rendered":"https:\/\/netsysacad.ro?page_id=177"},"modified":"2025-08-21T10:10:43","modified_gmt":"2025-08-21T07:10:43","slug":"muzeul-de-arta-satu-mare","status":"publish","type":"page","link":"https:\/\/muzeusm.ro\/en\/muzeul-de-arta-satu-mare\/","title":{"rendered":"Muzeul de Art\u0103 Satu Mare"},"content":{"rendered":"\n<div class=\"wp-block-group alignfull has-background\" style=\"background-color:#f2f0e9\"><div class=\"wp-block-group__inner-container is-layout-flow wp-block-group-is-layout-flow\">\n<hr class=\"wp-block-separator has-text-color has-css-opacity has-background is-style-wide\" style=\"background-color:#000000;color:#000000\"\/>\n\n\n\n<div class=\"wp-block-columns alignwide is-layout-flex wp-container-core-columns-is-layout-28f84493 wp-block-columns-is-layout-flex\">\n<div class=\"wp-block-column is-layout-flow wp-block-column-is-layout-flow\">\n<figure class=\"wp-block-image size-large\"><img loading=\"lazy\" decoding=\"async\" width=\"1024\" height=\"613\" data-attachment-id=\"15502\" data-permalink=\"https:\/\/muzeusm.ro\/en\/muzeul-de-arta-satu-mare\/image-3\/\" data-orig-file=\"https:\/\/muzeusm.ro\/wp-content\/uploads\/2024\/10\/image-2.png\" data-orig-size=\"1182,708\" data-comments-opened=\"1\" data-image-meta=\"{&quot;aperture&quot;:&quot;0&quot;,&quot;credit&quot;:&quot;&quot;,&quot;camera&quot;:&quot;&quot;,&quot;caption&quot;:&quot;&quot;,&quot;created_timestamp&quot;:&quot;0&quot;,&quot;copyright&quot;:&quot;&quot;,&quot;focal_length&quot;:&quot;0&quot;,&quot;iso&quot;:&quot;0&quot;,&quot;shutter_speed&quot;:&quot;0&quot;,&quot;title&quot;:&quot;&quot;,&quot;orientation&quot;:&quot;0&quot;}\" data-image-title=\"image\" data-image-description=\"\" data-image-caption=\"\" data-medium-file=\"https:\/\/muzeusm.ro\/wp-content\/uploads\/2024\/10\/image-2-300x180.png\" data-large-file=\"https:\/\/muzeusm.ro\/wp-content\/uploads\/2024\/10\/image-2-1024x613.png\" src=\"https:\/\/muzeusm.ro\/wp-content\/uploads\/2024\/10\/image-2-1024x613.png\" alt=\"\" class=\"wp-image-15502\" srcset=\"https:\/\/muzeusm.ro\/wp-content\/uploads\/2024\/10\/image-2-1024x613.png 1024w, https:\/\/muzeusm.ro\/wp-content\/uploads\/2024\/10\/image-2-300x180.png 300w, https:\/\/muzeusm.ro\/wp-content\/uploads\/2024\/10\/image-2-768x460.png 768w, https:\/\/muzeusm.ro\/wp-content\/uploads\/2024\/10\/image-2.png 1182w\" sizes=\"auto, (max-width: 1024px) 100vw, 1024px\" \/><\/figure>\n<\/div>\n\n\n\n<div class=\"wp-block-column is-layout-flow wp-block-column-is-layout-flow\">\n<p class=\"has-text-color has-extra-small-font-size\" style=\"color:#000000\">Cl\u0103direa a fost construit\u0103 la mijlocuk secolului al XIX-lea, \u00een stil<br>neogotic, fiind declarat\u0103 monument istoric \u0219i arhitectural, \u0219i<br>cunoscut\u0103 sub numele de Casa V\u00e9csey. <\/p>\n\n\n\n<p class=\"has-text-color has-extra-small-font-size\" style=\"color:#000000\">Pe acest teren se afla \u00een secolul al XVIII-lea o cl\u0103dire ce servea ca depozit Cet\u0103\u021bii Satu Mare, cl\u0103dire unde, dup\u0103 tradi\u021bia a fost \u00eencheiat\u0103 pacea de la Satu Mare \u00een 1711. \u00cen 1911 pe cl\u0103dire a fost montat\u0103 o plac[ comemorativ\u0103 realizat de artistul Aurel Popp. \u00cen perioada 1958-1984 a servit drept sediul central al muzeului, din 1985 este dedicat exclusiv colec\u021biilor de art\u0103.<\/p>\n\n\n\n<p class=\"has-text-color has-extra-small-font-size\" style=\"color:#000000\">Cl\u0103direa a fost restaurat\u0103 par\u021bial \u00een 2011 \u0219i \u00een 2016. Expozi\u021bia de baz\u0103<br>a fost reorganizat\u0103 \u00een 2016, \u0219i prezint\u0103 lucr\u0103rile artistului Aurel Popp<br>\u0219i contemporanilor s\u0103i, curatorul expozi\u021biei a fost Oana P\u0103curar, din<br>echip\u0103 au f\u0103cut parte Adriana Zaharia \u0219i scriitorul Dumitru P\u0103curaru.<\/p>\n<\/div>\n<\/div>\n\n\n\n<div class=\"wp-block-columns alignwide are-vertically-aligned-center has-small-font-size is-layout-flex wp-container-core-columns-is-layout-28f84493 wp-block-columns-is-layout-flex\" style=\"border-style:none;border-width:0px;border-radius:0px\">\n<div class=\"wp-block-column is-vertically-aligned-center is-layout-flow wp-block-column-is-layout-flow\" style=\"flex-basis:66.66%\">\n<figure class=\"wp-block-gallery has-nested-images columns-default is-cropped wp-block-gallery-1 is-layout-flex wp-block-gallery-is-layout-flex\">\n<figure class=\"wp-block-image size-large\"><img loading=\"lazy\" decoding=\"async\" width=\"630\" height=\"400\" data-attachment-id=\"16254\" data-permalink=\"https:\/\/muzeusm.ro\/en\/muzeul-judetean-satu-mare\/couple-giving-two-young-children-piggyback-rides-smiling-2\/\" data-orig-file=\"https:\/\/muzeusm.ro\/wp-content\/uploads\/2025\/01\/5afecbd553209_family-1.jpg\" data-orig-size=\"630,400\" data-comments-opened=\"1\" data-image-meta=\"{&quot;aperture&quot;:&quot;6.3&quot;,&quot;credit&quot;:&quot;Monkey Business - stock.adobe.co&quot;,&quot;camera&quot;:&quot;Canon EOS-1Ds Mark II&quot;,&quot;caption&quot;:&quot;&quot;,&quot;created_timestamp&quot;:&quot;1178206345&quot;,&quot;copyright&quot;:&quot;\\u00a9Monkey Business - stock.adobe.com&quot;,&quot;focal_length&quot;:&quot;100&quot;,&quot;iso&quot;:&quot;320&quot;,&quot;shutter_speed&quot;:&quot;0.00625&quot;,&quot;title&quot;:&quot;Couple giving two young children piggyback rides smiling&quot;,&quot;orientation&quot;:&quot;1&quot;}\" data-image-title=\"Couple giving two young children piggyback rides smiling\" data-image-description=\"\" data-image-caption=\"\" data-medium-file=\"https:\/\/muzeusm.ro\/wp-content\/uploads\/2025\/01\/5afecbd553209_family-1-300x190.jpg\" data-large-file=\"https:\/\/muzeusm.ro\/wp-content\/uploads\/2025\/01\/5afecbd553209_family-1.jpg\" data-id=\"16254\" src=\"https:\/\/muzeusm.ro\/wp-content\/uploads\/2025\/01\/5afecbd553209_family-1.jpg\" alt=\"\" class=\"wp-image-16254\" srcset=\"https:\/\/muzeusm.ro\/wp-content\/uploads\/2025\/01\/5afecbd553209_family-1.jpg 630w, https:\/\/muzeusm.ro\/wp-content\/uploads\/2025\/01\/5afecbd553209_family-1-300x190.jpg 300w\" sizes=\"auto, (max-width: 630px) 100vw, 630px\" \/><figcaption class=\"wp-element-caption\">Familie &#8211; 30 lei\/adult, 10 lei\/copil<\/figcaption><\/figure>\n\n\n\n<figure class=\"wp-block-image size-large\"><img loading=\"lazy\" decoding=\"async\" width=\"867\" height=\"1300\" data-attachment-id=\"162\" data-permalink=\"https:\/\/muzeusm.ro\/en\/bilete\/pexels-photo-6590932\/\" data-orig-file=\"https:\/\/muzeusm.ro\/wp-content\/uploads\/2021\/10\/pexels-photo-6590932.jpeg\" data-orig-size=\"867,1300\" data-comments-opened=\"1\" data-image-meta=\"{&quot;aperture&quot;:&quot;0&quot;,&quot;credit&quot;:&quot;&quot;,&quot;camera&quot;:&quot;&quot;,&quot;caption&quot;:&quot;&quot;,&quot;created_timestamp&quot;:&quot;0&quot;,&quot;copyright&quot;:&quot;&quot;,&quot;focal_length&quot;:&quot;0&quot;,&quot;iso&quot;:&quot;0&quot;,&quot;shutter_speed&quot;:&quot;0&quot;,&quot;title&quot;:&quot;&quot;,&quot;orientation&quot;:&quot;0&quot;}\" data-image-title=\"pexels-photo-6590932.jpeg\" data-image-description=\"\" data-image-caption=\"&lt;p&gt;Fotografie de cottonbro pe &lt;a href=&quot;https:\/\/www.pexels.com\/ro-ro\/fotografie\/fructe-voluntar-voluntariat-bunuri-6590932\/&quot; rel=&quot;nofollow&quot;&gt;Pexels.com&lt;\/a&gt;&lt;\/p&gt;\n\" data-medium-file=\"https:\/\/muzeusm.ro\/wp-content\/uploads\/2021\/10\/pexels-photo-6590932.jpeg\" data-large-file=\"https:\/\/muzeusm.ro\/wp-content\/uploads\/2021\/10\/pexels-photo-6590932.jpeg\" data-id=\"162\" src=\"https:\/\/muzeusm.ro\/wp-content\/uploads\/2021\/10\/pexels-photo-6590932.jpeg?w=683\" alt=\"\" class=\"wp-image-162\"\/><figcaption class=\"wp-element-caption\">Adul\u021bi &#8211; 40 LEI<\/figcaption><\/figure>\n\n\n\n<figure class=\"wp-block-image size-large\"><img loading=\"lazy\" decoding=\"async\" width=\"906\" height=\"1300\" data-attachment-id=\"163\" data-permalink=\"https:\/\/muzeusm.ro\/en\/bilete\/pexels-photo-1620760\/\" data-orig-file=\"https:\/\/muzeusm.ro\/wp-content\/uploads\/2021\/10\/pexels-photo-1620760.jpeg\" data-orig-size=\"906,1300\" data-comments-opened=\"1\" data-image-meta=\"{&quot;aperture&quot;:&quot;0&quot;,&quot;credit&quot;:&quot;&quot;,&quot;camera&quot;:&quot;&quot;,&quot;caption&quot;:&quot;&quot;,&quot;created_timestamp&quot;:&quot;0&quot;,&quot;copyright&quot;:&quot;&quot;,&quot;focal_length&quot;:&quot;0&quot;,&quot;iso&quot;:&quot;0&quot;,&quot;shutter_speed&quot;:&quot;0&quot;,&quot;title&quot;:&quot;&quot;,&quot;orientation&quot;:&quot;0&quot;}\" data-image-title=\"pexels-photo-1620760.jpeg\" data-image-description=\"\" data-image-caption=\"&lt;p&gt;Fotografie de Victoria Borodinova pe &lt;a href=&quot;https:\/\/www.pexels.com\/ro-ro\/fotografie\/dragu-adorabil-dragala-expresie-faciala-1620760\/&quot; rel=&quot;nofollow&quot;&gt;Pexels.com&lt;\/a&gt;&lt;\/p&gt;\n\" data-medium-file=\"https:\/\/muzeusm.ro\/wp-content\/uploads\/2021\/10\/pexels-photo-1620760.jpeg\" data-large-file=\"https:\/\/muzeusm.ro\/wp-content\/uploads\/2021\/10\/pexels-photo-1620760.jpeg\" data-id=\"163\" src=\"https:\/\/muzeusm.ro\/wp-content\/uploads\/2021\/10\/pexels-photo-1620760.jpeg?w=714\" alt=\"\" class=\"wp-image-163\"\/><figcaption class=\"wp-element-caption\">Sub 18 ani &#8211; 20 Ron, Beneficiarii legii 71\/2018: 10 LEI<\/figcaption><\/figure>\n\n\n\n<figure class=\"wp-block-image size-large\"><img loading=\"lazy\" decoding=\"async\" width=\"867\" height=\"1300\" data-attachment-id=\"164\" data-permalink=\"https:\/\/muzeusm.ro\/en\/bilete\/pexels-photo-3186386\/\" data-orig-file=\"https:\/\/muzeusm.ro\/wp-content\/uploads\/2021\/10\/pexels-photo-3186386.jpeg\" data-orig-size=\"867,1300\" data-comments-opened=\"1\" data-image-meta=\"{&quot;aperture&quot;:&quot;0&quot;,&quot;credit&quot;:&quot;&quot;,&quot;camera&quot;:&quot;&quot;,&quot;caption&quot;:&quot;&quot;,&quot;created_timestamp&quot;:&quot;0&quot;,&quot;copyright&quot;:&quot;&quot;,&quot;focal_length&quot;:&quot;0&quot;,&quot;iso&quot;:&quot;0&quot;,&quot;shutter_speed&quot;:&quot;0&quot;,&quot;title&quot;:&quot;&quot;,&quot;orientation&quot;:&quot;0&quot;}\" data-image-title=\"pexels-photo-3186386.jpeg\" data-image-description=\"\" data-image-caption=\"&lt;p&gt;Fotografie de Stanley Morales pe &lt;a href=&quot;https:\/\/www.pexels.com\/ro-ro\/fotografie\/coala-institu-ie-de-inva-amant-estompare-ince-o-are-3186386\/&quot; rel=&quot;nofollow&quot;&gt;Pexels.com&lt;\/a&gt;&lt;\/p&gt;\n\" data-medium-file=\"https:\/\/muzeusm.ro\/wp-content\/uploads\/2021\/10\/pexels-photo-3186386.jpeg\" data-large-file=\"https:\/\/muzeusm.ro\/wp-content\/uploads\/2021\/10\/pexels-photo-3186386.jpeg\" data-id=\"164\" src=\"https:\/\/muzeusm.ro\/wp-content\/uploads\/2021\/10\/pexels-photo-3186386.jpeg?w=683\" alt=\"\" class=\"wp-image-164\"\/><figcaption class=\"wp-element-caption\">Studen\u021bi &#8211; 20 LEI<\/figcaption><\/figure>\n\n\n\n<figure class=\"wp-block-image size-large\"><img loading=\"lazy\" decoding=\"async\" width=\"683\" height=\"1024\" data-attachment-id=\"16683\" data-permalink=\"https:\/\/muzeusm.ro\/en\/bilete\/tengrai_image_1749107668_5461388\/\" data-orig-file=\"https:\/\/muzeusm.ro\/wp-content\/uploads\/2025\/06\/tengrai_image_1749107668_5461388.jpeg\" data-orig-size=\"768,1152\" data-comments-opened=\"1\" data-image-meta=\"{&quot;aperture&quot;:&quot;0&quot;,&quot;credit&quot;:&quot;&quot;,&quot;camera&quot;:&quot;&quot;,&quot;caption&quot;:&quot;&quot;,&quot;created_timestamp&quot;:&quot;0&quot;,&quot;copyright&quot;:&quot;&quot;,&quot;focal_length&quot;:&quot;0&quot;,&quot;iso&quot;:&quot;0&quot;,&quot;shutter_speed&quot;:&quot;0&quot;,&quot;title&quot;:&quot;&quot;,&quot;orientation&quot;:&quot;0&quot;}\" data-image-title=\"tengrai_image_1749107668_5461388\" data-image-description=\"\" data-image-caption=\"\" data-medium-file=\"https:\/\/muzeusm.ro\/wp-content\/uploads\/2025\/06\/tengrai_image_1749107668_5461388-200x300.jpeg\" data-large-file=\"https:\/\/muzeusm.ro\/wp-content\/uploads\/2025\/06\/tengrai_image_1749107668_5461388-683x1024.jpeg\" data-id=\"16683\" src=\"https:\/\/muzeusm.ro\/wp-content\/uploads\/2025\/06\/tengrai_image_1749107668_5461388-683x1024.jpeg\" alt=\"\" class=\"wp-image-16683\" srcset=\"https:\/\/muzeusm.ro\/wp-content\/uploads\/2025\/06\/tengrai_image_1749107668_5461388-683x1024.jpeg 683w, https:\/\/muzeusm.ro\/wp-content\/uploads\/2025\/06\/tengrai_image_1749107668_5461388-200x300.jpeg 200w, https:\/\/muzeusm.ro\/wp-content\/uploads\/2025\/06\/tengrai_image_1749107668_5461388.jpeg 768w\" sizes=\"auto, (max-width: 683px) 100vw, 683px\" \/><figcaption class=\"wp-element-caption\">Pensionari &#8211; 20 LEI<\/figcaption><\/figure>\n\n\n\n<figure class=\"wp-block-image size-large\"><img loading=\"lazy\" decoding=\"async\" width=\"867\" height=\"1300\" data-attachment-id=\"169\" data-permalink=\"https:\/\/muzeusm.ro\/en\/bilete\/pexels-photo-6140446\/\" data-orig-file=\"https:\/\/muzeusm.ro\/wp-content\/uploads\/2021\/10\/pexels-photo-6140446.jpeg\" data-orig-size=\"867,1300\" data-comments-opened=\"1\" data-image-meta=\"{&quot;aperture&quot;:&quot;0&quot;,&quot;credit&quot;:&quot;&quot;,&quot;camera&quot;:&quot;&quot;,&quot;caption&quot;:&quot;&quot;,&quot;created_timestamp&quot;:&quot;0&quot;,&quot;copyright&quot;:&quot;&quot;,&quot;focal_length&quot;:&quot;0&quot;,&quot;iso&quot;:&quot;0&quot;,&quot;shutter_speed&quot;:&quot;0&quot;,&quot;title&quot;:&quot;&quot;,&quot;orientation&quot;:&quot;0&quot;}\" data-image-title=\"pexels-photo-6140446.jpeg\" data-image-description=\"\" data-image-caption=\"&lt;p&gt;Fotografie de William  Fortunato pe &lt;a href=&quot;https:\/\/www.pexels.com\/ro-ro\/fotografie\/ghid-arhitectura-con-inut-mul-umit-6140446\/&quot; rel=&quot;nofollow&quot;&gt;Pexels.com&lt;\/a&gt;&lt;\/p&gt;\n\" data-medium-file=\"https:\/\/muzeusm.ro\/wp-content\/uploads\/2021\/10\/pexels-photo-6140446.jpeg\" data-large-file=\"https:\/\/muzeusm.ro\/wp-content\/uploads\/2021\/10\/pexels-photo-6140446.jpeg\" data-id=\"169\" src=\"https:\/\/muzeusm.ro\/wp-content\/uploads\/2021\/10\/pexels-photo-6140446.jpeg?w=683\" alt=\"\" class=\"wp-image-169\"\/><figcaption class=\"wp-element-caption\">Ghidaj(Ro, Hu, En) &#8211; 50 LEI\/grup<\/figcaption><\/figure>\n\n\n\n<figure class=\"wp-block-image size-large\"><img loading=\"lazy\" decoding=\"async\" width=\"867\" height=\"1300\" data-attachment-id=\"171\" data-permalink=\"https:\/\/muzeusm.ro\/en\/bilete\/pexels-photo-1144699\/\" data-orig-file=\"https:\/\/muzeusm.ro\/wp-content\/uploads\/2021\/10\/pexels-photo-1144699.jpeg\" data-orig-size=\"867,1300\" data-comments-opened=\"1\" data-image-meta=\"{&quot;aperture&quot;:&quot;0&quot;,&quot;credit&quot;:&quot;&quot;,&quot;camera&quot;:&quot;&quot;,&quot;caption&quot;:&quot;&quot;,&quot;created_timestamp&quot;:&quot;0&quot;,&quot;copyright&quot;:&quot;&quot;,&quot;focal_length&quot;:&quot;0&quot;,&quot;iso&quot;:&quot;0&quot;,&quot;shutter_speed&quot;:&quot;0&quot;,&quot;title&quot;:&quot;&quot;,&quot;orientation&quot;:&quot;0&quot;}\" data-image-title=\"pexels-photo-1144699.jpeg\" data-image-description=\"\" data-image-caption=\"&lt;p&gt;Fotografie de Matheus Bertelli pe &lt;a href=&quot;https:\/\/www.pexels.com\/ro-ro\/fotografie\/fotografie-tehnologie-lentila-obiectiv-1144699\/&quot; rel=&quot;nofollow&quot;&gt;Pexels.com&lt;\/a&gt;&lt;\/p&gt;\n\" data-medium-file=\"https:\/\/muzeusm.ro\/wp-content\/uploads\/2021\/10\/pexels-photo-1144699.jpeg\" data-large-file=\"https:\/\/muzeusm.ro\/wp-content\/uploads\/2021\/10\/pexels-photo-1144699.jpeg\" data-id=\"171\" src=\"https:\/\/muzeusm.ro\/wp-content\/uploads\/2021\/10\/pexels-photo-1144699.jpeg?w=683\" alt=\"\" class=\"wp-image-171\"\/><figcaption class=\"wp-element-caption\">Foto\/Video &#8211; 100 LEI\/or\u0103\/expozi\u021bie<\/figcaption><\/figure>\n\n\n\n<figure class=\"wp-block-image size-large\"><img loading=\"lazy\" decoding=\"async\" width=\"1024\" height=\"682\" data-attachment-id=\"15712\" data-permalink=\"https:\/\/muzeusm.ro\/en\/expozitii-permanente\/dsc_0047-4\/\" data-orig-file=\"https:\/\/muzeusm.ro\/wp-content\/uploads\/2024\/11\/dsc_0047.jpg\" data-orig-size=\"1024,682\" data-comments-opened=\"1\" data-image-meta=\"{&quot;aperture&quot;:&quot;3.5&quot;,&quot;credit&quot;:&quot;&quot;,&quot;camera&quot;:&quot;NIKON D3300&quot;,&quot;caption&quot;:&quot;&quot;,&quot;created_timestamp&quot;:&quot;1440832852&quot;,&quot;copyright&quot;:&quot;&quot;,&quot;focal_length&quot;:&quot;18&quot;,&quot;iso&quot;:&quot;2800&quot;,&quot;shutter_speed&quot;:&quot;0.016666666666667&quot;,&quot;title&quot;:&quot;&quot;,&quot;orientation&quot;:&quot;1&quot;}\" data-image-title=\"dsc_0047\" data-image-description=\"\" data-image-caption=\"\" data-medium-file=\"https:\/\/muzeusm.ro\/wp-content\/uploads\/2024\/11\/dsc_0047-300x200.jpg\" data-large-file=\"https:\/\/muzeusm.ro\/wp-content\/uploads\/2024\/11\/dsc_0047.jpg\" data-id=\"15712\" src=\"https:\/\/muzeusm.ro\/wp-content\/uploads\/2024\/11\/dsc_0047.jpg\" alt=\"\" class=\"wp-image-15712\" srcset=\"https:\/\/muzeusm.ro\/wp-content\/uploads\/2024\/11\/dsc_0047.jpg 1024w, https:\/\/muzeusm.ro\/wp-content\/uploads\/2024\/11\/dsc_0047-300x200.jpg 300w, https:\/\/muzeusm.ro\/wp-content\/uploads\/2024\/11\/dsc_0047-768x512.jpg 768w\" sizes=\"auto, (max-width: 1024px) 100vw, 1024px\" \/><figcaption class=\"wp-element-caption\">Expozi\u021bii temporare &#8211; 20 LEI adul\u021bi, 10 LEI sub. 18 ani<\/figcaption><\/figure>\n<\/figure>\n<\/div>\n<\/div>\n\n\n\n<div class=\"wp-block-group alignfull has-text-color has-background\" style=\"color:#000000;background-color:#eeedeb;margin-top:0px;margin-bottom:0px;padding-top:7vw;padding-bottom:7vw\"><div class=\"wp-block-group__inner-container is-layout-constrained wp-block-group-is-layout-constrained\">\n<div class=\"wp-block-columns alignwide is-layout-flex wp-container-core-columns-is-layout-28f84493 wp-block-columns-is-layout-flex\">\n<div class=\"wp-block-column is-layout-flow wp-block-column-is-layout-flow\">\n<h3 class=\"wp-block-heading has-text-color\" style=\"color:#000000;font-size:37px\"><strong>Cum ajung?<\/strong><\/h3>\n\n\n\n<p>Apas\u0103 pe adresa din dreapta pentru a vedea direc\u021biile<\/p>\n<\/div>\n\n\n\n<div class=\"wp-block-column is-layout-flow wp-block-column-is-layout-flow\">\n<p class=\"has-text-align-center has-secondary-color has-tertiary-background-color has-text-color has-background has-small-font-size\"><a href=\"https:\/\/www.google.com\/maps\/dir\/47.2853191,24.4383789\/muzeul+de+art?+satu+mare\/@47.805385,22.5409744,8z\/data=!4m9!4m8!1m0!1m5!1m1!1s0x473805cc17426db3:0x372ff49882300af8!2m2!1d22.8753805!2d47.7918025!3e0\">Pia\u021ba Libert\u0103\u021bii, 21<br>Satu Mare, Satu Mare<\/a><\/p>\n<\/div>\n<\/div>\n<\/div><\/div>\n\n\n\n<div class=\"wp-block-group alignfull has-tertiary-background-color has-background has-small-font-size\"><div class=\"wp-block-group__inner-container is-layout-constrained wp-block-group-is-layout-constrained\">\n<div class=\"wp-block-columns is-layout-flex wp-container-core-columns-is-layout-28f84493 wp-block-columns-is-layout-flex\">\n<div class=\"wp-block-column is-layout-flow wp-block-column-is-layout-flow\">\n<h5 class=\"wp-block-heading has-secondary-color has-text-color has-normal-font-size\">Muzeul Jude\u021bean Satu Mare<\/h5>\n\n\n\n<p class=\"has-text-align-left has-black-color has-text-color\"><a style=\"color: #000000;\" href=\"https:\/\/www.facebook.com\/Muzeul-Judetean-Satu-Mare-1050838434978303\">Facebook<\/a><\/p>\n\n\n\n<p><a style=\"color: #000000;\" href=\"https:\/\/www.instagram.com\/mjsatumare\/\">Instagram<\/a><\/p>\n<\/div>\n\n\n\n<div class=\"wp-block-column is-layout-flow wp-block-column-is-layout-flow\">\n<h4 class=\"wp-block-heading has-text-align-left has-secondary-color has-text-color has-normal-font-size\">Contact<\/h4>\n\n\n\n<ul>\n<li>muzeu.arta@yahoo.com<\/li>\n<li>0261711076<\/li>\n<li>Poart\u0103: 0743284679<\/li>\n<\/ul>\n<\/div>\n\n\n\n<div class=\"wp-block-column is-layout-flow wp-block-column-is-layout-flow\">\n<h4 class=\"wp-block-heading has-secondary-color has-text-color has-normal-font-size\">Adresa<\/h4>\n\n\n\n<p class=\"has-black-color has-text-color\">Pia\u021ba Libert\u0103\u021bii, 21 <br>Satu Mare<br>Romania<\/p>\n<\/div>\n<\/div>\n<\/div><\/div>\n<\/div><\/div>\n","protected":false},"excerpt":{"rendered":"<p>Cl\u0103direa a fost construit\u0103 la mijlocuk secolului al XIX-lea, \u00een stilneogotic, fiind declarat\u0103 monument istoric \u0219i arhitectural, \u0219icunoscut\u0103 sub numele de Casa V\u00e9csey. Pe acest teren se afla \u00een secolul al XVIII-lea o cl\u0103dire ce servea ca depozit Cet\u0103\u021bii Satu Mare, cl\u0103dire unde, dup\u0103 tradi\u021bia a fost \u00eencheiat\u0103 pacea de la Satu Mare \u00een 1711.<a class=\"more-link\" href=\"https:\/\/muzeusm.ro\/en\/muzeul-de-arta-satu-mare\/\">Continue reading <span class=\"screen-reader-text\">&#8220;Muzeul de Art\u0103 Satu Mare&#8221;<\/span><\/a><\/p>\n","protected":false},"author":183061330,"featured_media":0,"parent":0,"menu_order":0,"comment_status":"closed","ping_status":"closed","template":"","meta":{"_coblocks_attr":"","_coblocks_dimensions":"","_coblocks_responsive_height":"","_coblocks_accordion_ie_support":"","advanced_seo_description":"","jetpack_seo_html_title":"","jetpack_seo_noindex":false,"jetpack_post_was_ever_published":false,"footnotes":""},"class_list":["post-177","page","type-page","status-publish","hentry","entry"],"translation":{"provider":"WPGlobus","version":"3.0.1","language":"en","enabled_languages":["ro","hu","en"],"languages":{"ro":{"title":true,"content":true,"excerpt":false},"hu":{"title":true,"content":true,"excerpt":false},"en":{"title":false,"content":false,"excerpt":false}}},"jetpack_likes_enabled":true,"jetpack-related-posts":[{"id":102,"url":"https:\/\/muzeusm.ro\/en\/istorie\/","url_meta":{"origin":177,"position":0},"title":"Serviciul Promovarea Patrimoniului \u0219i Educa\u021bie Muzeal\u0103","author":"andreeaionetecu","date":"19 October 2021","format":false,"excerpt":"{:ro} Atribu\u021biile \u0219i responsabilit\u0103\u021bile principale sunt legate de coordonarea activit\u0103\u021bilor ce implic\u0103 patrimoniul Colec\u021biei de Art\u0103, a activit\u0103\u021bilor de la Muzeul de Art\u0103, Atelierul Memorial Aurel Popp Satu Mare, Atelierul Memorial Paul Erd\u0151s Satu Mare, Biblioteca de specialitate, Muzeul \u00een aer liber M\u0103riu\u0219, Casa \u021a\u0103r\u0103neasc\u0103 Chilia, Muzeul Ugocea - Oa\u0219\u2026","rel":"","context":"Similar post","block_context":{"text":"Similar post","link":""},"img":{"alt_text":"","src":"","width":0,"height":0},"classes":[]},{"id":58,"url":"https:\/\/muzeusm.ro\/en\/reteaua-muzeala\/","url_meta":{"origin":177,"position":1},"title":"Re\u021beaua Muzeal\u0103","author":"andreeaionetecu","date":"19 October 2021","format":false,"excerpt":"{:ro} Muzeul Jude\u021bean Satu Mare Muzeul de Art\u0103 Satu Mare Muzeul Municipal Carei - Castelul K\u00e1rolyi Muzeul Memorial Dr. Vasile Lucaciu, Apa Complex Memorial Ady Endre Muzeul Or\u0103\u0219enesc T\u0103\u0219nad Casa Muzeu T\u0103\u0219nad Atelierul Memorial Paul I. Erd\u0151s, Satu Mare Atelierul Memorial Aurel Popp, Satu Mare Muzeul \u0218v\u0103besc, Petre\u0219ti Muzeul Maghiar\u2026","rel":"","context":"Similar post","block_context":{"text":"Similar post","link":""},"img":{"alt_text":"","src":"https:\/\/i0.wp.com\/muzeusm.ro\/wp-content\/uploads\/2021\/10\/image-2012-07-27-12889443-56-situl-arheologic-bobald.jpg?resize=350%2C200&ssl=1","width":350,"height":200,"srcset":"https:\/\/i0.wp.com\/muzeusm.ro\/wp-content\/uploads\/2021\/10\/image-2012-07-27-12889443-56-situl-arheologic-bobald.jpg?resize=350%2C200&ssl=1 1x, https:\/\/i0.wp.com\/muzeusm.ro\/wp-content\/uploads\/2021\/10\/image-2012-07-27-12889443-56-situl-arheologic-bobald.jpg?resize=525%2C300&ssl=1 1.5x"},"classes":[]},{"id":204,"url":"https:\/\/muzeusm.ro\/en\/atelierul-memorial-aurel-popp-satu-mare\/","url_meta":{"origin":177,"position":2},"title":"Atelierul Memorial Aurel Popp, Satu Mare","author":"andreeaionetecu","date":"20 October 2021","format":false,"excerpt":"{:ro} Atelierul se afl\u0103 \u00eentr-o cl\u0103dire construit\u0103 de artist \u00eentre 1934\u20131935 \u0219i a func\u021bionat ca atelier de crea\u021bie p\u00e2n\u0103 la moartea artistului \u00een 1960. Dup\u0103 aceast\u0103 dat\u0103, cl\u0103direa a fost folosit\u0103 ca depozit de materiale de construc\u021bii.\u00centre 1998\u20132000 cl\u0103direa a fost restaurat\u0103, \u0219i a fost \u00eenfiin\u021bat\u0103 Atelierul Memorial \u201eAurel Popp\u201d,\u2026","rel":"","context":"Similar post","block_context":{"text":"Similar post","link":""},"img":{"alt_text":"","src":"https:\/\/i0.wp.com\/muzeusm.ro\/wp-content\/uploads\/2024\/11\/image-1.png?resize=350%2C200&ssl=1","width":350,"height":200,"srcset":"https:\/\/i0.wp.com\/muzeusm.ro\/wp-content\/uploads\/2024\/11\/image-1.png?resize=350%2C200&ssl=1 1x, https:\/\/i0.wp.com\/muzeusm.ro\/wp-content\/uploads\/2024\/11\/image-1.png?resize=525%2C300&ssl=1 1.5x"},"classes":[]},{"id":200,"url":"https:\/\/muzeusm.ro\/en\/atelierul-memorial-paul-i-erdos-satu-mare\/","url_meta":{"origin":177,"position":3},"title":"Atelierul Memorial Paul I. Erd\u0151s, Satu Mare","author":"andreeaionetecu","date":"20 October 2021","format":false,"excerpt":"{:ro} Atelierul-galerie ce g\u0103zduie\u0219te dona\u021bia graficianului Paul Erd\u0151s (1916-1987) a fost \u00eenfiin\u021bat \u00een anul 1986, din anul 1996 func\u021bion\u00e2nd \u00een cadrul re\u021belei muzeale. \u00cen atelierul de la etaj sunt expuse lucr\u0103ri depictur\u0103, plastic\u0103, grafic\u0103, fotografii, c\u0103r\u021bi, documente, obiecte personale, mobilier apar\u021bin\u00e2nd artistului, iar la parter este amenajat\u0103 un spa\u021biu pentru\u2026","rel":"","context":"Similar post","block_context":{"text":"Similar post","link":""},"img":{"alt_text":"","src":"https:\/\/i0.wp.com\/muzeusm.ro\/wp-content\/uploads\/2024\/11\/image.png?resize=350%2C200&ssl=1","width":350,"height":200},"classes":[]},{"id":174,"url":"https:\/\/muzeusm.ro\/en\/muzeul-judetean-satu-mare\/","url_meta":{"origin":177,"position":4},"title":"Muzeul Jude\u021bean Satu Mare","author":"andreeaionetecu","date":"20 October 2021","format":false,"excerpt":"{:ro} Cl\u0103direa actual\u0103 a sediului central al Muzeului Jude\u021bean Satu Mare a fost construit\u0103 \u00een anul 1936, dup\u0103 planurile arhitectului G. P. Liteanu.A avut ini\u021bial destina\u021bii administrative prefectura jude\u021bului \u00een perioada interbelic\u0103, iar dup\u0103 r\u0103zboi a fost sediul Consiliului PopularJude\u021bean \u0219i al Comitetului Jude\u021bean Satu Mare al P.C.R. Muzeul func\u021bioneaz\u0103\u2026","rel":"","context":"Similar post","block_context":{"text":"Similar post","link":""},"img":{"alt_text":"","src":"https:\/\/i0.wp.com\/muzeusm.ro\/wp-content\/uploads\/2025\/01\/5afecbd553209_family-150x150.jpg?resize=350%2C200&ssl=1","width":350,"height":200,"srcset":"https:\/\/i0.wp.com\/muzeusm.ro\/wp-content\/uploads\/2025\/01\/5afecbd553209_family-150x150.jpg?resize=350%2C200&ssl=1 1x, https:\/\/i0.wp.com\/muzeusm.ro\/wp-content\/uploads\/2025\/01\/5afecbd553209_family-150x150.jpg?resize=525%2C300&ssl=1 1.5x"},"classes":[]},{"id":18,"url":"https:\/\/muzeusm.ro\/en\/","url_meta":{"origin":177,"position":5},"title":"Acas\u0103","author":"netsystech","date":"12 October 2021","format":false,"excerpt":"{:ro} Bun venit! Afl\u0103 mai mult despre: Evenimente \u0219i activit\u0103\u021bi expozi\u021bia de baz\u0103: Oameni \u2013 Destine \u2013 Istorie Orar Mar\u021bi-S\u00e2mb\u0103t\u0103: 09:00-17:00 Duminic\u0103: 10:00-14:00 Luni: \u00cenchis Muzeul Jude\u021bean Satu Mare Facebook Instagram Contact muzeusm@gmail.com Informa\u021bii\/Secretariat: 0261735116 Program\u0103ri vizite\/evenimente ghidate\/ghidaj de specialitate: +40735513342 Adres\u0103 Bulevardul Vasile Lucaciu nr. 21 Satu MareRomania {:}{:hu}\u2026","rel":"","context":"Similar post","block_context":{"text":"Similar post","link":""},"img":{"alt_text":"","src":"https:\/\/i0.wp.com\/muzeusm.ro\/wp-content\/uploads\/2026\/03\/WhatsApp-Image-2026-03-18-at-10.44.49.jpeg?resize=350%2C200&ssl=1","width":350,"height":200,"srcset":"https:\/\/i0.wp.com\/muzeusm.ro\/wp-content\/uploads\/2026\/03\/WhatsApp-Image-2026-03-18-at-10.44.49.jpeg?resize=350%2C200&ssl=1 1x, https:\/\/i0.wp.com\/muzeusm.ro\/wp-content\/uploads\/2026\/03\/WhatsApp-Image-2026-03-18-at-10.44.49.jpeg?resize=525%2C300&ssl=1 1.5x, https:\/\/i0.wp.com\/muzeusm.ro\/wp-content\/uploads\/2026\/03\/WhatsApp-Image-2026-03-18-at-10.44.49.jpeg?resize=700%2C400&ssl=1 2x, https:\/\/i0.wp.com\/muzeusm.ro\/wp-content\/uploads\/2026\/03\/WhatsApp-Image-2026-03-18-at-10.44.49.jpeg?resize=1050%2C600&ssl=1 3x"},"classes":[]}],"jetpack_sharing_enabled":true,"jetpack_shortlink":"https:\/\/wp.me\/PfvnyQ-2R","_links":{"self":[{"href":"https:\/\/muzeusm.ro\/en\/wp-json\/wp\/v2\/pages\/177","targetHints":{"allow":["GET"]}}],"collection":[{"href":"https:\/\/muzeusm.ro\/en\/wp-json\/wp\/v2\/pages"}],"about":[{"href":"https:\/\/muzeusm.ro\/en\/wp-json\/wp\/v2\/types\/page"}],"author":[{"embeddable":true,"href":"https:\/\/muzeusm.ro\/en\/wp-json\/wp\/v2\/users\/183061330"}],"replies":[{"embeddable":true,"href":"https:\/\/muzeusm.ro\/en\/wp-json\/wp\/v2\/comments?post=177"}],"version-history":[{"count":18,"href":"https:\/\/muzeusm.ro\/en\/wp-json\/wp\/v2\/pages\/177\/revisions"}],"predecessor-version":[{"id":16949,"href":"https:\/\/muzeusm.ro\/en\/wp-json\/wp\/v2\/pages\/177\/revisions\/16949"}],"wp:attachment":[{"href":"https:\/\/muzeusm.ro\/en\/wp-json\/wp\/v2\/media?parent=177"}],"curies":[{"name":"wp","href":"https:\/\/api.w.org\/{rel}","templated":true}]}}