{"id":16356,"date":"2025-02-24T09:30:08","date_gmt":"2025-02-24T07:30:08","guid":{"rendered":"https:\/\/muzeusm.ro\/?page_id=16356"},"modified":"2025-02-24T09:30:09","modified_gmt":"2025-02-24T07:30:09","slug":"drumetii-excursii-tabere-de-vacanta","status":"publish","type":"page","link":"https:\/\/muzeusm.ro\/en\/drumetii-excursii-tabere-de-vacanta\/","title":{"rendered":"Drume\u021bii, excursii, tabere de vacan\u021b\u0103"},"content":{"rendered":"\n<p>20. <a><strong>Excursie de o zi \u201ePe urmele istoriei\u201d<\/strong><\/a><\/p>\n\n\n\n<div class=\"wp-block-media-text is-stacked-on-mobile\"><figure class=\"wp-block-media-text__media\"><img loading=\"lazy\" decoding=\"async\" width=\"724\" height=\"1024\" data-attachment-id=\"16357\" data-permalink=\"https:\/\/muzeusm.ro\/en\/drumetii-excursii-tabere-de-vacanta\/20-pe-urmele-istoriei-plakat\/\" data-orig-file=\"https:\/\/muzeusm.ro\/wp-content\/uploads\/2025\/02\/20-Pe-urmele-istoriei-plakat.jpg\" data-orig-size=\"1132,1600\" data-comments-opened=\"1\" data-image-meta=\"{&quot;aperture&quot;:&quot;0&quot;,&quot;credit&quot;:&quot;&quot;,&quot;camera&quot;:&quot;&quot;,&quot;caption&quot;:&quot;&quot;,&quot;created_timestamp&quot;:&quot;0&quot;,&quot;copyright&quot;:&quot;&quot;,&quot;focal_length&quot;:&quot;0&quot;,&quot;iso&quot;:&quot;0&quot;,&quot;shutter_speed&quot;:&quot;0&quot;,&quot;title&quot;:&quot;&quot;,&quot;orientation&quot;:&quot;0&quot;}\" data-image-title=\"20  Pe urmele istoriei plakat\" data-image-description=\"\" data-image-caption=\"\" data-medium-file=\"https:\/\/muzeusm.ro\/wp-content\/uploads\/2025\/02\/20-Pe-urmele-istoriei-plakat-212x300.jpg\" data-large-file=\"https:\/\/muzeusm.ro\/wp-content\/uploads\/2025\/02\/20-Pe-urmele-istoriei-plakat-724x1024.jpg\" src=\"https:\/\/muzeusm.ro\/wp-content\/uploads\/2025\/02\/20-Pe-urmele-istoriei-plakat-724x1024.jpg\" alt=\"\" class=\"wp-image-16357 size-full\" srcset=\"https:\/\/muzeusm.ro\/wp-content\/uploads\/2025\/02\/20-Pe-urmele-istoriei-plakat-724x1024.jpg 724w, https:\/\/muzeusm.ro\/wp-content\/uploads\/2025\/02\/20-Pe-urmele-istoriei-plakat-212x300.jpg 212w, https:\/\/muzeusm.ro\/wp-content\/uploads\/2025\/02\/20-Pe-urmele-istoriei-plakat-768x1086.jpg 768w, https:\/\/muzeusm.ro\/wp-content\/uploads\/2025\/02\/20-Pe-urmele-istoriei-plakat-1087x1536.jpg 1087w, https:\/\/muzeusm.ro\/wp-content\/uploads\/2025\/02\/20-Pe-urmele-istoriei-plakat.jpg 1132w\" sizes=\"auto, (max-width: 724px) 100vw, 724px\" \/><\/figure><div class=\"wp-block-media-text__content\">\n<p>Excursia \u201ePe urmele istoriei\u201d cuprinde o vizit\u0103 ghidat\u0103 la Castelul K\u00e1rolyi din Carei \u0219i Situl Arheologic Bobald, activitate interactiv\u0103: tir cu arcul, s\u0103p\u0103turi arheologice, demonstra\u021bie cu detector de metale, jocuri \u00een aer liber.<br>Durata activit\u0103\u021bii: aprox 4-6 h<br>Locul de desf\u0103\u0219urare: <a>Castelul <\/a>K\u00e1rolyi Carei \u0219i Situl Arheologic Bobald<br>Activitatea se adreseaz\u0103 elevilor de nivel primar, gimnazial \u0219i pre\u0219colar.<br>Coordonator: Alexandra Sima, 0763738984<br>Pre\u021b bilet: 20 lei<\/p>\n\n\n\n<p><\/p>\n<\/div><\/div>\n\n\n\n<p>21. <strong>Pe urmele familiei K\u00e1rolyi<\/strong><\/p>\n\n\n\n<div class=\"wp-block-media-text has-media-on-the-right is-stacked-on-mobile\"><div class=\"wp-block-media-text__content\">\n<p>Excursie tematic\u0103 de o zi cu vizitarea obiecivelor turistice: C\u0103pleni, Castelul K\u00e1rolyi, Muzeul \u0219v\u0103besc din Petre\u0219ti<br>Recomandat claselor III-XII<br>Durata activit\u0103\u021bii: 6 h<br>Coordonator program: \u00c1gota M\u00e1rk-Nagy \u2013 0723 617\u00a0126<br>Pre\u021b: 25 lei<\/p>\n<\/div><figure class=\"wp-block-media-text__media\"><img loading=\"lazy\" decoding=\"async\" width=\"1024\" height=\"768\" data-attachment-id=\"16358\" data-permalink=\"https:\/\/muzeusm.ro\/en\/drumetii-excursii-tabere-de-vacanta\/attachment\/20\/\" data-orig-file=\"https:\/\/muzeusm.ro\/wp-content\/uploads\/2025\/02\/20-.jpg\" data-orig-size=\"2048,1536\" data-comments-opened=\"1\" data-image-meta=\"{&quot;aperture&quot;:&quot;0&quot;,&quot;credit&quot;:&quot;&quot;,&quot;camera&quot;:&quot;&quot;,&quot;caption&quot;:&quot;&quot;,&quot;created_timestamp&quot;:&quot;0&quot;,&quot;copyright&quot;:&quot;&quot;,&quot;focal_length&quot;:&quot;0&quot;,&quot;iso&quot;:&quot;0&quot;,&quot;shutter_speed&quot;:&quot;0&quot;,&quot;title&quot;:&quot;&quot;,&quot;orientation&quot;:&quot;0&quot;}\" data-image-title=\"20\" data-image-description=\"\" data-image-caption=\"\" data-medium-file=\"https:\/\/muzeusm.ro\/wp-content\/uploads\/2025\/02\/20--300x225.jpg\" data-large-file=\"https:\/\/muzeusm.ro\/wp-content\/uploads\/2025\/02\/20--1024x768.jpg\" src=\"https:\/\/muzeusm.ro\/wp-content\/uploads\/2025\/02\/20--1024x768.jpg\" alt=\"\" class=\"wp-image-16358 size-full\" srcset=\"https:\/\/muzeusm.ro\/wp-content\/uploads\/2025\/02\/20--1024x768.jpg 1024w, https:\/\/muzeusm.ro\/wp-content\/uploads\/2025\/02\/20--300x225.jpg 300w, https:\/\/muzeusm.ro\/wp-content\/uploads\/2025\/02\/20--768x576.jpg 768w, https:\/\/muzeusm.ro\/wp-content\/uploads\/2025\/02\/20--1536x1152.jpg 1536w, https:\/\/muzeusm.ro\/wp-content\/uploads\/2025\/02\/20--1568x1176.jpg 1568w, https:\/\/muzeusm.ro\/wp-content\/uploads\/2025\/02\/20-.jpg 2048w\" sizes=\"auto, (max-width: 1024px) 100vw, 1024px\" \/><\/figure><\/div>\n\n\n\n<p>22. <strong>Legende din \u021aara Oa\u0219ului<\/strong><\/p>\n\n\n\n<div class=\"wp-block-media-text is-stacked-on-mobile\"><figure class=\"wp-block-media-text__media\"><img loading=\"lazy\" decoding=\"async\" width=\"724\" height=\"1024\" data-attachment-id=\"16359\" data-permalink=\"https:\/\/muzeusm.ro\/en\/drumetii-excursii-tabere-de-vacanta\/21-legende-din-tara-oasului-plakat\/\" data-orig-file=\"https:\/\/muzeusm.ro\/wp-content\/uploads\/2025\/02\/21-Legende-din-TAra-Oasului-plakat.jpg\" data-orig-size=\"1132,1600\" data-comments-opened=\"1\" data-image-meta=\"{&quot;aperture&quot;:&quot;0&quot;,&quot;credit&quot;:&quot;&quot;,&quot;camera&quot;:&quot;&quot;,&quot;caption&quot;:&quot;&quot;,&quot;created_timestamp&quot;:&quot;0&quot;,&quot;copyright&quot;:&quot;&quot;,&quot;focal_length&quot;:&quot;0&quot;,&quot;iso&quot;:&quot;0&quot;,&quot;shutter_speed&quot;:&quot;0&quot;,&quot;title&quot;:&quot;&quot;,&quot;orientation&quot;:&quot;0&quot;}\" data-image-title=\"21 Legende din TAra Oa\u0219ului plakat\" data-image-description=\"\" data-image-caption=\"\" data-medium-file=\"https:\/\/muzeusm.ro\/wp-content\/uploads\/2025\/02\/21-Legende-din-TAra-Oasului-plakat-212x300.jpg\" data-large-file=\"https:\/\/muzeusm.ro\/wp-content\/uploads\/2025\/02\/21-Legende-din-TAra-Oasului-plakat-724x1024.jpg\" src=\"https:\/\/muzeusm.ro\/wp-content\/uploads\/2025\/02\/21-Legende-din-TAra-Oasului-plakat-724x1024.jpg\" alt=\"\" class=\"wp-image-16359 size-full\" srcset=\"https:\/\/muzeusm.ro\/wp-content\/uploads\/2025\/02\/21-Legende-din-TAra-Oasului-plakat-724x1024.jpg 724w, https:\/\/muzeusm.ro\/wp-content\/uploads\/2025\/02\/21-Legende-din-TAra-Oasului-plakat-212x300.jpg 212w, https:\/\/muzeusm.ro\/wp-content\/uploads\/2025\/02\/21-Legende-din-TAra-Oasului-plakat-768x1086.jpg 768w, https:\/\/muzeusm.ro\/wp-content\/uploads\/2025\/02\/21-Legende-din-TAra-Oasului-plakat-1087x1536.jpg 1087w, https:\/\/muzeusm.ro\/wp-content\/uploads\/2025\/02\/21-Legende-din-TAra-Oasului-plakat.jpg 1132w\" sizes=\"auto, (max-width: 724px) 100vw, 724px\" \/><\/figure><div class=\"wp-block-media-text__content\">\n<p>Drume\u021bie de o zi la Casa \u021b\u0103r\u0103neasc\u0103 M\u0103rcu\u021b Iacob din C\u0103line\u0219ti Oa\u0219, Lacul C\u0103line\u0219ti, Casa \u021b\u0103r\u0103neasc\u0103 din Certeze, Cetatea\u00a0 Boine\u0219ti.<br>Activitatea se adreseaz\u0103 elevilor de nivel primar, gimnazial \u0219i pre\u0219colar.<br>Durata activit\u0103\u021bii: 6 h<br>Coordonator program: Alexandra Sima, 0763738984<br>Drume\u021bie de o zi pe urm\u0103torul traseu: C\u0103line\u0219ti, Boine\u0219ti(Cetatea B\u00e9la, Toagul lui \u00c1rk\u00e1d\u00a0 P\u00e1sztory), Muzeul local din Ora\u0219u Nou<br>Coordonator \u0219i program\u0103ri pentru clase maghiare: M\u00e1rk-Nagy \u00c1gota, 0723617126<br>Pre\u021b: 20 lei<\/p>\n<\/div><\/div>\n\n\n\n<p>23. <strong>Amprentele gigan\u021bilor literaturii maghiare din S\u0103tmar<\/strong><\/p>\n\n\n\n<div class=\"wp-block-media-text has-media-on-the-right is-stacked-on-mobile\"><div class=\"wp-block-media-text__content\">\n<p>Vizitarea obiectivelor turistice cu pove\u0219ti despre marii scriitori \u0219i poe\u021bi maghiari de pe meleagurile noastre: Ady Endre, Pet\u0151fi S\u00e1ndor, K\u00f6lcsey Ferenc, Kafka Margit etc.<br>Locul de desf\u0103\u0219urare: Carei, satul Ady Endre, S\u0103uca<br>Recomandat claselor V-XII, activitatea se desf\u0103\u0219oar\u0103 limba maghiar\u0103.<br>Durata activit\u0103\u021bii: 6 h<br>Coordonator program: \u00c1gota M\u00e1rk-Nagy , 0723 617\u00a0126<br>Pre\u021b: 30 lei<\/p>\n<\/div><figure class=\"wp-block-media-text__media\"><img loading=\"lazy\" decoding=\"async\" width=\"819\" height=\"1024\" data-attachment-id=\"16360\" data-permalink=\"https:\/\/muzeusm.ro\/en\/drumetii-excursii-tabere-de-vacanta\/gigantii-literaturii-01\/\" data-orig-file=\"https:\/\/muzeusm.ro\/wp-content\/uploads\/2025\/02\/Gigantii-literaturii-01.png\" data-orig-size=\"4500,5625\" data-comments-opened=\"1\" data-image-meta=\"{&quot;aperture&quot;:&quot;0&quot;,&quot;credit&quot;:&quot;&quot;,&quot;camera&quot;:&quot;&quot;,&quot;caption&quot;:&quot;&quot;,&quot;created_timestamp&quot;:&quot;0&quot;,&quot;copyright&quot;:&quot;&quot;,&quot;focal_length&quot;:&quot;0&quot;,&quot;iso&quot;:&quot;0&quot;,&quot;shutter_speed&quot;:&quot;0&quot;,&quot;title&quot;:&quot;&quot;,&quot;orientation&quot;:&quot;0&quot;}\" data-image-title=\"Gigan\u021bii literaturii-01\" data-image-description=\"\" data-image-caption=\"\" data-medium-file=\"https:\/\/muzeusm.ro\/wp-content\/uploads\/2025\/02\/Gigantii-literaturii-01-240x300.png\" data-large-file=\"https:\/\/muzeusm.ro\/wp-content\/uploads\/2025\/02\/Gigantii-literaturii-01-819x1024.png\" src=\"https:\/\/muzeusm.ro\/wp-content\/uploads\/2025\/02\/Gigantii-literaturii-01-819x1024.png\" alt=\"\" class=\"wp-image-16360 size-full\" srcset=\"https:\/\/muzeusm.ro\/wp-content\/uploads\/2025\/02\/Gigantii-literaturii-01-819x1024.png 819w, https:\/\/muzeusm.ro\/wp-content\/uploads\/2025\/02\/Gigantii-literaturii-01-240x300.png 240w, https:\/\/muzeusm.ro\/wp-content\/uploads\/2025\/02\/Gigantii-literaturii-01-768x960.png 768w, https:\/\/muzeusm.ro\/wp-content\/uploads\/2025\/02\/Gigantii-literaturii-01-1229x1536.png 1229w, https:\/\/muzeusm.ro\/wp-content\/uploads\/2025\/02\/Gigantii-literaturii-01-1638x2048.png 1638w, https:\/\/muzeusm.ro\/wp-content\/uploads\/2025\/02\/Gigantii-literaturii-01-1568x1960.png 1568w\" sizes=\"auto, (max-width: 819px) 100vw, 819px\" \/><\/figure><\/div>\n\n\n\n<p>24. <strong>Minitabere de var\u0103<\/strong><\/p>\n\n\n\n<div class=\"wp-block-media-text is-stacked-on-mobile\"><figure class=\"wp-block-media-text__media\"><img loading=\"lazy\" decoding=\"async\" width=\"724\" height=\"1024\" data-attachment-id=\"16361\" data-permalink=\"https:\/\/muzeusm.ro\/en\/drumetii-excursii-tabere-de-vacanta\/afis-rohu-01\/\" data-orig-file=\"https:\/\/muzeusm.ro\/wp-content\/uploads\/2025\/02\/Afis-ROHU-01.png\" data-orig-size=\"3508,4961\" data-comments-opened=\"1\" data-image-meta=\"{&quot;aperture&quot;:&quot;0&quot;,&quot;credit&quot;:&quot;&quot;,&quot;camera&quot;:&quot;&quot;,&quot;caption&quot;:&quot;&quot;,&quot;created_timestamp&quot;:&quot;0&quot;,&quot;copyright&quot;:&quot;&quot;,&quot;focal_length&quot;:&quot;0&quot;,&quot;iso&quot;:&quot;0&quot;,&quot;shutter_speed&quot;:&quot;0&quot;,&quot;title&quot;:&quot;&quot;,&quot;orientation&quot;:&quot;0&quot;}\" data-image-title=\"Afi\u0219 RO+HU-01\" data-image-description=\"\" data-image-caption=\"\" data-medium-file=\"https:\/\/muzeusm.ro\/wp-content\/uploads\/2025\/02\/Afis-ROHU-01-212x300.png\" data-large-file=\"https:\/\/muzeusm.ro\/wp-content\/uploads\/2025\/02\/Afis-ROHU-01-724x1024.png\" src=\"https:\/\/muzeusm.ro\/wp-content\/uploads\/2025\/02\/Afis-ROHU-01-724x1024.png\" alt=\"\" class=\"wp-image-16361 size-full\" srcset=\"https:\/\/muzeusm.ro\/wp-content\/uploads\/2025\/02\/Afis-ROHU-01-724x1024.png 724w, https:\/\/muzeusm.ro\/wp-content\/uploads\/2025\/02\/Afis-ROHU-01-212x300.png 212w, https:\/\/muzeusm.ro\/wp-content\/uploads\/2025\/02\/Afis-ROHU-01-768x1086.png 768w, https:\/\/muzeusm.ro\/wp-content\/uploads\/2025\/02\/Afis-ROHU-01-1086x1536.png 1086w, https:\/\/muzeusm.ro\/wp-content\/uploads\/2025\/02\/Afis-ROHU-01-1448x2048.png 1448w, https:\/\/muzeusm.ro\/wp-content\/uploads\/2025\/02\/Afis-ROHU-01-1568x2217.png 1568w\" sizes=\"auto, (max-width: 724px) 100vw, 724px\" \/><\/figure><div class=\"wp-block-media-text__content\">\n<p>Programul se desf\u0103\u0219oar\u0103 \u00een timpul vacan\u021belor timp de 2 sau 3 zile, \u00een fiecare zi \u00eentre orele 9-15.<br>Recomandat copiilor \u00eentre 9-12 ani.<br>Activit\u0103\u021bile programelor sunt tematice: art\u0103, istorie, drume\u021bii prin jude\u021b, etnografie.<br>Locul de desf\u0103\u0219urare: MJSM, Muzeul de Art\u0103, obiective turistice ale jude\u021bului.<br>Coordonator program: \u00c1gota M\u00e1rk-Nagy \u2013 0723 617\u00a0126<\/p>\n<\/div><\/div>\n\n\n\n<div class=\"wp-block-group alignwide has-tertiary-background-color has-background has-small-font-size\"><div class=\"wp-block-group__inner-container is-layout-constrained wp-block-group-is-layout-constrained\">\n<div class=\"wp-block-columns is-layout-flex wp-container-core-columns-is-layout-28f84493 wp-block-columns-is-layout-flex\">\n<div class=\"wp-block-column is-layout-flow wp-block-column-is-layout-flow\">\n<h5 class=\"wp-block-heading has-secondary-color has-text-color has-normal-font-size\">Muzeul Jude\u021bean Satu Mare<\/h5>\n\n\n\n<p class=\"has-text-align-left has-black-color has-text-color\"><a href=\"https:\/\/www.facebook.com\/Muzeul-Judetean-Satu-Mare-1050838434978303\">Facebook<\/a><\/p>\n\n\n\n<p><a style=\"color:#000000\" href=\"https:\/\/www.instagram.com\/mjsatumare\/\">Instagram<\/a><\/p>\n<\/div>\n\n\n\n<div class=\"wp-block-column is-layout-flow wp-block-column-is-layout-flow\">\n<h4 class=\"wp-block-heading has-text-align-left has-secondary-color has-text-color has-normal-font-size\">Contact<\/h4>\n\n\n\n<ul>\n<li>muzeusm@gmail.com<\/li>\n<li>+40261737526<\/li>\n<\/ul>\n<\/div>\n\n\n\n<div class=\"wp-block-column is-layout-flow wp-block-column-is-layout-flow\">\n<h4 class=\"wp-block-heading has-secondary-color has-text-color has-normal-font-size\">Adresa<\/h4>\n\n\n\n<p class=\"has-black-color has-text-color\">Vasile Lucaciu, 21 <br>Satu Mare<br>Romania<\/p>\n<\/div>\n<\/div>\n\n\n\n<div class=\"googlemaps\">\n\t\t\t\t<iframe loading=\"lazy\" width=\"600\" height=\"450\" frameborder=\"0\" scrolling=\"no\" marginheight=\"0\" marginwidth=\"0\"  src=\"https:\/\/www.google.com\/maps\/embed?pb=!1m18!1m12!1m3!1d2680.408030650319!2d22.880271215825633!3d47.79292568308074!2m3!1f0!2f0!3f0!3m2!1i1024!2i768!4f13.1!3m3!1m2!1s0x47380434cc726a85:0x3409a9787eec9fb1!2sCounty%20Museum!5e0!3m2!1sen!2sro!4v1680001990076!5m2!1sen!2sro\"><\/iframe>\n\t\t\t<\/div>\n<\/div><\/div>\n","protected":false},"excerpt":{"rendered":"<p>20. Excursie de o zi \u201ePe urmele istoriei\u201d Excursia \u201ePe urmele istoriei\u201d cuprinde o vizit\u0103 ghidat\u0103 la Castelul K\u00e1rolyi din Carei \u0219i Situl Arheologic Bobald, activitate interactiv\u0103: tir cu arcul, s\u0103p\u0103turi arheologice, demonstra\u021bie cu detector de metale, jocuri \u00een aer liber.Durata activit\u0103\u021bii: aprox 4-6 hLocul de desf\u0103\u0219urare: Castelul K\u00e1rolyi Carei \u0219i Situl Arheologic BobaldActivitatea se<a class=\"more-link\" href=\"https:\/\/muzeusm.ro\/en\/drumetii-excursii-tabere-de-vacanta\/\">Continue reading <span class=\"screen-reader-text\">&#8220;Drume\u021bii, excursii, tabere de vacan\u021b\u0103&#8221;<\/span><\/a><\/p>\n","protected":false},"author":245723488,"featured_media":0,"parent":0,"menu_order":0,"comment_status":"closed","ping_status":"closed","template":"","meta":{"_coblocks_attr":"","_coblocks_dimensions":"","_coblocks_responsive_height":"","_coblocks_accordion_ie_support":"","advanced_seo_description":"","jetpack_seo_html_title":"","jetpack_seo_noindex":false,"jetpack_post_was_ever_published":false,"footnotes":""},"class_list":["post-16356","page","type-page","status-publish","hentry","entry"],"translation":{"provider":"WPGlobus","version":"3.0.1","language":"en","enabled_languages":["ro","hu","en"],"languages":{"ro":{"title":true,"content":true,"excerpt":false},"hu":{"title":false,"content":false,"excerpt":false},"en":{"title":false,"content":false,"excerpt":false}}},"jetpack_likes_enabled":true,"jetpack-related-posts":[{"id":16998,"url":"https:\/\/muzeusm.ro\/en\/activitati-de-educatie-muzeala-pentru-programul-scoala-altfel\/","url_meta":{"origin":16356,"position":0},"title":"Activit\u0103\u021bi de educa\u021bie muzeal\u0103 pentru programul \u201e\u0218coala Altfel\u201d","author":"Kov\u00e1cs Zsolt","date":"8 October 2025","format":false,"excerpt":"\u00a0 1 \u201eLutul, form\u0103 \u0219i culoare\u201dDurata activit\u0103\u021bii: 2 oreLocul desf\u0103\u0219ur\u0103rii: MJSM sau unit\u0103\u021bile de \u00eenv\u0103\u021b\u0103m\u00e2ntNivel de v\u00e2rst\u0103: \u00eenv\u0103\u021b\u0103m\u00e2ntul pre\u0219colar, primar, gimnazial \u0219i liceal.Obiective specifice:\u00a0Identificarea \u0219i descrierea obiectelor tradi\u021bionale din lut \u0219i a utiliz\u0103rii lor istorice.\u00a0\u00a0Aplicarea unor tehnici simple de modelaj pentru realizarea unui obiect ceramic propriu.\u00a0\u00a0Exprimarea creativit\u0103\u021bii prin decorarea cu\u2026","rel":"","context":"Similar post","block_context":{"text":"Similar post","link":""},"img":{"alt_text":"","src":"https:\/\/i0.wp.com\/muzeusm.ro\/wp-content\/uploads\/2025\/10\/WhatsApp-Image-2025-10-08-at-10.47.38-2-724x1024.jpeg?resize=350%2C200&ssl=1","width":350,"height":200,"srcset":"https:\/\/i0.wp.com\/muzeusm.ro\/wp-content\/uploads\/2025\/10\/WhatsApp-Image-2025-10-08-at-10.47.38-2-724x1024.jpeg?resize=350%2C200&ssl=1 1x, https:\/\/i0.wp.com\/muzeusm.ro\/wp-content\/uploads\/2025\/10\/WhatsApp-Image-2025-10-08-at-10.47.38-2-724x1024.jpeg?resize=525%2C300&ssl=1 1.5x, https:\/\/i0.wp.com\/muzeusm.ro\/wp-content\/uploads\/2025\/10\/WhatsApp-Image-2025-10-08-at-10.47.38-2-724x1024.jpeg?resize=700%2C400&ssl=1 2x"},"classes":[]},{"id":17021,"url":"https:\/\/muzeusm.ro\/en\/activitati-de-educatie-muzeala-pentru-programul-saptamana-verde\/","url_meta":{"origin":16356,"position":1},"title":"Activit\u0103\u021bi de educa\u021bie muzeal\u0103 pentru programul \u201eS\u0103pt\u0103m\u00e2na verde\u201d","author":"Kov\u00e1cs Zsolt","date":"8 October 2025","format":false,"excerpt":"\u201eLutul, form\u0103 \u0219i culoare\u201dDurata activit\u0103\u021bii: 2 oreLocul desf\u0103\u0219ur\u0103rii: MJSM sau unit\u0103\u021bile de \u00eenv\u0103\u021b\u0103m\u00e2ntNivel de v\u00e2rst\u0103: \u00eenv\u0103\u021b\u0103m\u00e2ntul pre\u0219colar, primar, gimnazial \u0219i liceal.Obiective specifice:\u00a0Identificarea \u0219i descrierea obiectelor tradi\u021bionale din lut \u0219i a utiliz\u0103rii lor istorice.\u00a0\u00a0Aplicarea unor tehnici simple de modelaj pentru realizarea unui obiect ceramic propriu.\u00a0\u00a0Exprimarea creativit\u0103\u021bii prin decorarea cu forme \u0219i\u2026","rel":"","context":"Similar post","block_context":{"text":"Similar post","link":""},"img":{"alt_text":"","src":"https:\/\/i0.wp.com\/muzeusm.ro\/wp-content\/uploads\/2025\/10\/WhatsApp-Image-2025-10-08-at-10.47.38-2-724x1024.jpeg?resize=350%2C200&ssl=1","width":350,"height":200,"srcset":"https:\/\/i0.wp.com\/muzeusm.ro\/wp-content\/uploads\/2025\/10\/WhatsApp-Image-2025-10-08-at-10.47.38-2-724x1024.jpeg?resize=350%2C200&ssl=1 1x, https:\/\/i0.wp.com\/muzeusm.ro\/wp-content\/uploads\/2025\/10\/WhatsApp-Image-2025-10-08-at-10.47.38-2-724x1024.jpeg?resize=525%2C300&ssl=1 1.5x, https:\/\/i0.wp.com\/muzeusm.ro\/wp-content\/uploads\/2025\/10\/WhatsApp-Image-2025-10-08-at-10.47.38-2-724x1024.jpeg?resize=700%2C400&ssl=1 2x"},"classes":[]},{"id":16376,"url":"https:\/\/muzeusm.ro\/en\/muzeul-orasului-oasu-nou-muzeul-municipal-carei-si-muzeul-orasenesc-tasnad\/","url_meta":{"origin":16356,"position":2},"title":"Muzeul ora\u0219ului Ora\u0219u Nou, \u00a0Muzeul Municipal Carei \u0219i Muzeul Or\u0103\u0219enesc T\u0103\u0219nad","author":"Kov\u00e1cs Zsolt","date":"24 February 2025","format":false,"excerpt":"\u201eVia\u021ba de zi cu zi a aristocra\u021biei.Via\u021ba cotidian\u0103 a familiei K\u00e1rolyi \u00een secolele XVIII-XIX\u201d Vizit\u0103 interactiv\u0103 \u00een expozi\u021bia permanent\u0103. Prezentare PowerPoint.Coordonator: Csat\u00e1ri Istv\u00e1n Gerg\u0151Pre\u021b bilet: 10 lei 2. \u201e 25 Octombrie-Ziua Armatei rom\u00e2ne\u201d - Castelul K\u00e1rolyi Carei. \u00a0 Prezentare interactiv\u0103. Expozi\u021bia permanent\u0103.Coordonator: Gindele SimonaPre\u021b bilet: 10 lei \u00a03. \u201eCasa Domnului\u201d\u2026","rel":"","context":"Similar post","block_context":{"text":"Similar post","link":""},"img":{"alt_text":"","src":"","width":0,"height":0},"classes":[]},{"id":187,"url":"https:\/\/muzeusm.ro\/en\/muzeul-municipal-carei-castelul-kaolyi\/","url_meta":{"origin":16356,"position":3},"title":"Muzeul Municipal Carei &#8211; Castelul K\u00e1rolyi","author":"andreeaionetecu","date":"20 October 2021","format":false,"excerpt":"{:ro} Castelul K\u00e1rolyi Pe locul castelului de azi, a existat o reziden\u021b\u0103 nobiliar\u0103 fortificat\u0103,construit\u0103 din piatr\u0103 de Ladislau \u201dL\u00e1ncz\u201d K\u00e1rolyi cu \u00eenvoirea regeluiMatia Corvin. \u00cen anul 1592, \u00een fa\u021ba pericolului turcesc, reziden\u021ba estetransformat\u0103 de c\u0103tre Mihai K\u00e1rolyi \u00eentr-o cetate. Dup\u0103 \u00eencheierear\u0103zboaielor anti-otomane, cetatea a redevenit o reziden\u021b\u0103 propriuzis\u0103, fiind recl\u0103dit\u2026","rel":"","context":"Similar post","block_context":{"text":"Similar post","link":""},"img":{"alt_text":"","src":"https:\/\/i0.wp.com\/muzeusm.ro\/wp-content\/uploads\/2025\/01\/5afecbd553209_family-1-150x150.jpg?resize=350%2C200&ssl=1","width":350,"height":200,"srcset":"https:\/\/i0.wp.com\/muzeusm.ro\/wp-content\/uploads\/2025\/01\/5afecbd553209_family-1-150x150.jpg?resize=350%2C200&ssl=1 1x, https:\/\/i0.wp.com\/muzeusm.ro\/wp-content\/uploads\/2025\/01\/5afecbd553209_family-1-150x150.jpg?resize=525%2C300&ssl=1 1.5x"},"classes":[]},{"id":58,"url":"https:\/\/muzeusm.ro\/en\/reteaua-muzeala\/","url_meta":{"origin":16356,"position":4},"title":"Re\u021beaua Muzeal\u0103","author":"andreeaionetecu","date":"19 October 2021","format":false,"excerpt":"{:ro} Muzeul Jude\u021bean Satu Mare Muzeul de Art\u0103 Satu Mare Muzeul Municipal Carei - Castelul K\u00e1rolyi Muzeul Memorial Dr. Vasile Lucaciu, Apa Complex Memorial Ady Endre Muzeul Or\u0103\u0219enesc T\u0103\u0219nad Casa Muzeu T\u0103\u0219nad Atelierul Memorial Paul I. Erd\u0151s, Satu Mare Atelierul Memorial Aurel Popp, Satu Mare Muzeul \u0218v\u0103besc, Petre\u0219ti Muzeul Maghiar\u2026","rel":"","context":"Similar post","block_context":{"text":"Similar post","link":""},"img":{"alt_text":"","src":"https:\/\/i0.wp.com\/muzeusm.ro\/wp-content\/uploads\/2021\/10\/image-2012-07-27-12889443-56-situl-arheologic-bobald.jpg?resize=350%2C200&ssl=1","width":350,"height":200,"srcset":"https:\/\/i0.wp.com\/muzeusm.ro\/wp-content\/uploads\/2021\/10\/image-2012-07-27-12889443-56-situl-arheologic-bobald.jpg?resize=350%2C200&ssl=1 1x, https:\/\/i0.wp.com\/muzeusm.ro\/wp-content\/uploads\/2021\/10\/image-2012-07-27-12889443-56-situl-arheologic-bobald.jpg?resize=525%2C300&ssl=1 1.5x"},"classes":[]},{"id":16347,"url":"https:\/\/muzeusm.ro\/en\/activitati-la-obiective-turistice-din-judet\/","url_meta":{"origin":16356,"position":5},"title":"Activit\u0103\u021bi la obiective turistice din jude\u021b","author":"Kov\u00e1cs Zsolt","date":"24 February 2025","format":false,"excerpt":"16. Tir cu arcul la cuptoarele daciceDurata activit\u0103\u021bii: 2-3 oreLocul de desf\u0103\u0219urare: Cuptoarele dacice de la Medie\u0219u AuritPerioad\u0103: 01.04 \u2013 30.04.2025Activitatea este dedicat\u0103 grupurilor de elevi aflate \u00een excursie, organizate, care s\u0103 vin\u0103 la cuptoarele dacice din zon\u0103. Vom oferi tir cu arcul la cuptoarele dacice, vom sus\u021bine o scurt\u0103\u2026","rel":"","context":"Similar post","block_context":{"text":"Similar post","link":""},"img":{"alt_text":"","src":"","width":0,"height":0},"classes":[]}],"jetpack_sharing_enabled":true,"jetpack_shortlink":"https:\/\/wp.me\/PfvnyQ-4fO","_links":{"self":[{"href":"https:\/\/muzeusm.ro\/en\/wp-json\/wp\/v2\/pages\/16356","targetHints":{"allow":["GET"]}}],"collection":[{"href":"https:\/\/muzeusm.ro\/en\/wp-json\/wp\/v2\/pages"}],"about":[{"href":"https:\/\/muzeusm.ro\/en\/wp-json\/wp\/v2\/types\/page"}],"author":[{"embeddable":true,"href":"https:\/\/muzeusm.ro\/en\/wp-json\/wp\/v2\/users\/245723488"}],"replies":[{"embeddable":true,"href":"https:\/\/muzeusm.ro\/en\/wp-json\/wp\/v2\/comments?post=16356"}],"version-history":[{"count":1,"href":"https:\/\/muzeusm.ro\/en\/wp-json\/wp\/v2\/pages\/16356\/revisions"}],"predecessor-version":[{"id":16362,"href":"https:\/\/muzeusm.ro\/en\/wp-json\/wp\/v2\/pages\/16356\/revisions\/16362"}],"wp:attachment":[{"href":"https:\/\/muzeusm.ro\/en\/wp-json\/wp\/v2\/media?parent=16356"}],"curies":[{"name":"wp","href":"https:\/\/api.w.org\/{rel}","templated":true}]}}