{"id":15750,"date":"2024-11-06T09:55:28","date_gmt":"2024-11-06T07:55:28","guid":{"rendered":"https:\/\/muzeusm.ro\/?page_id=15750"},"modified":"2024-11-06T10:54:27","modified_gmt":"2024-11-06T08:54:27","slug":"biblioteca","status":"publish","type":"page","link":"https:\/\/muzeusm.ro\/en\/biblioteca\/","title":{"rendered":"Bibliotec\u0103"},"content":{"rendered":"\n<h2 class=\"wp-block-heading\">Despre bibliotec\u0103<\/h2>\n\n\n\n<p>\u00cen cadrul Muzeului Jude\u021bean Satu Mare func\u0163ioneaz\u0103 \u00eenc\u0103 de la \u00eenceputuri o bibliotec\u0103 documentar\u0103 \u015fi de specialitate num\u0103r\u00e2nd \u00een jur de 50.000 de volume. Partea documentar\u0103 cuprinde c\u0103r\u0163ile transferate muzeului din colec\u0163ia prefecturii vechiului comitat al S\u0103tmarului, o dona\u0163ie primit\u0103 din Fondul de Dublete ale Bibliotecii Academiei Rom\u00e2ne, c\u0103r\u0163i \u015fi periodice \u00een principal din perioad\u0103 \u00eenterbelic\u0103, dona\u0163ia familiei pictorului, poetului\u00a0 \u015fi traduc\u0103torului Costa Carei, biblioteca doctorului Steuer \u015fi din cele achizi\u0163ionate pe parcursul anilor. Din acest fond c\u00e2teva documente sunt clasate ca bunuri culturale mobile al Patrimoniului Cultural Na\u0163ional, categoria tezaur.<br>Fondul de carte curent\u0103 cuprinde, \u00een primul r\u00e2nd, publica\u0163ii de specialitate editate de institu\u0163iile partenere din \u0163ar\u0103 \u015fi str\u0103in\u0103tate. Biblioteca muzeului are rela\u0163ii de schimb de publica\u0163ii cu peste 120 de muzee, universit\u0103\u0163i \u015fi institu\u0163ii academice din \u0163ar\u0103 \u015fi tot at\u00e2tea din str\u0103in\u0103tate.<br>Colec\u021bia de c\u0103r\u021bi \u0219i documente a bibliotecii este constituit\u0103 din: muzeologie general\u0103, istorie, arheologie, etnografie, istoria artei \u0219i istoria local\u0103 a jude\u021bului Satu Mare.<br>Fondul de carte al bibliotecii s-a dezvoltat \u00een cea mai mare parte prin schimb interbibliotecar, apoi prin dona\u021bii \u0219i achizi\u021bii.<br>Obiectivul principal al bibliotecii este de a achizi\u021biona literatura de specialitate \u0219i de a contribui la dezvoltarea activit\u0103\u021bii de cercetare.<br>C\u0103r\u0163ile \u0219i periodicele pot fi studiate doar la Sala de lectur\u0103!<\/p>\n\n\n\n<h2 class=\"wp-block-heading\">Contact<\/h2>\n\n\n\n<p>Muzeul Jude\u0163ean Satu Mare<br>440031, Satu Mare, B-dul Vasile Lucaciu, nr. 21. Rom\u00e2nia<br>Cod ISIL : RO-SM-021-BIB<br>Tel.: 004 0261 737526<br>E-mail: muzeusm@gmail.com<br>Bibliotecar: Illy\u00e9s-Gul\u00e1csi Andrea (andreagulacsi@yahoo.com)<\/p>\n\n\n\n<p><strong>Program cu publicul:<\/strong><br>Luni-Vineri: 8:00-15:30<br>Catalog Online: <a href=\"http:\/\/biblioteca.muzeusm.qulto.ro\/ro\/search\/-\/search\/clearform\">http:\/\/biblioteca.muzeusm.qulto.ro\/ro\/search\/-\/search\/clearform<\/a><\/p>\n","protected":false},"excerpt":{"rendered":"<p>Despre bibliotec\u0103 \u00cen cadrul Muzeului Jude\u021bean Satu Mare func\u0163ioneaz\u0103 \u00eenc\u0103 de la \u00eenceputuri o bibliotec\u0103 documentar\u0103 \u015fi de specialitate num\u0103r\u00e2nd \u00een jur de 50.000 de volume. Partea documentar\u0103 cuprinde c\u0103r\u0163ile transferate muzeului din colec\u0163ia prefecturii vechiului comitat al S\u0103tmarului, o dona\u0163ie primit\u0103 din Fondul de Dublete ale Bibliotecii Academiei Rom\u00e2ne, c\u0103r\u0163i \u015fi periodice \u00een principal<a class=\"more-link\" href=\"https:\/\/muzeusm.ro\/en\/biblioteca\/\">Continue reading <span class=\"screen-reader-text\">&#8220;Bibliotec\u0103&#8221;<\/span><\/a><\/p>\n","protected":false},"author":243833644,"featured_media":0,"parent":0,"menu_order":0,"comment_status":"closed","ping_status":"closed","template":"","meta":{"_coblocks_attr":"","_coblocks_dimensions":"","_coblocks_responsive_height":"","_coblocks_accordion_ie_support":"","advanced_seo_description":"","jetpack_seo_html_title":"","jetpack_seo_noindex":false,"jetpack_post_was_ever_published":false,"footnotes":""},"class_list":["post-15750","page","type-page","status-publish","hentry","entry"],"translation":{"provider":"WPGlobus","version":"3.0.1","language":"en","enabled_languages":["ro","hu","en"],"languages":{"ro":{"title":true,"content":true,"excerpt":false},"hu":{"title":true,"content":true,"excerpt":false},"en":{"title":false,"content":false,"excerpt":false}}},"jetpack_likes_enabled":true,"jetpack-related-posts":[{"id":102,"url":"https:\/\/muzeusm.ro\/en\/istorie\/","url_meta":{"origin":15750,"position":0},"title":"Serviciul Promovarea Patrimoniului \u0219i Educa\u021bie Muzeal\u0103","author":"andreeaionetecu","date":"19 October 2021","format":false,"excerpt":"{:ro} Atribu\u021biile \u0219i responsabilit\u0103\u021bile principale sunt legate de coordonarea activit\u0103\u021bilor ce implic\u0103 patrimoniul Colec\u021biei de Art\u0103, a activit\u0103\u021bilor de la Muzeul de Art\u0103, Atelierul Memorial Aurel Popp Satu Mare, Atelierul Memorial Paul Erd\u0151s Satu Mare, Biblioteca de specialitate, Muzeul \u00een aer liber M\u0103riu\u0219, Casa \u021a\u0103r\u0103neasc\u0103 Chilia, Muzeul Ugocea - Oa\u0219\u2026","rel":"","context":"Similar post","block_context":{"text":"Similar post","link":""},"img":{"alt_text":"","src":"","width":0,"height":0},"classes":[]},{"id":17021,"url":"https:\/\/muzeusm.ro\/en\/activitati-de-educatie-muzeala-pentru-programul-saptamana-verde\/","url_meta":{"origin":15750,"position":1},"title":"Activit\u0103\u021bi de educa\u021bie muzeal\u0103 pentru programul \u201eS\u0103pt\u0103m\u00e2na verde\u201d","author":"Kov\u00e1cs Zsolt","date":"8 October 2025","format":false,"excerpt":"\u201eLutul, form\u0103 \u0219i culoare\u201dDurata activit\u0103\u021bii: 2 oreLocul desf\u0103\u0219ur\u0103rii: MJSM sau unit\u0103\u021bile de \u00eenv\u0103\u021b\u0103m\u00e2ntNivel de v\u00e2rst\u0103: \u00eenv\u0103\u021b\u0103m\u00e2ntul pre\u0219colar, primar, gimnazial \u0219i liceal.Obiective specifice:\u00a0Identificarea \u0219i descrierea obiectelor tradi\u021bionale din lut \u0219i a utiliz\u0103rii lor istorice.\u00a0\u00a0Aplicarea unor tehnici simple de modelaj pentru realizarea unui obiect ceramic propriu.\u00a0\u00a0Exprimarea creativit\u0103\u021bii prin decorarea cu forme \u0219i\u2026","rel":"","context":"Similar post","block_context":{"text":"Similar post","link":""},"img":{"alt_text":"","src":"https:\/\/i0.wp.com\/muzeusm.ro\/wp-content\/uploads\/2025\/10\/WhatsApp-Image-2025-10-08-at-10.47.38-2-724x1024.jpeg?resize=350%2C200&ssl=1","width":350,"height":200,"srcset":"https:\/\/i0.wp.com\/muzeusm.ro\/wp-content\/uploads\/2025\/10\/WhatsApp-Image-2025-10-08-at-10.47.38-2-724x1024.jpeg?resize=350%2C200&ssl=1 1x, https:\/\/i0.wp.com\/muzeusm.ro\/wp-content\/uploads\/2025\/10\/WhatsApp-Image-2025-10-08-at-10.47.38-2-724x1024.jpeg?resize=525%2C300&ssl=1 1.5x, https:\/\/i0.wp.com\/muzeusm.ro\/wp-content\/uploads\/2025\/10\/WhatsApp-Image-2025-10-08-at-10.47.38-2-724x1024.jpeg?resize=700%2C400&ssl=1 2x"},"classes":[]},{"id":16998,"url":"https:\/\/muzeusm.ro\/en\/activitati-de-educatie-muzeala-pentru-programul-scoala-altfel\/","url_meta":{"origin":15750,"position":2},"title":"Activit\u0103\u021bi de educa\u021bie muzeal\u0103 pentru programul \u201e\u0218coala Altfel\u201d","author":"Kov\u00e1cs Zsolt","date":"8 October 2025","format":false,"excerpt":"\u00a0 1 \u201eLutul, form\u0103 \u0219i culoare\u201dDurata activit\u0103\u021bii: 2 oreLocul desf\u0103\u0219ur\u0103rii: MJSM sau unit\u0103\u021bile de \u00eenv\u0103\u021b\u0103m\u00e2ntNivel de v\u00e2rst\u0103: \u00eenv\u0103\u021b\u0103m\u00e2ntul pre\u0219colar, primar, gimnazial \u0219i liceal.Obiective specifice:\u00a0Identificarea \u0219i descrierea obiectelor tradi\u021bionale din lut \u0219i a utiliz\u0103rii lor istorice.\u00a0\u00a0Aplicarea unor tehnici simple de modelaj pentru realizarea unui obiect ceramic propriu.\u00a0\u00a0Exprimarea creativit\u0103\u021bii prin decorarea cu\u2026","rel":"","context":"Similar post","block_context":{"text":"Similar post","link":""},"img":{"alt_text":"","src":"https:\/\/i0.wp.com\/muzeusm.ro\/wp-content\/uploads\/2025\/10\/WhatsApp-Image-2025-10-08-at-10.47.38-2-724x1024.jpeg?resize=350%2C200&ssl=1","width":350,"height":200,"srcset":"https:\/\/i0.wp.com\/muzeusm.ro\/wp-content\/uploads\/2025\/10\/WhatsApp-Image-2025-10-08-at-10.47.38-2-724x1024.jpeg?resize=350%2C200&ssl=1 1x, https:\/\/i0.wp.com\/muzeusm.ro\/wp-content\/uploads\/2025\/10\/WhatsApp-Image-2025-10-08-at-10.47.38-2-724x1024.jpeg?resize=525%2C300&ssl=1 1.5x, https:\/\/i0.wp.com\/muzeusm.ro\/wp-content\/uploads\/2025\/10\/WhatsApp-Image-2025-10-08-at-10.47.38-2-724x1024.jpeg?resize=700%2C400&ssl=1 2x"},"classes":[]},{"id":16373,"url":"https:\/\/muzeusm.ro\/en\/prezentari-la-mjsm-si-la-sediul-institutiilor-de-invatamant\/","url_meta":{"origin":15750,"position":3},"title":"Prezent\u0103ri la MJSM \u0219i la sediul institu\u021biilor de \u00eenv\u0103\u021b\u0103m\u00e2nt","author":"Kov\u00e1cs Zsolt","date":"24 February 2025","format":false,"excerpt":"32. Portul popular \u00een \u021aara OasuluiPrezentare Power Point dedicat\u0103 obiectelor de \u00eembr\u0103c\u0103minte din \u021aara Oa\u0219ului de-a lungul timpului.Durata activit\u0103\u021bii: 1 hLocul de desf\u0103\u0219urare: Sediul institu\u021biilor de \u00eenv\u0103\u021b\u0103m\u00e2ntCoordonator: Adriana Achim\u00a0Persoan\u0103 de contact: Cr\u0103ciun Dreve Andrada, 0735513342 33. \u201eDe la copac \u2013 la obiect de patrimoniu\u201dPrezent\u0103ri tematice pentru elevii de \u0219coal\u0103 gimnazial\u0103\u2026","rel":"","context":"Similar post","block_context":{"text":"Similar post","link":""},"img":{"alt_text":"","src":"","width":0,"height":0},"classes":[]},{"id":16476,"url":"https:\/\/muzeusm.ro\/en\/14-mai-1970-55-de-ani-de-la-tragedie\/","url_meta":{"origin":15750,"position":4},"title":"14 Mai 1970 &#8211; 55 de ani de la tragedie","author":"norbertlorincz","date":"18 March 2025","format":false,"excerpt":"Tragedie \u0219i rena\u0219tere. Fe\u021be ale unei calamit\u0103\u021bi - inunda\u021bia din 14 mai 1970 \u00een Satu Mare Pusztul\u00e1s \u00e9s \u00fajj\u00e1sz\u00fclet\u00e9s. Egy csap\u00e1s t\u00f6bb arca \u2013 az 1970. m\u00e1jus 14-i szatm\u00e1ri \u00e1rv\u00edz Pentru a comemora 55 de ani de la evenimentele catastrofale din mai 1970, Sec\u021bia de Istorie a Muzeului Jude\u021bean Satu\u2026","rel":"","context":"Similar post","block_context":{"text":"Similar post","link":""},"img":{"alt_text":"","src":"https:\/\/i0.wp.com\/muzeusm.ro\/wp-content\/uploads\/2025\/05\/foto-3-e1588525706618.jpg?resize=350%2C200&ssl=1","width":350,"height":200,"srcset":"https:\/\/i0.wp.com\/muzeusm.ro\/wp-content\/uploads\/2025\/05\/foto-3-e1588525706618.jpg?resize=350%2C200&ssl=1 1x, https:\/\/i0.wp.com\/muzeusm.ro\/wp-content\/uploads\/2025\/05\/foto-3-e1588525706618.jpg?resize=525%2C300&ssl=1 1.5x, https:\/\/i0.wp.com\/muzeusm.ro\/wp-content\/uploads\/2025\/05\/foto-3-e1588525706618.jpg?resize=700%2C400&ssl=1 2x"},"classes":[]},{"id":107,"url":"https:\/\/muzeusm.ro\/en\/biroul-de-turism-cultural\/","url_meta":{"origin":15750,"position":5},"title":"Biroul de Turism Cultural","author":"andreeaionetecu","date":"19 October 2021","format":false,"excerpt":"Biroul de Turism Cultural a fost \u00eenfiin\u021bat \u00een noiembrie 2020 \u00een cadrul Muzeului Jude\u021bean Satu Mare. Necesitatea era una foarte mare, deoarece poten\u021bialul cultural-turistic al jude\u021bului este unul foarte mare, fiind necesar\u0103 promovarea lui \u00eentr-un mod profesionist. Echipa Biroului de Turism Cultural Satu Mare Mihaela Grigorean - \u0219ef birou Andreea\u2026","rel":"","context":"Similar post","block_context":{"text":"Similar post","link":""},"img":{"alt_text":"","src":"https:\/\/i0.wp.com\/muzeusm.ro\/wp-content\/uploads\/2021\/10\/loggo-edit-01.png?resize=350%2C200&ssl=1","width":350,"height":200,"srcset":"https:\/\/i0.wp.com\/muzeusm.ro\/wp-content\/uploads\/2021\/10\/loggo-edit-01.png?resize=350%2C200&ssl=1 1x, https:\/\/i0.wp.com\/muzeusm.ro\/wp-content\/uploads\/2021\/10\/loggo-edit-01.png?resize=525%2C300&ssl=1 1.5x, https:\/\/i0.wp.com\/muzeusm.ro\/wp-content\/uploads\/2021\/10\/loggo-edit-01.png?resize=700%2C400&ssl=1 2x, https:\/\/i0.wp.com\/muzeusm.ro\/wp-content\/uploads\/2021\/10\/loggo-edit-01.png?resize=1050%2C600&ssl=1 3x, https:\/\/i0.wp.com\/muzeusm.ro\/wp-content\/uploads\/2021\/10\/loggo-edit-01.png?resize=1400%2C800&ssl=1 4x"},"classes":[]}],"jetpack_sharing_enabled":true,"jetpack_shortlink":"https:\/\/wp.me\/PfvnyQ-462","_links":{"self":[{"href":"https:\/\/muzeusm.ro\/en\/wp-json\/wp\/v2\/pages\/15750","targetHints":{"allow":["GET"]}}],"collection":[{"href":"https:\/\/muzeusm.ro\/en\/wp-json\/wp\/v2\/pages"}],"about":[{"href":"https:\/\/muzeusm.ro\/en\/wp-json\/wp\/v2\/types\/page"}],"author":[{"embeddable":true,"href":"https:\/\/muzeusm.ro\/en\/wp-json\/wp\/v2\/users\/243833644"}],"replies":[{"embeddable":true,"href":"https:\/\/muzeusm.ro\/en\/wp-json\/wp\/v2\/comments?post=15750"}],"version-history":[{"count":4,"href":"https:\/\/muzeusm.ro\/en\/wp-json\/wp\/v2\/pages\/15750\/revisions"}],"predecessor-version":[{"id":15782,"href":"https:\/\/muzeusm.ro\/en\/wp-json\/wp\/v2\/pages\/15750\/revisions\/15782"}],"wp:attachment":[{"href":"https:\/\/muzeusm.ro\/en\/wp-json\/wp\/v2\/media?parent=15750"}],"curies":[{"name":"wp","href":"https:\/\/api.w.org\/{rel}","templated":true}]}}